{"id":2202,"date":"2022-12-20T19:15:18","date_gmt":"2022-12-20T18:15:18","guid":{"rendered":"https:\/\/formakunde.eus\/?page_id=2202"},"modified":"2026-04-24T10:35:18","modified_gmt":"2026-04-24T08:35:18","slug":"inicio","status":"publish","type":"page","link":"https:\/\/formakunde.eus\/es\/","title":{"rendered":"Inicio"},"content":{"rendered":"<h3 data-block-type=\"core\"><span style=\"color: #861975;\">Emakunderen Berdintasun Eskola<\/span><\/h3>\n<p class=\"wp-block-paragraph\"><span lang=\"ES\" style=\"font-size: 14.0pt; line-height: 105%; mso-ligatures: none;\">La Escuela de Igualdad de Emakunde es un espacio online que impulsa la sensibilizaci\u00f3n, formaci\u00f3n y capacitaci\u00f3n para integrar la perspectiva de g\u00e9nero de manera transversal en todos los \u00e1mbitos de la vida, respondiendo as\u00ed a los mandatos de la nueva Ley para la Igualdad de Mujeres y Hombres (DL 1\/2023, de 16 de marzo), as\u00ed como a la demanda de la ciudadan\u00eda.\u00a0 Su objetivo fundamental es impulsar el cambio de valores que necesita esta sociedad para avanzar hacia la igualdad real.<\/span><\/p>\n\nModalidades formativas\n\n<div class=\"wp-block-buttons is-layout-flex wp-block-buttons-is-layout-flex\" data-block-type=\"core\"><div class=\"wp-block-button\" data-block-type=\"core\"><a class=\"wp-block-button__link\"><b>AUTOFORMACI\u00d3N<\/b><\/a><\/div><\/div>\n\n<div class=\"wp-block-buttons is-layout-flex wp-block-buttons-is-layout-flex\" data-block-type=\"core\"><div class=\"wp-block-button\" data-block-type=\"core\"><a class=\"wp-block-button__link\"><b>FORMACI\u00d3N B\u00c1SICA<\/b><\/a><\/div><\/div>\n\n<div class=\"wp-block-buttons is-layout-flex wp-block-buttons-is-layout-flex\" data-block-type=\"core\"><div class=\"wp-block-button\" data-block-type=\"core\"><a class=\"wp-block-button__link\"><b>FORMACI\u00d3N AVANZADA<\/b><\/a><\/div><\/div>\n\n<div class=\"wp-block-buttons is-layout-flex wp-block-buttons-is-layout-flex\" data-block-type=\"core\"><div class=\"wp-block-button\" data-block-type=\"core\"><a class=\"wp-block-button__link\">Igualdad. Genero y discriminaci\u00f3n<\/a><\/div><\/div>\n\n<div class=\"wp-block-buttons is-layout-flex wp-block-buttons-is-layout-flex\" data-block-type=\"core\"><div class=\"wp-block-button\" data-block-type=\"core\"><a class=\"wp-block-button__link\">Feminismos  y  empoderamiento<\/a><\/div><\/div>\n\n<div class=\"wp-block-buttons is-layout-flex wp-block-buttons-is-layout-flex\" data-block-type=\"core\"><div class=\"wp-block-button\" data-block-type=\"core\"><a class=\"wp-block-button__link\">coeducaci\u00f3n<\/a><\/div><\/div>\n\n<div class=\"wp-block-buttons is-layout-flex wp-block-buttons-is-layout-flex\" data-block-type=\"core\"><div class=\"wp-block-button\" data-block-type=\"core\"><a class=\"wp-block-button__link\">Empresas y empleo<\/a><\/div><\/div>\n\n<div class=\"wp-block-buttons is-layout-flex wp-block-buttons-is-layout-flex\" data-block-type=\"core\"><div class=\"wp-block-button\" data-block-type=\"core\"><a class=\"wp-block-button__link\">Salud<\/a><\/div><\/div>\n\n<div class=\"wp-block-buttons is-layout-flex wp-block-buttons-is-layout-flex\" data-block-type=\"core\"><div class=\"wp-block-button\" data-block-type=\"core\"><a class=\"wp-block-button__link\">Econom\u00eda Feminista<\/a><\/div><\/div>\n\n<div class=\"wp-block-buttons is-layout-flex wp-block-buttons-is-layout-flex\" data-block-type=\"core\"><div class=\"wp-block-button\" data-block-type=\"core\"><a class=\"wp-block-button__link\">Violencias machistas<\/a><\/div><\/div>\n\n<div class=\"wp-block-buttons is-layout-flex wp-block-buttons-is-layout-flex\" data-block-type=\"core\"><div class=\"wp-block-button\" data-block-type=\"core\"><a class=\"wp-block-button__link\">Masculinidades e igualdad<\/a><\/div><\/div>\n\n<div class=\"wp-block-buttons is-layout-flex wp-block-buttons-is-layout-flex\" data-block-type=\"core\"><div class=\"wp-block-button\" data-block-type=\"core\"><a class=\"wp-block-button__link\">Comunicaci\u00f3n y publicidad<\/a><\/div><\/div>\n\n<p data-block-type=\"core\">\n<div class=\"widget widget_tribe-widget-events-month\"><div  class=\"tribe-compatibility-container tribe-common tribe-events tribe-events-widget-shortcode tribe-events-widget-shortcode-events-month\" >\n\n\t\n<div class=\"tribe-events-widget-shortcode__header-title\">\n\t<h2 class=\"widgettitle\"><\/h2><\/div>\n\n\t<div\n\t class=\"tribe-common tribe-events tribe-events-view tribe-events-view--month alignwide tribe-events-view--shortcode tribe-events-view--shortcode-tribe-widget-events-month--1 tribe-events-widget tribe-events-widget-events-month\" \tdata-js=\"tribe-events-view\"\n\tdata-view-rest-url=\"https:\/\/formakunde.eus\/es\/wp-json\/tribe\/views\/v2\/html\"\n\tdata-view-rest-method=\"GET\"\n\tdata-view-manage-url=\"\"\n\t\t\tdata-view-shortcode=\"tribe-widget-events-month--1\"\n\t\t\t\tdata-view-breakpoint-pointer=\"a9db5c03-b751-4c80-b924-4a7d9fd99b3f\"\n\t>\n\t<section class=\"tribe-common-l-container tribe-events-l-container\">\n\t\t<div\n\tclass=\"tribe-events-view-loader tribe-common-a11y-hidden\"\n\trole=\"alert\"\n\taria-live=\"polite\"\n>\n\t<span class=\"tribe-events-view-loader__text tribe-common-a11y-visual-hide\">\n\t\t35 eventos encontrados.\t<\/span>\n\t<div class=\"tribe-events-view-loader__dots tribe-common-c-loader\">\n\t\t<svg\n\t class=\"tribe-common-c-svgicon tribe-common-c-svgicon--dot tribe-common-c-loader__dot tribe-common-c-loader__dot--first\" \taria-hidden=\"true\"\n\tviewBox=\"0 0 15 15\"\n\txmlns=\"http:\/\/www.w3.org\/2000\/svg\"\n>\n\t<circle cx=\"7.5\" cy=\"7.5\" r=\"7.5\"\/>\n<\/svg>\n\t\t<svg\n\t class=\"tribe-common-c-svgicon tribe-common-c-svgicon--dot tribe-common-c-loader__dot tribe-common-c-loader__dot--second\" \taria-hidden=\"true\"\n\tviewBox=\"0 0 15 15\"\n\txmlns=\"http:\/\/www.w3.org\/2000\/svg\"\n>\n\t<circle cx=\"7.5\" cy=\"7.5\" r=\"7.5\"\/>\n<\/svg>\n\t\t<svg\n\t class=\"tribe-common-c-svgicon tribe-common-c-svgicon--dot tribe-common-c-loader__dot tribe-common-c-loader__dot--third\" \taria-hidden=\"true\"\n\tviewBox=\"0 0 15 15\"\n\txmlns=\"http:\/\/www.w3.org\/2000\/svg\"\n>\n\t<circle cx=\"7.5\" cy=\"7.5\" r=\"7.5\"\/>\n<\/svg>\n\t<\/div>\n<\/div>\n\n\t\t\n\t\t<script data-js=\"tribe-events-view-data\" type=\"application\/json\">\n\t{\"slug\":\"month\",\"prev_url\":\"https:\\\/\\\/formakunde.eus\\\/es\\\/(\\\/?:events|eventos|ekitaldiak)\\\/(\\\/?:month|mes|hilabetea)\\\/2026-08\\\/&shortcode=tribe-widget-events-month--1\",\"next_url\":\"https:\\\/\\\/formakunde.eus\\\/es\\\/(\\\/?:events|eventos|ekitaldiak)\\\/(\\\/?:month|mes|hilabetea)\\\/2026-10\\\/&shortcode=tribe-widget-events-month--1\",\"view_class\":\"Tribe\\\\Events\\\\Views\\\\V2\\\\Views\\\\Month_View\",\"view_slug\":\"month\",\"view_label\":\"Mes\",\"title\":\"Eventos en Septiembre 2026 \\u2013 Emakunderen berdintasun eskola\",\"events\":{\"2026-08-31\":[10000202,10000593],\"2026-09-01\":[10000203,10000594],\"2026-09-02\":[10000204,10000595],\"2026-09-03\":[10000205,10000596],\"2026-09-04\":[10000206,10000597],\"2026-09-05\":[10000207,10000598],\"2026-09-06\":[10000208,10000599],\"2026-09-07\":[10000209,10000600],\"2026-09-08\":[10000210,10000601],\"2026-09-09\":[10000211,10000602],\"2026-09-10\":[10000212,10000603],\"2026-09-11\":[10000213,10000604],\"2026-09-12\":[10000214,10000605],\"2026-09-13\":[10000215,10000606],\"2026-09-14\":[10000216,10000607],\"2026-09-15\":[10000217,10000608],\"2026-09-16\":[10000218,10000609],\"2026-09-17\":[10000219,10000610],\"2026-09-18\":[10000220,10000611],\"2026-09-19\":[10000221,10000612],\"2026-09-20\":[10000222,10000613],\"2026-09-21\":[10000223,10000614],\"2026-09-22\":[10000224,10000615],\"2026-09-23\":[10000225,10000616],\"2026-09-24\":[10000226,10000617],\"2026-09-25\":[10000227,10000618],\"2026-09-26\":[10000228,10000619],\"2026-09-27\":[10000229,10000620],\"2026-09-28\":[10000230,10000621],\"2026-09-29\":[10000231,10000622],\"2026-09-30\":[10000232,10000623],\"2026-10-01\":[10000233,10000624],\"2026-10-02\":[10000234,10000625],\"2026-10-03\":[10000235,10000626],\"2026-10-04\":[10000236,10000627]},\"url\":\"https:\\\/\\\/formakunde.eus\\\/es\\\/(\\\/?:events|eventos|ekitaldiak)\\\/(\\\/?:month|mes|hilabetea)\\\/&shortcode=tribe-widget-events-month--1\",\"url_event_date\":false,\"bar\":{\"keyword\":\"\",\"date\":\"\"},\"today\":\"2026-09-01 00:00:00\",\"now\":\"2026-09-01 08:33:21\",\"home_url\":\"https:\\\/\\\/formakunde.eus\\\/es\\\/\",\"rest_url\":\"https:\\\/\\\/formakunde.eus\\\/es\\\/wp-json\\\/tribe\\\/views\\\/v2\\\/html\",\"rest_method\":\"GET\",\"rest_nonce\":\"\",\"should_manage_url\":false,\"today_url\":\"https:\\\/\\\/formakunde.eus\\\/es\\\/(\\\/?:events|eventos|ekitaldiak)\\\/(\\\/?:month|mes|hilabetea)\\\/&rest_route=%2Fwp%2Fv2%2Fpages%2F2202&shortcode=tribe-widget-events-month--1\",\"today_title\":\"Haz clic para seleccionar el mes actual\",\"today_label\":\"Este mes\",\"prev_label\":\"Ago\",\"next_label\":\"Oct\",\"date_formats\":{\"compact\":\"Y.m.d\",\"month_and_year_compact\":\"Y.m\",\"month_and_year\":\"F Y\",\"time_range_separator\":\" - \",\"date_time_separator\":\" @ \"},\"messages\":[],\"start_of_week\":\"1\",\"header_title\":\"\",\"header_title_element\":\"h1\",\"content_title\":\"\",\"show_content_title\":false,\"breadcrumbs\":[],\"backlink\":false,\"before_events\":\"\",\"after_events\":\"\",\"display_events_bar\":true,\"disable_event_search\":true,\"live_refresh\":true,\"ical\":{\"display_link\":true,\"link\":{\"url\":\"https:\\\/\\\/formakunde.eus\\\/es\\\/(\\\/?:events|eventos|ekitaldiak)\\\/(\\\/?:month|mes|hilabetea)\\\/&#038;shortcode=tribe-widget-events-month--1&#038;ical=1\",\"text\":\"Exportar Eventos\",\"title\":\"Usa esto para compartir los datos del calendario con Google Calendar, Apple iCal y otras aplicaciones compatibles\"}},\"container_classes\":[\"tribe-common\",\"tribe-events\",\"tribe-events-view\",\"tribe-events-view--month\",\"alignwide\",\"tribe-events-view--shortcode\",\"tribe-events-view--shortcode-tribe-widget-events-month--1\",\"tribe-events-widget\",\"tribe-events-widget-events-month\"],\"container_data\":{\"shortcode\":\"tribe-widget-events-month--1\"},\"is_past\":false,\"breakpoints\":{\"xsmall\":500,\"medium\":768,\"full\":960},\"breakpoint_pointer\":\"a9db5c03-b751-4c80-b924-4a7d9fd99b3f\",\"is_initial_load\":false,\"public_views\":{\"list\":{\"view_class\":\"Tribe\\\\Events\\\\Views\\\\V2\\\\Views\\\\List_View\",\"view_url\":\"https:\\\/\\\/formakunde.eus\\\/es\\\/(\\\/?:events|eventos|ekitaldiak)\\\/(\\\/?:list|lista|zerrenda)\\\/&shortcode=tribe-widget-events-month--1\",\"view_label\":\"Lista\",\"aria_label\":\"Mostrar Eventos en la vista Lista\"}},\"show_latest_past\":false,\"past\":false,\"category_colors_enabled\":false,\"category_colors_category_dropdown\":[{\"slug\":\"curso\",\"name\":\"Curso\",\"priority\":0,\"primary\":\"#52a332\",\"hidden\":false},{\"slug\":\"matriculacion\",\"name\":\"Matriculaci\\u00f3n\",\"priority\":0,\"primary\":\"#8224e3\",\"hidden\":false}],\"category_colors_super_power\":false,\"category_colors_show_reset_button\":false,\"today_date\":\"2026-09-01\",\"grid_date\":\"2026-09-01\",\"formatted_grid_date\":\"Septiembre 2026\",\"formatted_grid_date_mobile\":\"2026.09.01\",\"days\":{\"2026-08-31\":{\"date\":\"2026-08-31\",\"is_start_of_week\":true,\"year_number\":\"2026\",\"month_number\":\"08\",\"day_number\":\"31\",\"events\":[],\"featured_events\":[],\"multiday_events\":[10000202,10000593],\"found_events\":2,\"more_events\":0,\"day_url\":\"https:\\\/\\\/formakunde.eus\\\/es\\\/(\\\/?:events|eventos|ekitaldiak)\\\/2026-08-31\\\/&shortcode=tribe-widget-events-month--1\"},\"2026-09-01\":{\"date\":\"2026-09-01\",\"is_start_of_week\":false,\"year_number\":\"2026\",\"month_number\":\"09\",\"day_number\":\"1\",\"events\":[],\"featured_events\":[],\"multiday_events\":[10000203,10000594],\"found_events\":2,\"more_events\":0,\"day_url\":\"https:\\\/\\\/formakunde.eus\\\/es\\\/(\\\/?:events|eventos|ekitaldiak)\\\/2026-09-01\\\/&shortcode=tribe-widget-events-month--1\"},\"2026-09-02\":{\"date\":\"2026-09-02\",\"is_start_of_week\":false,\"year_number\":\"2026\",\"month_number\":\"09\",\"day_number\":\"2\",\"events\":[],\"featured_events\":[],\"multiday_events\":[10000204,10000595],\"found_events\":2,\"more_events\":0,\"day_url\":\"https:\\\/\\\/formakunde.eus\\\/es\\\/(\\\/?:events|eventos|ekitaldiak)\\\/2026-09-02\\\/&shortcode=tribe-widget-events-month--1\"},\"2026-09-03\":{\"date\":\"2026-09-03\",\"is_start_of_week\":false,\"year_number\":\"2026\",\"month_number\":\"09\",\"day_number\":\"3\",\"events\":[],\"featured_events\":[],\"multiday_events\":[10000205,10000596],\"found_events\":2,\"more_events\":0,\"day_url\":\"https:\\\/\\\/formakunde.eus\\\/es\\\/(\\\/?:events|eventos|ekitaldiak)\\\/2026-09-03\\\/&shortcode=tribe-widget-events-month--1\"},\"2026-09-04\":{\"date\":\"2026-09-04\",\"is_start_of_week\":false,\"year_number\":\"2026\",\"month_number\":\"09\",\"day_number\":\"4\",\"events\":[],\"featured_events\":[],\"multiday_events\":[10000206,10000597],\"found_events\":2,\"more_events\":0,\"day_url\":\"https:\\\/\\\/formakunde.eus\\\/es\\\/(\\\/?:events|eventos|ekitaldiak)\\\/2026-09-04\\\/&shortcode=tribe-widget-events-month--1\"},\"2026-09-05\":{\"date\":\"2026-09-05\",\"is_start_of_week\":false,\"year_number\":\"2026\",\"month_number\":\"09\",\"day_number\":\"5\",\"events\":[],\"featured_events\":[],\"multiday_events\":[10000207,10000598],\"found_events\":2,\"more_events\":0,\"day_url\":\"https:\\\/\\\/formakunde.eus\\\/es\\\/(\\\/?:events|eventos|ekitaldiak)\\\/2026-09-05\\\/&shortcode=tribe-widget-events-month--1\"},\"2026-09-06\":{\"date\":\"2026-09-06\",\"is_start_of_week\":false,\"year_number\":\"2026\",\"month_number\":\"09\",\"day_number\":\"6\",\"events\":[],\"featured_events\":[],\"multiday_events\":[10000208,10000599],\"found_events\":2,\"more_events\":0,\"day_url\":\"https:\\\/\\\/formakunde.eus\\\/es\\\/(\\\/?:events|eventos|ekitaldiak)\\\/2026-09-06\\\/&shortcode=tribe-widget-events-month--1\"},\"2026-09-07\":{\"date\":\"2026-09-07\",\"is_start_of_week\":true,\"year_number\":\"2026\",\"month_number\":\"09\",\"day_number\":\"7\",\"events\":[],\"featured_events\":[],\"multiday_events\":[10000209,10000600],\"found_events\":2,\"more_events\":0,\"day_url\":\"https:\\\/\\\/formakunde.eus\\\/es\\\/(\\\/?:events|eventos|ekitaldiak)\\\/2026-09-07\\\/&shortcode=tribe-widget-events-month--1\"},\"2026-09-08\":{\"date\":\"2026-09-08\",\"is_start_of_week\":false,\"year_number\":\"2026\",\"month_number\":\"09\",\"day_number\":\"8\",\"events\":[],\"featured_events\":[],\"multiday_events\":[10000210,10000601],\"found_events\":2,\"more_events\":0,\"day_url\":\"https:\\\/\\\/formakunde.eus\\\/es\\\/(\\\/?:events|eventos|ekitaldiak)\\\/2026-09-08\\\/&shortcode=tribe-widget-events-month--1\"},\"2026-09-09\":{\"date\":\"2026-09-09\",\"is_start_of_week\":false,\"year_number\":\"2026\",\"month_number\":\"09\",\"day_number\":\"9\",\"events\":[],\"featured_events\":[],\"multiday_events\":[10000211,10000602],\"found_events\":2,\"more_events\":0,\"day_url\":\"https:\\\/\\\/formakunde.eus\\\/es\\\/(\\\/?:events|eventos|ekitaldiak)\\\/2026-09-09\\\/&shortcode=tribe-widget-events-month--1\"},\"2026-09-10\":{\"date\":\"2026-09-10\",\"is_start_of_week\":false,\"year_number\":\"2026\",\"month_number\":\"09\",\"day_number\":\"10\",\"events\":[],\"featured_events\":[],\"multiday_events\":[10000212,10000603],\"found_events\":2,\"more_events\":0,\"day_url\":\"https:\\\/\\\/formakunde.eus\\\/es\\\/(\\\/?:events|eventos|ekitaldiak)\\\/2026-09-10\\\/&shortcode=tribe-widget-events-month--1\"},\"2026-09-11\":{\"date\":\"2026-09-11\",\"is_start_of_week\":false,\"year_number\":\"2026\",\"month_number\":\"09\",\"day_number\":\"11\",\"events\":[],\"featured_events\":[],\"multiday_events\":[10000213,10000604],\"found_events\":2,\"more_events\":0,\"day_url\":\"https:\\\/\\\/formakunde.eus\\\/es\\\/(\\\/?:events|eventos|ekitaldiak)\\\/2026-09-11\\\/&shortcode=tribe-widget-events-month--1\"},\"2026-09-12\":{\"date\":\"2026-09-12\",\"is_start_of_week\":false,\"year_number\":\"2026\",\"month_number\":\"09\",\"day_number\":\"12\",\"events\":[],\"featured_events\":[],\"multiday_events\":[10000214,10000605],\"found_events\":2,\"more_events\":0,\"day_url\":\"https:\\\/\\\/formakunde.eus\\\/es\\\/(\\\/?:events|eventos|ekitaldiak)\\\/2026-09-12\\\/&shortcode=tribe-widget-events-month--1\"},\"2026-09-13\":{\"date\":\"2026-09-13\",\"is_start_of_week\":false,\"year_number\":\"2026\",\"month_number\":\"09\",\"day_number\":\"13\",\"events\":[],\"featured_events\":[],\"multiday_events\":[10000215,10000606],\"found_events\":2,\"more_events\":0,\"day_url\":\"https:\\\/\\\/formakunde.eus\\\/es\\\/(\\\/?:events|eventos|ekitaldiak)\\\/2026-09-13\\\/&shortcode=tribe-widget-events-month--1\"},\"2026-09-14\":{\"date\":\"2026-09-14\",\"is_start_of_week\":true,\"year_number\":\"2026\",\"month_number\":\"09\",\"day_number\":\"14\",\"events\":[],\"featured_events\":[],\"multiday_events\":[10000216,10000607],\"found_events\":2,\"more_events\":0,\"day_url\":\"https:\\\/\\\/formakunde.eus\\\/es\\\/(\\\/?:events|eventos|ekitaldiak)\\\/2026-09-14\\\/&shortcode=tribe-widget-events-month--1\"},\"2026-09-15\":{\"date\":\"2026-09-15\",\"is_start_of_week\":false,\"year_number\":\"2026\",\"month_number\":\"09\",\"day_number\":\"15\",\"events\":[],\"featured_events\":[],\"multiday_events\":[10000217,10000608],\"found_events\":2,\"more_events\":0,\"day_url\":\"https:\\\/\\\/formakunde.eus\\\/es\\\/(\\\/?:events|eventos|ekitaldiak)\\\/2026-09-15\\\/&shortcode=tribe-widget-events-month--1\"},\"2026-09-16\":{\"date\":\"2026-09-16\",\"is_start_of_week\":false,\"year_number\":\"2026\",\"month_number\":\"09\",\"day_number\":\"16\",\"events\":[],\"featured_events\":[],\"multiday_events\":[10000218,10000609],\"found_events\":2,\"more_events\":0,\"day_url\":\"https:\\\/\\\/formakunde.eus\\\/es\\\/(\\\/?:events|eventos|ekitaldiak)\\\/2026-09-16\\\/&shortcode=tribe-widget-events-month--1\"},\"2026-09-17\":{\"date\":\"2026-09-17\",\"is_start_of_week\":false,\"year_number\":\"2026\",\"month_number\":\"09\",\"day_number\":\"17\",\"events\":[],\"featured_events\":[],\"multiday_events\":[10000219,10000610],\"found_events\":2,\"more_events\":0,\"day_url\":\"https:\\\/\\\/formakunde.eus\\\/es\\\/(\\\/?:events|eventos|ekitaldiak)\\\/2026-09-17\\\/&shortcode=tribe-widget-events-month--1\"},\"2026-09-18\":{\"date\":\"2026-09-18\",\"is_start_of_week\":false,\"year_number\":\"2026\",\"month_number\":\"09\",\"day_number\":\"18\",\"events\":[],\"featured_events\":[],\"multiday_events\":[10000220,10000611],\"found_events\":2,\"more_events\":0,\"day_url\":\"https:\\\/\\\/formakunde.eus\\\/es\\\/(\\\/?:events|eventos|ekitaldiak)\\\/2026-09-18\\\/&shortcode=tribe-widget-events-month--1\"},\"2026-09-19\":{\"date\":\"2026-09-19\",\"is_start_of_week\":false,\"year_number\":\"2026\",\"month_number\":\"09\",\"day_number\":\"19\",\"events\":[],\"featured_events\":[],\"multiday_events\":[10000221,10000612],\"found_events\":2,\"more_events\":0,\"day_url\":\"https:\\\/\\\/formakunde.eus\\\/es\\\/(\\\/?:events|eventos|ekitaldiak)\\\/2026-09-19\\\/&shortcode=tribe-widget-events-month--1\"},\"2026-09-20\":{\"date\":\"2026-09-20\",\"is_start_of_week\":false,\"year_number\":\"2026\",\"month_number\":\"09\",\"day_number\":\"20\",\"events\":[],\"featured_events\":[],\"multiday_events\":[10000222,10000613],\"found_events\":2,\"more_events\":0,\"day_url\":\"https:\\\/\\\/formakunde.eus\\\/es\\\/(\\\/?:events|eventos|ekitaldiak)\\\/2026-09-20\\\/&shortcode=tribe-widget-events-month--1\"},\"2026-09-21\":{\"date\":\"2026-09-21\",\"is_start_of_week\":true,\"year_number\":\"2026\",\"month_number\":\"09\",\"day_number\":\"21\",\"events\":[],\"featured_events\":[],\"multiday_events\":[10000223,10000614],\"found_events\":2,\"more_events\":0,\"day_url\":\"https:\\\/\\\/formakunde.eus\\\/es\\\/(\\\/?:events|eventos|ekitaldiak)\\\/2026-09-21\\\/&shortcode=tribe-widget-events-month--1\"},\"2026-09-22\":{\"date\":\"2026-09-22\",\"is_start_of_week\":false,\"year_number\":\"2026\",\"month_number\":\"09\",\"day_number\":\"22\",\"events\":[],\"featured_events\":[],\"multiday_events\":[10000224,10000615],\"found_events\":2,\"more_events\":0,\"day_url\":\"https:\\\/\\\/formakunde.eus\\\/es\\\/(\\\/?:events|eventos|ekitaldiak)\\\/2026-09-22\\\/&shortcode=tribe-widget-events-month--1\"},\"2026-09-23\":{\"date\":\"2026-09-23\",\"is_start_of_week\":false,\"year_number\":\"2026\",\"month_number\":\"09\",\"day_number\":\"23\",\"events\":[],\"featured_events\":[],\"multiday_events\":[10000225,10000616],\"found_events\":2,\"more_events\":0,\"day_url\":\"https:\\\/\\\/formakunde.eus\\\/es\\\/(\\\/?:events|eventos|ekitaldiak)\\\/2026-09-23\\\/&shortcode=tribe-widget-events-month--1\"},\"2026-09-24\":{\"date\":\"2026-09-24\",\"is_start_of_week\":false,\"year_number\":\"2026\",\"month_number\":\"09\",\"day_number\":\"24\",\"events\":[],\"featured_events\":[],\"multiday_events\":[10000226,10000617],\"found_events\":2,\"more_events\":0,\"day_url\":\"https:\\\/\\\/formakunde.eus\\\/es\\\/(\\\/?:events|eventos|ekitaldiak)\\\/2026-09-24\\\/&shortcode=tribe-widget-events-month--1\"},\"2026-09-25\":{\"date\":\"2026-09-25\",\"is_start_of_week\":false,\"year_number\":\"2026\",\"month_number\":\"09\",\"day_number\":\"25\",\"events\":[],\"featured_events\":[],\"multiday_events\":[10000227,10000618],\"found_events\":2,\"more_events\":0,\"day_url\":\"https:\\\/\\\/formakunde.eus\\\/es\\\/(\\\/?:events|eventos|ekitaldiak)\\\/2026-09-25\\\/&shortcode=tribe-widget-events-month--1\"},\"2026-09-26\":{\"date\":\"2026-09-26\",\"is_start_of_week\":false,\"year_number\":\"2026\",\"month_number\":\"09\",\"day_number\":\"26\",\"events\":[],\"featured_events\":[],\"multiday_events\":[10000228,10000619],\"found_events\":2,\"more_events\":0,\"day_url\":\"https:\\\/\\\/formakunde.eus\\\/es\\\/(\\\/?:events|eventos|ekitaldiak)\\\/2026-09-26\\\/&shortcode=tribe-widget-events-month--1\"},\"2026-09-27\":{\"date\":\"2026-09-27\",\"is_start_of_week\":false,\"year_number\":\"2026\",\"month_number\":\"09\",\"day_number\":\"27\",\"events\":[],\"featured_events\":[],\"multiday_events\":[10000229,10000620],\"found_events\":2,\"more_events\":0,\"day_url\":\"https:\\\/\\\/formakunde.eus\\\/es\\\/(\\\/?:events|eventos|ekitaldiak)\\\/2026-09-27\\\/&shortcode=tribe-widget-events-month--1\"},\"2026-09-28\":{\"date\":\"2026-09-28\",\"is_start_of_week\":true,\"year_number\":\"2026\",\"month_number\":\"09\",\"day_number\":\"28\",\"events\":[],\"featured_events\":[],\"multiday_events\":[10000230,10000621],\"found_events\":2,\"more_events\":0,\"day_url\":\"https:\\\/\\\/formakunde.eus\\\/es\\\/(\\\/?:events|eventos|ekitaldiak)\\\/2026-09-28\\\/&shortcode=tribe-widget-events-month--1\"},\"2026-09-29\":{\"date\":\"2026-09-29\",\"is_start_of_week\":false,\"year_number\":\"2026\",\"month_number\":\"09\",\"day_number\":\"29\",\"events\":[],\"featured_events\":[],\"multiday_events\":[10000231,10000622],\"found_events\":2,\"more_events\":0,\"day_url\":\"https:\\\/\\\/formakunde.eus\\\/es\\\/(\\\/?:events|eventos|ekitaldiak)\\\/2026-09-29\\\/&shortcode=tribe-widget-events-month--1\"},\"2026-09-30\":{\"date\":\"2026-09-30\",\"is_start_of_week\":false,\"year_number\":\"2026\",\"month_number\":\"09\",\"day_number\":\"30\",\"events\":[],\"featured_events\":[],\"multiday_events\":[10000232,10000623],\"found_events\":2,\"more_events\":0,\"day_url\":\"https:\\\/\\\/formakunde.eus\\\/es\\\/(\\\/?:events|eventos|ekitaldiak)\\\/2026-09-30\\\/&shortcode=tribe-widget-events-month--1\"},\"2026-10-01\":{\"date\":\"2026-10-01\",\"is_start_of_week\":false,\"year_number\":\"2026\",\"month_number\":\"10\",\"day_number\":\"1\",\"events\":[],\"featured_events\":[],\"multiday_events\":[10000233,10000624],\"found_events\":2,\"more_events\":0,\"day_url\":\"https:\\\/\\\/formakunde.eus\\\/es\\\/(\\\/?:events|eventos|ekitaldiak)\\\/2026-10-01\\\/&shortcode=tribe-widget-events-month--1\"},\"2026-10-02\":{\"date\":\"2026-10-02\",\"is_start_of_week\":false,\"year_number\":\"2026\",\"month_number\":\"10\",\"day_number\":\"2\",\"events\":[],\"featured_events\":[],\"multiday_events\":[10000234,10000625],\"found_events\":2,\"more_events\":0,\"day_url\":\"https:\\\/\\\/formakunde.eus\\\/es\\\/(\\\/?:events|eventos|ekitaldiak)\\\/2026-10-02\\\/&shortcode=tribe-widget-events-month--1\"},\"2026-10-03\":{\"date\":\"2026-10-03\",\"is_start_of_week\":false,\"year_number\":\"2026\",\"month_number\":\"10\",\"day_number\":\"3\",\"events\":[],\"featured_events\":[],\"multiday_events\":[10000235,10000626],\"found_events\":2,\"more_events\":0,\"day_url\":\"https:\\\/\\\/formakunde.eus\\\/es\\\/(\\\/?:events|eventos|ekitaldiak)\\\/2026-10-03\\\/&shortcode=tribe-widget-events-month--1\"},\"2026-10-04\":{\"date\":\"2026-10-04\",\"is_start_of_week\":false,\"year_number\":\"2026\",\"month_number\":\"10\",\"day_number\":\"4\",\"events\":[],\"featured_events\":[],\"multiday_events\":[10000236,10000627],\"found_events\":2,\"more_events\":0,\"day_url\":\"https:\\\/\\\/formakunde.eus\\\/es\\\/(\\\/?:events|eventos|ekitaldiak)\\\/2026-10-04\\\/&shortcode=tribe-widget-events-month--1\"}},\"next_month\":\"10\",\"prev_month\":\"8\",\"next_rel\":\"next\",\"prev_rel\":\"prev\",\"mobile_messages\":{\"notice\":{\"no-events-in-day\":\"No hay ning\\u00fan evento este d\\u00eda.\"}},\"grid_start_date\":\"2026-08-31\",\"subscribe_links\":{\"gcal\":{\"label\":\"Google Calendar\",\"single_label\":\"A\\u00f1adir a Google Calendar\",\"visible\":true,\"block_slug\":\"hasGoogleCalendar\"},\"ical\":{\"label\":\"iCalendar\",\"single_label\":\"Agregar a iCalendar\",\"visible\":true,\"block_slug\":\"hasiCal\"},\"outlook-365\":{\"label\":\"Outlook 365\",\"single_label\":\"Outlook 365\",\"visible\":true,\"block_slug\":\"hasOutlook365\"},\"outlook-live\":{\"label\":\"Outlook Live\",\"single_label\":\"Outlook Live\",\"visible\":true,\"block_slug\":\"hasOutlookLive\"},\"ics\":{\"label\":\"Exportar archivo .ics\",\"single_label\":\"Exportar archivo .ics\",\"visible\":true,\"block_slug\":null},\"outlook-ics\":{\"label\":\"Exportar archivo .ics de Outlook\",\"single_label\":\"Exportar archivo .ics de Outlook\",\"visible\":true,\"block_slug\":null}},\"display_recurring_toggle\":false,\"_context\":{\"slug\":\"month\",\"should_manage_url\":false},\"text\":\"Cargando\\u2026\",\"classes\":[\"tribe-common-c-loader__dot\",\"tribe-common-c-loader__dot--third\"]}<\/script>\n\n\t\t\n\t\t\n<header  class=\"tribe-events-header\" >\n\t<div class=\"tribe-events-header__content-title\">\n\t<h1 class=\"screen-reader-text tec-a11y-title-hidden\">Eventos<\/h1><\/div>\n\n\t\n\t\n\t\n\t<div class=\"tribe-events-c-top-bar tribe-events-widget-header__top-bar\">\n\n\t<nav class=\"tribe-events-c-top-bar__nav\" aria-label=\"Month selection\">\n\t<ul class=\"tribe-events-c-top-bar__nav-list\">\n\t\t<li class=\"tribe-events-c-top-bar__nav-list-item\">\n\t<button\n\t\ttype=\"button\"\n\t\tclass=\"tribe-common-c-btn-icon tribe-common-c-btn-icon--caret-left tribe-events-c-top-bar__nav-link tribe-events-c-top-bar__nav-link--prev\"\n\t\taria-label=\"Mes anterior\"\n\t\tdata-url=\"https:\/\/formakunde.eus\/es\/(\/?:events|eventos|ekitaldiak)\/(\/?:month|mes|hilabetea)\/2026-08\/&#038;shortcode=tribe-widget-events-month--1\"\n\t\tdata-js=\"tribe-events-view-link\"\n\t>\n\t\t<svg  class=\"tribe-common-c-svgicon tribe-common-c-svgicon--caret-left tribe-common-c-btn-icon__icon-svg tribe-events-c-top-bar__nav-link-icon-svg\"  xmlns=\"http:\/\/www.w3.org\/2000\/svg\" viewBox=\"0 0 10 16\"><path d=\"M9.7 14.4l-1.5 1.5L.3 8 8.2.1l1.5 1.5L3.3 8l6.4 6.4z\"\/><\/svg>\n\t<\/button>\n<\/li>\n\n\t\t<li class=\"tribe-events-c-top-bar__nav-list-date\" role=\"presentation\" aria-hidden=\"true\">Septiembre 2026<\/li>\n\n\t\t<li class=\"tribe-events-c-top-bar__nav-list-item\">\n\t<button\n\t\ttype=\"button\"\n\t\tclass=\"tribe-common-c-btn-icon tribe-common-c-btn-icon--caret-right tribe-events-c-top-bar__nav-link tribe-events-c-top-bar__nav-link--next\"\n\t\taria-label=\"Pr\u00f3ximo mes\"\n\t\tdata-url=\"https:\/\/formakunde.eus\/es\/(\/?:events|eventos|ekitaldiak)\/(\/?:month|mes|hilabetea)\/2026-10\/&#038;shortcode=tribe-widget-events-month--1\"\n\t\tdata-js=\"tribe-events-view-link\"\n\t>\n\t\t<svg  class=\"tribe-common-c-svgicon tribe-common-c-svgicon--caret-right tribe-common-c-btn-icon__icon-svg tribe-events-c-top-bar__nav-link-icon-svg\"  xmlns=\"http:\/\/www.w3.org\/2000\/svg\" viewBox=\"0 0 10 16\"><path d=\"M.3 1.6L1.8.1 9.7 8l-7.9 7.9-1.5-1.5L6.7 8 .3 1.6z\"\/><\/svg>\n\t<\/button>\n<\/li>\n\t<\/ul>\n<\/nav>\n\n<\/div>\n<\/header>\n\n\t\t\n\t\t<h2 class=\"tribe-common-a11y-visual-hide\" id=\"tribe-events-calendar-header\">\n\t\t\t\t\t\tCalendario de Eventos\t\t<\/h2>\n\t\t<table\n\t\t\tclass=\"tribe-events-calendar-month\"\n\t\t\tdata-js=\"tribe-events-month-grid\"\n\t\t>\n\n\t\t\t<thead class=\"tribe-events-calendar-month__header\">\n<tr>\n\t\t\t<th\n\t\t\tclass=\"tribe-events-calendar-month__header-column\"\n\t\t\tscope=\"col\"\n\t\t\tabbr=\"Lun\"\n\t\t>\n\t\t\t<div class=\"tribe-events-calendar-month__header-column-title tribe-common-b3\">\n\t\t\t\t\t<span aria-hidden=\"true\">\n\t\t\t\t\t\tL\t\t\t\t\t<\/span>\n\t\t\t\t<span class=\"screen-reader-text\">\n\t\t\t\t\t\tlunes\t\t\t\t\t<\/span>\n\t\t\t<\/div>\n\t\t<\/th>\n\t\t\t<th\n\t\t\tclass=\"tribe-events-calendar-month__header-column\"\n\t\t\tscope=\"col\"\n\t\t\tabbr=\"Mar\"\n\t\t>\n\t\t\t<div class=\"tribe-events-calendar-month__header-column-title tribe-common-b3\">\n\t\t\t\t\t<span aria-hidden=\"true\">\n\t\t\t\t\t\tM\t\t\t\t\t<\/span>\n\t\t\t\t<span class=\"screen-reader-text\">\n\t\t\t\t\t\tmartes\t\t\t\t\t<\/span>\n\t\t\t<\/div>\n\t\t<\/th>\n\t\t\t<th\n\t\t\tclass=\"tribe-events-calendar-month__header-column\"\n\t\t\tscope=\"col\"\n\t\t\tabbr=\"Mi\u00e9\"\n\t\t>\n\t\t\t<div class=\"tribe-events-calendar-month__header-column-title tribe-common-b3\">\n\t\t\t\t\t<span aria-hidden=\"true\">\n\t\t\t\t\t\tX\t\t\t\t\t<\/span>\n\t\t\t\t<span class=\"screen-reader-text\">\n\t\t\t\t\t\tmi\u00e9rcoles\t\t\t\t\t<\/span>\n\t\t\t<\/div>\n\t\t<\/th>\n\t\t\t<th\n\t\t\tclass=\"tribe-events-calendar-month__header-column\"\n\t\t\tscope=\"col\"\n\t\t\tabbr=\"Jue\"\n\t\t>\n\t\t\t<div class=\"tribe-events-calendar-month__header-column-title tribe-common-b3\">\n\t\t\t\t\t<span aria-hidden=\"true\">\n\t\t\t\t\t\tJ\t\t\t\t\t<\/span>\n\t\t\t\t<span class=\"screen-reader-text\">\n\t\t\t\t\t\tjueves\t\t\t\t\t<\/span>\n\t\t\t<\/div>\n\t\t<\/th>\n\t\t\t<th\n\t\t\tclass=\"tribe-events-calendar-month__header-column\"\n\t\t\tscope=\"col\"\n\t\t\tabbr=\"Vie\"\n\t\t>\n\t\t\t<div class=\"tribe-events-calendar-month__header-column-title tribe-common-b3\">\n\t\t\t\t\t<span aria-hidden=\"true\">\n\t\t\t\t\t\tV\t\t\t\t\t<\/span>\n\t\t\t\t<span class=\"screen-reader-text\">\n\t\t\t\t\t\tviernes\t\t\t\t\t<\/span>\n\t\t\t<\/div>\n\t\t<\/th>\n\t\t\t<th\n\t\t\tclass=\"tribe-events-calendar-month__header-column\"\n\t\t\tscope=\"col\"\n\t\t\tabbr=\"S\u00e1b\"\n\t\t>\n\t\t\t<div class=\"tribe-events-calendar-month__header-column-title tribe-common-b3\">\n\t\t\t\t\t<span aria-hidden=\"true\">\n\t\t\t\t\t\tS\t\t\t\t\t<\/span>\n\t\t\t\t<span class=\"screen-reader-text\">\n\t\t\t\t\t\ts\u00e1bado\t\t\t\t\t<\/span>\n\t\t\t<\/div>\n\t\t<\/th>\n\t\t\t<th\n\t\t\tclass=\"tribe-events-calendar-month__header-column\"\n\t\t\tscope=\"col\"\n\t\t\tabbr=\"Dom\"\n\t\t>\n\t\t\t<div class=\"tribe-events-calendar-month__header-column-title tribe-common-b3\">\n\t\t\t\t\t<span aria-hidden=\"true\">\n\t\t\t\t\t\tD\t\t\t\t\t<\/span>\n\t\t\t\t<span class=\"screen-reader-text\">\n\t\t\t\t\t\tdomingo\t\t\t\t\t<\/span>\n\t\t\t<\/div>\n\t\t<\/th>\n\t<\/tr>\n<\/thead>\n\n\t\t\t\n<tbody class=\"tribe-events-calendar-month__body\">\n\t\t\t<tr class=\"tribe-events-calendar-month__week\" data-js=\"tribe-events-month-grid-row\">\n\t\t\t\n\t\t\t\t<td\n\t class=\"tribe-events-calendar-month__day tribe-events-calendar-month__day--past tribe-events-calendar-month__day--other-month tribe-events-calendar-month__day--past-month\" \taria-labelledby=\"tribe-events-calendar-day-2026-08-31\"\n\tdata-js=\"tribe-events-month-grid-cell\"\n>\n\t<button\n\taria-expanded=\"false\"\n\taria-controls=\"tribe-events-calendar-mobile-day-2026-08-31\"\n\taria-label=\"Agosto 31, 2 eventos, d\u00eda anterior\"\n\t class=\"tribe-events-calendar-month__day-cell tribe-events-calendar-month__day-cell--mobile\" \tdata-js=\"tribe-events-calendar-month-day-cell-mobile\"\n>\n\t<h3 class=\"tribe-events-calendar-month__day-date tribe-common-h6 tribe-common-h--alt\">\n\t\t<span class=\"tribe-common-a11y-visual-hide\">\n\t\t\t2 eventos\t\t<\/span>\n\t\t<time\n\t\t\tclass=\"tribe-events-calendar-month__day-date-daynum\"\n\t\t\tdatetime=\"2026-08-31\"\n\t\t>\n\t\t\t31\t\t<\/time>\n\t<\/h3>\n\t\n\t<span class=\"tribe-events-calendar-month__mobile-events-icon tribe-events-calendar-month__mobile-events-icon--event\" >\n\t<\/span>\n<\/button>\n\t\n<div\n\tid=\"tribe-events-calendar-day-2026-08-31\"\n\tclass=\"tribe-events-calendar-month__day-cell tribe-events-calendar-month__day-cell--desktop tribe-common-a11y-hidden\"\n>\n\t\n<h3 class=\"tribe-events-calendar-month__day-date tribe-common-h4\">\n\t<span class=\"tribe-common-a11y-visual-hide\">\n\t\t2 eventos,\n\t<\/span>\n\t<time\n\t\tclass=\"tribe-events-calendar-month__day-date-daynum\"\n\t\tdatetime=\"2026-08-31\"\n\t>\n\t\t\t\t\t<a\n\t\t\t\thref=\"https:\/\/formakunde.eus\/es\/(\/?:events|eventos|ekitaldiak)\/2026-08-31\/&#038;shortcode=tribe-widget-events-month--1\"\n\t\t\t\tclass=\"tribe-events-calendar-month__day-date-link\"\n\t\t\t\tdata-js=\"tribe-events-view-link\"\n\t\t\t\taria-label=\"Agosto 31\"\n\t\t\t>\n\t\t\t\t31\t\t\t<\/a>\n\t\t\t<\/time>\n<\/h3>\n\n\t<div class=\"tribe-events-calendar-month__events\">\n\t\t\n\t<div class=\"tribe-events-calendar-month__multiday-event-wrapper\">\n\t<article  class=\"tribe-events-calendar-month__multiday-event post-10000202 tribe_events type-tribe_events status-publish has-post-thumbnail hentry tribe_events_cat-matriculacion cat_matriculacion tribe-recurring-event tribe-recurring-event-parent tribe-events-calendar-month__multiday-event--width-1 tribe-events-calendar-month__multiday-event--display tribe-events-calendar-month__multiday-event--start tribe-events-calendar-month__multiday-event--end tribe-events-calendar-month__multiday-event--past\"  data-event-id=\"10000202\">\n\t\t<div class=\"tribe-events-calendar-month__multiday-event-hidden\">\n\t<time\n\tdatetime=\"2026-08-31\"\n\tclass=\"tribe-common-a11y-visual-hide\"\n>\n\t2026-08-31<\/time>\n\t<a\n\thref=\"https:\/\/formakunde.eus\/es\/event\/matriculacion-masculinidades-hombres-e-igualdad-retos-y-resistencias\/2026-08-31\/\"\n\tclass=\"tribe-events-calendar-month__multiday-event-hidden-link\"\n\tdata-js=\"tribe-events-tooltip\"\n\tdata-tooltip-content=\"#tribe-events-tooltip-content-10000202\"\n\taria-describedby=\"tribe-events-tooltip-content-10000202\"\n>\n\t\t<div class=\"tribe-events-calendar-month__multiday-event-hidden-title tribe-common-h8\">\n\tMatriculaci\u00f3n: Masculinidades. Hombres e igualdad: retos y resistencias<\/div>\n<\/a>\n<\/div>\n\t\t<div class=\"tribe-events-calendar-month__multiday-event-bar\">\n\t<div class=\"tribe-events-calendar-month__multiday-event-bar-inner\">\n\t\t\t\t<div class=\"tribe-events-calendar-month__multiday-event-bar-title tribe-common-h8\">\n\tMatriculaci\u00f3n: Masculinidades. Hombres e igualdad: retos y resistencias<\/div>\n\n<span class=\"tribe-events-calendar-series-archive__container\">\n\t\n<svg  class=\"tribe-common-c-svgicon tribe-common-c-svgicon--series tribe-events-series-archive__icon\"  width=\"14\" height=\"12\" viewBox=\"0 0 14 12\" fill=\"none\" xmlns=\"http:\/\/www.w3.org\/2000\/svg\" aria-hidden=\"true\">\n\t<rect x=\"0.5\" y=\"4.5\" width=\"9\" height=\"7\" \/>\n\t<path d=\"M2 2.5H11.5V10\" \/>\n\t<path d=\"M4 0.5H13.5V8\" \/>\n<\/svg>\n<\/span>\n\t<\/div>\n<\/div>\n<div class=\"tribe-events-calendar-month__calendar-event-tooltip-template tribe-common-a11y-hidden\">\n\t<div\n\t\tclass=\"tribe-events-calendar-month__calendar-event-tooltip\"\n\t\tid=\"tribe-events-tooltip-content-10000202\"\n\t\trole=\"tooltip\"\n\t>\n\t\t<div class=\"tribe-events-calendar-month__calendar-event-tooltip-featured-image-wrapper\">\n\t<img\n\t\tclass=\"tribe-events-calendar-month__calendar-event-tooltip-featured-image\"\n\t\tsrc=\"https:\/\/formakunde.eus\/wp-content\/uploads\/2025\/04\/MASCULINIDADES_caratula-curso-online_Emakunde.jpg\"\n\t\t\t\t\tsrcset=\"https:\/\/formakunde.eus\/wp-content\/uploads\/2025\/04\/MASCULINIDADES_caratula-curso-online_Emakunde-300x215.jpg 300w, https:\/\/formakunde.eus\/wp-content\/uploads\/2025\/04\/MASCULINIDADES_caratula-curso-online_Emakunde.jpg 694w\"\n\t\t\t\t\t\t\talt=\"\"\n\t\t\t\/>\n<\/div>\n\t\t<div class=\"tribe-events-calendar-month__calendar-event-tooltip-datetime\">\n\t\t<time datetime=\"2026-08-31\">\n\t\t<span class=\"tribe-event-date-start\">Agosto 31<\/span>\t<\/time>\n\t\n<span class=\"tribe-events-calendar-series-archive__container\">\n\t<a\n\t\thref=\"https:\/\/formakunde.eus\/es\/series\/matriculacion-masculinidades-hombres-e-igualdad-retos-y-resistencias\/\"\n\t\taria-label=\"Event series: Matriculaci\u00f3n: Masculinidades. Hombres e igualdad: retos y resistencias\"\n\t\tclass=\"tribe-events-calendar-series-archive__link\"\n\t>\n\t\t\n<svg  class=\"tribe-common-c-svgicon tribe-common-c-svgicon--series tribe-events-series-archive__icon\"  width=\"14\" height=\"12\" viewBox=\"0 0 14 12\" fill=\"none\" xmlns=\"http:\/\/www.w3.org\/2000\/svg\" aria-hidden=\"true\">\n\t<rect x=\"0.5\" y=\"4.5\" width=\"9\" height=\"7\" \/>\n\t<path d=\"M2 2.5H11.5V10\" \/>\n\t<path d=\"M4 0.5H13.5V8\" \/>\n<\/svg>\n\t<\/a>\n<\/span>\n<\/div>\n\t\t<div class=\"tribe-events-calendar-month__calendar-event-tooltip-title tribe-common-h7\">\n\t<a\n\t\thref=\"https:\/\/formakunde.eus\/es\/event\/matriculacion-masculinidades-hombres-e-igualdad-retos-y-resistencias\/2026-08-31\/\"\n\t\ttitle=\"Matriculaci\u00f3n: Masculinidades. Hombres e igualdad: retos y resistencias\"\n\t\trel=\"bookmark\"\n\t\tclass=\"tribe-events-calendar-month__calendar-event-tooltip-title-link tribe-common-anchor-thin\"\n\t>\n\t\tMatriculaci\u00f3n: Masculinidades. Hombres e igualdad: retos y resistencias\t<\/a>\n<\/div>\n\t\t<div class=\"tribe-events-calendar-month__calendar-event-tooltip-description tribe-common-b3\">\n\t<p>En este curso se abordar\u00e1n las diferentes expresiones de masculinidades que existen en nuestras sociedades y las consecuencias que ello implica para las mujeres y para los propios hombres. A [&hellip;]<\/p>\n<\/div>\n\t\t\t<\/div>\n<\/div>\n\t<\/article>\n<\/div>\n\n\t<div class=\"tribe-events-calendar-month__multiday-event-wrapper\">\n\t<article  class=\"tribe-events-calendar-month__multiday-event post-10000593 tribe_events type-tribe_events status-publish has-post-thumbnail hentry tribe_events_cat-matriculacion-2 cat_matriculacion-2 tribe-recurring-event tribe-recurring-event-parent tribe-events-calendar-month__multiday-event--width-1 tribe-events-calendar-month__multiday-event--display tribe-events-calendar-month__multiday-event--start tribe-events-calendar-month__multiday-event--end tribe-events-calendar-month__multiday-event--past\"  data-event-id=\"10000593\">\n\t\t<div class=\"tribe-events-calendar-month__multiday-event-hidden\">\n\t<time\n\tdatetime=\"2026-08-31\"\n\tclass=\"tribe-common-a11y-visual-hide\"\n>\n\t2026-08-31<\/time>\n\t<a\n\thref=\"https:\/\/formakunde.eus\/es\/event\/matriculacion-igualdad-de-mujeres-y-hombres-conceptos-basicos\/2026-08-31\/\"\n\tclass=\"tribe-events-calendar-month__multiday-event-hidden-link\"\n\tdata-js=\"tribe-events-tooltip\"\n\tdata-tooltip-content=\"#tribe-events-tooltip-content-10000593\"\n\taria-describedby=\"tribe-events-tooltip-content-10000593\"\n>\n\t\t<div class=\"tribe-events-calendar-month__multiday-event-hidden-title tribe-common-h8\">\n\tMatriculaci\u00f3n: Igualdad de mujeres y hombres. Conceptos b\u00e1sicos.<\/div>\n<\/a>\n<\/div>\n\t\t<div class=\"tribe-events-calendar-month__multiday-event-bar\">\n\t<div class=\"tribe-events-calendar-month__multiday-event-bar-inner\">\n\t\t\t\t<div class=\"tribe-events-calendar-month__multiday-event-bar-title tribe-common-h8\">\n\tMatriculaci\u00f3n: Igualdad de mujeres y hombres. Conceptos b\u00e1sicos.<\/div>\n\n<span class=\"tribe-events-calendar-series-archive__container\">\n\t\n<svg  class=\"tribe-common-c-svgicon tribe-common-c-svgicon--series tribe-events-series-archive__icon\"  width=\"14\" height=\"12\" viewBox=\"0 0 14 12\" fill=\"none\" xmlns=\"http:\/\/www.w3.org\/2000\/svg\" aria-hidden=\"true\">\n\t<rect x=\"0.5\" y=\"4.5\" width=\"9\" height=\"7\" \/>\n\t<path d=\"M2 2.5H11.5V10\" \/>\n\t<path d=\"M4 0.5H13.5V8\" \/>\n<\/svg>\n<\/span>\n\t<\/div>\n<\/div>\n<div class=\"tribe-events-calendar-month__calendar-event-tooltip-template tribe-common-a11y-hidden\">\n\t<div\n\t\tclass=\"tribe-events-calendar-month__calendar-event-tooltip\"\n\t\tid=\"tribe-events-tooltip-content-10000593\"\n\t\trole=\"tooltip\"\n\t>\n\t\t<div class=\"tribe-events-calendar-month__calendar-event-tooltip-featured-image-wrapper\">\n\t<img\n\t\tclass=\"tribe-events-calendar-month__calendar-event-tooltip-featured-image\"\n\t\tsrc=\"https:\/\/formakunde.eus\/wp-content\/uploads\/2025\/04\/IGUALDAD_caratula-curso-online_Emakunde-1.jpg\"\n\t\t\t\t\tsrcset=\"https:\/\/formakunde.eus\/wp-content\/uploads\/2025\/04\/IGUALDAD_caratula-curso-online_Emakunde-1-300x215.jpg 300w, https:\/\/formakunde.eus\/wp-content\/uploads\/2025\/04\/IGUALDAD_caratula-curso-online_Emakunde-1.jpg 694w\"\n\t\t\t\t\t\t\talt=\"\"\n\t\t\t\/>\n<\/div>\n\t\t<div class=\"tribe-events-calendar-month__calendar-event-tooltip-datetime\">\n\t\t<time datetime=\"2026-08-31\">\n\t\t<span class=\"tribe-event-date-start\">Agosto 31<\/span>\t<\/time>\n\t\n<span class=\"tribe-events-calendar-series-archive__container\">\n\t<a\n\t\thref=\"https:\/\/formakunde.eus\/es\/series\/matriculacion-igualdad-de-mujeres-y-hombres-conceptos-basicos\/\"\n\t\taria-label=\"Event series: Matriculaci\u00f3n: Igualdad de mujeres y hombres. Conceptos b\u00e1sicos.\"\n\t\tclass=\"tribe-events-calendar-series-archive__link\"\n\t>\n\t\t\n<svg  class=\"tribe-common-c-svgicon tribe-common-c-svgicon--series tribe-events-series-archive__icon\"  width=\"14\" height=\"12\" viewBox=\"0 0 14 12\" fill=\"none\" xmlns=\"http:\/\/www.w3.org\/2000\/svg\" aria-hidden=\"true\">\n\t<rect x=\"0.5\" y=\"4.5\" width=\"9\" height=\"7\" \/>\n\t<path d=\"M2 2.5H11.5V10\" \/>\n\t<path d=\"M4 0.5H13.5V8\" \/>\n<\/svg>\n\t<\/a>\n<\/span>\n<\/div>\n\t\t<div class=\"tribe-events-calendar-month__calendar-event-tooltip-title tribe-common-h7\">\n\t<a\n\t\thref=\"https:\/\/formakunde.eus\/es\/event\/matriculacion-igualdad-de-mujeres-y-hombres-conceptos-basicos\/2026-08-31\/\"\n\t\ttitle=\"Matriculaci\u00f3n: Igualdad de mujeres y hombres. Conceptos b\u00e1sicos.\"\n\t\trel=\"bookmark\"\n\t\tclass=\"tribe-events-calendar-month__calendar-event-tooltip-title-link tribe-common-anchor-thin\"\n\t>\n\t\tMatriculaci\u00f3n: Igualdad de mujeres y hombres. Conceptos b\u00e1sicos.\t<\/a>\n<\/div>\n\t\t<div class=\"tribe-events-calendar-month__calendar-event-tooltip-description tribe-common-b3\">\n\t<p>Una de las mayores transformaciones sociales ha sido el acceso de las mujeres a la igualdad formal, fruto de la lucha de muchas mujeres y algunos hombres dispuestos a poner [&hellip;]<\/p>\n<\/div>\n\t\t\t<\/div>\n<\/div>\n\t<\/article>\n<\/div>\n\n\n\t\t\t<\/div>\n\n\t\n<\/div>\n<\/td>\n\n\t\t\t\n\t\t\t\t<td\n\t class=\"tribe-events-calendar-month__day tribe-events-calendar-month__day--current\" \taria-labelledby=\"tribe-events-calendar-day-2026-09-01\"\n\tdata-js=\"tribe-events-month-grid-cell\"\n>\n\t<button\n\taria-expanded=\"true\"\n\taria-controls=\"tribe-events-calendar-mobile-day-2026-09-1\"\n\taria-label=\"Septiembre 1, 2 eventos, hoy\"\n\t class=\"tribe-events-calendar-month__day-cell tribe-events-calendar-month__day-cell--mobile tribe-events-calendar-month__day-cell--selected\" \tdata-js=\"tribe-events-calendar-month-day-cell-mobile\"\n>\n\t<h3 class=\"tribe-events-calendar-month__day-date tribe-common-h6 tribe-common-h--alt\">\n\t\t<span class=\"tribe-common-a11y-visual-hide\">\n\t\t\t2 eventos\t\t<\/span>\n\t\t<time\n\t\t\tclass=\"tribe-events-calendar-month__day-date-daynum\"\n\t\t\tdatetime=\"2026-09-01\"\n\t\t>\n\t\t\t1\t\t<\/time>\n\t<\/h3>\n\t\n\t<span class=\"tribe-events-calendar-month__mobile-events-icon tribe-events-calendar-month__mobile-events-icon--event\" >\n\t<\/span>\n<\/button>\n\t\n<div\n\tid=\"tribe-events-calendar-day-2026-09-01\"\n\tclass=\"tribe-events-calendar-month__day-cell tribe-events-calendar-month__day-cell--desktop tribe-common-a11y-hidden\"\n>\n\t\n<h3 class=\"tribe-events-calendar-month__day-date tribe-common-h4\">\n\t<span class=\"tribe-common-a11y-visual-hide\">\n\t\t2 eventos,\n\t<\/span>\n\t<time\n\t\tclass=\"tribe-events-calendar-month__day-date-daynum\"\n\t\tdatetime=\"2026-09-01\"\n\t>\n\t\t\t\t\t<a\n\t\t\t\thref=\"https:\/\/formakunde.eus\/es\/(\/?:events|eventos|ekitaldiak)\/2026-09-01\/&#038;shortcode=tribe-widget-events-month--1\"\n\t\t\t\tclass=\"tribe-events-calendar-month__day-date-link\"\n\t\t\t\tdata-js=\"tribe-events-view-link\"\n\t\t\t\taria-label=\"Septiembre 1\"\n\t\t\t>\n\t\t\t\t1\t\t\t<\/a>\n\t\t\t<\/time>\n<\/h3>\n\n\t<div class=\"tribe-events-calendar-month__events\">\n\t\t\n\t<div class=\"tribe-events-calendar-month__multiday-event-wrapper\">\n\t<article  class=\"tribe-events-calendar-month__multiday-event post-10000203 tribe_events type-tribe_events status-publish has-post-thumbnail hentry tribe_events_cat-matriculacion cat_matriculacion tribe-recurring-event tribe-recurring-event-parent tribe-events-calendar-month__multiday-event--width-1 tribe-events-calendar-month__multiday-event--display tribe-events-calendar-month__multiday-event--start tribe-events-calendar-month__multiday-event--end\"  data-event-id=\"10000203\">\n\t\t<div class=\"tribe-events-calendar-month__multiday-event-hidden\">\n\t<time\n\tdatetime=\"2026-09-01\"\n\tclass=\"tribe-common-a11y-visual-hide\"\n>\n\t2026-09-01<\/time>\n\t<a\n\thref=\"https:\/\/formakunde.eus\/es\/event\/matriculacion-masculinidades-hombres-e-igualdad-retos-y-resistencias\/2026-09-01\/\"\n\tclass=\"tribe-events-calendar-month__multiday-event-hidden-link\"\n\tdata-js=\"tribe-events-tooltip\"\n\tdata-tooltip-content=\"#tribe-events-tooltip-content-10000203\"\n\taria-describedby=\"tribe-events-tooltip-content-10000203\"\n>\n\t\t<div class=\"tribe-events-calendar-month__multiday-event-hidden-title tribe-common-h8\">\n\tMatriculaci\u00f3n: Masculinidades. Hombres e igualdad: retos y resistencias<\/div>\n<\/a>\n<\/div>\n\t\t<div class=\"tribe-events-calendar-month__multiday-event-bar\">\n\t<div class=\"tribe-events-calendar-month__multiday-event-bar-inner\">\n\t\t\t\t<div class=\"tribe-events-calendar-month__multiday-event-bar-title tribe-common-h8\">\n\tMatriculaci\u00f3n: Masculinidades. Hombres e igualdad: retos y resistencias<\/div>\n\n<span class=\"tribe-events-calendar-series-archive__container\">\n\t\n<svg  class=\"tribe-common-c-svgicon tribe-common-c-svgicon--series tribe-events-series-archive__icon\"  width=\"14\" height=\"12\" viewBox=\"0 0 14 12\" fill=\"none\" xmlns=\"http:\/\/www.w3.org\/2000\/svg\" aria-hidden=\"true\">\n\t<rect x=\"0.5\" y=\"4.5\" width=\"9\" height=\"7\" \/>\n\t<path d=\"M2 2.5H11.5V10\" \/>\n\t<path d=\"M4 0.5H13.5V8\" \/>\n<\/svg>\n<\/span>\n\t<\/div>\n<\/div>\n<div class=\"tribe-events-calendar-month__calendar-event-tooltip-template tribe-common-a11y-hidden\">\n\t<div\n\t\tclass=\"tribe-events-calendar-month__calendar-event-tooltip\"\n\t\tid=\"tribe-events-tooltip-content-10000203\"\n\t\trole=\"tooltip\"\n\t>\n\t\t<div class=\"tribe-events-calendar-month__calendar-event-tooltip-featured-image-wrapper\">\n\t<img\n\t\tclass=\"tribe-events-calendar-month__calendar-event-tooltip-featured-image\"\n\t\tsrc=\"https:\/\/formakunde.eus\/wp-content\/uploads\/2025\/04\/MASCULINIDADES_caratula-curso-online_Emakunde.jpg\"\n\t\t\t\t\tsrcset=\"https:\/\/formakunde.eus\/wp-content\/uploads\/2025\/04\/MASCULINIDADES_caratula-curso-online_Emakunde-300x215.jpg 300w, https:\/\/formakunde.eus\/wp-content\/uploads\/2025\/04\/MASCULINIDADES_caratula-curso-online_Emakunde.jpg 694w\"\n\t\t\t\t\t\t\talt=\"\"\n\t\t\t\/>\n<\/div>\n\t\t<div class=\"tribe-events-calendar-month__calendar-event-tooltip-datetime\">\n\t\t<time datetime=\"2026-09-01\">\n\t\t<span class=\"tribe-event-date-start\">Septiembre 1<\/span>\t<\/time>\n\t\n<span class=\"tribe-events-calendar-series-archive__container\">\n\t<a\n\t\thref=\"https:\/\/formakunde.eus\/es\/series\/matriculacion-masculinidades-hombres-e-igualdad-retos-y-resistencias\/\"\n\t\taria-label=\"Event series: Matriculaci\u00f3n: Masculinidades. Hombres e igualdad: retos y resistencias\"\n\t\tclass=\"tribe-events-calendar-series-archive__link\"\n\t>\n\t\t\n<svg  class=\"tribe-common-c-svgicon tribe-common-c-svgicon--series tribe-events-series-archive__icon\"  width=\"14\" height=\"12\" viewBox=\"0 0 14 12\" fill=\"none\" xmlns=\"http:\/\/www.w3.org\/2000\/svg\" aria-hidden=\"true\">\n\t<rect x=\"0.5\" y=\"4.5\" width=\"9\" height=\"7\" \/>\n\t<path d=\"M2 2.5H11.5V10\" \/>\n\t<path d=\"M4 0.5H13.5V8\" \/>\n<\/svg>\n\t<\/a>\n<\/span>\n<\/div>\n\t\t<div class=\"tribe-events-calendar-month__calendar-event-tooltip-title tribe-common-h7\">\n\t<a\n\t\thref=\"https:\/\/formakunde.eus\/es\/event\/matriculacion-masculinidades-hombres-e-igualdad-retos-y-resistencias\/2026-09-01\/\"\n\t\ttitle=\"Matriculaci\u00f3n: Masculinidades. Hombres e igualdad: retos y resistencias\"\n\t\trel=\"bookmark\"\n\t\tclass=\"tribe-events-calendar-month__calendar-event-tooltip-title-link tribe-common-anchor-thin\"\n\t>\n\t\tMatriculaci\u00f3n: Masculinidades. Hombres e igualdad: retos y resistencias\t<\/a>\n<\/div>\n\t\t<div class=\"tribe-events-calendar-month__calendar-event-tooltip-description tribe-common-b3\">\n\t<p>En este curso se abordar\u00e1n las diferentes expresiones de masculinidades que existen en nuestras sociedades y las consecuencias que ello implica para las mujeres y para los propios hombres. A [&hellip;]<\/p>\n<\/div>\n\t\t\t<\/div>\n<\/div>\n\t<\/article>\n<\/div>\n\n\t<div class=\"tribe-events-calendar-month__multiday-event-wrapper\">\n\t<article  class=\"tribe-events-calendar-month__multiday-event post-10000594 tribe_events type-tribe_events status-publish has-post-thumbnail hentry tribe_events_cat-matriculacion-2 cat_matriculacion-2 tribe-recurring-event tribe-recurring-event-parent tribe-events-calendar-month__multiday-event--width-1 tribe-events-calendar-month__multiday-event--display tribe-events-calendar-month__multiday-event--start tribe-events-calendar-month__multiday-event--end\"  data-event-id=\"10000594\">\n\t\t<div class=\"tribe-events-calendar-month__multiday-event-hidden\">\n\t<time\n\tdatetime=\"2026-09-01\"\n\tclass=\"tribe-common-a11y-visual-hide\"\n>\n\t2026-09-01<\/time>\n\t<a\n\thref=\"https:\/\/formakunde.eus\/es\/event\/matriculacion-igualdad-de-mujeres-y-hombres-conceptos-basicos\/2026-09-01\/\"\n\tclass=\"tribe-events-calendar-month__multiday-event-hidden-link\"\n\tdata-js=\"tribe-events-tooltip\"\n\tdata-tooltip-content=\"#tribe-events-tooltip-content-10000594\"\n\taria-describedby=\"tribe-events-tooltip-content-10000594\"\n>\n\t\t<div class=\"tribe-events-calendar-month__multiday-event-hidden-title tribe-common-h8\">\n\tMatriculaci\u00f3n: Igualdad de mujeres y hombres. Conceptos b\u00e1sicos.<\/div>\n<\/a>\n<\/div>\n\t\t<div class=\"tribe-events-calendar-month__multiday-event-bar\">\n\t<div class=\"tribe-events-calendar-month__multiday-event-bar-inner\">\n\t\t\t\t<div class=\"tribe-events-calendar-month__multiday-event-bar-title tribe-common-h8\">\n\tMatriculaci\u00f3n: Igualdad de mujeres y hombres. Conceptos b\u00e1sicos.<\/div>\n\n<span class=\"tribe-events-calendar-series-archive__container\">\n\t\n<svg  class=\"tribe-common-c-svgicon tribe-common-c-svgicon--series tribe-events-series-archive__icon\"  width=\"14\" height=\"12\" viewBox=\"0 0 14 12\" fill=\"none\" xmlns=\"http:\/\/www.w3.org\/2000\/svg\" aria-hidden=\"true\">\n\t<rect x=\"0.5\" y=\"4.5\" width=\"9\" height=\"7\" \/>\n\t<path d=\"M2 2.5H11.5V10\" \/>\n\t<path d=\"M4 0.5H13.5V8\" \/>\n<\/svg>\n<\/span>\n\t<\/div>\n<\/div>\n<div class=\"tribe-events-calendar-month__calendar-event-tooltip-template tribe-common-a11y-hidden\">\n\t<div\n\t\tclass=\"tribe-events-calendar-month__calendar-event-tooltip\"\n\t\tid=\"tribe-events-tooltip-content-10000594\"\n\t\trole=\"tooltip\"\n\t>\n\t\t<div class=\"tribe-events-calendar-month__calendar-event-tooltip-featured-image-wrapper\">\n\t<img\n\t\tclass=\"tribe-events-calendar-month__calendar-event-tooltip-featured-image\"\n\t\tsrc=\"https:\/\/formakunde.eus\/wp-content\/uploads\/2025\/04\/IGUALDAD_caratula-curso-online_Emakunde-1.jpg\"\n\t\t\t\t\tsrcset=\"https:\/\/formakunde.eus\/wp-content\/uploads\/2025\/04\/IGUALDAD_caratula-curso-online_Emakunde-1-300x215.jpg 300w, https:\/\/formakunde.eus\/wp-content\/uploads\/2025\/04\/IGUALDAD_caratula-curso-online_Emakunde-1.jpg 694w\"\n\t\t\t\t\t\t\talt=\"\"\n\t\t\t\/>\n<\/div>\n\t\t<div class=\"tribe-events-calendar-month__calendar-event-tooltip-datetime\">\n\t\t<time datetime=\"2026-09-01\">\n\t\t<span class=\"tribe-event-date-start\">Septiembre 1<\/span>\t<\/time>\n\t\n<span class=\"tribe-events-calendar-series-archive__container\">\n\t<a\n\t\thref=\"https:\/\/formakunde.eus\/es\/series\/matriculacion-igualdad-de-mujeres-y-hombres-conceptos-basicos\/\"\n\t\taria-label=\"Event series: Matriculaci\u00f3n: Igualdad de mujeres y hombres. Conceptos b\u00e1sicos.\"\n\t\tclass=\"tribe-events-calendar-series-archive__link\"\n\t>\n\t\t\n<svg  class=\"tribe-common-c-svgicon tribe-common-c-svgicon--series tribe-events-series-archive__icon\"  width=\"14\" height=\"12\" viewBox=\"0 0 14 12\" fill=\"none\" xmlns=\"http:\/\/www.w3.org\/2000\/svg\" aria-hidden=\"true\">\n\t<rect x=\"0.5\" y=\"4.5\" width=\"9\" height=\"7\" \/>\n\t<path d=\"M2 2.5H11.5V10\" \/>\n\t<path d=\"M4 0.5H13.5V8\" \/>\n<\/svg>\n\t<\/a>\n<\/span>\n<\/div>\n\t\t<div class=\"tribe-events-calendar-month__calendar-event-tooltip-title tribe-common-h7\">\n\t<a\n\t\thref=\"https:\/\/formakunde.eus\/es\/event\/matriculacion-igualdad-de-mujeres-y-hombres-conceptos-basicos\/2026-09-01\/\"\n\t\ttitle=\"Matriculaci\u00f3n: Igualdad de mujeres y hombres. Conceptos b\u00e1sicos.\"\n\t\trel=\"bookmark\"\n\t\tclass=\"tribe-events-calendar-month__calendar-event-tooltip-title-link tribe-common-anchor-thin\"\n\t>\n\t\tMatriculaci\u00f3n: Igualdad de mujeres y hombres. Conceptos b\u00e1sicos.\t<\/a>\n<\/div>\n\t\t<div class=\"tribe-events-calendar-month__calendar-event-tooltip-description tribe-common-b3\">\n\t<p>Una de las mayores transformaciones sociales ha sido el acceso de las mujeres a la igualdad formal, fruto de la lucha de muchas mujeres y algunos hombres dispuestos a poner [&hellip;]<\/p>\n<\/div>\n\t\t\t<\/div>\n<\/div>\n\t<\/article>\n<\/div>\n\n\n\t\t\t<\/div>\n\n\t\n<\/div>\n<\/td>\n\n\t\t\t\n\t\t\t\t<td\n\t class=\"tribe-events-calendar-month__day\" \taria-labelledby=\"tribe-events-calendar-day-2026-09-02\"\n\tdata-js=\"tribe-events-month-grid-cell\"\n>\n\t<button\n\taria-expanded=\"false\"\n\taria-controls=\"tribe-events-calendar-mobile-day-2026-09-2\"\n\taria-label=\"Septiembre 2, 2 eventos, pr\u00f3ximo d\u00eda\"\n\t class=\"tribe-events-calendar-month__day-cell tribe-events-calendar-month__day-cell--mobile\" \tdata-js=\"tribe-events-calendar-month-day-cell-mobile\"\n>\n\t<h3 class=\"tribe-events-calendar-month__day-date tribe-common-h6 tribe-common-h--alt\">\n\t\t<span class=\"tribe-common-a11y-visual-hide\">\n\t\t\t2 eventos\t\t<\/span>\n\t\t<time\n\t\t\tclass=\"tribe-events-calendar-month__day-date-daynum\"\n\t\t\tdatetime=\"2026-09-02\"\n\t\t>\n\t\t\t2\t\t<\/time>\n\t<\/h3>\n\t\n\t<span class=\"tribe-events-calendar-month__mobile-events-icon tribe-events-calendar-month__mobile-events-icon--event\" >\n\t<\/span>\n<\/button>\n\t\n<div\n\tid=\"tribe-events-calendar-day-2026-09-02\"\n\tclass=\"tribe-events-calendar-month__day-cell tribe-events-calendar-month__day-cell--desktop tribe-common-a11y-hidden\"\n>\n\t\n<h3 class=\"tribe-events-calendar-month__day-date tribe-common-h4\">\n\t<span class=\"tribe-common-a11y-visual-hide\">\n\t\t2 eventos,\n\t<\/span>\n\t<time\n\t\tclass=\"tribe-events-calendar-month__day-date-daynum\"\n\t\tdatetime=\"2026-09-02\"\n\t>\n\t\t\t\t\t<a\n\t\t\t\thref=\"https:\/\/formakunde.eus\/es\/(\/?:events|eventos|ekitaldiak)\/2026-09-02\/&#038;shortcode=tribe-widget-events-month--1\"\n\t\t\t\tclass=\"tribe-events-calendar-month__day-date-link\"\n\t\t\t\tdata-js=\"tribe-events-view-link\"\n\t\t\t\taria-label=\"Septiembre 2\"\n\t\t\t>\n\t\t\t\t2\t\t\t<\/a>\n\t\t\t<\/time>\n<\/h3>\n\n\t<div class=\"tribe-events-calendar-month__events\">\n\t\t\n\t<div class=\"tribe-events-calendar-month__multiday-event-wrapper\">\n\t<article  class=\"tribe-events-calendar-month__multiday-event post-10000204 tribe_events type-tribe_events status-publish has-post-thumbnail hentry tribe_events_cat-matriculacion cat_matriculacion tribe-recurring-event tribe-recurring-event-parent tribe-events-calendar-month__multiday-event--width-1 tribe-events-calendar-month__multiday-event--display tribe-events-calendar-month__multiday-event--start tribe-events-calendar-month__multiday-event--end\"  data-event-id=\"10000204\">\n\t\t<div class=\"tribe-events-calendar-month__multiday-event-hidden\">\n\t<time\n\tdatetime=\"2026-09-02\"\n\tclass=\"tribe-common-a11y-visual-hide\"\n>\n\t2026-09-02<\/time>\n\t<a\n\thref=\"https:\/\/formakunde.eus\/es\/event\/matriculacion-masculinidades-hombres-e-igualdad-retos-y-resistencias\/2026-09-02\/\"\n\tclass=\"tribe-events-calendar-month__multiday-event-hidden-link\"\n\tdata-js=\"tribe-events-tooltip\"\n\tdata-tooltip-content=\"#tribe-events-tooltip-content-10000204\"\n\taria-describedby=\"tribe-events-tooltip-content-10000204\"\n>\n\t\t<div class=\"tribe-events-calendar-month__multiday-event-hidden-title tribe-common-h8\">\n\tMatriculaci\u00f3n: Masculinidades. Hombres e igualdad: retos y resistencias<\/div>\n<\/a>\n<\/div>\n\t\t<div class=\"tribe-events-calendar-month__multiday-event-bar\">\n\t<div class=\"tribe-events-calendar-month__multiday-event-bar-inner\">\n\t\t\t\t<div class=\"tribe-events-calendar-month__multiday-event-bar-title tribe-common-h8\">\n\tMatriculaci\u00f3n: Masculinidades. Hombres e igualdad: retos y resistencias<\/div>\n\n<span class=\"tribe-events-calendar-series-archive__container\">\n\t\n<svg  class=\"tribe-common-c-svgicon tribe-common-c-svgicon--series tribe-events-series-archive__icon\"  width=\"14\" height=\"12\" viewBox=\"0 0 14 12\" fill=\"none\" xmlns=\"http:\/\/www.w3.org\/2000\/svg\" aria-hidden=\"true\">\n\t<rect x=\"0.5\" y=\"4.5\" width=\"9\" height=\"7\" \/>\n\t<path d=\"M2 2.5H11.5V10\" \/>\n\t<path d=\"M4 0.5H13.5V8\" \/>\n<\/svg>\n<\/span>\n\t<\/div>\n<\/div>\n<div class=\"tribe-events-calendar-month__calendar-event-tooltip-template tribe-common-a11y-hidden\">\n\t<div\n\t\tclass=\"tribe-events-calendar-month__calendar-event-tooltip\"\n\t\tid=\"tribe-events-tooltip-content-10000204\"\n\t\trole=\"tooltip\"\n\t>\n\t\t<div class=\"tribe-events-calendar-month__calendar-event-tooltip-featured-image-wrapper\">\n\t<img\n\t\tclass=\"tribe-events-calendar-month__calendar-event-tooltip-featured-image\"\n\t\tsrc=\"https:\/\/formakunde.eus\/wp-content\/uploads\/2025\/04\/MASCULINIDADES_caratula-curso-online_Emakunde.jpg\"\n\t\t\t\t\tsrcset=\"https:\/\/formakunde.eus\/wp-content\/uploads\/2025\/04\/MASCULINIDADES_caratula-curso-online_Emakunde-300x215.jpg 300w, https:\/\/formakunde.eus\/wp-content\/uploads\/2025\/04\/MASCULINIDADES_caratula-curso-online_Emakunde.jpg 694w\"\n\t\t\t\t\t\t\talt=\"\"\n\t\t\t\/>\n<\/div>\n\t\t<div class=\"tribe-events-calendar-month__calendar-event-tooltip-datetime\">\n\t\t<time datetime=\"2026-09-02\">\n\t\t<span class=\"tribe-event-date-start\">Septiembre 2<\/span>\t<\/time>\n\t\n<span class=\"tribe-events-calendar-series-archive__container\">\n\t<a\n\t\thref=\"https:\/\/formakunde.eus\/es\/series\/matriculacion-masculinidades-hombres-e-igualdad-retos-y-resistencias\/\"\n\t\taria-label=\"Event series: Matriculaci\u00f3n: Masculinidades. Hombres e igualdad: retos y resistencias\"\n\t\tclass=\"tribe-events-calendar-series-archive__link\"\n\t>\n\t\t\n<svg  class=\"tribe-common-c-svgicon tribe-common-c-svgicon--series tribe-events-series-archive__icon\"  width=\"14\" height=\"12\" viewBox=\"0 0 14 12\" fill=\"none\" xmlns=\"http:\/\/www.w3.org\/2000\/svg\" aria-hidden=\"true\">\n\t<rect x=\"0.5\" y=\"4.5\" width=\"9\" height=\"7\" \/>\n\t<path d=\"M2 2.5H11.5V10\" \/>\n\t<path d=\"M4 0.5H13.5V8\" \/>\n<\/svg>\n\t<\/a>\n<\/span>\n<\/div>\n\t\t<div class=\"tribe-events-calendar-month__calendar-event-tooltip-title tribe-common-h7\">\n\t<a\n\t\thref=\"https:\/\/formakunde.eus\/es\/event\/matriculacion-masculinidades-hombres-e-igualdad-retos-y-resistencias\/2026-09-02\/\"\n\t\ttitle=\"Matriculaci\u00f3n: Masculinidades. Hombres e igualdad: retos y resistencias\"\n\t\trel=\"bookmark\"\n\t\tclass=\"tribe-events-calendar-month__calendar-event-tooltip-title-link tribe-common-anchor-thin\"\n\t>\n\t\tMatriculaci\u00f3n: Masculinidades. Hombres e igualdad: retos y resistencias\t<\/a>\n<\/div>\n\t\t<div class=\"tribe-events-calendar-month__calendar-event-tooltip-description tribe-common-b3\">\n\t<p>En este curso se abordar\u00e1n las diferentes expresiones de masculinidades que existen en nuestras sociedades y las consecuencias que ello implica para las mujeres y para los propios hombres. A [&hellip;]<\/p>\n<\/div>\n\t\t\t<\/div>\n<\/div>\n\t<\/article>\n<\/div>\n\n\t<div class=\"tribe-events-calendar-month__multiday-event-wrapper\">\n\t<article  class=\"tribe-events-calendar-month__multiday-event post-10000595 tribe_events type-tribe_events status-publish has-post-thumbnail hentry tribe_events_cat-matriculacion-2 cat_matriculacion-2 tribe-recurring-event tribe-recurring-event-parent tribe-events-calendar-month__multiday-event--width-1 tribe-events-calendar-month__multiday-event--display tribe-events-calendar-month__multiday-event--start tribe-events-calendar-month__multiday-event--end\"  data-event-id=\"10000595\">\n\t\t<div class=\"tribe-events-calendar-month__multiday-event-hidden\">\n\t<time\n\tdatetime=\"2026-09-02\"\n\tclass=\"tribe-common-a11y-visual-hide\"\n>\n\t2026-09-02<\/time>\n\t<a\n\thref=\"https:\/\/formakunde.eus\/es\/event\/matriculacion-igualdad-de-mujeres-y-hombres-conceptos-basicos\/2026-09-02\/\"\n\tclass=\"tribe-events-calendar-month__multiday-event-hidden-link\"\n\tdata-js=\"tribe-events-tooltip\"\n\tdata-tooltip-content=\"#tribe-events-tooltip-content-10000595\"\n\taria-describedby=\"tribe-events-tooltip-content-10000595\"\n>\n\t\t<div class=\"tribe-events-calendar-month__multiday-event-hidden-title tribe-common-h8\">\n\tMatriculaci\u00f3n: Igualdad de mujeres y hombres. Conceptos b\u00e1sicos.<\/div>\n<\/a>\n<\/div>\n\t\t<div class=\"tribe-events-calendar-month__multiday-event-bar\">\n\t<div class=\"tribe-events-calendar-month__multiday-event-bar-inner\">\n\t\t\t\t<div class=\"tribe-events-calendar-month__multiday-event-bar-title tribe-common-h8\">\n\tMatriculaci\u00f3n: Igualdad de mujeres y hombres. Conceptos b\u00e1sicos.<\/div>\n\n<span class=\"tribe-events-calendar-series-archive__container\">\n\t\n<svg  class=\"tribe-common-c-svgicon tribe-common-c-svgicon--series tribe-events-series-archive__icon\"  width=\"14\" height=\"12\" viewBox=\"0 0 14 12\" fill=\"none\" xmlns=\"http:\/\/www.w3.org\/2000\/svg\" aria-hidden=\"true\">\n\t<rect x=\"0.5\" y=\"4.5\" width=\"9\" height=\"7\" \/>\n\t<path d=\"M2 2.5H11.5V10\" \/>\n\t<path d=\"M4 0.5H13.5V8\" \/>\n<\/svg>\n<\/span>\n\t<\/div>\n<\/div>\n<div class=\"tribe-events-calendar-month__calendar-event-tooltip-template tribe-common-a11y-hidden\">\n\t<div\n\t\tclass=\"tribe-events-calendar-month__calendar-event-tooltip\"\n\t\tid=\"tribe-events-tooltip-content-10000595\"\n\t\trole=\"tooltip\"\n\t>\n\t\t<div class=\"tribe-events-calendar-month__calendar-event-tooltip-featured-image-wrapper\">\n\t<img\n\t\tclass=\"tribe-events-calendar-month__calendar-event-tooltip-featured-image\"\n\t\tsrc=\"https:\/\/formakunde.eus\/wp-content\/uploads\/2025\/04\/IGUALDAD_caratula-curso-online_Emakunde-1.jpg\"\n\t\t\t\t\tsrcset=\"https:\/\/formakunde.eus\/wp-content\/uploads\/2025\/04\/IGUALDAD_caratula-curso-online_Emakunde-1-300x215.jpg 300w, https:\/\/formakunde.eus\/wp-content\/uploads\/2025\/04\/IGUALDAD_caratula-curso-online_Emakunde-1.jpg 694w\"\n\t\t\t\t\t\t\talt=\"\"\n\t\t\t\/>\n<\/div>\n\t\t<div class=\"tribe-events-calendar-month__calendar-event-tooltip-datetime\">\n\t\t<time datetime=\"2026-09-02\">\n\t\t<span class=\"tribe-event-date-start\">Septiembre 2<\/span>\t<\/time>\n\t\n<span class=\"tribe-events-calendar-series-archive__container\">\n\t<a\n\t\thref=\"https:\/\/formakunde.eus\/es\/series\/matriculacion-igualdad-de-mujeres-y-hombres-conceptos-basicos\/\"\n\t\taria-label=\"Event series: Matriculaci\u00f3n: Igualdad de mujeres y hombres. Conceptos b\u00e1sicos.\"\n\t\tclass=\"tribe-events-calendar-series-archive__link\"\n\t>\n\t\t\n<svg  class=\"tribe-common-c-svgicon tribe-common-c-svgicon--series tribe-events-series-archive__icon\"  width=\"14\" height=\"12\" viewBox=\"0 0 14 12\" fill=\"none\" xmlns=\"http:\/\/www.w3.org\/2000\/svg\" aria-hidden=\"true\">\n\t<rect x=\"0.5\" y=\"4.5\" width=\"9\" height=\"7\" \/>\n\t<path d=\"M2 2.5H11.5V10\" \/>\n\t<path d=\"M4 0.5H13.5V8\" \/>\n<\/svg>\n\t<\/a>\n<\/span>\n<\/div>\n\t\t<div class=\"tribe-events-calendar-month__calendar-event-tooltip-title tribe-common-h7\">\n\t<a\n\t\thref=\"https:\/\/formakunde.eus\/es\/event\/matriculacion-igualdad-de-mujeres-y-hombres-conceptos-basicos\/2026-09-02\/\"\n\t\ttitle=\"Matriculaci\u00f3n: Igualdad de mujeres y hombres. Conceptos b\u00e1sicos.\"\n\t\trel=\"bookmark\"\n\t\tclass=\"tribe-events-calendar-month__calendar-event-tooltip-title-link tribe-common-anchor-thin\"\n\t>\n\t\tMatriculaci\u00f3n: Igualdad de mujeres y hombres. Conceptos b\u00e1sicos.\t<\/a>\n<\/div>\n\t\t<div class=\"tribe-events-calendar-month__calendar-event-tooltip-description tribe-common-b3\">\n\t<p>Una de las mayores transformaciones sociales ha sido el acceso de las mujeres a la igualdad formal, fruto de la lucha de muchas mujeres y algunos hombres dispuestos a poner [&hellip;]<\/p>\n<\/div>\n\t\t\t<\/div>\n<\/div>\n\t<\/article>\n<\/div>\n\n\n\t\t\t<\/div>\n\n\t\n<\/div>\n<\/td>\n\n\t\t\t\n\t\t\t\t<td\n\t class=\"tribe-events-calendar-month__day\" \taria-labelledby=\"tribe-events-calendar-day-2026-09-03\"\n\tdata-js=\"tribe-events-month-grid-cell\"\n>\n\t<button\n\taria-expanded=\"false\"\n\taria-controls=\"tribe-events-calendar-mobile-day-2026-09-3\"\n\taria-label=\"Septiembre 3, 2 eventos, pr\u00f3ximo d\u00eda\"\n\t class=\"tribe-events-calendar-month__day-cell tribe-events-calendar-month__day-cell--mobile\" \tdata-js=\"tribe-events-calendar-month-day-cell-mobile\"\n>\n\t<h3 class=\"tribe-events-calendar-month__day-date tribe-common-h6 tribe-common-h--alt\">\n\t\t<span class=\"tribe-common-a11y-visual-hide\">\n\t\t\t2 eventos\t\t<\/span>\n\t\t<time\n\t\t\tclass=\"tribe-events-calendar-month__day-date-daynum\"\n\t\t\tdatetime=\"2026-09-03\"\n\t\t>\n\t\t\t3\t\t<\/time>\n\t<\/h3>\n\t\n\t<span class=\"tribe-events-calendar-month__mobile-events-icon tribe-events-calendar-month__mobile-events-icon--event\" >\n\t<\/span>\n<\/button>\n\t\n<div\n\tid=\"tribe-events-calendar-day-2026-09-03\"\n\tclass=\"tribe-events-calendar-month__day-cell tribe-events-calendar-month__day-cell--desktop tribe-common-a11y-hidden\"\n>\n\t\n<h3 class=\"tribe-events-calendar-month__day-date tribe-common-h4\">\n\t<span class=\"tribe-common-a11y-visual-hide\">\n\t\t2 eventos,\n\t<\/span>\n\t<time\n\t\tclass=\"tribe-events-calendar-month__day-date-daynum\"\n\t\tdatetime=\"2026-09-03\"\n\t>\n\t\t\t\t\t<a\n\t\t\t\thref=\"https:\/\/formakunde.eus\/es\/(\/?:events|eventos|ekitaldiak)\/2026-09-03\/&#038;shortcode=tribe-widget-events-month--1\"\n\t\t\t\tclass=\"tribe-events-calendar-month__day-date-link\"\n\t\t\t\tdata-js=\"tribe-events-view-link\"\n\t\t\t\taria-label=\"Septiembre 3\"\n\t\t\t>\n\t\t\t\t3\t\t\t<\/a>\n\t\t\t<\/time>\n<\/h3>\n\n\t<div class=\"tribe-events-calendar-month__events\">\n\t\t\n\t<div class=\"tribe-events-calendar-month__multiday-event-wrapper\">\n\t<article  class=\"tribe-events-calendar-month__multiday-event post-10000205 tribe_events type-tribe_events status-publish has-post-thumbnail hentry tribe_events_cat-matriculacion cat_matriculacion tribe-recurring-event tribe-recurring-event-parent tribe-events-calendar-month__multiday-event--width-1 tribe-events-calendar-month__multiday-event--display tribe-events-calendar-month__multiday-event--start tribe-events-calendar-month__multiday-event--end\"  data-event-id=\"10000205\">\n\t\t<div class=\"tribe-events-calendar-month__multiday-event-hidden\">\n\t<time\n\tdatetime=\"2026-09-03\"\n\tclass=\"tribe-common-a11y-visual-hide\"\n>\n\t2026-09-03<\/time>\n\t<a\n\thref=\"https:\/\/formakunde.eus\/es\/event\/matriculacion-masculinidades-hombres-e-igualdad-retos-y-resistencias\/2026-09-03\/\"\n\tclass=\"tribe-events-calendar-month__multiday-event-hidden-link\"\n\tdata-js=\"tribe-events-tooltip\"\n\tdata-tooltip-content=\"#tribe-events-tooltip-content-10000205\"\n\taria-describedby=\"tribe-events-tooltip-content-10000205\"\n>\n\t\t<div class=\"tribe-events-calendar-month__multiday-event-hidden-title tribe-common-h8\">\n\tMatriculaci\u00f3n: Masculinidades. Hombres e igualdad: retos y resistencias<\/div>\n<\/a>\n<\/div>\n\t\t<div class=\"tribe-events-calendar-month__multiday-event-bar\">\n\t<div class=\"tribe-events-calendar-month__multiday-event-bar-inner\">\n\t\t\t\t<div class=\"tribe-events-calendar-month__multiday-event-bar-title tribe-common-h8\">\n\tMatriculaci\u00f3n: Masculinidades. Hombres e igualdad: retos y resistencias<\/div>\n\n<span class=\"tribe-events-calendar-series-archive__container\">\n\t\n<svg  class=\"tribe-common-c-svgicon tribe-common-c-svgicon--series tribe-events-series-archive__icon\"  width=\"14\" height=\"12\" viewBox=\"0 0 14 12\" fill=\"none\" xmlns=\"http:\/\/www.w3.org\/2000\/svg\" aria-hidden=\"true\">\n\t<rect x=\"0.5\" y=\"4.5\" width=\"9\" height=\"7\" \/>\n\t<path d=\"M2 2.5H11.5V10\" \/>\n\t<path d=\"M4 0.5H13.5V8\" \/>\n<\/svg>\n<\/span>\n\t<\/div>\n<\/div>\n<div class=\"tribe-events-calendar-month__calendar-event-tooltip-template tribe-common-a11y-hidden\">\n\t<div\n\t\tclass=\"tribe-events-calendar-month__calendar-event-tooltip\"\n\t\tid=\"tribe-events-tooltip-content-10000205\"\n\t\trole=\"tooltip\"\n\t>\n\t\t<div class=\"tribe-events-calendar-month__calendar-event-tooltip-featured-image-wrapper\">\n\t<img\n\t\tclass=\"tribe-events-calendar-month__calendar-event-tooltip-featured-image\"\n\t\tsrc=\"https:\/\/formakunde.eus\/wp-content\/uploads\/2025\/04\/MASCULINIDADES_caratula-curso-online_Emakunde.jpg\"\n\t\t\t\t\tsrcset=\"https:\/\/formakunde.eus\/wp-content\/uploads\/2025\/04\/MASCULINIDADES_caratula-curso-online_Emakunde-300x215.jpg 300w, https:\/\/formakunde.eus\/wp-content\/uploads\/2025\/04\/MASCULINIDADES_caratula-curso-online_Emakunde.jpg 694w\"\n\t\t\t\t\t\t\talt=\"\"\n\t\t\t\/>\n<\/div>\n\t\t<div class=\"tribe-events-calendar-month__calendar-event-tooltip-datetime\">\n\t\t<time datetime=\"2026-09-03\">\n\t\t<span class=\"tribe-event-date-start\">Septiembre 3<\/span>\t<\/time>\n\t\n<span class=\"tribe-events-calendar-series-archive__container\">\n\t<a\n\t\thref=\"https:\/\/formakunde.eus\/es\/series\/matriculacion-masculinidades-hombres-e-igualdad-retos-y-resistencias\/\"\n\t\taria-label=\"Event series: Matriculaci\u00f3n: Masculinidades. Hombres e igualdad: retos y resistencias\"\n\t\tclass=\"tribe-events-calendar-series-archive__link\"\n\t>\n\t\t\n<svg  class=\"tribe-common-c-svgicon tribe-common-c-svgicon--series tribe-events-series-archive__icon\"  width=\"14\" height=\"12\" viewBox=\"0 0 14 12\" fill=\"none\" xmlns=\"http:\/\/www.w3.org\/2000\/svg\" aria-hidden=\"true\">\n\t<rect x=\"0.5\" y=\"4.5\" width=\"9\" height=\"7\" \/>\n\t<path d=\"M2 2.5H11.5V10\" \/>\n\t<path d=\"M4 0.5H13.5V8\" \/>\n<\/svg>\n\t<\/a>\n<\/span>\n<\/div>\n\t\t<div class=\"tribe-events-calendar-month__calendar-event-tooltip-title tribe-common-h7\">\n\t<a\n\t\thref=\"https:\/\/formakunde.eus\/es\/event\/matriculacion-masculinidades-hombres-e-igualdad-retos-y-resistencias\/2026-09-03\/\"\n\t\ttitle=\"Matriculaci\u00f3n: Masculinidades. Hombres e igualdad: retos y resistencias\"\n\t\trel=\"bookmark\"\n\t\tclass=\"tribe-events-calendar-month__calendar-event-tooltip-title-link tribe-common-anchor-thin\"\n\t>\n\t\tMatriculaci\u00f3n: Masculinidades. Hombres e igualdad: retos y resistencias\t<\/a>\n<\/div>\n\t\t<div class=\"tribe-events-calendar-month__calendar-event-tooltip-description tribe-common-b3\">\n\t<p>En este curso se abordar\u00e1n las diferentes expresiones de masculinidades que existen en nuestras sociedades y las consecuencias que ello implica para las mujeres y para los propios hombres. A [&hellip;]<\/p>\n<\/div>\n\t\t\t<\/div>\n<\/div>\n\t<\/article>\n<\/div>\n\n\t<div class=\"tribe-events-calendar-month__multiday-event-wrapper\">\n\t<article  class=\"tribe-events-calendar-month__multiday-event post-10000596 tribe_events type-tribe_events status-publish has-post-thumbnail hentry tribe_events_cat-matriculacion-2 cat_matriculacion-2 tribe-recurring-event tribe-recurring-event-parent tribe-events-calendar-month__multiday-event--width-1 tribe-events-calendar-month__multiday-event--display tribe-events-calendar-month__multiday-event--start tribe-events-calendar-month__multiday-event--end\"  data-event-id=\"10000596\">\n\t\t<div class=\"tribe-events-calendar-month__multiday-event-hidden\">\n\t<time\n\tdatetime=\"2026-09-03\"\n\tclass=\"tribe-common-a11y-visual-hide\"\n>\n\t2026-09-03<\/time>\n\t<a\n\thref=\"https:\/\/formakunde.eus\/es\/event\/matriculacion-igualdad-de-mujeres-y-hombres-conceptos-basicos\/2026-09-03\/\"\n\tclass=\"tribe-events-calendar-month__multiday-event-hidden-link\"\n\tdata-js=\"tribe-events-tooltip\"\n\tdata-tooltip-content=\"#tribe-events-tooltip-content-10000596\"\n\taria-describedby=\"tribe-events-tooltip-content-10000596\"\n>\n\t\t<div class=\"tribe-events-calendar-month__multiday-event-hidden-title tribe-common-h8\">\n\tMatriculaci\u00f3n: Igualdad de mujeres y hombres. Conceptos b\u00e1sicos.<\/div>\n<\/a>\n<\/div>\n\t\t<div class=\"tribe-events-calendar-month__multiday-event-bar\">\n\t<div class=\"tribe-events-calendar-month__multiday-event-bar-inner\">\n\t\t\t\t<div class=\"tribe-events-calendar-month__multiday-event-bar-title tribe-common-h8\">\n\tMatriculaci\u00f3n: Igualdad de mujeres y hombres. Conceptos b\u00e1sicos.<\/div>\n\n<span class=\"tribe-events-calendar-series-archive__container\">\n\t\n<svg  class=\"tribe-common-c-svgicon tribe-common-c-svgicon--series tribe-events-series-archive__icon\"  width=\"14\" height=\"12\" viewBox=\"0 0 14 12\" fill=\"none\" xmlns=\"http:\/\/www.w3.org\/2000\/svg\" aria-hidden=\"true\">\n\t<rect x=\"0.5\" y=\"4.5\" width=\"9\" height=\"7\" \/>\n\t<path d=\"M2 2.5H11.5V10\" \/>\n\t<path d=\"M4 0.5H13.5V8\" \/>\n<\/svg>\n<\/span>\n\t<\/div>\n<\/div>\n<div class=\"tribe-events-calendar-month__calendar-event-tooltip-template tribe-common-a11y-hidden\">\n\t<div\n\t\tclass=\"tribe-events-calendar-month__calendar-event-tooltip\"\n\t\tid=\"tribe-events-tooltip-content-10000596\"\n\t\trole=\"tooltip\"\n\t>\n\t\t<div class=\"tribe-events-calendar-month__calendar-event-tooltip-featured-image-wrapper\">\n\t<img\n\t\tclass=\"tribe-events-calendar-month__calendar-event-tooltip-featured-image\"\n\t\tsrc=\"https:\/\/formakunde.eus\/wp-content\/uploads\/2025\/04\/IGUALDAD_caratula-curso-online_Emakunde-1.jpg\"\n\t\t\t\t\tsrcset=\"https:\/\/formakunde.eus\/wp-content\/uploads\/2025\/04\/IGUALDAD_caratula-curso-online_Emakunde-1-300x215.jpg 300w, https:\/\/formakunde.eus\/wp-content\/uploads\/2025\/04\/IGUALDAD_caratula-curso-online_Emakunde-1.jpg 694w\"\n\t\t\t\t\t\t\talt=\"\"\n\t\t\t\/>\n<\/div>\n\t\t<div class=\"tribe-events-calendar-month__calendar-event-tooltip-datetime\">\n\t\t<time datetime=\"2026-09-03\">\n\t\t<span class=\"tribe-event-date-start\">Septiembre 3<\/span>\t<\/time>\n\t\n<span class=\"tribe-events-calendar-series-archive__container\">\n\t<a\n\t\thref=\"https:\/\/formakunde.eus\/es\/series\/matriculacion-igualdad-de-mujeres-y-hombres-conceptos-basicos\/\"\n\t\taria-label=\"Event series: Matriculaci\u00f3n: Igualdad de mujeres y hombres. Conceptos b\u00e1sicos.\"\n\t\tclass=\"tribe-events-calendar-series-archive__link\"\n\t>\n\t\t\n<svg  class=\"tribe-common-c-svgicon tribe-common-c-svgicon--series tribe-events-series-archive__icon\"  width=\"14\" height=\"12\" viewBox=\"0 0 14 12\" fill=\"none\" xmlns=\"http:\/\/www.w3.org\/2000\/svg\" aria-hidden=\"true\">\n\t<rect x=\"0.5\" y=\"4.5\" width=\"9\" height=\"7\" \/>\n\t<path d=\"M2 2.5H11.5V10\" \/>\n\t<path d=\"M4 0.5H13.5V8\" \/>\n<\/svg>\n\t<\/a>\n<\/span>\n<\/div>\n\t\t<div class=\"tribe-events-calendar-month__calendar-event-tooltip-title tribe-common-h7\">\n\t<a\n\t\thref=\"https:\/\/formakunde.eus\/es\/event\/matriculacion-igualdad-de-mujeres-y-hombres-conceptos-basicos\/2026-09-03\/\"\n\t\ttitle=\"Matriculaci\u00f3n: Igualdad de mujeres y hombres. Conceptos b\u00e1sicos.\"\n\t\trel=\"bookmark\"\n\t\tclass=\"tribe-events-calendar-month__calendar-event-tooltip-title-link tribe-common-anchor-thin\"\n\t>\n\t\tMatriculaci\u00f3n: Igualdad de mujeres y hombres. Conceptos b\u00e1sicos.\t<\/a>\n<\/div>\n\t\t<div class=\"tribe-events-calendar-month__calendar-event-tooltip-description tribe-common-b3\">\n\t<p>Una de las mayores transformaciones sociales ha sido el acceso de las mujeres a la igualdad formal, fruto de la lucha de muchas mujeres y algunos hombres dispuestos a poner [&hellip;]<\/p>\n<\/div>\n\t\t\t<\/div>\n<\/div>\n\t<\/article>\n<\/div>\n\n\n\t\t\t<\/div>\n\n\t\n<\/div>\n<\/td>\n\n\t\t\t\n\t\t\t\t<td\n\t class=\"tribe-events-calendar-month__day\" \taria-labelledby=\"tribe-events-calendar-day-2026-09-04\"\n\tdata-js=\"tribe-events-month-grid-cell\"\n>\n\t<button\n\taria-expanded=\"false\"\n\taria-controls=\"tribe-events-calendar-mobile-day-2026-09-4\"\n\taria-label=\"Septiembre 4, 2 eventos, pr\u00f3ximo d\u00eda\"\n\t class=\"tribe-events-calendar-month__day-cell tribe-events-calendar-month__day-cell--mobile\" \tdata-js=\"tribe-events-calendar-month-day-cell-mobile\"\n>\n\t<h3 class=\"tribe-events-calendar-month__day-date tribe-common-h6 tribe-common-h--alt\">\n\t\t<span class=\"tribe-common-a11y-visual-hide\">\n\t\t\t2 eventos\t\t<\/span>\n\t\t<time\n\t\t\tclass=\"tribe-events-calendar-month__day-date-daynum\"\n\t\t\tdatetime=\"2026-09-04\"\n\t\t>\n\t\t\t4\t\t<\/time>\n\t<\/h3>\n\t\n\t<span class=\"tribe-events-calendar-month__mobile-events-icon tribe-events-calendar-month__mobile-events-icon--event\" >\n\t<\/span>\n<\/button>\n\t\n<div\n\tid=\"tribe-events-calendar-day-2026-09-04\"\n\tclass=\"tribe-events-calendar-month__day-cell tribe-events-calendar-month__day-cell--desktop tribe-common-a11y-hidden\"\n>\n\t\n<h3 class=\"tribe-events-calendar-month__day-date tribe-common-h4\">\n\t<span class=\"tribe-common-a11y-visual-hide\">\n\t\t2 eventos,\n\t<\/span>\n\t<time\n\t\tclass=\"tribe-events-calendar-month__day-date-daynum\"\n\t\tdatetime=\"2026-09-04\"\n\t>\n\t\t\t\t\t<a\n\t\t\t\thref=\"https:\/\/formakunde.eus\/es\/(\/?:events|eventos|ekitaldiak)\/2026-09-04\/&#038;shortcode=tribe-widget-events-month--1\"\n\t\t\t\tclass=\"tribe-events-calendar-month__day-date-link\"\n\t\t\t\tdata-js=\"tribe-events-view-link\"\n\t\t\t\taria-label=\"Septiembre 4\"\n\t\t\t>\n\t\t\t\t4\t\t\t<\/a>\n\t\t\t<\/time>\n<\/h3>\n\n\t<div class=\"tribe-events-calendar-month__events\">\n\t\t\n\t<div class=\"tribe-events-calendar-month__multiday-event-wrapper\">\n\t<article  class=\"tribe-events-calendar-month__multiday-event post-10000206 tribe_events type-tribe_events status-publish has-post-thumbnail hentry tribe_events_cat-matriculacion cat_matriculacion tribe-recurring-event tribe-recurring-event-parent tribe-events-calendar-month__multiday-event--width-1 tribe-events-calendar-month__multiday-event--display tribe-events-calendar-month__multiday-event--start tribe-events-calendar-month__multiday-event--end\"  data-event-id=\"10000206\">\n\t\t<div class=\"tribe-events-calendar-month__multiday-event-hidden\">\n\t<time\n\tdatetime=\"2026-09-04\"\n\tclass=\"tribe-common-a11y-visual-hide\"\n>\n\t2026-09-04<\/time>\n\t<a\n\thref=\"https:\/\/formakunde.eus\/es\/event\/matriculacion-masculinidades-hombres-e-igualdad-retos-y-resistencias\/2026-09-04\/\"\n\tclass=\"tribe-events-calendar-month__multiday-event-hidden-link\"\n\tdata-js=\"tribe-events-tooltip\"\n\tdata-tooltip-content=\"#tribe-events-tooltip-content-10000206\"\n\taria-describedby=\"tribe-events-tooltip-content-10000206\"\n>\n\t\t<div class=\"tribe-events-calendar-month__multiday-event-hidden-title tribe-common-h8\">\n\tMatriculaci\u00f3n: Masculinidades. Hombres e igualdad: retos y resistencias<\/div>\n<\/a>\n<\/div>\n\t\t<div class=\"tribe-events-calendar-month__multiday-event-bar\">\n\t<div class=\"tribe-events-calendar-month__multiday-event-bar-inner\">\n\t\t\t\t<div class=\"tribe-events-calendar-month__multiday-event-bar-title tribe-common-h8\">\n\tMatriculaci\u00f3n: Masculinidades. Hombres e igualdad: retos y resistencias<\/div>\n\n<span class=\"tribe-events-calendar-series-archive__container\">\n\t\n<svg  class=\"tribe-common-c-svgicon tribe-common-c-svgicon--series tribe-events-series-archive__icon\"  width=\"14\" height=\"12\" viewBox=\"0 0 14 12\" fill=\"none\" xmlns=\"http:\/\/www.w3.org\/2000\/svg\" aria-hidden=\"true\">\n\t<rect x=\"0.5\" y=\"4.5\" width=\"9\" height=\"7\" \/>\n\t<path d=\"M2 2.5H11.5V10\" \/>\n\t<path d=\"M4 0.5H13.5V8\" \/>\n<\/svg>\n<\/span>\n\t<\/div>\n<\/div>\n<div class=\"tribe-events-calendar-month__calendar-event-tooltip-template tribe-common-a11y-hidden\">\n\t<div\n\t\tclass=\"tribe-events-calendar-month__calendar-event-tooltip\"\n\t\tid=\"tribe-events-tooltip-content-10000206\"\n\t\trole=\"tooltip\"\n\t>\n\t\t<div class=\"tribe-events-calendar-month__calendar-event-tooltip-featured-image-wrapper\">\n\t<img\n\t\tclass=\"tribe-events-calendar-month__calendar-event-tooltip-featured-image\"\n\t\tsrc=\"https:\/\/formakunde.eus\/wp-content\/uploads\/2025\/04\/MASCULINIDADES_caratula-curso-online_Emakunde.jpg\"\n\t\t\t\t\tsrcset=\"https:\/\/formakunde.eus\/wp-content\/uploads\/2025\/04\/MASCULINIDADES_caratula-curso-online_Emakunde-300x215.jpg 300w, https:\/\/formakunde.eus\/wp-content\/uploads\/2025\/04\/MASCULINIDADES_caratula-curso-online_Emakunde.jpg 694w\"\n\t\t\t\t\t\t\talt=\"\"\n\t\t\t\/>\n<\/div>\n\t\t<div class=\"tribe-events-calendar-month__calendar-event-tooltip-datetime\">\n\t\t<time datetime=\"2026-09-04\">\n\t\t<span class=\"tribe-event-date-start\">Septiembre 4<\/span>\t<\/time>\n\t\n<span class=\"tribe-events-calendar-series-archive__container\">\n\t<a\n\t\thref=\"https:\/\/formakunde.eus\/es\/series\/matriculacion-masculinidades-hombres-e-igualdad-retos-y-resistencias\/\"\n\t\taria-label=\"Event series: Matriculaci\u00f3n: Masculinidades. Hombres e igualdad: retos y resistencias\"\n\t\tclass=\"tribe-events-calendar-series-archive__link\"\n\t>\n\t\t\n<svg  class=\"tribe-common-c-svgicon tribe-common-c-svgicon--series tribe-events-series-archive__icon\"  width=\"14\" height=\"12\" viewBox=\"0 0 14 12\" fill=\"none\" xmlns=\"http:\/\/www.w3.org\/2000\/svg\" aria-hidden=\"true\">\n\t<rect x=\"0.5\" y=\"4.5\" width=\"9\" height=\"7\" \/>\n\t<path d=\"M2 2.5H11.5V10\" \/>\n\t<path d=\"M4 0.5H13.5V8\" \/>\n<\/svg>\n\t<\/a>\n<\/span>\n<\/div>\n\t\t<div class=\"tribe-events-calendar-month__calendar-event-tooltip-title tribe-common-h7\">\n\t<a\n\t\thref=\"https:\/\/formakunde.eus\/es\/event\/matriculacion-masculinidades-hombres-e-igualdad-retos-y-resistencias\/2026-09-04\/\"\n\t\ttitle=\"Matriculaci\u00f3n: Masculinidades. Hombres e igualdad: retos y resistencias\"\n\t\trel=\"bookmark\"\n\t\tclass=\"tribe-events-calendar-month__calendar-event-tooltip-title-link tribe-common-anchor-thin\"\n\t>\n\t\tMatriculaci\u00f3n: Masculinidades. Hombres e igualdad: retos y resistencias\t<\/a>\n<\/div>\n\t\t<div class=\"tribe-events-calendar-month__calendar-event-tooltip-description tribe-common-b3\">\n\t<p>En este curso se abordar\u00e1n las diferentes expresiones de masculinidades que existen en nuestras sociedades y las consecuencias que ello implica para las mujeres y para los propios hombres. A [&hellip;]<\/p>\n<\/div>\n\t\t\t<\/div>\n<\/div>\n\t<\/article>\n<\/div>\n\n\t<div class=\"tribe-events-calendar-month__multiday-event-wrapper\">\n\t<article  class=\"tribe-events-calendar-month__multiday-event post-10000597 tribe_events type-tribe_events status-publish has-post-thumbnail hentry tribe_events_cat-matriculacion-2 cat_matriculacion-2 tribe-recurring-event tribe-recurring-event-parent tribe-events-calendar-month__multiday-event--width-1 tribe-events-calendar-month__multiday-event--display tribe-events-calendar-month__multiday-event--start tribe-events-calendar-month__multiday-event--end\"  data-event-id=\"10000597\">\n\t\t<div class=\"tribe-events-calendar-month__multiday-event-hidden\">\n\t<time\n\tdatetime=\"2026-09-04\"\n\tclass=\"tribe-common-a11y-visual-hide\"\n>\n\t2026-09-04<\/time>\n\t<a\n\thref=\"https:\/\/formakunde.eus\/es\/event\/matriculacion-igualdad-de-mujeres-y-hombres-conceptos-basicos\/2026-09-04\/\"\n\tclass=\"tribe-events-calendar-month__multiday-event-hidden-link\"\n\tdata-js=\"tribe-events-tooltip\"\n\tdata-tooltip-content=\"#tribe-events-tooltip-content-10000597\"\n\taria-describedby=\"tribe-events-tooltip-content-10000597\"\n>\n\t\t<div class=\"tribe-events-calendar-month__multiday-event-hidden-title tribe-common-h8\">\n\tMatriculaci\u00f3n: Igualdad de mujeres y hombres. Conceptos b\u00e1sicos.<\/div>\n<\/a>\n<\/div>\n\t\t<div class=\"tribe-events-calendar-month__multiday-event-bar\">\n\t<div class=\"tribe-events-calendar-month__multiday-event-bar-inner\">\n\t\t\t\t<div class=\"tribe-events-calendar-month__multiday-event-bar-title tribe-common-h8\">\n\tMatriculaci\u00f3n: Igualdad de mujeres y hombres. Conceptos b\u00e1sicos.<\/div>\n\n<span class=\"tribe-events-calendar-series-archive__container\">\n\t\n<svg  class=\"tribe-common-c-svgicon tribe-common-c-svgicon--series tribe-events-series-archive__icon\"  width=\"14\" height=\"12\" viewBox=\"0 0 14 12\" fill=\"none\" xmlns=\"http:\/\/www.w3.org\/2000\/svg\" aria-hidden=\"true\">\n\t<rect x=\"0.5\" y=\"4.5\" width=\"9\" height=\"7\" \/>\n\t<path d=\"M2 2.5H11.5V10\" \/>\n\t<path d=\"M4 0.5H13.5V8\" \/>\n<\/svg>\n<\/span>\n\t<\/div>\n<\/div>\n<div class=\"tribe-events-calendar-month__calendar-event-tooltip-template tribe-common-a11y-hidden\">\n\t<div\n\t\tclass=\"tribe-events-calendar-month__calendar-event-tooltip\"\n\t\tid=\"tribe-events-tooltip-content-10000597\"\n\t\trole=\"tooltip\"\n\t>\n\t\t<div class=\"tribe-events-calendar-month__calendar-event-tooltip-featured-image-wrapper\">\n\t<img\n\t\tclass=\"tribe-events-calendar-month__calendar-event-tooltip-featured-image\"\n\t\tsrc=\"https:\/\/formakunde.eus\/wp-content\/uploads\/2025\/04\/IGUALDAD_caratula-curso-online_Emakunde-1.jpg\"\n\t\t\t\t\tsrcset=\"https:\/\/formakunde.eus\/wp-content\/uploads\/2025\/04\/IGUALDAD_caratula-curso-online_Emakunde-1-300x215.jpg 300w, https:\/\/formakunde.eus\/wp-content\/uploads\/2025\/04\/IGUALDAD_caratula-curso-online_Emakunde-1.jpg 694w\"\n\t\t\t\t\t\t\talt=\"\"\n\t\t\t\/>\n<\/div>\n\t\t<div class=\"tribe-events-calendar-month__calendar-event-tooltip-datetime\">\n\t\t<time datetime=\"2026-09-04\">\n\t\t<span class=\"tribe-event-date-start\">Septiembre 4<\/span>\t<\/time>\n\t\n<span class=\"tribe-events-calendar-series-archive__container\">\n\t<a\n\t\thref=\"https:\/\/formakunde.eus\/es\/series\/matriculacion-igualdad-de-mujeres-y-hombres-conceptos-basicos\/\"\n\t\taria-label=\"Event series: Matriculaci\u00f3n: Igualdad de mujeres y hombres. Conceptos b\u00e1sicos.\"\n\t\tclass=\"tribe-events-calendar-series-archive__link\"\n\t>\n\t\t\n<svg  class=\"tribe-common-c-svgicon tribe-common-c-svgicon--series tribe-events-series-archive__icon\"  width=\"14\" height=\"12\" viewBox=\"0 0 14 12\" fill=\"none\" xmlns=\"http:\/\/www.w3.org\/2000\/svg\" aria-hidden=\"true\">\n\t<rect x=\"0.5\" y=\"4.5\" width=\"9\" height=\"7\" \/>\n\t<path d=\"M2 2.5H11.5V10\" \/>\n\t<path d=\"M4 0.5H13.5V8\" \/>\n<\/svg>\n\t<\/a>\n<\/span>\n<\/div>\n\t\t<div class=\"tribe-events-calendar-month__calendar-event-tooltip-title tribe-common-h7\">\n\t<a\n\t\thref=\"https:\/\/formakunde.eus\/es\/event\/matriculacion-igualdad-de-mujeres-y-hombres-conceptos-basicos\/2026-09-04\/\"\n\t\ttitle=\"Matriculaci\u00f3n: Igualdad de mujeres y hombres. Conceptos b\u00e1sicos.\"\n\t\trel=\"bookmark\"\n\t\tclass=\"tribe-events-calendar-month__calendar-event-tooltip-title-link tribe-common-anchor-thin\"\n\t>\n\t\tMatriculaci\u00f3n: Igualdad de mujeres y hombres. Conceptos b\u00e1sicos.\t<\/a>\n<\/div>\n\t\t<div class=\"tribe-events-calendar-month__calendar-event-tooltip-description tribe-common-b3\">\n\t<p>Una de las mayores transformaciones sociales ha sido el acceso de las mujeres a la igualdad formal, fruto de la lucha de muchas mujeres y algunos hombres dispuestos a poner [&hellip;]<\/p>\n<\/div>\n\t\t\t<\/div>\n<\/div>\n\t<\/article>\n<\/div>\n\n\n\t\t\t<\/div>\n\n\t\n<\/div>\n<\/td>\n\n\t\t\t\n\t\t\t\t<td\n\t class=\"tribe-events-calendar-month__day\" \taria-labelledby=\"tribe-events-calendar-day-2026-09-05\"\n\tdata-js=\"tribe-events-month-grid-cell\"\n>\n\t<button\n\taria-expanded=\"false\"\n\taria-controls=\"tribe-events-calendar-mobile-day-2026-09-5\"\n\taria-label=\"Septiembre 5, 2 eventos, pr\u00f3ximo d\u00eda\"\n\t class=\"tribe-events-calendar-month__day-cell tribe-events-calendar-month__day-cell--mobile\" \tdata-js=\"tribe-events-calendar-month-day-cell-mobile\"\n>\n\t<h3 class=\"tribe-events-calendar-month__day-date tribe-common-h6 tribe-common-h--alt\">\n\t\t<span class=\"tribe-common-a11y-visual-hide\">\n\t\t\t2 eventos\t\t<\/span>\n\t\t<time\n\t\t\tclass=\"tribe-events-calendar-month__day-date-daynum\"\n\t\t\tdatetime=\"2026-09-05\"\n\t\t>\n\t\t\t5\t\t<\/time>\n\t<\/h3>\n\t\n\t<span class=\"tribe-events-calendar-month__mobile-events-icon tribe-events-calendar-month__mobile-events-icon--event\" >\n\t<\/span>\n<\/button>\n\t\n<div\n\tid=\"tribe-events-calendar-day-2026-09-05\"\n\tclass=\"tribe-events-calendar-month__day-cell tribe-events-calendar-month__day-cell--desktop tribe-common-a11y-hidden\"\n>\n\t\n<h3 class=\"tribe-events-calendar-month__day-date tribe-common-h4\">\n\t<span class=\"tribe-common-a11y-visual-hide\">\n\t\t2 eventos,\n\t<\/span>\n\t<time\n\t\tclass=\"tribe-events-calendar-month__day-date-daynum\"\n\t\tdatetime=\"2026-09-05\"\n\t>\n\t\t\t\t\t<a\n\t\t\t\thref=\"https:\/\/formakunde.eus\/es\/(\/?:events|eventos|ekitaldiak)\/2026-09-05\/&#038;shortcode=tribe-widget-events-month--1\"\n\t\t\t\tclass=\"tribe-events-calendar-month__day-date-link\"\n\t\t\t\tdata-js=\"tribe-events-view-link\"\n\t\t\t\taria-label=\"Septiembre 5\"\n\t\t\t>\n\t\t\t\t5\t\t\t<\/a>\n\t\t\t<\/time>\n<\/h3>\n\n\t<div class=\"tribe-events-calendar-month__events\">\n\t\t\n\t<div class=\"tribe-events-calendar-month__multiday-event-wrapper\">\n\t<article  class=\"tribe-events-calendar-month__multiday-event post-10000207 tribe_events type-tribe_events status-publish has-post-thumbnail hentry tribe_events_cat-matriculacion cat_matriculacion tribe-recurring-event tribe-recurring-event-parent tribe-events-calendar-month__multiday-event--width-1 tribe-events-calendar-month__multiday-event--display tribe-events-calendar-month__multiday-event--start tribe-events-calendar-month__multiday-event--end\"  data-event-id=\"10000207\">\n\t\t<div class=\"tribe-events-calendar-month__multiday-event-hidden\">\n\t<time\n\tdatetime=\"2026-09-05\"\n\tclass=\"tribe-common-a11y-visual-hide\"\n>\n\t2026-09-05<\/time>\n\t<a\n\thref=\"https:\/\/formakunde.eus\/es\/event\/matriculacion-masculinidades-hombres-e-igualdad-retos-y-resistencias\/2026-09-05\/\"\n\tclass=\"tribe-events-calendar-month__multiday-event-hidden-link\"\n\tdata-js=\"tribe-events-tooltip\"\n\tdata-tooltip-content=\"#tribe-events-tooltip-content-10000207\"\n\taria-describedby=\"tribe-events-tooltip-content-10000207\"\n>\n\t\t<div class=\"tribe-events-calendar-month__multiday-event-hidden-title tribe-common-h8\">\n\tMatriculaci\u00f3n: Masculinidades. Hombres e igualdad: retos y resistencias<\/div>\n<\/a>\n<\/div>\n\t\t<div class=\"tribe-events-calendar-month__multiday-event-bar\">\n\t<div class=\"tribe-events-calendar-month__multiday-event-bar-inner\">\n\t\t\t\t<div class=\"tribe-events-calendar-month__multiday-event-bar-title tribe-common-h8\">\n\tMatriculaci\u00f3n: Masculinidades. Hombres e igualdad: retos y resistencias<\/div>\n\n<span class=\"tribe-events-calendar-series-archive__container\">\n\t\n<svg  class=\"tribe-common-c-svgicon tribe-common-c-svgicon--series tribe-events-series-archive__icon\"  width=\"14\" height=\"12\" viewBox=\"0 0 14 12\" fill=\"none\" xmlns=\"http:\/\/www.w3.org\/2000\/svg\" aria-hidden=\"true\">\n\t<rect x=\"0.5\" y=\"4.5\" width=\"9\" height=\"7\" \/>\n\t<path d=\"M2 2.5H11.5V10\" \/>\n\t<path d=\"M4 0.5H13.5V8\" \/>\n<\/svg>\n<\/span>\n\t<\/div>\n<\/div>\n<div class=\"tribe-events-calendar-month__calendar-event-tooltip-template tribe-common-a11y-hidden\">\n\t<div\n\t\tclass=\"tribe-events-calendar-month__calendar-event-tooltip\"\n\t\tid=\"tribe-events-tooltip-content-10000207\"\n\t\trole=\"tooltip\"\n\t>\n\t\t<div class=\"tribe-events-calendar-month__calendar-event-tooltip-featured-image-wrapper\">\n\t<img\n\t\tclass=\"tribe-events-calendar-month__calendar-event-tooltip-featured-image\"\n\t\tsrc=\"https:\/\/formakunde.eus\/wp-content\/uploads\/2025\/04\/MASCULINIDADES_caratula-curso-online_Emakunde.jpg\"\n\t\t\t\t\tsrcset=\"https:\/\/formakunde.eus\/wp-content\/uploads\/2025\/04\/MASCULINIDADES_caratula-curso-online_Emakunde-300x215.jpg 300w, https:\/\/formakunde.eus\/wp-content\/uploads\/2025\/04\/MASCULINIDADES_caratula-curso-online_Emakunde.jpg 694w\"\n\t\t\t\t\t\t\talt=\"\"\n\t\t\t\/>\n<\/div>\n\t\t<div class=\"tribe-events-calendar-month__calendar-event-tooltip-datetime\">\n\t\t<time datetime=\"2026-09-05\">\n\t\t<span class=\"tribe-event-date-start\">Septiembre 5<\/span>\t<\/time>\n\t\n<span class=\"tribe-events-calendar-series-archive__container\">\n\t<a\n\t\thref=\"https:\/\/formakunde.eus\/es\/series\/matriculacion-masculinidades-hombres-e-igualdad-retos-y-resistencias\/\"\n\t\taria-label=\"Event series: Matriculaci\u00f3n: Masculinidades. Hombres e igualdad: retos y resistencias\"\n\t\tclass=\"tribe-events-calendar-series-archive__link\"\n\t>\n\t\t\n<svg  class=\"tribe-common-c-svgicon tribe-common-c-svgicon--series tribe-events-series-archive__icon\"  width=\"14\" height=\"12\" viewBox=\"0 0 14 12\" fill=\"none\" xmlns=\"http:\/\/www.w3.org\/2000\/svg\" aria-hidden=\"true\">\n\t<rect x=\"0.5\" y=\"4.5\" width=\"9\" height=\"7\" \/>\n\t<path d=\"M2 2.5H11.5V10\" \/>\n\t<path d=\"M4 0.5H13.5V8\" \/>\n<\/svg>\n\t<\/a>\n<\/span>\n<\/div>\n\t\t<div class=\"tribe-events-calendar-month__calendar-event-tooltip-title tribe-common-h7\">\n\t<a\n\t\thref=\"https:\/\/formakunde.eus\/es\/event\/matriculacion-masculinidades-hombres-e-igualdad-retos-y-resistencias\/2026-09-05\/\"\n\t\ttitle=\"Matriculaci\u00f3n: Masculinidades. Hombres e igualdad: retos y resistencias\"\n\t\trel=\"bookmark\"\n\t\tclass=\"tribe-events-calendar-month__calendar-event-tooltip-title-link tribe-common-anchor-thin\"\n\t>\n\t\tMatriculaci\u00f3n: Masculinidades. Hombres e igualdad: retos y resistencias\t<\/a>\n<\/div>\n\t\t<div class=\"tribe-events-calendar-month__calendar-event-tooltip-description tribe-common-b3\">\n\t<p>En este curso se abordar\u00e1n las diferentes expresiones de masculinidades que existen en nuestras sociedades y las consecuencias que ello implica para las mujeres y para los propios hombres. A [&hellip;]<\/p>\n<\/div>\n\t\t\t<\/div>\n<\/div>\n\t<\/article>\n<\/div>\n\n\t<div class=\"tribe-events-calendar-month__multiday-event-wrapper\">\n\t<article  class=\"tribe-events-calendar-month__multiday-event post-10000598 tribe_events type-tribe_events status-publish has-post-thumbnail hentry tribe_events_cat-matriculacion-2 cat_matriculacion-2 tribe-recurring-event tribe-recurring-event-parent tribe-events-calendar-month__multiday-event--width-1 tribe-events-calendar-month__multiday-event--display tribe-events-calendar-month__multiday-event--start tribe-events-calendar-month__multiday-event--end\"  data-event-id=\"10000598\">\n\t\t<div class=\"tribe-events-calendar-month__multiday-event-hidden\">\n\t<time\n\tdatetime=\"2026-09-05\"\n\tclass=\"tribe-common-a11y-visual-hide\"\n>\n\t2026-09-05<\/time>\n\t<a\n\thref=\"https:\/\/formakunde.eus\/es\/event\/matriculacion-igualdad-de-mujeres-y-hombres-conceptos-basicos\/2026-09-05\/\"\n\tclass=\"tribe-events-calendar-month__multiday-event-hidden-link\"\n\tdata-js=\"tribe-events-tooltip\"\n\tdata-tooltip-content=\"#tribe-events-tooltip-content-10000598\"\n\taria-describedby=\"tribe-events-tooltip-content-10000598\"\n>\n\t\t<div class=\"tribe-events-calendar-month__multiday-event-hidden-title tribe-common-h8\">\n\tMatriculaci\u00f3n: Igualdad de mujeres y hombres. Conceptos b\u00e1sicos.<\/div>\n<\/a>\n<\/div>\n\t\t<div class=\"tribe-events-calendar-month__multiday-event-bar\">\n\t<div class=\"tribe-events-calendar-month__multiday-event-bar-inner\">\n\t\t\t\t<div class=\"tribe-events-calendar-month__multiday-event-bar-title tribe-common-h8\">\n\tMatriculaci\u00f3n: Igualdad de mujeres y hombres. Conceptos b\u00e1sicos.<\/div>\n\n<span class=\"tribe-events-calendar-series-archive__container\">\n\t\n<svg  class=\"tribe-common-c-svgicon tribe-common-c-svgicon--series tribe-events-series-archive__icon\"  width=\"14\" height=\"12\" viewBox=\"0 0 14 12\" fill=\"none\" xmlns=\"http:\/\/www.w3.org\/2000\/svg\" aria-hidden=\"true\">\n\t<rect x=\"0.5\" y=\"4.5\" width=\"9\" height=\"7\" \/>\n\t<path d=\"M2 2.5H11.5V10\" \/>\n\t<path d=\"M4 0.5H13.5V8\" \/>\n<\/svg>\n<\/span>\n\t<\/div>\n<\/div>\n<div class=\"tribe-events-calendar-month__calendar-event-tooltip-template tribe-common-a11y-hidden\">\n\t<div\n\t\tclass=\"tribe-events-calendar-month__calendar-event-tooltip\"\n\t\tid=\"tribe-events-tooltip-content-10000598\"\n\t\trole=\"tooltip\"\n\t>\n\t\t<div class=\"tribe-events-calendar-month__calendar-event-tooltip-featured-image-wrapper\">\n\t<img\n\t\tclass=\"tribe-events-calendar-month__calendar-event-tooltip-featured-image\"\n\t\tsrc=\"https:\/\/formakunde.eus\/wp-content\/uploads\/2025\/04\/IGUALDAD_caratula-curso-online_Emakunde-1.jpg\"\n\t\t\t\t\tsrcset=\"https:\/\/formakunde.eus\/wp-content\/uploads\/2025\/04\/IGUALDAD_caratula-curso-online_Emakunde-1-300x215.jpg 300w, https:\/\/formakunde.eus\/wp-content\/uploads\/2025\/04\/IGUALDAD_caratula-curso-online_Emakunde-1.jpg 694w\"\n\t\t\t\t\t\t\talt=\"\"\n\t\t\t\/>\n<\/div>\n\t\t<div class=\"tribe-events-calendar-month__calendar-event-tooltip-datetime\">\n\t\t<time datetime=\"2026-09-05\">\n\t\t<span class=\"tribe-event-date-start\">Septiembre 5<\/span>\t<\/time>\n\t\n<span class=\"tribe-events-calendar-series-archive__container\">\n\t<a\n\t\thref=\"https:\/\/formakunde.eus\/es\/series\/matriculacion-igualdad-de-mujeres-y-hombres-conceptos-basicos\/\"\n\t\taria-label=\"Event series: Matriculaci\u00f3n: Igualdad de mujeres y hombres. Conceptos b\u00e1sicos.\"\n\t\tclass=\"tribe-events-calendar-series-archive__link\"\n\t>\n\t\t\n<svg  class=\"tribe-common-c-svgicon tribe-common-c-svgicon--series tribe-events-series-archive__icon\"  width=\"14\" height=\"12\" viewBox=\"0 0 14 12\" fill=\"none\" xmlns=\"http:\/\/www.w3.org\/2000\/svg\" aria-hidden=\"true\">\n\t<rect x=\"0.5\" y=\"4.5\" width=\"9\" height=\"7\" \/>\n\t<path d=\"M2 2.5H11.5V10\" \/>\n\t<path d=\"M4 0.5H13.5V8\" \/>\n<\/svg>\n\t<\/a>\n<\/span>\n<\/div>\n\t\t<div class=\"tribe-events-calendar-month__calendar-event-tooltip-title tribe-common-h7\">\n\t<a\n\t\thref=\"https:\/\/formakunde.eus\/es\/event\/matriculacion-igualdad-de-mujeres-y-hombres-conceptos-basicos\/2026-09-05\/\"\n\t\ttitle=\"Matriculaci\u00f3n: Igualdad de mujeres y hombres. Conceptos b\u00e1sicos.\"\n\t\trel=\"bookmark\"\n\t\tclass=\"tribe-events-calendar-month__calendar-event-tooltip-title-link tribe-common-anchor-thin\"\n\t>\n\t\tMatriculaci\u00f3n: Igualdad de mujeres y hombres. Conceptos b\u00e1sicos.\t<\/a>\n<\/div>\n\t\t<div class=\"tribe-events-calendar-month__calendar-event-tooltip-description tribe-common-b3\">\n\t<p>Una de las mayores transformaciones sociales ha sido el acceso de las mujeres a la igualdad formal, fruto de la lucha de muchas mujeres y algunos hombres dispuestos a poner [&hellip;]<\/p>\n<\/div>\n\t\t\t<\/div>\n<\/div>\n\t<\/article>\n<\/div>\n\n\n\t\t\t<\/div>\n\n\t\n<\/div>\n<\/td>\n\n\t\t\t\n\t\t\t\t<td\n\t class=\"tribe-events-calendar-month__day\" \taria-labelledby=\"tribe-events-calendar-day-2026-09-06\"\n\tdata-js=\"tribe-events-month-grid-cell\"\n>\n\t<button\n\taria-expanded=\"false\"\n\taria-controls=\"tribe-events-calendar-mobile-day-2026-09-6\"\n\taria-label=\"Septiembre 6, 2 eventos, pr\u00f3ximo d\u00eda\"\n\t class=\"tribe-events-calendar-month__day-cell tribe-events-calendar-month__day-cell--mobile\" \tdata-js=\"tribe-events-calendar-month-day-cell-mobile\"\n>\n\t<h3 class=\"tribe-events-calendar-month__day-date tribe-common-h6 tribe-common-h--alt\">\n\t\t<span class=\"tribe-common-a11y-visual-hide\">\n\t\t\t2 eventos\t\t<\/span>\n\t\t<time\n\t\t\tclass=\"tribe-events-calendar-month__day-date-daynum\"\n\t\t\tdatetime=\"2026-09-06\"\n\t\t>\n\t\t\t6\t\t<\/time>\n\t<\/h3>\n\t\n\t<span class=\"tribe-events-calendar-month__mobile-events-icon tribe-events-calendar-month__mobile-events-icon--event\" >\n\t<\/span>\n<\/button>\n\t\n<div\n\tid=\"tribe-events-calendar-day-2026-09-06\"\n\tclass=\"tribe-events-calendar-month__day-cell tribe-events-calendar-month__day-cell--desktop tribe-common-a11y-hidden\"\n>\n\t\n<h3 class=\"tribe-events-calendar-month__day-date tribe-common-h4\">\n\t<span class=\"tribe-common-a11y-visual-hide\">\n\t\t2 eventos,\n\t<\/span>\n\t<time\n\t\tclass=\"tribe-events-calendar-month__day-date-daynum\"\n\t\tdatetime=\"2026-09-06\"\n\t>\n\t\t\t\t\t<a\n\t\t\t\thref=\"https:\/\/formakunde.eus\/es\/(\/?:events|eventos|ekitaldiak)\/2026-09-06\/&#038;shortcode=tribe-widget-events-month--1\"\n\t\t\t\tclass=\"tribe-events-calendar-month__day-date-link\"\n\t\t\t\tdata-js=\"tribe-events-view-link\"\n\t\t\t\taria-label=\"Septiembre 6\"\n\t\t\t>\n\t\t\t\t6\t\t\t<\/a>\n\t\t\t<\/time>\n<\/h3>\n\n\t<div class=\"tribe-events-calendar-month__events\">\n\t\t\n\t<div class=\"tribe-events-calendar-month__multiday-event-wrapper\">\n\t<article  class=\"tribe-events-calendar-month__multiday-event post-10000208 tribe_events type-tribe_events status-publish has-post-thumbnail hentry tribe_events_cat-matriculacion cat_matriculacion tribe-recurring-event tribe-recurring-event-parent tribe-events-calendar-month__multiday-event--width-1 tribe-events-calendar-month__multiday-event--display tribe-events-calendar-month__multiday-event--start tribe-events-calendar-month__multiday-event--end\"  data-event-id=\"10000208\">\n\t\t<div class=\"tribe-events-calendar-month__multiday-event-hidden\">\n\t<time\n\tdatetime=\"2026-09-06\"\n\tclass=\"tribe-common-a11y-visual-hide\"\n>\n\t2026-09-06<\/time>\n\t<a\n\thref=\"https:\/\/formakunde.eus\/es\/event\/matriculacion-masculinidades-hombres-e-igualdad-retos-y-resistencias\/2026-09-06\/\"\n\tclass=\"tribe-events-calendar-month__multiday-event-hidden-link\"\n\tdata-js=\"tribe-events-tooltip\"\n\tdata-tooltip-content=\"#tribe-events-tooltip-content-10000208\"\n\taria-describedby=\"tribe-events-tooltip-content-10000208\"\n>\n\t\t<div class=\"tribe-events-calendar-month__multiday-event-hidden-title tribe-common-h8\">\n\tMatriculaci\u00f3n: Masculinidades. Hombres e igualdad: retos y resistencias<\/div>\n<\/a>\n<\/div>\n\t\t<div class=\"tribe-events-calendar-month__multiday-event-bar\">\n\t<div class=\"tribe-events-calendar-month__multiday-event-bar-inner\">\n\t\t\t\t<div class=\"tribe-events-calendar-month__multiday-event-bar-title tribe-common-h8\">\n\tMatriculaci\u00f3n: Masculinidades. Hombres e igualdad: retos y resistencias<\/div>\n\n<span class=\"tribe-events-calendar-series-archive__container\">\n\t\n<svg  class=\"tribe-common-c-svgicon tribe-common-c-svgicon--series tribe-events-series-archive__icon\"  width=\"14\" height=\"12\" viewBox=\"0 0 14 12\" fill=\"none\" xmlns=\"http:\/\/www.w3.org\/2000\/svg\" aria-hidden=\"true\">\n\t<rect x=\"0.5\" y=\"4.5\" width=\"9\" height=\"7\" \/>\n\t<path d=\"M2 2.5H11.5V10\" \/>\n\t<path d=\"M4 0.5H13.5V8\" \/>\n<\/svg>\n<\/span>\n\t<\/div>\n<\/div>\n<div class=\"tribe-events-calendar-month__calendar-event-tooltip-template tribe-common-a11y-hidden\">\n\t<div\n\t\tclass=\"tribe-events-calendar-month__calendar-event-tooltip\"\n\t\tid=\"tribe-events-tooltip-content-10000208\"\n\t\trole=\"tooltip\"\n\t>\n\t\t<div class=\"tribe-events-calendar-month__calendar-event-tooltip-featured-image-wrapper\">\n\t<img\n\t\tclass=\"tribe-events-calendar-month__calendar-event-tooltip-featured-image\"\n\t\tsrc=\"https:\/\/formakunde.eus\/wp-content\/uploads\/2025\/04\/MASCULINIDADES_caratula-curso-online_Emakunde.jpg\"\n\t\t\t\t\tsrcset=\"https:\/\/formakunde.eus\/wp-content\/uploads\/2025\/04\/MASCULINIDADES_caratula-curso-online_Emakunde-300x215.jpg 300w, https:\/\/formakunde.eus\/wp-content\/uploads\/2025\/04\/MASCULINIDADES_caratula-curso-online_Emakunde.jpg 694w\"\n\t\t\t\t\t\t\talt=\"\"\n\t\t\t\/>\n<\/div>\n\t\t<div class=\"tribe-events-calendar-month__calendar-event-tooltip-datetime\">\n\t\t<time datetime=\"2026-09-06\">\n\t\t<span class=\"tribe-event-date-start\">Septiembre 6<\/span>\t<\/time>\n\t\n<span class=\"tribe-events-calendar-series-archive__container\">\n\t<a\n\t\thref=\"https:\/\/formakunde.eus\/es\/series\/matriculacion-masculinidades-hombres-e-igualdad-retos-y-resistencias\/\"\n\t\taria-label=\"Event series: Matriculaci\u00f3n: Masculinidades. Hombres e igualdad: retos y resistencias\"\n\t\tclass=\"tribe-events-calendar-series-archive__link\"\n\t>\n\t\t\n<svg  class=\"tribe-common-c-svgicon tribe-common-c-svgicon--series tribe-events-series-archive__icon\"  width=\"14\" height=\"12\" viewBox=\"0 0 14 12\" fill=\"none\" xmlns=\"http:\/\/www.w3.org\/2000\/svg\" aria-hidden=\"true\">\n\t<rect x=\"0.5\" y=\"4.5\" width=\"9\" height=\"7\" \/>\n\t<path d=\"M2 2.5H11.5V10\" \/>\n\t<path d=\"M4 0.5H13.5V8\" \/>\n<\/svg>\n\t<\/a>\n<\/span>\n<\/div>\n\t\t<div class=\"tribe-events-calendar-month__calendar-event-tooltip-title tribe-common-h7\">\n\t<a\n\t\thref=\"https:\/\/formakunde.eus\/es\/event\/matriculacion-masculinidades-hombres-e-igualdad-retos-y-resistencias\/2026-09-06\/\"\n\t\ttitle=\"Matriculaci\u00f3n: Masculinidades. Hombres e igualdad: retos y resistencias\"\n\t\trel=\"bookmark\"\n\t\tclass=\"tribe-events-calendar-month__calendar-event-tooltip-title-link tribe-common-anchor-thin\"\n\t>\n\t\tMatriculaci\u00f3n: Masculinidades. Hombres e igualdad: retos y resistencias\t<\/a>\n<\/div>\n\t\t<div class=\"tribe-events-calendar-month__calendar-event-tooltip-description tribe-common-b3\">\n\t<p>En este curso se abordar\u00e1n las diferentes expresiones de masculinidades que existen en nuestras sociedades y las consecuencias que ello implica para las mujeres y para los propios hombres. A [&hellip;]<\/p>\n<\/div>\n\t\t\t<\/div>\n<\/div>\n\t<\/article>\n<\/div>\n\n\t<div class=\"tribe-events-calendar-month__multiday-event-wrapper\">\n\t<article  class=\"tribe-events-calendar-month__multiday-event post-10000599 tribe_events type-tribe_events status-publish has-post-thumbnail hentry tribe_events_cat-matriculacion-2 cat_matriculacion-2 tribe-recurring-event tribe-recurring-event-parent tribe-events-calendar-month__multiday-event--width-1 tribe-events-calendar-month__multiday-event--display tribe-events-calendar-month__multiday-event--start tribe-events-calendar-month__multiday-event--end\"  data-event-id=\"10000599\">\n\t\t<div class=\"tribe-events-calendar-month__multiday-event-hidden\">\n\t<time\n\tdatetime=\"2026-09-06\"\n\tclass=\"tribe-common-a11y-visual-hide\"\n>\n\t2026-09-06<\/time>\n\t<a\n\thref=\"https:\/\/formakunde.eus\/es\/event\/matriculacion-igualdad-de-mujeres-y-hombres-conceptos-basicos\/2026-09-06\/\"\n\tclass=\"tribe-events-calendar-month__multiday-event-hidden-link\"\n\tdata-js=\"tribe-events-tooltip\"\n\tdata-tooltip-content=\"#tribe-events-tooltip-content-10000599\"\n\taria-describedby=\"tribe-events-tooltip-content-10000599\"\n>\n\t\t<div class=\"tribe-events-calendar-month__multiday-event-hidden-title tribe-common-h8\">\n\tMatriculaci\u00f3n: Igualdad de mujeres y hombres. Conceptos b\u00e1sicos.<\/div>\n<\/a>\n<\/div>\n\t\t<div class=\"tribe-events-calendar-month__multiday-event-bar\">\n\t<div class=\"tribe-events-calendar-month__multiday-event-bar-inner\">\n\t\t\t\t<div class=\"tribe-events-calendar-month__multiday-event-bar-title tribe-common-h8\">\n\tMatriculaci\u00f3n: Igualdad de mujeres y hombres. Conceptos b\u00e1sicos.<\/div>\n\n<span class=\"tribe-events-calendar-series-archive__container\">\n\t\n<svg  class=\"tribe-common-c-svgicon tribe-common-c-svgicon--series tribe-events-series-archive__icon\"  width=\"14\" height=\"12\" viewBox=\"0 0 14 12\" fill=\"none\" xmlns=\"http:\/\/www.w3.org\/2000\/svg\" aria-hidden=\"true\">\n\t<rect x=\"0.5\" y=\"4.5\" width=\"9\" height=\"7\" \/>\n\t<path d=\"M2 2.5H11.5V10\" \/>\n\t<path d=\"M4 0.5H13.5V8\" \/>\n<\/svg>\n<\/span>\n\t<\/div>\n<\/div>\n<div class=\"tribe-events-calendar-month__calendar-event-tooltip-template tribe-common-a11y-hidden\">\n\t<div\n\t\tclass=\"tribe-events-calendar-month__calendar-event-tooltip\"\n\t\tid=\"tribe-events-tooltip-content-10000599\"\n\t\trole=\"tooltip\"\n\t>\n\t\t<div class=\"tribe-events-calendar-month__calendar-event-tooltip-featured-image-wrapper\">\n\t<img\n\t\tclass=\"tribe-events-calendar-month__calendar-event-tooltip-featured-image\"\n\t\tsrc=\"https:\/\/formakunde.eus\/wp-content\/uploads\/2025\/04\/IGUALDAD_caratula-curso-online_Emakunde-1.jpg\"\n\t\t\t\t\tsrcset=\"https:\/\/formakunde.eus\/wp-content\/uploads\/2025\/04\/IGUALDAD_caratula-curso-online_Emakunde-1-300x215.jpg 300w, https:\/\/formakunde.eus\/wp-content\/uploads\/2025\/04\/IGUALDAD_caratula-curso-online_Emakunde-1.jpg 694w\"\n\t\t\t\t\t\t\talt=\"\"\n\t\t\t\/>\n<\/div>\n\t\t<div class=\"tribe-events-calendar-month__calendar-event-tooltip-datetime\">\n\t\t<time datetime=\"2026-09-06\">\n\t\t<span class=\"tribe-event-date-start\">Septiembre 6<\/span>\t<\/time>\n\t\n<span class=\"tribe-events-calendar-series-archive__container\">\n\t<a\n\t\thref=\"https:\/\/formakunde.eus\/es\/series\/matriculacion-igualdad-de-mujeres-y-hombres-conceptos-basicos\/\"\n\t\taria-label=\"Event series: Matriculaci\u00f3n: Igualdad de mujeres y hombres. Conceptos b\u00e1sicos.\"\n\t\tclass=\"tribe-events-calendar-series-archive__link\"\n\t>\n\t\t\n<svg  class=\"tribe-common-c-svgicon tribe-common-c-svgicon--series tribe-events-series-archive__icon\"  width=\"14\" height=\"12\" viewBox=\"0 0 14 12\" fill=\"none\" xmlns=\"http:\/\/www.w3.org\/2000\/svg\" aria-hidden=\"true\">\n\t<rect x=\"0.5\" y=\"4.5\" width=\"9\" height=\"7\" \/>\n\t<path d=\"M2 2.5H11.5V10\" \/>\n\t<path d=\"M4 0.5H13.5V8\" \/>\n<\/svg>\n\t<\/a>\n<\/span>\n<\/div>\n\t\t<div class=\"tribe-events-calendar-month__calendar-event-tooltip-title tribe-common-h7\">\n\t<a\n\t\thref=\"https:\/\/formakunde.eus\/es\/event\/matriculacion-igualdad-de-mujeres-y-hombres-conceptos-basicos\/2026-09-06\/\"\n\t\ttitle=\"Matriculaci\u00f3n: Igualdad de mujeres y hombres. Conceptos b\u00e1sicos.\"\n\t\trel=\"bookmark\"\n\t\tclass=\"tribe-events-calendar-month__calendar-event-tooltip-title-link tribe-common-anchor-thin\"\n\t>\n\t\tMatriculaci\u00f3n: Igualdad de mujeres y hombres. Conceptos b\u00e1sicos.\t<\/a>\n<\/div>\n\t\t<div class=\"tribe-events-calendar-month__calendar-event-tooltip-description tribe-common-b3\">\n\t<p>Una de las mayores transformaciones sociales ha sido el acceso de las mujeres a la igualdad formal, fruto de la lucha de muchas mujeres y algunos hombres dispuestos a poner [&hellip;]<\/p>\n<\/div>\n\t\t\t<\/div>\n<\/div>\n\t<\/article>\n<\/div>\n\n\n\t\t\t<\/div>\n\n\t\n<\/div>\n<\/td>\n\n\t\t\t\t\t<\/tr>\n\t\t\t<tr class=\"tribe-events-calendar-month__week\" data-js=\"tribe-events-month-grid-row\">\n\t\t\t\n\t\t\t\t<td\n\t class=\"tribe-events-calendar-month__day\" \taria-labelledby=\"tribe-events-calendar-day-2026-09-07\"\n\tdata-js=\"tribe-events-month-grid-cell\"\n>\n\t<button\n\taria-expanded=\"false\"\n\taria-controls=\"tribe-events-calendar-mobile-day-2026-09-7\"\n\taria-label=\"Septiembre 7, 2 eventos, pr\u00f3ximo d\u00eda\"\n\t class=\"tribe-events-calendar-month__day-cell tribe-events-calendar-month__day-cell--mobile\" \tdata-js=\"tribe-events-calendar-month-day-cell-mobile\"\n>\n\t<h3 class=\"tribe-events-calendar-month__day-date tribe-common-h6 tribe-common-h--alt\">\n\t\t<span class=\"tribe-common-a11y-visual-hide\">\n\t\t\t2 eventos\t\t<\/span>\n\t\t<time\n\t\t\tclass=\"tribe-events-calendar-month__day-date-daynum\"\n\t\t\tdatetime=\"2026-09-07\"\n\t\t>\n\t\t\t7\t\t<\/time>\n\t<\/h3>\n\t\n\t<span class=\"tribe-events-calendar-month__mobile-events-icon tribe-events-calendar-month__mobile-events-icon--event\" >\n\t<\/span>\n<\/button>\n\t\n<div\n\tid=\"tribe-events-calendar-day-2026-09-07\"\n\tclass=\"tribe-events-calendar-month__day-cell tribe-events-calendar-month__day-cell--desktop tribe-common-a11y-hidden\"\n>\n\t\n<h3 class=\"tribe-events-calendar-month__day-date tribe-common-h4\">\n\t<span class=\"tribe-common-a11y-visual-hide\">\n\t\t2 eventos,\n\t<\/span>\n\t<time\n\t\tclass=\"tribe-events-calendar-month__day-date-daynum\"\n\t\tdatetime=\"2026-09-07\"\n\t>\n\t\t\t\t\t<a\n\t\t\t\thref=\"https:\/\/formakunde.eus\/es\/(\/?:events|eventos|ekitaldiak)\/2026-09-07\/&#038;shortcode=tribe-widget-events-month--1\"\n\t\t\t\tclass=\"tribe-events-calendar-month__day-date-link\"\n\t\t\t\tdata-js=\"tribe-events-view-link\"\n\t\t\t\taria-label=\"Septiembre 7\"\n\t\t\t>\n\t\t\t\t7\t\t\t<\/a>\n\t\t\t<\/time>\n<\/h3>\n\n\t<div class=\"tribe-events-calendar-month__events\">\n\t\t\n\t<div class=\"tribe-events-calendar-month__multiday-event-wrapper\">\n\t<article  class=\"tribe-events-calendar-month__multiday-event post-10000209 tribe_events type-tribe_events status-publish has-post-thumbnail hentry tribe_events_cat-matriculacion cat_matriculacion tribe-recurring-event tribe-recurring-event-parent tribe-events-calendar-month__multiday-event--width-1 tribe-events-calendar-month__multiday-event--display tribe-events-calendar-month__multiday-event--start tribe-events-calendar-month__multiday-event--end\"  data-event-id=\"10000209\">\n\t\t<div class=\"tribe-events-calendar-month__multiday-event-hidden\">\n\t<time\n\tdatetime=\"2026-09-07\"\n\tclass=\"tribe-common-a11y-visual-hide\"\n>\n\t2026-09-07<\/time>\n\t<a\n\thref=\"https:\/\/formakunde.eus\/es\/event\/matriculacion-masculinidades-hombres-e-igualdad-retos-y-resistencias\/2026-09-07\/\"\n\tclass=\"tribe-events-calendar-month__multiday-event-hidden-link\"\n\tdata-js=\"tribe-events-tooltip\"\n\tdata-tooltip-content=\"#tribe-events-tooltip-content-10000209\"\n\taria-describedby=\"tribe-events-tooltip-content-10000209\"\n>\n\t\t<div class=\"tribe-events-calendar-month__multiday-event-hidden-title tribe-common-h8\">\n\tMatriculaci\u00f3n: Masculinidades. Hombres e igualdad: retos y resistencias<\/div>\n<\/a>\n<\/div>\n\t\t<div class=\"tribe-events-calendar-month__multiday-event-bar\">\n\t<div class=\"tribe-events-calendar-month__multiday-event-bar-inner\">\n\t\t\t\t<div class=\"tribe-events-calendar-month__multiday-event-bar-title tribe-common-h8\">\n\tMatriculaci\u00f3n: Masculinidades. Hombres e igualdad: retos y resistencias<\/div>\n\n<span class=\"tribe-events-calendar-series-archive__container\">\n\t\n<svg  class=\"tribe-common-c-svgicon tribe-common-c-svgicon--series tribe-events-series-archive__icon\"  width=\"14\" height=\"12\" viewBox=\"0 0 14 12\" fill=\"none\" xmlns=\"http:\/\/www.w3.org\/2000\/svg\" aria-hidden=\"true\">\n\t<rect x=\"0.5\" y=\"4.5\" width=\"9\" height=\"7\" \/>\n\t<path d=\"M2 2.5H11.5V10\" \/>\n\t<path d=\"M4 0.5H13.5V8\" \/>\n<\/svg>\n<\/span>\n\t<\/div>\n<\/div>\n<div class=\"tribe-events-calendar-month__calendar-event-tooltip-template tribe-common-a11y-hidden\">\n\t<div\n\t\tclass=\"tribe-events-calendar-month__calendar-event-tooltip\"\n\t\tid=\"tribe-events-tooltip-content-10000209\"\n\t\trole=\"tooltip\"\n\t>\n\t\t<div class=\"tribe-events-calendar-month__calendar-event-tooltip-featured-image-wrapper\">\n\t<img\n\t\tclass=\"tribe-events-calendar-month__calendar-event-tooltip-featured-image\"\n\t\tsrc=\"https:\/\/formakunde.eus\/wp-content\/uploads\/2025\/04\/MASCULINIDADES_caratula-curso-online_Emakunde.jpg\"\n\t\t\t\t\tsrcset=\"https:\/\/formakunde.eus\/wp-content\/uploads\/2025\/04\/MASCULINIDADES_caratula-curso-online_Emakunde-300x215.jpg 300w, https:\/\/formakunde.eus\/wp-content\/uploads\/2025\/04\/MASCULINIDADES_caratula-curso-online_Emakunde.jpg 694w\"\n\t\t\t\t\t\t\talt=\"\"\n\t\t\t\/>\n<\/div>\n\t\t<div class=\"tribe-events-calendar-month__calendar-event-tooltip-datetime\">\n\t\t<time datetime=\"2026-09-07\">\n\t\t<span class=\"tribe-event-date-start\">Septiembre 7<\/span>\t<\/time>\n\t\n<span class=\"tribe-events-calendar-series-archive__container\">\n\t<a\n\t\thref=\"https:\/\/formakunde.eus\/es\/series\/matriculacion-masculinidades-hombres-e-igualdad-retos-y-resistencias\/\"\n\t\taria-label=\"Event series: Matriculaci\u00f3n: Masculinidades. Hombres e igualdad: retos y resistencias\"\n\t\tclass=\"tribe-events-calendar-series-archive__link\"\n\t>\n\t\t\n<svg  class=\"tribe-common-c-svgicon tribe-common-c-svgicon--series tribe-events-series-archive__icon\"  width=\"14\" height=\"12\" viewBox=\"0 0 14 12\" fill=\"none\" xmlns=\"http:\/\/www.w3.org\/2000\/svg\" aria-hidden=\"true\">\n\t<rect x=\"0.5\" y=\"4.5\" width=\"9\" height=\"7\" \/>\n\t<path d=\"M2 2.5H11.5V10\" \/>\n\t<path d=\"M4 0.5H13.5V8\" \/>\n<\/svg>\n\t<\/a>\n<\/span>\n<\/div>\n\t\t<div class=\"tribe-events-calendar-month__calendar-event-tooltip-title tribe-common-h7\">\n\t<a\n\t\thref=\"https:\/\/formakunde.eus\/es\/event\/matriculacion-masculinidades-hombres-e-igualdad-retos-y-resistencias\/2026-09-07\/\"\n\t\ttitle=\"Matriculaci\u00f3n: Masculinidades. Hombres e igualdad: retos y resistencias\"\n\t\trel=\"bookmark\"\n\t\tclass=\"tribe-events-calendar-month__calendar-event-tooltip-title-link tribe-common-anchor-thin\"\n\t>\n\t\tMatriculaci\u00f3n: Masculinidades. Hombres e igualdad: retos y resistencias\t<\/a>\n<\/div>\n\t\t<div class=\"tribe-events-calendar-month__calendar-event-tooltip-description tribe-common-b3\">\n\t<p>En este curso se abordar\u00e1n las diferentes expresiones de masculinidades que existen en nuestras sociedades y las consecuencias que ello implica para las mujeres y para los propios hombres. A [&hellip;]<\/p>\n<\/div>\n\t\t\t<\/div>\n<\/div>\n\t<\/article>\n<\/div>\n\n\t<div class=\"tribe-events-calendar-month__multiday-event-wrapper\">\n\t<article  class=\"tribe-events-calendar-month__multiday-event post-10000600 tribe_events type-tribe_events status-publish has-post-thumbnail hentry tribe_events_cat-matriculacion-2 cat_matriculacion-2 tribe-recurring-event tribe-recurring-event-parent tribe-events-calendar-month__multiday-event--width-1 tribe-events-calendar-month__multiday-event--display tribe-events-calendar-month__multiday-event--start tribe-events-calendar-month__multiday-event--end\"  data-event-id=\"10000600\">\n\t\t<div class=\"tribe-events-calendar-month__multiday-event-hidden\">\n\t<time\n\tdatetime=\"2026-09-07\"\n\tclass=\"tribe-common-a11y-visual-hide\"\n>\n\t2026-09-07<\/time>\n\t<a\n\thref=\"https:\/\/formakunde.eus\/es\/event\/matriculacion-igualdad-de-mujeres-y-hombres-conceptos-basicos\/2026-09-07\/\"\n\tclass=\"tribe-events-calendar-month__multiday-event-hidden-link\"\n\tdata-js=\"tribe-events-tooltip\"\n\tdata-tooltip-content=\"#tribe-events-tooltip-content-10000600\"\n\taria-describedby=\"tribe-events-tooltip-content-10000600\"\n>\n\t\t<div class=\"tribe-events-calendar-month__multiday-event-hidden-title tribe-common-h8\">\n\tMatriculaci\u00f3n: Igualdad de mujeres y hombres. Conceptos b\u00e1sicos.<\/div>\n<\/a>\n<\/div>\n\t\t<div class=\"tribe-events-calendar-month__multiday-event-bar\">\n\t<div class=\"tribe-events-calendar-month__multiday-event-bar-inner\">\n\t\t\t\t<div class=\"tribe-events-calendar-month__multiday-event-bar-title tribe-common-h8\">\n\tMatriculaci\u00f3n: Igualdad de mujeres y hombres. Conceptos b\u00e1sicos.<\/div>\n\n<span class=\"tribe-events-calendar-series-archive__container\">\n\t\n<svg  class=\"tribe-common-c-svgicon tribe-common-c-svgicon--series tribe-events-series-archive__icon\"  width=\"14\" height=\"12\" viewBox=\"0 0 14 12\" fill=\"none\" xmlns=\"http:\/\/www.w3.org\/2000\/svg\" aria-hidden=\"true\">\n\t<rect x=\"0.5\" y=\"4.5\" width=\"9\" height=\"7\" \/>\n\t<path d=\"M2 2.5H11.5V10\" \/>\n\t<path d=\"M4 0.5H13.5V8\" \/>\n<\/svg>\n<\/span>\n\t<\/div>\n<\/div>\n<div class=\"tribe-events-calendar-month__calendar-event-tooltip-template tribe-common-a11y-hidden\">\n\t<div\n\t\tclass=\"tribe-events-calendar-month__calendar-event-tooltip\"\n\t\tid=\"tribe-events-tooltip-content-10000600\"\n\t\trole=\"tooltip\"\n\t>\n\t\t<div class=\"tribe-events-calendar-month__calendar-event-tooltip-featured-image-wrapper\">\n\t<img\n\t\tclass=\"tribe-events-calendar-month__calendar-event-tooltip-featured-image\"\n\t\tsrc=\"https:\/\/formakunde.eus\/wp-content\/uploads\/2025\/04\/IGUALDAD_caratula-curso-online_Emakunde-1.jpg\"\n\t\t\t\t\tsrcset=\"https:\/\/formakunde.eus\/wp-content\/uploads\/2025\/04\/IGUALDAD_caratula-curso-online_Emakunde-1-300x215.jpg 300w, https:\/\/formakunde.eus\/wp-content\/uploads\/2025\/04\/IGUALDAD_caratula-curso-online_Emakunde-1.jpg 694w\"\n\t\t\t\t\t\t\talt=\"\"\n\t\t\t\/>\n<\/div>\n\t\t<div class=\"tribe-events-calendar-month__calendar-event-tooltip-datetime\">\n\t\t<time datetime=\"2026-09-07\">\n\t\t<span class=\"tribe-event-date-start\">Septiembre 7<\/span>\t<\/time>\n\t\n<span class=\"tribe-events-calendar-series-archive__container\">\n\t<a\n\t\thref=\"https:\/\/formakunde.eus\/es\/series\/matriculacion-igualdad-de-mujeres-y-hombres-conceptos-basicos\/\"\n\t\taria-label=\"Event series: Matriculaci\u00f3n: Igualdad de mujeres y hombres. Conceptos b\u00e1sicos.\"\n\t\tclass=\"tribe-events-calendar-series-archive__link\"\n\t>\n\t\t\n<svg  class=\"tribe-common-c-svgicon tribe-common-c-svgicon--series tribe-events-series-archive__icon\"  width=\"14\" height=\"12\" viewBox=\"0 0 14 12\" fill=\"none\" xmlns=\"http:\/\/www.w3.org\/2000\/svg\" aria-hidden=\"true\">\n\t<rect x=\"0.5\" y=\"4.5\" width=\"9\" height=\"7\" \/>\n\t<path d=\"M2 2.5H11.5V10\" \/>\n\t<path d=\"M4 0.5H13.5V8\" \/>\n<\/svg>\n\t<\/a>\n<\/span>\n<\/div>\n\t\t<div class=\"tribe-events-calendar-month__calendar-event-tooltip-title tribe-common-h7\">\n\t<a\n\t\thref=\"https:\/\/formakunde.eus\/es\/event\/matriculacion-igualdad-de-mujeres-y-hombres-conceptos-basicos\/2026-09-07\/\"\n\t\ttitle=\"Matriculaci\u00f3n: Igualdad de mujeres y hombres. Conceptos b\u00e1sicos.\"\n\t\trel=\"bookmark\"\n\t\tclass=\"tribe-events-calendar-month__calendar-event-tooltip-title-link tribe-common-anchor-thin\"\n\t>\n\t\tMatriculaci\u00f3n: Igualdad de mujeres y hombres. Conceptos b\u00e1sicos.\t<\/a>\n<\/div>\n\t\t<div class=\"tribe-events-calendar-month__calendar-event-tooltip-description tribe-common-b3\">\n\t<p>Una de las mayores transformaciones sociales ha sido el acceso de las mujeres a la igualdad formal, fruto de la lucha de muchas mujeres y algunos hombres dispuestos a poner [&hellip;]<\/p>\n<\/div>\n\t\t\t<\/div>\n<\/div>\n\t<\/article>\n<\/div>\n\n\n\t\t\t<\/div>\n\n\t\n<\/div>\n<\/td>\n\n\t\t\t\n\t\t\t\t<td\n\t class=\"tribe-events-calendar-month__day\" \taria-labelledby=\"tribe-events-calendar-day-2026-09-08\"\n\tdata-js=\"tribe-events-month-grid-cell\"\n>\n\t<button\n\taria-expanded=\"false\"\n\taria-controls=\"tribe-events-calendar-mobile-day-2026-09-8\"\n\taria-label=\"Septiembre 8, 2 eventos, pr\u00f3ximo d\u00eda\"\n\t class=\"tribe-events-calendar-month__day-cell tribe-events-calendar-month__day-cell--mobile\" \tdata-js=\"tribe-events-calendar-month-day-cell-mobile\"\n>\n\t<h3 class=\"tribe-events-calendar-month__day-date tribe-common-h6 tribe-common-h--alt\">\n\t\t<span class=\"tribe-common-a11y-visual-hide\">\n\t\t\t2 eventos\t\t<\/span>\n\t\t<time\n\t\t\tclass=\"tribe-events-calendar-month__day-date-daynum\"\n\t\t\tdatetime=\"2026-09-08\"\n\t\t>\n\t\t\t8\t\t<\/time>\n\t<\/h3>\n\t\n\t<span class=\"tribe-events-calendar-month__mobile-events-icon tribe-events-calendar-month__mobile-events-icon--event\" >\n\t<\/span>\n<\/button>\n\t\n<div\n\tid=\"tribe-events-calendar-day-2026-09-08\"\n\tclass=\"tribe-events-calendar-month__day-cell tribe-events-calendar-month__day-cell--desktop tribe-common-a11y-hidden\"\n>\n\t\n<h3 class=\"tribe-events-calendar-month__day-date tribe-common-h4\">\n\t<span class=\"tribe-common-a11y-visual-hide\">\n\t\t2 eventos,\n\t<\/span>\n\t<time\n\t\tclass=\"tribe-events-calendar-month__day-date-daynum\"\n\t\tdatetime=\"2026-09-08\"\n\t>\n\t\t\t\t\t<a\n\t\t\t\thref=\"https:\/\/formakunde.eus\/es\/(\/?:events|eventos|ekitaldiak)\/2026-09-08\/&#038;shortcode=tribe-widget-events-month--1\"\n\t\t\t\tclass=\"tribe-events-calendar-month__day-date-link\"\n\t\t\t\tdata-js=\"tribe-events-view-link\"\n\t\t\t\taria-label=\"Septiembre 8\"\n\t\t\t>\n\t\t\t\t8\t\t\t<\/a>\n\t\t\t<\/time>\n<\/h3>\n\n\t<div class=\"tribe-events-calendar-month__events\">\n\t\t\n\t<div class=\"tribe-events-calendar-month__multiday-event-wrapper\">\n\t<article  class=\"tribe-events-calendar-month__multiday-event post-10000210 tribe_events type-tribe_events status-publish has-post-thumbnail hentry tribe_events_cat-matriculacion cat_matriculacion tribe-recurring-event tribe-recurring-event-parent tribe-events-calendar-month__multiday-event--width-1 tribe-events-calendar-month__multiday-event--display tribe-events-calendar-month__multiday-event--start tribe-events-calendar-month__multiday-event--end\"  data-event-id=\"10000210\">\n\t\t<div class=\"tribe-events-calendar-month__multiday-event-hidden\">\n\t<time\n\tdatetime=\"2026-09-08\"\n\tclass=\"tribe-common-a11y-visual-hide\"\n>\n\t2026-09-08<\/time>\n\t<a\n\thref=\"https:\/\/formakunde.eus\/es\/event\/matriculacion-masculinidades-hombres-e-igualdad-retos-y-resistencias\/2026-09-08\/\"\n\tclass=\"tribe-events-calendar-month__multiday-event-hidden-link\"\n\tdata-js=\"tribe-events-tooltip\"\n\tdata-tooltip-content=\"#tribe-events-tooltip-content-10000210\"\n\taria-describedby=\"tribe-events-tooltip-content-10000210\"\n>\n\t\t<div class=\"tribe-events-calendar-month__multiday-event-hidden-title tribe-common-h8\">\n\tMatriculaci\u00f3n: Masculinidades. Hombres e igualdad: retos y resistencias<\/div>\n<\/a>\n<\/div>\n\t\t<div class=\"tribe-events-calendar-month__multiday-event-bar\">\n\t<div class=\"tribe-events-calendar-month__multiday-event-bar-inner\">\n\t\t\t\t<div class=\"tribe-events-calendar-month__multiday-event-bar-title tribe-common-h8\">\n\tMatriculaci\u00f3n: Masculinidades. Hombres e igualdad: retos y resistencias<\/div>\n\n<span class=\"tribe-events-calendar-series-archive__container\">\n\t\n<svg  class=\"tribe-common-c-svgicon tribe-common-c-svgicon--series tribe-events-series-archive__icon\"  width=\"14\" height=\"12\" viewBox=\"0 0 14 12\" fill=\"none\" xmlns=\"http:\/\/www.w3.org\/2000\/svg\" aria-hidden=\"true\">\n\t<rect x=\"0.5\" y=\"4.5\" width=\"9\" height=\"7\" \/>\n\t<path d=\"M2 2.5H11.5V10\" \/>\n\t<path d=\"M4 0.5H13.5V8\" \/>\n<\/svg>\n<\/span>\n\t<\/div>\n<\/div>\n<div class=\"tribe-events-calendar-month__calendar-event-tooltip-template tribe-common-a11y-hidden\">\n\t<div\n\t\tclass=\"tribe-events-calendar-month__calendar-event-tooltip\"\n\t\tid=\"tribe-events-tooltip-content-10000210\"\n\t\trole=\"tooltip\"\n\t>\n\t\t<div class=\"tribe-events-calendar-month__calendar-event-tooltip-featured-image-wrapper\">\n\t<img\n\t\tclass=\"tribe-events-calendar-month__calendar-event-tooltip-featured-image\"\n\t\tsrc=\"https:\/\/formakunde.eus\/wp-content\/uploads\/2025\/04\/MASCULINIDADES_caratula-curso-online_Emakunde.jpg\"\n\t\t\t\t\tsrcset=\"https:\/\/formakunde.eus\/wp-content\/uploads\/2025\/04\/MASCULINIDADES_caratula-curso-online_Emakunde-300x215.jpg 300w, https:\/\/formakunde.eus\/wp-content\/uploads\/2025\/04\/MASCULINIDADES_caratula-curso-online_Emakunde.jpg 694w\"\n\t\t\t\t\t\t\talt=\"\"\n\t\t\t\/>\n<\/div>\n\t\t<div class=\"tribe-events-calendar-month__calendar-event-tooltip-datetime\">\n\t\t<time datetime=\"2026-09-08\">\n\t\t<span class=\"tribe-event-date-start\">Septiembre 8<\/span>\t<\/time>\n\t\n<span class=\"tribe-events-calendar-series-archive__container\">\n\t<a\n\t\thref=\"https:\/\/formakunde.eus\/es\/series\/matriculacion-masculinidades-hombres-e-igualdad-retos-y-resistencias\/\"\n\t\taria-label=\"Event series: Matriculaci\u00f3n: Masculinidades. Hombres e igualdad: retos y resistencias\"\n\t\tclass=\"tribe-events-calendar-series-archive__link\"\n\t>\n\t\t\n<svg  class=\"tribe-common-c-svgicon tribe-common-c-svgicon--series tribe-events-series-archive__icon\"  width=\"14\" height=\"12\" viewBox=\"0 0 14 12\" fill=\"none\" xmlns=\"http:\/\/www.w3.org\/2000\/svg\" aria-hidden=\"true\">\n\t<rect x=\"0.5\" y=\"4.5\" width=\"9\" height=\"7\" \/>\n\t<path d=\"M2 2.5H11.5V10\" \/>\n\t<path d=\"M4 0.5H13.5V8\" \/>\n<\/svg>\n\t<\/a>\n<\/span>\n<\/div>\n\t\t<div class=\"tribe-events-calendar-month__calendar-event-tooltip-title tribe-common-h7\">\n\t<a\n\t\thref=\"https:\/\/formakunde.eus\/es\/event\/matriculacion-masculinidades-hombres-e-igualdad-retos-y-resistencias\/2026-09-08\/\"\n\t\ttitle=\"Matriculaci\u00f3n: Masculinidades. Hombres e igualdad: retos y resistencias\"\n\t\trel=\"bookmark\"\n\t\tclass=\"tribe-events-calendar-month__calendar-event-tooltip-title-link tribe-common-anchor-thin\"\n\t>\n\t\tMatriculaci\u00f3n: Masculinidades. Hombres e igualdad: retos y resistencias\t<\/a>\n<\/div>\n\t\t<div class=\"tribe-events-calendar-month__calendar-event-tooltip-description tribe-common-b3\">\n\t<p>En este curso se abordar\u00e1n las diferentes expresiones de masculinidades que existen en nuestras sociedades y las consecuencias que ello implica para las mujeres y para los propios hombres. A [&hellip;]<\/p>\n<\/div>\n\t\t\t<\/div>\n<\/div>\n\t<\/article>\n<\/div>\n\n\t<div class=\"tribe-events-calendar-month__multiday-event-wrapper\">\n\t<article  class=\"tribe-events-calendar-month__multiday-event post-10000601 tribe_events type-tribe_events status-publish has-post-thumbnail hentry tribe_events_cat-matriculacion-2 cat_matriculacion-2 tribe-recurring-event tribe-recurring-event-parent tribe-events-calendar-month__multiday-event--width-1 tribe-events-calendar-month__multiday-event--display tribe-events-calendar-month__multiday-event--start tribe-events-calendar-month__multiday-event--end\"  data-event-id=\"10000601\">\n\t\t<div class=\"tribe-events-calendar-month__multiday-event-hidden\">\n\t<time\n\tdatetime=\"2026-09-08\"\n\tclass=\"tribe-common-a11y-visual-hide\"\n>\n\t2026-09-08<\/time>\n\t<a\n\thref=\"https:\/\/formakunde.eus\/es\/event\/matriculacion-igualdad-de-mujeres-y-hombres-conceptos-basicos\/2026-09-08\/\"\n\tclass=\"tribe-events-calendar-month__multiday-event-hidden-link\"\n\tdata-js=\"tribe-events-tooltip\"\n\tdata-tooltip-content=\"#tribe-events-tooltip-content-10000601\"\n\taria-describedby=\"tribe-events-tooltip-content-10000601\"\n>\n\t\t<div class=\"tribe-events-calendar-month__multiday-event-hidden-title tribe-common-h8\">\n\tMatriculaci\u00f3n: Igualdad de mujeres y hombres. Conceptos b\u00e1sicos.<\/div>\n<\/a>\n<\/div>\n\t\t<div class=\"tribe-events-calendar-month__multiday-event-bar\">\n\t<div class=\"tribe-events-calendar-month__multiday-event-bar-inner\">\n\t\t\t\t<div class=\"tribe-events-calendar-month__multiday-event-bar-title tribe-common-h8\">\n\tMatriculaci\u00f3n: Igualdad de mujeres y hombres. Conceptos b\u00e1sicos.<\/div>\n\n<span class=\"tribe-events-calendar-series-archive__container\">\n\t\n<svg  class=\"tribe-common-c-svgicon tribe-common-c-svgicon--series tribe-events-series-archive__icon\"  width=\"14\" height=\"12\" viewBox=\"0 0 14 12\" fill=\"none\" xmlns=\"http:\/\/www.w3.org\/2000\/svg\" aria-hidden=\"true\">\n\t<rect x=\"0.5\" y=\"4.5\" width=\"9\" height=\"7\" \/>\n\t<path d=\"M2 2.5H11.5V10\" \/>\n\t<path d=\"M4 0.5H13.5V8\" \/>\n<\/svg>\n<\/span>\n\t<\/div>\n<\/div>\n<div class=\"tribe-events-calendar-month__calendar-event-tooltip-template tribe-common-a11y-hidden\">\n\t<div\n\t\tclass=\"tribe-events-calendar-month__calendar-event-tooltip\"\n\t\tid=\"tribe-events-tooltip-content-10000601\"\n\t\trole=\"tooltip\"\n\t>\n\t\t<div class=\"tribe-events-calendar-month__calendar-event-tooltip-featured-image-wrapper\">\n\t<img\n\t\tclass=\"tribe-events-calendar-month__calendar-event-tooltip-featured-image\"\n\t\tsrc=\"https:\/\/formakunde.eus\/wp-content\/uploads\/2025\/04\/IGUALDAD_caratula-curso-online_Emakunde-1.jpg\"\n\t\t\t\t\tsrcset=\"https:\/\/formakunde.eus\/wp-content\/uploads\/2025\/04\/IGUALDAD_caratula-curso-online_Emakunde-1-300x215.jpg 300w, https:\/\/formakunde.eus\/wp-content\/uploads\/2025\/04\/IGUALDAD_caratula-curso-online_Emakunde-1.jpg 694w\"\n\t\t\t\t\t\t\talt=\"\"\n\t\t\t\/>\n<\/div>\n\t\t<div class=\"tribe-events-calendar-month__calendar-event-tooltip-datetime\">\n\t\t<time datetime=\"2026-09-08\">\n\t\t<span class=\"tribe-event-date-start\">Septiembre 8<\/span>\t<\/time>\n\t\n<span class=\"tribe-events-calendar-series-archive__container\">\n\t<a\n\t\thref=\"https:\/\/formakunde.eus\/es\/series\/matriculacion-igualdad-de-mujeres-y-hombres-conceptos-basicos\/\"\n\t\taria-label=\"Event series: Matriculaci\u00f3n: Igualdad de mujeres y hombres. Conceptos b\u00e1sicos.\"\n\t\tclass=\"tribe-events-calendar-series-archive__link\"\n\t>\n\t\t\n<svg  class=\"tribe-common-c-svgicon tribe-common-c-svgicon--series tribe-events-series-archive__icon\"  width=\"14\" height=\"12\" viewBox=\"0 0 14 12\" fill=\"none\" xmlns=\"http:\/\/www.w3.org\/2000\/svg\" aria-hidden=\"true\">\n\t<rect x=\"0.5\" y=\"4.5\" width=\"9\" height=\"7\" \/>\n\t<path d=\"M2 2.5H11.5V10\" \/>\n\t<path d=\"M4 0.5H13.5V8\" \/>\n<\/svg>\n\t<\/a>\n<\/span>\n<\/div>\n\t\t<div class=\"tribe-events-calendar-month__calendar-event-tooltip-title tribe-common-h7\">\n\t<a\n\t\thref=\"https:\/\/formakunde.eus\/es\/event\/matriculacion-igualdad-de-mujeres-y-hombres-conceptos-basicos\/2026-09-08\/\"\n\t\ttitle=\"Matriculaci\u00f3n: Igualdad de mujeres y hombres. Conceptos b\u00e1sicos.\"\n\t\trel=\"bookmark\"\n\t\tclass=\"tribe-events-calendar-month__calendar-event-tooltip-title-link tribe-common-anchor-thin\"\n\t>\n\t\tMatriculaci\u00f3n: Igualdad de mujeres y hombres. Conceptos b\u00e1sicos.\t<\/a>\n<\/div>\n\t\t<div class=\"tribe-events-calendar-month__calendar-event-tooltip-description tribe-common-b3\">\n\t<p>Una de las mayores transformaciones sociales ha sido el acceso de las mujeres a la igualdad formal, fruto de la lucha de muchas mujeres y algunos hombres dispuestos a poner [&hellip;]<\/p>\n<\/div>\n\t\t\t<\/div>\n<\/div>\n\t<\/article>\n<\/div>\n\n\n\t\t\t<\/div>\n\n\t\n<\/div>\n<\/td>\n\n\t\t\t\n\t\t\t\t<td\n\t class=\"tribe-events-calendar-month__day\" \taria-labelledby=\"tribe-events-calendar-day-2026-09-09\"\n\tdata-js=\"tribe-events-month-grid-cell\"\n>\n\t<button\n\taria-expanded=\"false\"\n\taria-controls=\"tribe-events-calendar-mobile-day-2026-09-9\"\n\taria-label=\"Septiembre 9, 2 eventos, pr\u00f3ximo d\u00eda\"\n\t class=\"tribe-events-calendar-month__day-cell tribe-events-calendar-month__day-cell--mobile\" \tdata-js=\"tribe-events-calendar-month-day-cell-mobile\"\n>\n\t<h3 class=\"tribe-events-calendar-month__day-date tribe-common-h6 tribe-common-h--alt\">\n\t\t<span class=\"tribe-common-a11y-visual-hide\">\n\t\t\t2 eventos\t\t<\/span>\n\t\t<time\n\t\t\tclass=\"tribe-events-calendar-month__day-date-daynum\"\n\t\t\tdatetime=\"2026-09-09\"\n\t\t>\n\t\t\t9\t\t<\/time>\n\t<\/h3>\n\t\n\t<span class=\"tribe-events-calendar-month__mobile-events-icon tribe-events-calendar-month__mobile-events-icon--event\" >\n\t<\/span>\n<\/button>\n\t\n<div\n\tid=\"tribe-events-calendar-day-2026-09-09\"\n\tclass=\"tribe-events-calendar-month__day-cell tribe-events-calendar-month__day-cell--desktop tribe-common-a11y-hidden\"\n>\n\t\n<h3 class=\"tribe-events-calendar-month__day-date tribe-common-h4\">\n\t<span class=\"tribe-common-a11y-visual-hide\">\n\t\t2 eventos,\n\t<\/span>\n\t<time\n\t\tclass=\"tribe-events-calendar-month__day-date-daynum\"\n\t\tdatetime=\"2026-09-09\"\n\t>\n\t\t\t\t\t<a\n\t\t\t\thref=\"https:\/\/formakunde.eus\/es\/(\/?:events|eventos|ekitaldiak)\/2026-09-09\/&#038;shortcode=tribe-widget-events-month--1\"\n\t\t\t\tclass=\"tribe-events-calendar-month__day-date-link\"\n\t\t\t\tdata-js=\"tribe-events-view-link\"\n\t\t\t\taria-label=\"Septiembre 9\"\n\t\t\t>\n\t\t\t\t9\t\t\t<\/a>\n\t\t\t<\/time>\n<\/h3>\n\n\t<div class=\"tribe-events-calendar-month__events\">\n\t\t\n\t<div class=\"tribe-events-calendar-month__multiday-event-wrapper\">\n\t<article  class=\"tribe-events-calendar-month__multiday-event post-10000211 tribe_events type-tribe_events status-publish has-post-thumbnail hentry tribe_events_cat-matriculacion cat_matriculacion tribe-recurring-event tribe-recurring-event-parent tribe-events-calendar-month__multiday-event--width-1 tribe-events-calendar-month__multiday-event--display tribe-events-calendar-month__multiday-event--start tribe-events-calendar-month__multiday-event--end\"  data-event-id=\"10000211\">\n\t\t<div class=\"tribe-events-calendar-month__multiday-event-hidden\">\n\t<time\n\tdatetime=\"2026-09-09\"\n\tclass=\"tribe-common-a11y-visual-hide\"\n>\n\t2026-09-09<\/time>\n\t<a\n\thref=\"https:\/\/formakunde.eus\/es\/event\/matriculacion-masculinidades-hombres-e-igualdad-retos-y-resistencias\/2026-09-09\/\"\n\tclass=\"tribe-events-calendar-month__multiday-event-hidden-link\"\n\tdata-js=\"tribe-events-tooltip\"\n\tdata-tooltip-content=\"#tribe-events-tooltip-content-10000211\"\n\taria-describedby=\"tribe-events-tooltip-content-10000211\"\n>\n\t\t<div class=\"tribe-events-calendar-month__multiday-event-hidden-title tribe-common-h8\">\n\tMatriculaci\u00f3n: Masculinidades. Hombres e igualdad: retos y resistencias<\/div>\n<\/a>\n<\/div>\n\t\t<div class=\"tribe-events-calendar-month__multiday-event-bar\">\n\t<div class=\"tribe-events-calendar-month__multiday-event-bar-inner\">\n\t\t\t\t<div class=\"tribe-events-calendar-month__multiday-event-bar-title tribe-common-h8\">\n\tMatriculaci\u00f3n: Masculinidades. Hombres e igualdad: retos y resistencias<\/div>\n\n<span class=\"tribe-events-calendar-series-archive__container\">\n\t\n<svg  class=\"tribe-common-c-svgicon tribe-common-c-svgicon--series tribe-events-series-archive__icon\"  width=\"14\" height=\"12\" viewBox=\"0 0 14 12\" fill=\"none\" xmlns=\"http:\/\/www.w3.org\/2000\/svg\" aria-hidden=\"true\">\n\t<rect x=\"0.5\" y=\"4.5\" width=\"9\" height=\"7\" \/>\n\t<path d=\"M2 2.5H11.5V10\" \/>\n\t<path d=\"M4 0.5H13.5V8\" \/>\n<\/svg>\n<\/span>\n\t<\/div>\n<\/div>\n<div class=\"tribe-events-calendar-month__calendar-event-tooltip-template tribe-common-a11y-hidden\">\n\t<div\n\t\tclass=\"tribe-events-calendar-month__calendar-event-tooltip\"\n\t\tid=\"tribe-events-tooltip-content-10000211\"\n\t\trole=\"tooltip\"\n\t>\n\t\t<div class=\"tribe-events-calendar-month__calendar-event-tooltip-featured-image-wrapper\">\n\t<img\n\t\tclass=\"tribe-events-calendar-month__calendar-event-tooltip-featured-image\"\n\t\tsrc=\"https:\/\/formakunde.eus\/wp-content\/uploads\/2025\/04\/MASCULINIDADES_caratula-curso-online_Emakunde.jpg\"\n\t\t\t\t\tsrcset=\"https:\/\/formakunde.eus\/wp-content\/uploads\/2025\/04\/MASCULINIDADES_caratula-curso-online_Emakunde-300x215.jpg 300w, https:\/\/formakunde.eus\/wp-content\/uploads\/2025\/04\/MASCULINIDADES_caratula-curso-online_Emakunde.jpg 694w\"\n\t\t\t\t\t\t\talt=\"\"\n\t\t\t\/>\n<\/div>\n\t\t<div class=\"tribe-events-calendar-month__calendar-event-tooltip-datetime\">\n\t\t<time datetime=\"2026-09-09\">\n\t\t<span class=\"tribe-event-date-start\">Septiembre 9<\/span>\t<\/time>\n\t\n<span class=\"tribe-events-calendar-series-archive__container\">\n\t<a\n\t\thref=\"https:\/\/formakunde.eus\/es\/series\/matriculacion-masculinidades-hombres-e-igualdad-retos-y-resistencias\/\"\n\t\taria-label=\"Event series: Matriculaci\u00f3n: Masculinidades. Hombres e igualdad: retos y resistencias\"\n\t\tclass=\"tribe-events-calendar-series-archive__link\"\n\t>\n\t\t\n<svg  class=\"tribe-common-c-svgicon tribe-common-c-svgicon--series tribe-events-series-archive__icon\"  width=\"14\" height=\"12\" viewBox=\"0 0 14 12\" fill=\"none\" xmlns=\"http:\/\/www.w3.org\/2000\/svg\" aria-hidden=\"true\">\n\t<rect x=\"0.5\" y=\"4.5\" width=\"9\" height=\"7\" \/>\n\t<path d=\"M2 2.5H11.5V10\" \/>\n\t<path d=\"M4 0.5H13.5V8\" \/>\n<\/svg>\n\t<\/a>\n<\/span>\n<\/div>\n\t\t<div class=\"tribe-events-calendar-month__calendar-event-tooltip-title tribe-common-h7\">\n\t<a\n\t\thref=\"https:\/\/formakunde.eus\/es\/event\/matriculacion-masculinidades-hombres-e-igualdad-retos-y-resistencias\/2026-09-09\/\"\n\t\ttitle=\"Matriculaci\u00f3n: Masculinidades. Hombres e igualdad: retos y resistencias\"\n\t\trel=\"bookmark\"\n\t\tclass=\"tribe-events-calendar-month__calendar-event-tooltip-title-link tribe-common-anchor-thin\"\n\t>\n\t\tMatriculaci\u00f3n: Masculinidades. Hombres e igualdad: retos y resistencias\t<\/a>\n<\/div>\n\t\t<div class=\"tribe-events-calendar-month__calendar-event-tooltip-description tribe-common-b3\">\n\t<p>En este curso se abordar\u00e1n las diferentes expresiones de masculinidades que existen en nuestras sociedades y las consecuencias que ello implica para las mujeres y para los propios hombres. A [&hellip;]<\/p>\n<\/div>\n\t\t\t<\/div>\n<\/div>\n\t<\/article>\n<\/div>\n\n\t<div class=\"tribe-events-calendar-month__multiday-event-wrapper\">\n\t<article  class=\"tribe-events-calendar-month__multiday-event post-10000602 tribe_events type-tribe_events status-publish has-post-thumbnail hentry tribe_events_cat-matriculacion-2 cat_matriculacion-2 tribe-recurring-event tribe-recurring-event-parent tribe-events-calendar-month__multiday-event--width-1 tribe-events-calendar-month__multiday-event--display tribe-events-calendar-month__multiday-event--start tribe-events-calendar-month__multiday-event--end\"  data-event-id=\"10000602\">\n\t\t<div class=\"tribe-events-calendar-month__multiday-event-hidden\">\n\t<time\n\tdatetime=\"2026-09-09\"\n\tclass=\"tribe-common-a11y-visual-hide\"\n>\n\t2026-09-09<\/time>\n\t<a\n\thref=\"https:\/\/formakunde.eus\/es\/event\/matriculacion-igualdad-de-mujeres-y-hombres-conceptos-basicos\/2026-09-09\/\"\n\tclass=\"tribe-events-calendar-month__multiday-event-hidden-link\"\n\tdata-js=\"tribe-events-tooltip\"\n\tdata-tooltip-content=\"#tribe-events-tooltip-content-10000602\"\n\taria-describedby=\"tribe-events-tooltip-content-10000602\"\n>\n\t\t<div class=\"tribe-events-calendar-month__multiday-event-hidden-title tribe-common-h8\">\n\tMatriculaci\u00f3n: Igualdad de mujeres y hombres. Conceptos b\u00e1sicos.<\/div>\n<\/a>\n<\/div>\n\t\t<div class=\"tribe-events-calendar-month__multiday-event-bar\">\n\t<div class=\"tribe-events-calendar-month__multiday-event-bar-inner\">\n\t\t\t\t<div class=\"tribe-events-calendar-month__multiday-event-bar-title tribe-common-h8\">\n\tMatriculaci\u00f3n: Igualdad de mujeres y hombres. Conceptos b\u00e1sicos.<\/div>\n\n<span class=\"tribe-events-calendar-series-archive__container\">\n\t\n<svg  class=\"tribe-common-c-svgicon tribe-common-c-svgicon--series tribe-events-series-archive__icon\"  width=\"14\" height=\"12\" viewBox=\"0 0 14 12\" fill=\"none\" xmlns=\"http:\/\/www.w3.org\/2000\/svg\" aria-hidden=\"true\">\n\t<rect x=\"0.5\" y=\"4.5\" width=\"9\" height=\"7\" \/>\n\t<path d=\"M2 2.5H11.5V10\" \/>\n\t<path d=\"M4 0.5H13.5V8\" \/>\n<\/svg>\n<\/span>\n\t<\/div>\n<\/div>\n<div class=\"tribe-events-calendar-month__calendar-event-tooltip-template tribe-common-a11y-hidden\">\n\t<div\n\t\tclass=\"tribe-events-calendar-month__calendar-event-tooltip\"\n\t\tid=\"tribe-events-tooltip-content-10000602\"\n\t\trole=\"tooltip\"\n\t>\n\t\t<div class=\"tribe-events-calendar-month__calendar-event-tooltip-featured-image-wrapper\">\n\t<img\n\t\tclass=\"tribe-events-calendar-month__calendar-event-tooltip-featured-image\"\n\t\tsrc=\"https:\/\/formakunde.eus\/wp-content\/uploads\/2025\/04\/IGUALDAD_caratula-curso-online_Emakunde-1.jpg\"\n\t\t\t\t\tsrcset=\"https:\/\/formakunde.eus\/wp-content\/uploads\/2025\/04\/IGUALDAD_caratula-curso-online_Emakunde-1-300x215.jpg 300w, https:\/\/formakunde.eus\/wp-content\/uploads\/2025\/04\/IGUALDAD_caratula-curso-online_Emakunde-1.jpg 694w\"\n\t\t\t\t\t\t\talt=\"\"\n\t\t\t\/>\n<\/div>\n\t\t<div class=\"tribe-events-calendar-month__calendar-event-tooltip-datetime\">\n\t\t<time datetime=\"2026-09-09\">\n\t\t<span class=\"tribe-event-date-start\">Septiembre 9<\/span>\t<\/time>\n\t\n<span class=\"tribe-events-calendar-series-archive__container\">\n\t<a\n\t\thref=\"https:\/\/formakunde.eus\/es\/series\/matriculacion-igualdad-de-mujeres-y-hombres-conceptos-basicos\/\"\n\t\taria-label=\"Event series: Matriculaci\u00f3n: Igualdad de mujeres y hombres. Conceptos b\u00e1sicos.\"\n\t\tclass=\"tribe-events-calendar-series-archive__link\"\n\t>\n\t\t\n<svg  class=\"tribe-common-c-svgicon tribe-common-c-svgicon--series tribe-events-series-archive__icon\"  width=\"14\" height=\"12\" viewBox=\"0 0 14 12\" fill=\"none\" xmlns=\"http:\/\/www.w3.org\/2000\/svg\" aria-hidden=\"true\">\n\t<rect x=\"0.5\" y=\"4.5\" width=\"9\" height=\"7\" \/>\n\t<path d=\"M2 2.5H11.5V10\" \/>\n\t<path d=\"M4 0.5H13.5V8\" \/>\n<\/svg>\n\t<\/a>\n<\/span>\n<\/div>\n\t\t<div class=\"tribe-events-calendar-month__calendar-event-tooltip-title tribe-common-h7\">\n\t<a\n\t\thref=\"https:\/\/formakunde.eus\/es\/event\/matriculacion-igualdad-de-mujeres-y-hombres-conceptos-basicos\/2026-09-09\/\"\n\t\ttitle=\"Matriculaci\u00f3n: Igualdad de mujeres y hombres. Conceptos b\u00e1sicos.\"\n\t\trel=\"bookmark\"\n\t\tclass=\"tribe-events-calendar-month__calendar-event-tooltip-title-link tribe-common-anchor-thin\"\n\t>\n\t\tMatriculaci\u00f3n: Igualdad de mujeres y hombres. Conceptos b\u00e1sicos.\t<\/a>\n<\/div>\n\t\t<div class=\"tribe-events-calendar-month__calendar-event-tooltip-description tribe-common-b3\">\n\t<p>Una de las mayores transformaciones sociales ha sido el acceso de las mujeres a la igualdad formal, fruto de la lucha de muchas mujeres y algunos hombres dispuestos a poner [&hellip;]<\/p>\n<\/div>\n\t\t\t<\/div>\n<\/div>\n\t<\/article>\n<\/div>\n\n\n\t\t\t<\/div>\n\n\t\n<\/div>\n<\/td>\n\n\t\t\t\n\t\t\t\t<td\n\t class=\"tribe-events-calendar-month__day\" \taria-labelledby=\"tribe-events-calendar-day-2026-09-10\"\n\tdata-js=\"tribe-events-month-grid-cell\"\n>\n\t<button\n\taria-expanded=\"false\"\n\taria-controls=\"tribe-events-calendar-mobile-day-2026-09-10\"\n\taria-label=\"Septiembre 10, 2 eventos, pr\u00f3ximo d\u00eda\"\n\t class=\"tribe-events-calendar-month__day-cell tribe-events-calendar-month__day-cell--mobile\" \tdata-js=\"tribe-events-calendar-month-day-cell-mobile\"\n>\n\t<h3 class=\"tribe-events-calendar-month__day-date tribe-common-h6 tribe-common-h--alt\">\n\t\t<span class=\"tribe-common-a11y-visual-hide\">\n\t\t\t2 eventos\t\t<\/span>\n\t\t<time\n\t\t\tclass=\"tribe-events-calendar-month__day-date-daynum\"\n\t\t\tdatetime=\"2026-09-10\"\n\t\t>\n\t\t\t10\t\t<\/time>\n\t<\/h3>\n\t\n\t<span class=\"tribe-events-calendar-month__mobile-events-icon tribe-events-calendar-month__mobile-events-icon--event\" >\n\t<\/span>\n<\/button>\n\t\n<div\n\tid=\"tribe-events-calendar-day-2026-09-10\"\n\tclass=\"tribe-events-calendar-month__day-cell tribe-events-calendar-month__day-cell--desktop tribe-common-a11y-hidden\"\n>\n\t\n<h3 class=\"tribe-events-calendar-month__day-date tribe-common-h4\">\n\t<span class=\"tribe-common-a11y-visual-hide\">\n\t\t2 eventos,\n\t<\/span>\n\t<time\n\t\tclass=\"tribe-events-calendar-month__day-date-daynum\"\n\t\tdatetime=\"2026-09-10\"\n\t>\n\t\t\t\t\t<a\n\t\t\t\thref=\"https:\/\/formakunde.eus\/es\/(\/?:events|eventos|ekitaldiak)\/2026-09-10\/&#038;shortcode=tribe-widget-events-month--1\"\n\t\t\t\tclass=\"tribe-events-calendar-month__day-date-link\"\n\t\t\t\tdata-js=\"tribe-events-view-link\"\n\t\t\t\taria-label=\"Septiembre 10\"\n\t\t\t>\n\t\t\t\t10\t\t\t<\/a>\n\t\t\t<\/time>\n<\/h3>\n\n\t<div class=\"tribe-events-calendar-month__events\">\n\t\t\n\t<div class=\"tribe-events-calendar-month__multiday-event-wrapper\">\n\t<article  class=\"tribe-events-calendar-month__multiday-event post-10000212 tribe_events type-tribe_events status-publish has-post-thumbnail hentry tribe_events_cat-matriculacion cat_matriculacion tribe-recurring-event tribe-recurring-event-parent tribe-events-calendar-month__multiday-event--width-1 tribe-events-calendar-month__multiday-event--display tribe-events-calendar-month__multiday-event--start tribe-events-calendar-month__multiday-event--end\"  data-event-id=\"10000212\">\n\t\t<div class=\"tribe-events-calendar-month__multiday-event-hidden\">\n\t<time\n\tdatetime=\"2026-09-10\"\n\tclass=\"tribe-common-a11y-visual-hide\"\n>\n\t2026-09-10<\/time>\n\t<a\n\thref=\"https:\/\/formakunde.eus\/es\/event\/matriculacion-masculinidades-hombres-e-igualdad-retos-y-resistencias\/2026-09-10\/\"\n\tclass=\"tribe-events-calendar-month__multiday-event-hidden-link\"\n\tdata-js=\"tribe-events-tooltip\"\n\tdata-tooltip-content=\"#tribe-events-tooltip-content-10000212\"\n\taria-describedby=\"tribe-events-tooltip-content-10000212\"\n>\n\t\t<div class=\"tribe-events-calendar-month__multiday-event-hidden-title tribe-common-h8\">\n\tMatriculaci\u00f3n: Masculinidades. Hombres e igualdad: retos y resistencias<\/div>\n<\/a>\n<\/div>\n\t\t<div class=\"tribe-events-calendar-month__multiday-event-bar\">\n\t<div class=\"tribe-events-calendar-month__multiday-event-bar-inner\">\n\t\t\t\t<div class=\"tribe-events-calendar-month__multiday-event-bar-title tribe-common-h8\">\n\tMatriculaci\u00f3n: Masculinidades. Hombres e igualdad: retos y resistencias<\/div>\n\n<span class=\"tribe-events-calendar-series-archive__container\">\n\t\n<svg  class=\"tribe-common-c-svgicon tribe-common-c-svgicon--series tribe-events-series-archive__icon\"  width=\"14\" height=\"12\" viewBox=\"0 0 14 12\" fill=\"none\" xmlns=\"http:\/\/www.w3.org\/2000\/svg\" aria-hidden=\"true\">\n\t<rect x=\"0.5\" y=\"4.5\" width=\"9\" height=\"7\" \/>\n\t<path d=\"M2 2.5H11.5V10\" \/>\n\t<path d=\"M4 0.5H13.5V8\" \/>\n<\/svg>\n<\/span>\n\t<\/div>\n<\/div>\n<div class=\"tribe-events-calendar-month__calendar-event-tooltip-template tribe-common-a11y-hidden\">\n\t<div\n\t\tclass=\"tribe-events-calendar-month__calendar-event-tooltip\"\n\t\tid=\"tribe-events-tooltip-content-10000212\"\n\t\trole=\"tooltip\"\n\t>\n\t\t<div class=\"tribe-events-calendar-month__calendar-event-tooltip-featured-image-wrapper\">\n\t<img\n\t\tclass=\"tribe-events-calendar-month__calendar-event-tooltip-featured-image\"\n\t\tsrc=\"https:\/\/formakunde.eus\/wp-content\/uploads\/2025\/04\/MASCULINIDADES_caratula-curso-online_Emakunde.jpg\"\n\t\t\t\t\tsrcset=\"https:\/\/formakunde.eus\/wp-content\/uploads\/2025\/04\/MASCULINIDADES_caratula-curso-online_Emakunde-300x215.jpg 300w, https:\/\/formakunde.eus\/wp-content\/uploads\/2025\/04\/MASCULINIDADES_caratula-curso-online_Emakunde.jpg 694w\"\n\t\t\t\t\t\t\talt=\"\"\n\t\t\t\/>\n<\/div>\n\t\t<div class=\"tribe-events-calendar-month__calendar-event-tooltip-datetime\">\n\t\t<time datetime=\"2026-09-10\">\n\t\t<span class=\"tribe-event-date-start\">Septiembre 10<\/span>\t<\/time>\n\t\n<span class=\"tribe-events-calendar-series-archive__container\">\n\t<a\n\t\thref=\"https:\/\/formakunde.eus\/es\/series\/matriculacion-masculinidades-hombres-e-igualdad-retos-y-resistencias\/\"\n\t\taria-label=\"Event series: Matriculaci\u00f3n: Masculinidades. Hombres e igualdad: retos y resistencias\"\n\t\tclass=\"tribe-events-calendar-series-archive__link\"\n\t>\n\t\t\n<svg  class=\"tribe-common-c-svgicon tribe-common-c-svgicon--series tribe-events-series-archive__icon\"  width=\"14\" height=\"12\" viewBox=\"0 0 14 12\" fill=\"none\" xmlns=\"http:\/\/www.w3.org\/2000\/svg\" aria-hidden=\"true\">\n\t<rect x=\"0.5\" y=\"4.5\" width=\"9\" height=\"7\" \/>\n\t<path d=\"M2 2.5H11.5V10\" \/>\n\t<path d=\"M4 0.5H13.5V8\" \/>\n<\/svg>\n\t<\/a>\n<\/span>\n<\/div>\n\t\t<div class=\"tribe-events-calendar-month__calendar-event-tooltip-title tribe-common-h7\">\n\t<a\n\t\thref=\"https:\/\/formakunde.eus\/es\/event\/matriculacion-masculinidades-hombres-e-igualdad-retos-y-resistencias\/2026-09-10\/\"\n\t\ttitle=\"Matriculaci\u00f3n: Masculinidades. Hombres e igualdad: retos y resistencias\"\n\t\trel=\"bookmark\"\n\t\tclass=\"tribe-events-calendar-month__calendar-event-tooltip-title-link tribe-common-anchor-thin\"\n\t>\n\t\tMatriculaci\u00f3n: Masculinidades. Hombres e igualdad: retos y resistencias\t<\/a>\n<\/div>\n\t\t<div class=\"tribe-events-calendar-month__calendar-event-tooltip-description tribe-common-b3\">\n\t<p>En este curso se abordar\u00e1n las diferentes expresiones de masculinidades que existen en nuestras sociedades y las consecuencias que ello implica para las mujeres y para los propios hombres. A [&hellip;]<\/p>\n<\/div>\n\t\t\t<\/div>\n<\/div>\n\t<\/article>\n<\/div>\n\n\t<div class=\"tribe-events-calendar-month__multiday-event-wrapper\">\n\t<article  class=\"tribe-events-calendar-month__multiday-event post-10000603 tribe_events type-tribe_events status-publish has-post-thumbnail hentry tribe_events_cat-matriculacion-2 cat_matriculacion-2 tribe-recurring-event tribe-recurring-event-parent tribe-events-calendar-month__multiday-event--width-1 tribe-events-calendar-month__multiday-event--display tribe-events-calendar-month__multiday-event--start tribe-events-calendar-month__multiday-event--end\"  data-event-id=\"10000603\">\n\t\t<div class=\"tribe-events-calendar-month__multiday-event-hidden\">\n\t<time\n\tdatetime=\"2026-09-10\"\n\tclass=\"tribe-common-a11y-visual-hide\"\n>\n\t2026-09-10<\/time>\n\t<a\n\thref=\"https:\/\/formakunde.eus\/es\/event\/matriculacion-igualdad-de-mujeres-y-hombres-conceptos-basicos\/2026-09-10\/\"\n\tclass=\"tribe-events-calendar-month__multiday-event-hidden-link\"\n\tdata-js=\"tribe-events-tooltip\"\n\tdata-tooltip-content=\"#tribe-events-tooltip-content-10000603\"\n\taria-describedby=\"tribe-events-tooltip-content-10000603\"\n>\n\t\t<div class=\"tribe-events-calendar-month__multiday-event-hidden-title tribe-common-h8\">\n\tMatriculaci\u00f3n: Igualdad de mujeres y hombres. Conceptos b\u00e1sicos.<\/div>\n<\/a>\n<\/div>\n\t\t<div class=\"tribe-events-calendar-month__multiday-event-bar\">\n\t<div class=\"tribe-events-calendar-month__multiday-event-bar-inner\">\n\t\t\t\t<div class=\"tribe-events-calendar-month__multiday-event-bar-title tribe-common-h8\">\n\tMatriculaci\u00f3n: Igualdad de mujeres y hombres. Conceptos b\u00e1sicos.<\/div>\n\n<span class=\"tribe-events-calendar-series-archive__container\">\n\t\n<svg  class=\"tribe-common-c-svgicon tribe-common-c-svgicon--series tribe-events-series-archive__icon\"  width=\"14\" height=\"12\" viewBox=\"0 0 14 12\" fill=\"none\" xmlns=\"http:\/\/www.w3.org\/2000\/svg\" aria-hidden=\"true\">\n\t<rect x=\"0.5\" y=\"4.5\" width=\"9\" height=\"7\" \/>\n\t<path d=\"M2 2.5H11.5V10\" \/>\n\t<path d=\"M4 0.5H13.5V8\" \/>\n<\/svg>\n<\/span>\n\t<\/div>\n<\/div>\n<div class=\"tribe-events-calendar-month__calendar-event-tooltip-template tribe-common-a11y-hidden\">\n\t<div\n\t\tclass=\"tribe-events-calendar-month__calendar-event-tooltip\"\n\t\tid=\"tribe-events-tooltip-content-10000603\"\n\t\trole=\"tooltip\"\n\t>\n\t\t<div class=\"tribe-events-calendar-month__calendar-event-tooltip-featured-image-wrapper\">\n\t<img\n\t\tclass=\"tribe-events-calendar-month__calendar-event-tooltip-featured-image\"\n\t\tsrc=\"https:\/\/formakunde.eus\/wp-content\/uploads\/2025\/04\/IGUALDAD_caratula-curso-online_Emakunde-1.jpg\"\n\t\t\t\t\tsrcset=\"https:\/\/formakunde.eus\/wp-content\/uploads\/2025\/04\/IGUALDAD_caratula-curso-online_Emakunde-1-300x215.jpg 300w, https:\/\/formakunde.eus\/wp-content\/uploads\/2025\/04\/IGUALDAD_caratula-curso-online_Emakunde-1.jpg 694w\"\n\t\t\t\t\t\t\talt=\"\"\n\t\t\t\/>\n<\/div>\n\t\t<div class=\"tribe-events-calendar-month__calendar-event-tooltip-datetime\">\n\t\t<time datetime=\"2026-09-10\">\n\t\t<span class=\"tribe-event-date-start\">Septiembre 10<\/span>\t<\/time>\n\t\n<span class=\"tribe-events-calendar-series-archive__container\">\n\t<a\n\t\thref=\"https:\/\/formakunde.eus\/es\/series\/matriculacion-igualdad-de-mujeres-y-hombres-conceptos-basicos\/\"\n\t\taria-label=\"Event series: Matriculaci\u00f3n: Igualdad de mujeres y hombres. Conceptos b\u00e1sicos.\"\n\t\tclass=\"tribe-events-calendar-series-archive__link\"\n\t>\n\t\t\n<svg  class=\"tribe-common-c-svgicon tribe-common-c-svgicon--series tribe-events-series-archive__icon\"  width=\"14\" height=\"12\" viewBox=\"0 0 14 12\" fill=\"none\" xmlns=\"http:\/\/www.w3.org\/2000\/svg\" aria-hidden=\"true\">\n\t<rect x=\"0.5\" y=\"4.5\" width=\"9\" height=\"7\" \/>\n\t<path d=\"M2 2.5H11.5V10\" \/>\n\t<path d=\"M4 0.5H13.5V8\" \/>\n<\/svg>\n\t<\/a>\n<\/span>\n<\/div>\n\t\t<div class=\"tribe-events-calendar-month__calendar-event-tooltip-title tribe-common-h7\">\n\t<a\n\t\thref=\"https:\/\/formakunde.eus\/es\/event\/matriculacion-igualdad-de-mujeres-y-hombres-conceptos-basicos\/2026-09-10\/\"\n\t\ttitle=\"Matriculaci\u00f3n: Igualdad de mujeres y hombres. Conceptos b\u00e1sicos.\"\n\t\trel=\"bookmark\"\n\t\tclass=\"tribe-events-calendar-month__calendar-event-tooltip-title-link tribe-common-anchor-thin\"\n\t>\n\t\tMatriculaci\u00f3n: Igualdad de mujeres y hombres. Conceptos b\u00e1sicos.\t<\/a>\n<\/div>\n\t\t<div class=\"tribe-events-calendar-month__calendar-event-tooltip-description tribe-common-b3\">\n\t<p>Una de las mayores transformaciones sociales ha sido el acceso de las mujeres a la igualdad formal, fruto de la lucha de muchas mujeres y algunos hombres dispuestos a poner [&hellip;]<\/p>\n<\/div>\n\t\t\t<\/div>\n<\/div>\n\t<\/article>\n<\/div>\n\n\n\t\t\t<\/div>\n\n\t\n<\/div>\n<\/td>\n\n\t\t\t\n\t\t\t\t<td\n\t class=\"tribe-events-calendar-month__day\" \taria-labelledby=\"tribe-events-calendar-day-2026-09-11\"\n\tdata-js=\"tribe-events-month-grid-cell\"\n>\n\t<button\n\taria-expanded=\"false\"\n\taria-controls=\"tribe-events-calendar-mobile-day-2026-09-11\"\n\taria-label=\"Septiembre 11, 2 eventos, pr\u00f3ximo d\u00eda\"\n\t class=\"tribe-events-calendar-month__day-cell tribe-events-calendar-month__day-cell--mobile\" \tdata-js=\"tribe-events-calendar-month-day-cell-mobile\"\n>\n\t<h3 class=\"tribe-events-calendar-month__day-date tribe-common-h6 tribe-common-h--alt\">\n\t\t<span class=\"tribe-common-a11y-visual-hide\">\n\t\t\t2 eventos\t\t<\/span>\n\t\t<time\n\t\t\tclass=\"tribe-events-calendar-month__day-date-daynum\"\n\t\t\tdatetime=\"2026-09-11\"\n\t\t>\n\t\t\t11\t\t<\/time>\n\t<\/h3>\n\t\n\t<span class=\"tribe-events-calendar-month__mobile-events-icon tribe-events-calendar-month__mobile-events-icon--event\" >\n\t<\/span>\n<\/button>\n\t\n<div\n\tid=\"tribe-events-calendar-day-2026-09-11\"\n\tclass=\"tribe-events-calendar-month__day-cell tribe-events-calendar-month__day-cell--desktop tribe-common-a11y-hidden\"\n>\n\t\n<h3 class=\"tribe-events-calendar-month__day-date tribe-common-h4\">\n\t<span class=\"tribe-common-a11y-visual-hide\">\n\t\t2 eventos,\n\t<\/span>\n\t<time\n\t\tclass=\"tribe-events-calendar-month__day-date-daynum\"\n\t\tdatetime=\"2026-09-11\"\n\t>\n\t\t\t\t\t<a\n\t\t\t\thref=\"https:\/\/formakunde.eus\/es\/(\/?:events|eventos|ekitaldiak)\/2026-09-11\/&#038;shortcode=tribe-widget-events-month--1\"\n\t\t\t\tclass=\"tribe-events-calendar-month__day-date-link\"\n\t\t\t\tdata-js=\"tribe-events-view-link\"\n\t\t\t\taria-label=\"Septiembre 11\"\n\t\t\t>\n\t\t\t\t11\t\t\t<\/a>\n\t\t\t<\/time>\n<\/h3>\n\n\t<div class=\"tribe-events-calendar-month__events\">\n\t\t\n\t<div class=\"tribe-events-calendar-month__multiday-event-wrapper\">\n\t<article  class=\"tribe-events-calendar-month__multiday-event post-10000213 tribe_events type-tribe_events status-publish has-post-thumbnail hentry tribe_events_cat-matriculacion cat_matriculacion tribe-recurring-event tribe-recurring-event-parent tribe-events-calendar-month__multiday-event--width-1 tribe-events-calendar-month__multiday-event--display tribe-events-calendar-month__multiday-event--start tribe-events-calendar-month__multiday-event--end\"  data-event-id=\"10000213\">\n\t\t<div class=\"tribe-events-calendar-month__multiday-event-hidden\">\n\t<time\n\tdatetime=\"2026-09-11\"\n\tclass=\"tribe-common-a11y-visual-hide\"\n>\n\t2026-09-11<\/time>\n\t<a\n\thref=\"https:\/\/formakunde.eus\/es\/event\/matriculacion-masculinidades-hombres-e-igualdad-retos-y-resistencias\/2026-09-11\/\"\n\tclass=\"tribe-events-calendar-month__multiday-event-hidden-link\"\n\tdata-js=\"tribe-events-tooltip\"\n\tdata-tooltip-content=\"#tribe-events-tooltip-content-10000213\"\n\taria-describedby=\"tribe-events-tooltip-content-10000213\"\n>\n\t\t<div class=\"tribe-events-calendar-month__multiday-event-hidden-title tribe-common-h8\">\n\tMatriculaci\u00f3n: Masculinidades. Hombres e igualdad: retos y resistencias<\/div>\n<\/a>\n<\/div>\n\t\t<div class=\"tribe-events-calendar-month__multiday-event-bar\">\n\t<div class=\"tribe-events-calendar-month__multiday-event-bar-inner\">\n\t\t\t\t<div class=\"tribe-events-calendar-month__multiday-event-bar-title tribe-common-h8\">\n\tMatriculaci\u00f3n: Masculinidades. Hombres e igualdad: retos y resistencias<\/div>\n\n<span class=\"tribe-events-calendar-series-archive__container\">\n\t\n<svg  class=\"tribe-common-c-svgicon tribe-common-c-svgicon--series tribe-events-series-archive__icon\"  width=\"14\" height=\"12\" viewBox=\"0 0 14 12\" fill=\"none\" xmlns=\"http:\/\/www.w3.org\/2000\/svg\" aria-hidden=\"true\">\n\t<rect x=\"0.5\" y=\"4.5\" width=\"9\" height=\"7\" \/>\n\t<path d=\"M2 2.5H11.5V10\" \/>\n\t<path d=\"M4 0.5H13.5V8\" \/>\n<\/svg>\n<\/span>\n\t<\/div>\n<\/div>\n<div class=\"tribe-events-calendar-month__calendar-event-tooltip-template tribe-common-a11y-hidden\">\n\t<div\n\t\tclass=\"tribe-events-calendar-month__calendar-event-tooltip\"\n\t\tid=\"tribe-events-tooltip-content-10000213\"\n\t\trole=\"tooltip\"\n\t>\n\t\t<div class=\"tribe-events-calendar-month__calendar-event-tooltip-featured-image-wrapper\">\n\t<img\n\t\tclass=\"tribe-events-calendar-month__calendar-event-tooltip-featured-image\"\n\t\tsrc=\"https:\/\/formakunde.eus\/wp-content\/uploads\/2025\/04\/MASCULINIDADES_caratula-curso-online_Emakunde.jpg\"\n\t\t\t\t\tsrcset=\"https:\/\/formakunde.eus\/wp-content\/uploads\/2025\/04\/MASCULINIDADES_caratula-curso-online_Emakunde-300x215.jpg 300w, https:\/\/formakunde.eus\/wp-content\/uploads\/2025\/04\/MASCULINIDADES_caratula-curso-online_Emakunde.jpg 694w\"\n\t\t\t\t\t\t\talt=\"\"\n\t\t\t\/>\n<\/div>\n\t\t<div class=\"tribe-events-calendar-month__calendar-event-tooltip-datetime\">\n\t\t<time datetime=\"2026-09-11\">\n\t\t<span class=\"tribe-event-date-start\">Septiembre 11<\/span>\t<\/time>\n\t\n<span class=\"tribe-events-calendar-series-archive__container\">\n\t<a\n\t\thref=\"https:\/\/formakunde.eus\/es\/series\/matriculacion-masculinidades-hombres-e-igualdad-retos-y-resistencias\/\"\n\t\taria-label=\"Event series: Matriculaci\u00f3n: Masculinidades. Hombres e igualdad: retos y resistencias\"\n\t\tclass=\"tribe-events-calendar-series-archive__link\"\n\t>\n\t\t\n<svg  class=\"tribe-common-c-svgicon tribe-common-c-svgicon--series tribe-events-series-archive__icon\"  width=\"14\" height=\"12\" viewBox=\"0 0 14 12\" fill=\"none\" xmlns=\"http:\/\/www.w3.org\/2000\/svg\" aria-hidden=\"true\">\n\t<rect x=\"0.5\" y=\"4.5\" width=\"9\" height=\"7\" \/>\n\t<path d=\"M2 2.5H11.5V10\" \/>\n\t<path d=\"M4 0.5H13.5V8\" \/>\n<\/svg>\n\t<\/a>\n<\/span>\n<\/div>\n\t\t<div class=\"tribe-events-calendar-month__calendar-event-tooltip-title tribe-common-h7\">\n\t<a\n\t\thref=\"https:\/\/formakunde.eus\/es\/event\/matriculacion-masculinidades-hombres-e-igualdad-retos-y-resistencias\/2026-09-11\/\"\n\t\ttitle=\"Matriculaci\u00f3n: Masculinidades. Hombres e igualdad: retos y resistencias\"\n\t\trel=\"bookmark\"\n\t\tclass=\"tribe-events-calendar-month__calendar-event-tooltip-title-link tribe-common-anchor-thin\"\n\t>\n\t\tMatriculaci\u00f3n: Masculinidades. Hombres e igualdad: retos y resistencias\t<\/a>\n<\/div>\n\t\t<div class=\"tribe-events-calendar-month__calendar-event-tooltip-description tribe-common-b3\">\n\t<p>En este curso se abordar\u00e1n las diferentes expresiones de masculinidades que existen en nuestras sociedades y las consecuencias que ello implica para las mujeres y para los propios hombres. A [&hellip;]<\/p>\n<\/div>\n\t\t\t<\/div>\n<\/div>\n\t<\/article>\n<\/div>\n\n\t<div class=\"tribe-events-calendar-month__multiday-event-wrapper\">\n\t<article  class=\"tribe-events-calendar-month__multiday-event post-10000604 tribe_events type-tribe_events status-publish has-post-thumbnail hentry tribe_events_cat-matriculacion-2 cat_matriculacion-2 tribe-recurring-event tribe-recurring-event-parent tribe-events-calendar-month__multiday-event--width-1 tribe-events-calendar-month__multiday-event--display tribe-events-calendar-month__multiday-event--start tribe-events-calendar-month__multiday-event--end\"  data-event-id=\"10000604\">\n\t\t<div class=\"tribe-events-calendar-month__multiday-event-hidden\">\n\t<time\n\tdatetime=\"2026-09-11\"\n\tclass=\"tribe-common-a11y-visual-hide\"\n>\n\t2026-09-11<\/time>\n\t<a\n\thref=\"https:\/\/formakunde.eus\/es\/event\/matriculacion-igualdad-de-mujeres-y-hombres-conceptos-basicos\/2026-09-11\/\"\n\tclass=\"tribe-events-calendar-month__multiday-event-hidden-link\"\n\tdata-js=\"tribe-events-tooltip\"\n\tdata-tooltip-content=\"#tribe-events-tooltip-content-10000604\"\n\taria-describedby=\"tribe-events-tooltip-content-10000604\"\n>\n\t\t<div class=\"tribe-events-calendar-month__multiday-event-hidden-title tribe-common-h8\">\n\tMatriculaci\u00f3n: Igualdad de mujeres y hombres. Conceptos b\u00e1sicos.<\/div>\n<\/a>\n<\/div>\n\t\t<div class=\"tribe-events-calendar-month__multiday-event-bar\">\n\t<div class=\"tribe-events-calendar-month__multiday-event-bar-inner\">\n\t\t\t\t<div class=\"tribe-events-calendar-month__multiday-event-bar-title tribe-common-h8\">\n\tMatriculaci\u00f3n: Igualdad de mujeres y hombres. Conceptos b\u00e1sicos.<\/div>\n\n<span class=\"tribe-events-calendar-series-archive__container\">\n\t\n<svg  class=\"tribe-common-c-svgicon tribe-common-c-svgicon--series tribe-events-series-archive__icon\"  width=\"14\" height=\"12\" viewBox=\"0 0 14 12\" fill=\"none\" xmlns=\"http:\/\/www.w3.org\/2000\/svg\" aria-hidden=\"true\">\n\t<rect x=\"0.5\" y=\"4.5\" width=\"9\" height=\"7\" \/>\n\t<path d=\"M2 2.5H11.5V10\" \/>\n\t<path d=\"M4 0.5H13.5V8\" \/>\n<\/svg>\n<\/span>\n\t<\/div>\n<\/div>\n<div class=\"tribe-events-calendar-month__calendar-event-tooltip-template tribe-common-a11y-hidden\">\n\t<div\n\t\tclass=\"tribe-events-calendar-month__calendar-event-tooltip\"\n\t\tid=\"tribe-events-tooltip-content-10000604\"\n\t\trole=\"tooltip\"\n\t>\n\t\t<div class=\"tribe-events-calendar-month__calendar-event-tooltip-featured-image-wrapper\">\n\t<img\n\t\tclass=\"tribe-events-calendar-month__calendar-event-tooltip-featured-image\"\n\t\tsrc=\"https:\/\/formakunde.eus\/wp-content\/uploads\/2025\/04\/IGUALDAD_caratula-curso-online_Emakunde-1.jpg\"\n\t\t\t\t\tsrcset=\"https:\/\/formakunde.eus\/wp-content\/uploads\/2025\/04\/IGUALDAD_caratula-curso-online_Emakunde-1-300x215.jpg 300w, https:\/\/formakunde.eus\/wp-content\/uploads\/2025\/04\/IGUALDAD_caratula-curso-online_Emakunde-1.jpg 694w\"\n\t\t\t\t\t\t\talt=\"\"\n\t\t\t\/>\n<\/div>\n\t\t<div class=\"tribe-events-calendar-month__calendar-event-tooltip-datetime\">\n\t\t<time datetime=\"2026-09-11\">\n\t\t<span class=\"tribe-event-date-start\">Septiembre 11<\/span>\t<\/time>\n\t\n<span class=\"tribe-events-calendar-series-archive__container\">\n\t<a\n\t\thref=\"https:\/\/formakunde.eus\/es\/series\/matriculacion-igualdad-de-mujeres-y-hombres-conceptos-basicos\/\"\n\t\taria-label=\"Event series: Matriculaci\u00f3n: Igualdad de mujeres y hombres. Conceptos b\u00e1sicos.\"\n\t\tclass=\"tribe-events-calendar-series-archive__link\"\n\t>\n\t\t\n<svg  class=\"tribe-common-c-svgicon tribe-common-c-svgicon--series tribe-events-series-archive__icon\"  width=\"14\" height=\"12\" viewBox=\"0 0 14 12\" fill=\"none\" xmlns=\"http:\/\/www.w3.org\/2000\/svg\" aria-hidden=\"true\">\n\t<rect x=\"0.5\" y=\"4.5\" width=\"9\" height=\"7\" \/>\n\t<path d=\"M2 2.5H11.5V10\" \/>\n\t<path d=\"M4 0.5H13.5V8\" \/>\n<\/svg>\n\t<\/a>\n<\/span>\n<\/div>\n\t\t<div class=\"tribe-events-calendar-month__calendar-event-tooltip-title tribe-common-h7\">\n\t<a\n\t\thref=\"https:\/\/formakunde.eus\/es\/event\/matriculacion-igualdad-de-mujeres-y-hombres-conceptos-basicos\/2026-09-11\/\"\n\t\ttitle=\"Matriculaci\u00f3n: Igualdad de mujeres y hombres. Conceptos b\u00e1sicos.\"\n\t\trel=\"bookmark\"\n\t\tclass=\"tribe-events-calendar-month__calendar-event-tooltip-title-link tribe-common-anchor-thin\"\n\t>\n\t\tMatriculaci\u00f3n: Igualdad de mujeres y hombres. Conceptos b\u00e1sicos.\t<\/a>\n<\/div>\n\t\t<div class=\"tribe-events-calendar-month__calendar-event-tooltip-description tribe-common-b3\">\n\t<p>Una de las mayores transformaciones sociales ha sido el acceso de las mujeres a la igualdad formal, fruto de la lucha de muchas mujeres y algunos hombres dispuestos a poner [&hellip;]<\/p>\n<\/div>\n\t\t\t<\/div>\n<\/div>\n\t<\/article>\n<\/div>\n\n\n\t\t\t<\/div>\n\n\t\n<\/div>\n<\/td>\n\n\t\t\t\n\t\t\t\t<td\n\t class=\"tribe-events-calendar-month__day\" \taria-labelledby=\"tribe-events-calendar-day-2026-09-12\"\n\tdata-js=\"tribe-events-month-grid-cell\"\n>\n\t<button\n\taria-expanded=\"false\"\n\taria-controls=\"tribe-events-calendar-mobile-day-2026-09-12\"\n\taria-label=\"Septiembre 12, 2 eventos, pr\u00f3ximo d\u00eda\"\n\t class=\"tribe-events-calendar-month__day-cell tribe-events-calendar-month__day-cell--mobile\" \tdata-js=\"tribe-events-calendar-month-day-cell-mobile\"\n>\n\t<h3 class=\"tribe-events-calendar-month__day-date tribe-common-h6 tribe-common-h--alt\">\n\t\t<span class=\"tribe-common-a11y-visual-hide\">\n\t\t\t2 eventos\t\t<\/span>\n\t\t<time\n\t\t\tclass=\"tribe-events-calendar-month__day-date-daynum\"\n\t\t\tdatetime=\"2026-09-12\"\n\t\t>\n\t\t\t12\t\t<\/time>\n\t<\/h3>\n\t\n\t<span class=\"tribe-events-calendar-month__mobile-events-icon tribe-events-calendar-month__mobile-events-icon--event\" >\n\t<\/span>\n<\/button>\n\t\n<div\n\tid=\"tribe-events-calendar-day-2026-09-12\"\n\tclass=\"tribe-events-calendar-month__day-cell tribe-events-calendar-month__day-cell--desktop tribe-common-a11y-hidden\"\n>\n\t\n<h3 class=\"tribe-events-calendar-month__day-date tribe-common-h4\">\n\t<span class=\"tribe-common-a11y-visual-hide\">\n\t\t2 eventos,\n\t<\/span>\n\t<time\n\t\tclass=\"tribe-events-calendar-month__day-date-daynum\"\n\t\tdatetime=\"2026-09-12\"\n\t>\n\t\t\t\t\t<a\n\t\t\t\thref=\"https:\/\/formakunde.eus\/es\/(\/?:events|eventos|ekitaldiak)\/2026-09-12\/&#038;shortcode=tribe-widget-events-month--1\"\n\t\t\t\tclass=\"tribe-events-calendar-month__day-date-link\"\n\t\t\t\tdata-js=\"tribe-events-view-link\"\n\t\t\t\taria-label=\"Septiembre 12\"\n\t\t\t>\n\t\t\t\t12\t\t\t<\/a>\n\t\t\t<\/time>\n<\/h3>\n\n\t<div class=\"tribe-events-calendar-month__events\">\n\t\t\n\t<div class=\"tribe-events-calendar-month__multiday-event-wrapper\">\n\t<article  class=\"tribe-events-calendar-month__multiday-event post-10000214 tribe_events type-tribe_events status-publish has-post-thumbnail hentry tribe_events_cat-matriculacion cat_matriculacion tribe-recurring-event tribe-recurring-event-parent tribe-events-calendar-month__multiday-event--width-1 tribe-events-calendar-month__multiday-event--display tribe-events-calendar-month__multiday-event--start tribe-events-calendar-month__multiday-event--end\"  data-event-id=\"10000214\">\n\t\t<div class=\"tribe-events-calendar-month__multiday-event-hidden\">\n\t<time\n\tdatetime=\"2026-09-12\"\n\tclass=\"tribe-common-a11y-visual-hide\"\n>\n\t2026-09-12<\/time>\n\t<a\n\thref=\"https:\/\/formakunde.eus\/es\/event\/matriculacion-masculinidades-hombres-e-igualdad-retos-y-resistencias\/2026-09-12\/\"\n\tclass=\"tribe-events-calendar-month__multiday-event-hidden-link\"\n\tdata-js=\"tribe-events-tooltip\"\n\tdata-tooltip-content=\"#tribe-events-tooltip-content-10000214\"\n\taria-describedby=\"tribe-events-tooltip-content-10000214\"\n>\n\t\t<div class=\"tribe-events-calendar-month__multiday-event-hidden-title tribe-common-h8\">\n\tMatriculaci\u00f3n: Masculinidades. Hombres e igualdad: retos y resistencias<\/div>\n<\/a>\n<\/div>\n\t\t<div class=\"tribe-events-calendar-month__multiday-event-bar\">\n\t<div class=\"tribe-events-calendar-month__multiday-event-bar-inner\">\n\t\t\t\t<div class=\"tribe-events-calendar-month__multiday-event-bar-title tribe-common-h8\">\n\tMatriculaci\u00f3n: Masculinidades. Hombres e igualdad: retos y resistencias<\/div>\n\n<span class=\"tribe-events-calendar-series-archive__container\">\n\t\n<svg  class=\"tribe-common-c-svgicon tribe-common-c-svgicon--series tribe-events-series-archive__icon\"  width=\"14\" height=\"12\" viewBox=\"0 0 14 12\" fill=\"none\" xmlns=\"http:\/\/www.w3.org\/2000\/svg\" aria-hidden=\"true\">\n\t<rect x=\"0.5\" y=\"4.5\" width=\"9\" height=\"7\" \/>\n\t<path d=\"M2 2.5H11.5V10\" \/>\n\t<path d=\"M4 0.5H13.5V8\" \/>\n<\/svg>\n<\/span>\n\t<\/div>\n<\/div>\n<div class=\"tribe-events-calendar-month__calendar-event-tooltip-template tribe-common-a11y-hidden\">\n\t<div\n\t\tclass=\"tribe-events-calendar-month__calendar-event-tooltip\"\n\t\tid=\"tribe-events-tooltip-content-10000214\"\n\t\trole=\"tooltip\"\n\t>\n\t\t<div class=\"tribe-events-calendar-month__calendar-event-tooltip-featured-image-wrapper\">\n\t<img\n\t\tclass=\"tribe-events-calendar-month__calendar-event-tooltip-featured-image\"\n\t\tsrc=\"https:\/\/formakunde.eus\/wp-content\/uploads\/2025\/04\/MASCULINIDADES_caratula-curso-online_Emakunde.jpg\"\n\t\t\t\t\tsrcset=\"https:\/\/formakunde.eus\/wp-content\/uploads\/2025\/04\/MASCULINIDADES_caratula-curso-online_Emakunde-300x215.jpg 300w, https:\/\/formakunde.eus\/wp-content\/uploads\/2025\/04\/MASCULINIDADES_caratula-curso-online_Emakunde.jpg 694w\"\n\t\t\t\t\t\t\talt=\"\"\n\t\t\t\/>\n<\/div>\n\t\t<div class=\"tribe-events-calendar-month__calendar-event-tooltip-datetime\">\n\t\t<time datetime=\"2026-09-12\">\n\t\t<span class=\"tribe-event-date-start\">Septiembre 12<\/span>\t<\/time>\n\t\n<span class=\"tribe-events-calendar-series-archive__container\">\n\t<a\n\t\thref=\"https:\/\/formakunde.eus\/es\/series\/matriculacion-masculinidades-hombres-e-igualdad-retos-y-resistencias\/\"\n\t\taria-label=\"Event series: Matriculaci\u00f3n: Masculinidades. Hombres e igualdad: retos y resistencias\"\n\t\tclass=\"tribe-events-calendar-series-archive__link\"\n\t>\n\t\t\n<svg  class=\"tribe-common-c-svgicon tribe-common-c-svgicon--series tribe-events-series-archive__icon\"  width=\"14\" height=\"12\" viewBox=\"0 0 14 12\" fill=\"none\" xmlns=\"http:\/\/www.w3.org\/2000\/svg\" aria-hidden=\"true\">\n\t<rect x=\"0.5\" y=\"4.5\" width=\"9\" height=\"7\" \/>\n\t<path d=\"M2 2.5H11.5V10\" \/>\n\t<path d=\"M4 0.5H13.5V8\" \/>\n<\/svg>\n\t<\/a>\n<\/span>\n<\/div>\n\t\t<div class=\"tribe-events-calendar-month__calendar-event-tooltip-title tribe-common-h7\">\n\t<a\n\t\thref=\"https:\/\/formakunde.eus\/es\/event\/matriculacion-masculinidades-hombres-e-igualdad-retos-y-resistencias\/2026-09-12\/\"\n\t\ttitle=\"Matriculaci\u00f3n: Masculinidades. Hombres e igualdad: retos y resistencias\"\n\t\trel=\"bookmark\"\n\t\tclass=\"tribe-events-calendar-month__calendar-event-tooltip-title-link tribe-common-anchor-thin\"\n\t>\n\t\tMatriculaci\u00f3n: Masculinidades. Hombres e igualdad: retos y resistencias\t<\/a>\n<\/div>\n\t\t<div class=\"tribe-events-calendar-month__calendar-event-tooltip-description tribe-common-b3\">\n\t<p>En este curso se abordar\u00e1n las diferentes expresiones de masculinidades que existen en nuestras sociedades y las consecuencias que ello implica para las mujeres y para los propios hombres. A [&hellip;]<\/p>\n<\/div>\n\t\t\t<\/div>\n<\/div>\n\t<\/article>\n<\/div>\n\n\t<div class=\"tribe-events-calendar-month__multiday-event-wrapper\">\n\t<article  class=\"tribe-events-calendar-month__multiday-event post-10000605 tribe_events type-tribe_events status-publish has-post-thumbnail hentry tribe_events_cat-matriculacion-2 cat_matriculacion-2 tribe-recurring-event tribe-recurring-event-parent tribe-events-calendar-month__multiday-event--width-1 tribe-events-calendar-month__multiday-event--display tribe-events-calendar-month__multiday-event--start tribe-events-calendar-month__multiday-event--end\"  data-event-id=\"10000605\">\n\t\t<div class=\"tribe-events-calendar-month__multiday-event-hidden\">\n\t<time\n\tdatetime=\"2026-09-12\"\n\tclass=\"tribe-common-a11y-visual-hide\"\n>\n\t2026-09-12<\/time>\n\t<a\n\thref=\"https:\/\/formakunde.eus\/es\/event\/matriculacion-igualdad-de-mujeres-y-hombres-conceptos-basicos\/2026-09-12\/\"\n\tclass=\"tribe-events-calendar-month__multiday-event-hidden-link\"\n\tdata-js=\"tribe-events-tooltip\"\n\tdata-tooltip-content=\"#tribe-events-tooltip-content-10000605\"\n\taria-describedby=\"tribe-events-tooltip-content-10000605\"\n>\n\t\t<div class=\"tribe-events-calendar-month__multiday-event-hidden-title tribe-common-h8\">\n\tMatriculaci\u00f3n: Igualdad de mujeres y hombres. Conceptos b\u00e1sicos.<\/div>\n<\/a>\n<\/div>\n\t\t<div class=\"tribe-events-calendar-month__multiday-event-bar\">\n\t<div class=\"tribe-events-calendar-month__multiday-event-bar-inner\">\n\t\t\t\t<div class=\"tribe-events-calendar-month__multiday-event-bar-title tribe-common-h8\">\n\tMatriculaci\u00f3n: Igualdad de mujeres y hombres. Conceptos b\u00e1sicos.<\/div>\n\n<span class=\"tribe-events-calendar-series-archive__container\">\n\t\n<svg  class=\"tribe-common-c-svgicon tribe-common-c-svgicon--series tribe-events-series-archive__icon\"  width=\"14\" height=\"12\" viewBox=\"0 0 14 12\" fill=\"none\" xmlns=\"http:\/\/www.w3.org\/2000\/svg\" aria-hidden=\"true\">\n\t<rect x=\"0.5\" y=\"4.5\" width=\"9\" height=\"7\" \/>\n\t<path d=\"M2 2.5H11.5V10\" \/>\n\t<path d=\"M4 0.5H13.5V8\" \/>\n<\/svg>\n<\/span>\n\t<\/div>\n<\/div>\n<div class=\"tribe-events-calendar-month__calendar-event-tooltip-template tribe-common-a11y-hidden\">\n\t<div\n\t\tclass=\"tribe-events-calendar-month__calendar-event-tooltip\"\n\t\tid=\"tribe-events-tooltip-content-10000605\"\n\t\trole=\"tooltip\"\n\t>\n\t\t<div class=\"tribe-events-calendar-month__calendar-event-tooltip-featured-image-wrapper\">\n\t<img\n\t\tclass=\"tribe-events-calendar-month__calendar-event-tooltip-featured-image\"\n\t\tsrc=\"https:\/\/formakunde.eus\/wp-content\/uploads\/2025\/04\/IGUALDAD_caratula-curso-online_Emakunde-1.jpg\"\n\t\t\t\t\tsrcset=\"https:\/\/formakunde.eus\/wp-content\/uploads\/2025\/04\/IGUALDAD_caratula-curso-online_Emakunde-1-300x215.jpg 300w, https:\/\/formakunde.eus\/wp-content\/uploads\/2025\/04\/IGUALDAD_caratula-curso-online_Emakunde-1.jpg 694w\"\n\t\t\t\t\t\t\talt=\"\"\n\t\t\t\/>\n<\/div>\n\t\t<div class=\"tribe-events-calendar-month__calendar-event-tooltip-datetime\">\n\t\t<time datetime=\"2026-09-12\">\n\t\t<span class=\"tribe-event-date-start\">Septiembre 12<\/span>\t<\/time>\n\t\n<span class=\"tribe-events-calendar-series-archive__container\">\n\t<a\n\t\thref=\"https:\/\/formakunde.eus\/es\/series\/matriculacion-igualdad-de-mujeres-y-hombres-conceptos-basicos\/\"\n\t\taria-label=\"Event series: Matriculaci\u00f3n: Igualdad de mujeres y hombres. Conceptos b\u00e1sicos.\"\n\t\tclass=\"tribe-events-calendar-series-archive__link\"\n\t>\n\t\t\n<svg  class=\"tribe-common-c-svgicon tribe-common-c-svgicon--series tribe-events-series-archive__icon\"  width=\"14\" height=\"12\" viewBox=\"0 0 14 12\" fill=\"none\" xmlns=\"http:\/\/www.w3.org\/2000\/svg\" aria-hidden=\"true\">\n\t<rect x=\"0.5\" y=\"4.5\" width=\"9\" height=\"7\" \/>\n\t<path d=\"M2 2.5H11.5V10\" \/>\n\t<path d=\"M4 0.5H13.5V8\" \/>\n<\/svg>\n\t<\/a>\n<\/span>\n<\/div>\n\t\t<div class=\"tribe-events-calendar-month__calendar-event-tooltip-title tribe-common-h7\">\n\t<a\n\t\thref=\"https:\/\/formakunde.eus\/es\/event\/matriculacion-igualdad-de-mujeres-y-hombres-conceptos-basicos\/2026-09-12\/\"\n\t\ttitle=\"Matriculaci\u00f3n: Igualdad de mujeres y hombres. Conceptos b\u00e1sicos.\"\n\t\trel=\"bookmark\"\n\t\tclass=\"tribe-events-calendar-month__calendar-event-tooltip-title-link tribe-common-anchor-thin\"\n\t>\n\t\tMatriculaci\u00f3n: Igualdad de mujeres y hombres. Conceptos b\u00e1sicos.\t<\/a>\n<\/div>\n\t\t<div class=\"tribe-events-calendar-month__calendar-event-tooltip-description tribe-common-b3\">\n\t<p>Una de las mayores transformaciones sociales ha sido el acceso de las mujeres a la igualdad formal, fruto de la lucha de muchas mujeres y algunos hombres dispuestos a poner [&hellip;]<\/p>\n<\/div>\n\t\t\t<\/div>\n<\/div>\n\t<\/article>\n<\/div>\n\n\n\t\t\t<\/div>\n\n\t\n<\/div>\n<\/td>\n\n\t\t\t\n\t\t\t\t<td\n\t class=\"tribe-events-calendar-month__day\" \taria-labelledby=\"tribe-events-calendar-day-2026-09-13\"\n\tdata-js=\"tribe-events-month-grid-cell\"\n>\n\t<button\n\taria-expanded=\"false\"\n\taria-controls=\"tribe-events-calendar-mobile-day-2026-09-13\"\n\taria-label=\"Septiembre 13, 2 eventos, pr\u00f3ximo d\u00eda\"\n\t class=\"tribe-events-calendar-month__day-cell tribe-events-calendar-month__day-cell--mobile\" \tdata-js=\"tribe-events-calendar-month-day-cell-mobile\"\n>\n\t<h3 class=\"tribe-events-calendar-month__day-date tribe-common-h6 tribe-common-h--alt\">\n\t\t<span class=\"tribe-common-a11y-visual-hide\">\n\t\t\t2 eventos\t\t<\/span>\n\t\t<time\n\t\t\tclass=\"tribe-events-calendar-month__day-date-daynum\"\n\t\t\tdatetime=\"2026-09-13\"\n\t\t>\n\t\t\t13\t\t<\/time>\n\t<\/h3>\n\t\n\t<span class=\"tribe-events-calendar-month__mobile-events-icon tribe-events-calendar-month__mobile-events-icon--event\" >\n\t<\/span>\n<\/button>\n\t\n<div\n\tid=\"tribe-events-calendar-day-2026-09-13\"\n\tclass=\"tribe-events-calendar-month__day-cell tribe-events-calendar-month__day-cell--desktop tribe-common-a11y-hidden\"\n>\n\t\n<h3 class=\"tribe-events-calendar-month__day-date tribe-common-h4\">\n\t<span class=\"tribe-common-a11y-visual-hide\">\n\t\t2 eventos,\n\t<\/span>\n\t<time\n\t\tclass=\"tribe-events-calendar-month__day-date-daynum\"\n\t\tdatetime=\"2026-09-13\"\n\t>\n\t\t\t\t\t<a\n\t\t\t\thref=\"https:\/\/formakunde.eus\/es\/(\/?:events|eventos|ekitaldiak)\/2026-09-13\/&#038;shortcode=tribe-widget-events-month--1\"\n\t\t\t\tclass=\"tribe-events-calendar-month__day-date-link\"\n\t\t\t\tdata-js=\"tribe-events-view-link\"\n\t\t\t\taria-label=\"Septiembre 13\"\n\t\t\t>\n\t\t\t\t13\t\t\t<\/a>\n\t\t\t<\/time>\n<\/h3>\n\n\t<div class=\"tribe-events-calendar-month__events\">\n\t\t\n\t<div class=\"tribe-events-calendar-month__multiday-event-wrapper\">\n\t<article  class=\"tribe-events-calendar-month__multiday-event post-10000215 tribe_events type-tribe_events status-publish has-post-thumbnail hentry tribe_events_cat-matriculacion cat_matriculacion tribe-recurring-event tribe-recurring-event-parent tribe-events-calendar-month__multiday-event--width-1 tribe-events-calendar-month__multiday-event--display tribe-events-calendar-month__multiday-event--start tribe-events-calendar-month__multiday-event--end\"  data-event-id=\"10000215\">\n\t\t<div class=\"tribe-events-calendar-month__multiday-event-hidden\">\n\t<time\n\tdatetime=\"2026-09-13\"\n\tclass=\"tribe-common-a11y-visual-hide\"\n>\n\t2026-09-13<\/time>\n\t<a\n\thref=\"https:\/\/formakunde.eus\/es\/event\/matriculacion-masculinidades-hombres-e-igualdad-retos-y-resistencias\/2026-09-13\/\"\n\tclass=\"tribe-events-calendar-month__multiday-event-hidden-link\"\n\tdata-js=\"tribe-events-tooltip\"\n\tdata-tooltip-content=\"#tribe-events-tooltip-content-10000215\"\n\taria-describedby=\"tribe-events-tooltip-content-10000215\"\n>\n\t\t<div class=\"tribe-events-calendar-month__multiday-event-hidden-title tribe-common-h8\">\n\tMatriculaci\u00f3n: Masculinidades. Hombres e igualdad: retos y resistencias<\/div>\n<\/a>\n<\/div>\n\t\t<div class=\"tribe-events-calendar-month__multiday-event-bar\">\n\t<div class=\"tribe-events-calendar-month__multiday-event-bar-inner\">\n\t\t\t\t<div class=\"tribe-events-calendar-month__multiday-event-bar-title tribe-common-h8\">\n\tMatriculaci\u00f3n: Masculinidades. Hombres e igualdad: retos y resistencias<\/div>\n\n<span class=\"tribe-events-calendar-series-archive__container\">\n\t\n<svg  class=\"tribe-common-c-svgicon tribe-common-c-svgicon--series tribe-events-series-archive__icon\"  width=\"14\" height=\"12\" viewBox=\"0 0 14 12\" fill=\"none\" xmlns=\"http:\/\/www.w3.org\/2000\/svg\" aria-hidden=\"true\">\n\t<rect x=\"0.5\" y=\"4.5\" width=\"9\" height=\"7\" \/>\n\t<path d=\"M2 2.5H11.5V10\" \/>\n\t<path d=\"M4 0.5H13.5V8\" \/>\n<\/svg>\n<\/span>\n\t<\/div>\n<\/div>\n<div class=\"tribe-events-calendar-month__calendar-event-tooltip-template tribe-common-a11y-hidden\">\n\t<div\n\t\tclass=\"tribe-events-calendar-month__calendar-event-tooltip\"\n\t\tid=\"tribe-events-tooltip-content-10000215\"\n\t\trole=\"tooltip\"\n\t>\n\t\t<div class=\"tribe-events-calendar-month__calendar-event-tooltip-featured-image-wrapper\">\n\t<img\n\t\tclass=\"tribe-events-calendar-month__calendar-event-tooltip-featured-image\"\n\t\tsrc=\"https:\/\/formakunde.eus\/wp-content\/uploads\/2025\/04\/MASCULINIDADES_caratula-curso-online_Emakunde.jpg\"\n\t\t\t\t\tsrcset=\"https:\/\/formakunde.eus\/wp-content\/uploads\/2025\/04\/MASCULINIDADES_caratula-curso-online_Emakunde-300x215.jpg 300w, https:\/\/formakunde.eus\/wp-content\/uploads\/2025\/04\/MASCULINIDADES_caratula-curso-online_Emakunde.jpg 694w\"\n\t\t\t\t\t\t\talt=\"\"\n\t\t\t\/>\n<\/div>\n\t\t<div class=\"tribe-events-calendar-month__calendar-event-tooltip-datetime\">\n\t\t<time datetime=\"2026-09-13\">\n\t\t<span class=\"tribe-event-date-start\">Septiembre 13<\/span>\t<\/time>\n\t\n<span class=\"tribe-events-calendar-series-archive__container\">\n\t<a\n\t\thref=\"https:\/\/formakunde.eus\/es\/series\/matriculacion-masculinidades-hombres-e-igualdad-retos-y-resistencias\/\"\n\t\taria-label=\"Event series: Matriculaci\u00f3n: Masculinidades. Hombres e igualdad: retos y resistencias\"\n\t\tclass=\"tribe-events-calendar-series-archive__link\"\n\t>\n\t\t\n<svg  class=\"tribe-common-c-svgicon tribe-common-c-svgicon--series tribe-events-series-archive__icon\"  width=\"14\" height=\"12\" viewBox=\"0 0 14 12\" fill=\"none\" xmlns=\"http:\/\/www.w3.org\/2000\/svg\" aria-hidden=\"true\">\n\t<rect x=\"0.5\" y=\"4.5\" width=\"9\" height=\"7\" \/>\n\t<path d=\"M2 2.5H11.5V10\" \/>\n\t<path d=\"M4 0.5H13.5V8\" \/>\n<\/svg>\n\t<\/a>\n<\/span>\n<\/div>\n\t\t<div class=\"tribe-events-calendar-month__calendar-event-tooltip-title tribe-common-h7\">\n\t<a\n\t\thref=\"https:\/\/formakunde.eus\/es\/event\/matriculacion-masculinidades-hombres-e-igualdad-retos-y-resistencias\/2026-09-13\/\"\n\t\ttitle=\"Matriculaci\u00f3n: Masculinidades. Hombres e igualdad: retos y resistencias\"\n\t\trel=\"bookmark\"\n\t\tclass=\"tribe-events-calendar-month__calendar-event-tooltip-title-link tribe-common-anchor-thin\"\n\t>\n\t\tMatriculaci\u00f3n: Masculinidades. Hombres e igualdad: retos y resistencias\t<\/a>\n<\/div>\n\t\t<div class=\"tribe-events-calendar-month__calendar-event-tooltip-description tribe-common-b3\">\n\t<p>En este curso se abordar\u00e1n las diferentes expresiones de masculinidades que existen en nuestras sociedades y las consecuencias que ello implica para las mujeres y para los propios hombres. A [&hellip;]<\/p>\n<\/div>\n\t\t\t<\/div>\n<\/div>\n\t<\/article>\n<\/div>\n\n\t<div class=\"tribe-events-calendar-month__multiday-event-wrapper\">\n\t<article  class=\"tribe-events-calendar-month__multiday-event post-10000606 tribe_events type-tribe_events status-publish has-post-thumbnail hentry tribe_events_cat-matriculacion-2 cat_matriculacion-2 tribe-recurring-event tribe-recurring-event-parent tribe-events-calendar-month__multiday-event--width-1 tribe-events-calendar-month__multiday-event--display tribe-events-calendar-month__multiday-event--start tribe-events-calendar-month__multiday-event--end\"  data-event-id=\"10000606\">\n\t\t<div class=\"tribe-events-calendar-month__multiday-event-hidden\">\n\t<time\n\tdatetime=\"2026-09-13\"\n\tclass=\"tribe-common-a11y-visual-hide\"\n>\n\t2026-09-13<\/time>\n\t<a\n\thref=\"https:\/\/formakunde.eus\/es\/event\/matriculacion-igualdad-de-mujeres-y-hombres-conceptos-basicos\/2026-09-13\/\"\n\tclass=\"tribe-events-calendar-month__multiday-event-hidden-link\"\n\tdata-js=\"tribe-events-tooltip\"\n\tdata-tooltip-content=\"#tribe-events-tooltip-content-10000606\"\n\taria-describedby=\"tribe-events-tooltip-content-10000606\"\n>\n\t\t<div class=\"tribe-events-calendar-month__multiday-event-hidden-title tribe-common-h8\">\n\tMatriculaci\u00f3n: Igualdad de mujeres y hombres. Conceptos b\u00e1sicos.<\/div>\n<\/a>\n<\/div>\n\t\t<div class=\"tribe-events-calendar-month__multiday-event-bar\">\n\t<div class=\"tribe-events-calendar-month__multiday-event-bar-inner\">\n\t\t\t\t<div class=\"tribe-events-calendar-month__multiday-event-bar-title tribe-common-h8\">\n\tMatriculaci\u00f3n: Igualdad de mujeres y hombres. Conceptos b\u00e1sicos.<\/div>\n\n<span class=\"tribe-events-calendar-series-archive__container\">\n\t\n<svg  class=\"tribe-common-c-svgicon tribe-common-c-svgicon--series tribe-events-series-archive__icon\"  width=\"14\" height=\"12\" viewBox=\"0 0 14 12\" fill=\"none\" xmlns=\"http:\/\/www.w3.org\/2000\/svg\" aria-hidden=\"true\">\n\t<rect x=\"0.5\" y=\"4.5\" width=\"9\" height=\"7\" \/>\n\t<path d=\"M2 2.5H11.5V10\" \/>\n\t<path d=\"M4 0.5H13.5V8\" \/>\n<\/svg>\n<\/span>\n\t<\/div>\n<\/div>\n<div class=\"tribe-events-calendar-month__calendar-event-tooltip-template tribe-common-a11y-hidden\">\n\t<div\n\t\tclass=\"tribe-events-calendar-month__calendar-event-tooltip\"\n\t\tid=\"tribe-events-tooltip-content-10000606\"\n\t\trole=\"tooltip\"\n\t>\n\t\t<div class=\"tribe-events-calendar-month__calendar-event-tooltip-featured-image-wrapper\">\n\t<img\n\t\tclass=\"tribe-events-calendar-month__calendar-event-tooltip-featured-image\"\n\t\tsrc=\"https:\/\/formakunde.eus\/wp-content\/uploads\/2025\/04\/IGUALDAD_caratula-curso-online_Emakunde-1.jpg\"\n\t\t\t\t\tsrcset=\"https:\/\/formakunde.eus\/wp-content\/uploads\/2025\/04\/IGUALDAD_caratula-curso-online_Emakunde-1-300x215.jpg 300w, https:\/\/formakunde.eus\/wp-content\/uploads\/2025\/04\/IGUALDAD_caratula-curso-online_Emakunde-1.jpg 694w\"\n\t\t\t\t\t\t\talt=\"\"\n\t\t\t\/>\n<\/div>\n\t\t<div class=\"tribe-events-calendar-month__calendar-event-tooltip-datetime\">\n\t\t<time datetime=\"2026-09-13\">\n\t\t<span class=\"tribe-event-date-start\">Septiembre 13<\/span>\t<\/time>\n\t\n<span class=\"tribe-events-calendar-series-archive__container\">\n\t<a\n\t\thref=\"https:\/\/formakunde.eus\/es\/series\/matriculacion-igualdad-de-mujeres-y-hombres-conceptos-basicos\/\"\n\t\taria-label=\"Event series: Matriculaci\u00f3n: Igualdad de mujeres y hombres. Conceptos b\u00e1sicos.\"\n\t\tclass=\"tribe-events-calendar-series-archive__link\"\n\t>\n\t\t\n<svg  class=\"tribe-common-c-svgicon tribe-common-c-svgicon--series tribe-events-series-archive__icon\"  width=\"14\" height=\"12\" viewBox=\"0 0 14 12\" fill=\"none\" xmlns=\"http:\/\/www.w3.org\/2000\/svg\" aria-hidden=\"true\">\n\t<rect x=\"0.5\" y=\"4.5\" width=\"9\" height=\"7\" \/>\n\t<path d=\"M2 2.5H11.5V10\" \/>\n\t<path d=\"M4 0.5H13.5V8\" \/>\n<\/svg>\n\t<\/a>\n<\/span>\n<\/div>\n\t\t<div class=\"tribe-events-calendar-month__calendar-event-tooltip-title tribe-common-h7\">\n\t<a\n\t\thref=\"https:\/\/formakunde.eus\/es\/event\/matriculacion-igualdad-de-mujeres-y-hombres-conceptos-basicos\/2026-09-13\/\"\n\t\ttitle=\"Matriculaci\u00f3n: Igualdad de mujeres y hombres. Conceptos b\u00e1sicos.\"\n\t\trel=\"bookmark\"\n\t\tclass=\"tribe-events-calendar-month__calendar-event-tooltip-title-link tribe-common-anchor-thin\"\n\t>\n\t\tMatriculaci\u00f3n: Igualdad de mujeres y hombres. Conceptos b\u00e1sicos.\t<\/a>\n<\/div>\n\t\t<div class=\"tribe-events-calendar-month__calendar-event-tooltip-description tribe-common-b3\">\n\t<p>Una de las mayores transformaciones sociales ha sido el acceso de las mujeres a la igualdad formal, fruto de la lucha de muchas mujeres y algunos hombres dispuestos a poner [&hellip;]<\/p>\n<\/div>\n\t\t\t<\/div>\n<\/div>\n\t<\/article>\n<\/div>\n\n\n\t\t\t<\/div>\n\n\t\n<\/div>\n<\/td>\n\n\t\t\t\t\t<\/tr>\n\t\t\t<tr class=\"tribe-events-calendar-month__week\" data-js=\"tribe-events-month-grid-row\">\n\t\t\t\n\t\t\t\t<td\n\t class=\"tribe-events-calendar-month__day\" \taria-labelledby=\"tribe-events-calendar-day-2026-09-14\"\n\tdata-js=\"tribe-events-month-grid-cell\"\n>\n\t<button\n\taria-expanded=\"false\"\n\taria-controls=\"tribe-events-calendar-mobile-day-2026-09-14\"\n\taria-label=\"Septiembre 14, 2 eventos, pr\u00f3ximo d\u00eda\"\n\t class=\"tribe-events-calendar-month__day-cell tribe-events-calendar-month__day-cell--mobile\" \tdata-js=\"tribe-events-calendar-month-day-cell-mobile\"\n>\n\t<h3 class=\"tribe-events-calendar-month__day-date tribe-common-h6 tribe-common-h--alt\">\n\t\t<span class=\"tribe-common-a11y-visual-hide\">\n\t\t\t2 eventos\t\t<\/span>\n\t\t<time\n\t\t\tclass=\"tribe-events-calendar-month__day-date-daynum\"\n\t\t\tdatetime=\"2026-09-14\"\n\t\t>\n\t\t\t14\t\t<\/time>\n\t<\/h3>\n\t\n\t<span class=\"tribe-events-calendar-month__mobile-events-icon tribe-events-calendar-month__mobile-events-icon--event\" >\n\t<\/span>\n<\/button>\n\t\n<div\n\tid=\"tribe-events-calendar-day-2026-09-14\"\n\tclass=\"tribe-events-calendar-month__day-cell tribe-events-calendar-month__day-cell--desktop tribe-common-a11y-hidden\"\n>\n\t\n<h3 class=\"tribe-events-calendar-month__day-date tribe-common-h4\">\n\t<span class=\"tribe-common-a11y-visual-hide\">\n\t\t2 eventos,\n\t<\/span>\n\t<time\n\t\tclass=\"tribe-events-calendar-month__day-date-daynum\"\n\t\tdatetime=\"2026-09-14\"\n\t>\n\t\t\t\t\t<a\n\t\t\t\thref=\"https:\/\/formakunde.eus\/es\/(\/?:events|eventos|ekitaldiak)\/2026-09-14\/&#038;shortcode=tribe-widget-events-month--1\"\n\t\t\t\tclass=\"tribe-events-calendar-month__day-date-link\"\n\t\t\t\tdata-js=\"tribe-events-view-link\"\n\t\t\t\taria-label=\"Septiembre 14\"\n\t\t\t>\n\t\t\t\t14\t\t\t<\/a>\n\t\t\t<\/time>\n<\/h3>\n\n\t<div class=\"tribe-events-calendar-month__events\">\n\t\t\n\t<div class=\"tribe-events-calendar-month__multiday-event-wrapper\">\n\t<article  class=\"tribe-events-calendar-month__multiday-event post-10000216 tribe_events type-tribe_events status-publish has-post-thumbnail hentry tribe_events_cat-matriculacion cat_matriculacion tribe-recurring-event tribe-recurring-event-parent tribe-events-calendar-month__multiday-event--width-1 tribe-events-calendar-month__multiday-event--display tribe-events-calendar-month__multiday-event--start tribe-events-calendar-month__multiday-event--end\"  data-event-id=\"10000216\">\n\t\t<div class=\"tribe-events-calendar-month__multiday-event-hidden\">\n\t<time\n\tdatetime=\"2026-09-14\"\n\tclass=\"tribe-common-a11y-visual-hide\"\n>\n\t2026-09-14<\/time>\n\t<a\n\thref=\"https:\/\/formakunde.eus\/es\/event\/matriculacion-masculinidades-hombres-e-igualdad-retos-y-resistencias\/2026-09-14\/\"\n\tclass=\"tribe-events-calendar-month__multiday-event-hidden-link\"\n\tdata-js=\"tribe-events-tooltip\"\n\tdata-tooltip-content=\"#tribe-events-tooltip-content-10000216\"\n\taria-describedby=\"tribe-events-tooltip-content-10000216\"\n>\n\t\t<div class=\"tribe-events-calendar-month__multiday-event-hidden-title tribe-common-h8\">\n\tMatriculaci\u00f3n: Masculinidades. Hombres e igualdad: retos y resistencias<\/div>\n<\/a>\n<\/div>\n\t\t<div class=\"tribe-events-calendar-month__multiday-event-bar\">\n\t<div class=\"tribe-events-calendar-month__multiday-event-bar-inner\">\n\t\t\t\t<div class=\"tribe-events-calendar-month__multiday-event-bar-title tribe-common-h8\">\n\tMatriculaci\u00f3n: Masculinidades. Hombres e igualdad: retos y resistencias<\/div>\n\n<span class=\"tribe-events-calendar-series-archive__container\">\n\t\n<svg  class=\"tribe-common-c-svgicon tribe-common-c-svgicon--series tribe-events-series-archive__icon\"  width=\"14\" height=\"12\" viewBox=\"0 0 14 12\" fill=\"none\" xmlns=\"http:\/\/www.w3.org\/2000\/svg\" aria-hidden=\"true\">\n\t<rect x=\"0.5\" y=\"4.5\" width=\"9\" height=\"7\" \/>\n\t<path d=\"M2 2.5H11.5V10\" \/>\n\t<path d=\"M4 0.5H13.5V8\" \/>\n<\/svg>\n<\/span>\n\t<\/div>\n<\/div>\n<div class=\"tribe-events-calendar-month__calendar-event-tooltip-template tribe-common-a11y-hidden\">\n\t<div\n\t\tclass=\"tribe-events-calendar-month__calendar-event-tooltip\"\n\t\tid=\"tribe-events-tooltip-content-10000216\"\n\t\trole=\"tooltip\"\n\t>\n\t\t<div class=\"tribe-events-calendar-month__calendar-event-tooltip-featured-image-wrapper\">\n\t<img\n\t\tclass=\"tribe-events-calendar-month__calendar-event-tooltip-featured-image\"\n\t\tsrc=\"https:\/\/formakunde.eus\/wp-content\/uploads\/2025\/04\/MASCULINIDADES_caratula-curso-online_Emakunde.jpg\"\n\t\t\t\t\tsrcset=\"https:\/\/formakunde.eus\/wp-content\/uploads\/2025\/04\/MASCULINIDADES_caratula-curso-online_Emakunde-300x215.jpg 300w, https:\/\/formakunde.eus\/wp-content\/uploads\/2025\/04\/MASCULINIDADES_caratula-curso-online_Emakunde.jpg 694w\"\n\t\t\t\t\t\t\talt=\"\"\n\t\t\t\/>\n<\/div>\n\t\t<div class=\"tribe-events-calendar-month__calendar-event-tooltip-datetime\">\n\t\t<time datetime=\"2026-09-14\">\n\t\t<span class=\"tribe-event-date-start\">Septiembre 14<\/span>\t<\/time>\n\t\n<span class=\"tribe-events-calendar-series-archive__container\">\n\t<a\n\t\thref=\"https:\/\/formakunde.eus\/es\/series\/matriculacion-masculinidades-hombres-e-igualdad-retos-y-resistencias\/\"\n\t\taria-label=\"Event series: Matriculaci\u00f3n: Masculinidades. Hombres e igualdad: retos y resistencias\"\n\t\tclass=\"tribe-events-calendar-series-archive__link\"\n\t>\n\t\t\n<svg  class=\"tribe-common-c-svgicon tribe-common-c-svgicon--series tribe-events-series-archive__icon\"  width=\"14\" height=\"12\" viewBox=\"0 0 14 12\" fill=\"none\" xmlns=\"http:\/\/www.w3.org\/2000\/svg\" aria-hidden=\"true\">\n\t<rect x=\"0.5\" y=\"4.5\" width=\"9\" height=\"7\" \/>\n\t<path d=\"M2 2.5H11.5V10\" \/>\n\t<path d=\"M4 0.5H13.5V8\" \/>\n<\/svg>\n\t<\/a>\n<\/span>\n<\/div>\n\t\t<div class=\"tribe-events-calendar-month__calendar-event-tooltip-title tribe-common-h7\">\n\t<a\n\t\thref=\"https:\/\/formakunde.eus\/es\/event\/matriculacion-masculinidades-hombres-e-igualdad-retos-y-resistencias\/2026-09-14\/\"\n\t\ttitle=\"Matriculaci\u00f3n: Masculinidades. Hombres e igualdad: retos y resistencias\"\n\t\trel=\"bookmark\"\n\t\tclass=\"tribe-events-calendar-month__calendar-event-tooltip-title-link tribe-common-anchor-thin\"\n\t>\n\t\tMatriculaci\u00f3n: Masculinidades. Hombres e igualdad: retos y resistencias\t<\/a>\n<\/div>\n\t\t<div class=\"tribe-events-calendar-month__calendar-event-tooltip-description tribe-common-b3\">\n\t<p>En este curso se abordar\u00e1n las diferentes expresiones de masculinidades que existen en nuestras sociedades y las consecuencias que ello implica para las mujeres y para los propios hombres. A [&hellip;]<\/p>\n<\/div>\n\t\t\t<\/div>\n<\/div>\n\t<\/article>\n<\/div>\n\n\t<div class=\"tribe-events-calendar-month__multiday-event-wrapper\">\n\t<article  class=\"tribe-events-calendar-month__multiday-event post-10000607 tribe_events type-tribe_events status-publish has-post-thumbnail hentry tribe_events_cat-matriculacion-2 cat_matriculacion-2 tribe-recurring-event tribe-recurring-event-parent tribe-events-calendar-month__multiday-event--width-1 tribe-events-calendar-month__multiday-event--display tribe-events-calendar-month__multiday-event--start tribe-events-calendar-month__multiday-event--end\"  data-event-id=\"10000607\">\n\t\t<div class=\"tribe-events-calendar-month__multiday-event-hidden\">\n\t<time\n\tdatetime=\"2026-09-14\"\n\tclass=\"tribe-common-a11y-visual-hide\"\n>\n\t2026-09-14<\/time>\n\t<a\n\thref=\"https:\/\/formakunde.eus\/es\/event\/matriculacion-igualdad-de-mujeres-y-hombres-conceptos-basicos\/2026-09-14\/\"\n\tclass=\"tribe-events-calendar-month__multiday-event-hidden-link\"\n\tdata-js=\"tribe-events-tooltip\"\n\tdata-tooltip-content=\"#tribe-events-tooltip-content-10000607\"\n\taria-describedby=\"tribe-events-tooltip-content-10000607\"\n>\n\t\t<div class=\"tribe-events-calendar-month__multiday-event-hidden-title tribe-common-h8\">\n\tMatriculaci\u00f3n: Igualdad de mujeres y hombres. Conceptos b\u00e1sicos.<\/div>\n<\/a>\n<\/div>\n\t\t<div class=\"tribe-events-calendar-month__multiday-event-bar\">\n\t<div class=\"tribe-events-calendar-month__multiday-event-bar-inner\">\n\t\t\t\t<div class=\"tribe-events-calendar-month__multiday-event-bar-title tribe-common-h8\">\n\tMatriculaci\u00f3n: Igualdad de mujeres y hombres. Conceptos b\u00e1sicos.<\/div>\n\n<span class=\"tribe-events-calendar-series-archive__container\">\n\t\n<svg  class=\"tribe-common-c-svgicon tribe-common-c-svgicon--series tribe-events-series-archive__icon\"  width=\"14\" height=\"12\" viewBox=\"0 0 14 12\" fill=\"none\" xmlns=\"http:\/\/www.w3.org\/2000\/svg\" aria-hidden=\"true\">\n\t<rect x=\"0.5\" y=\"4.5\" width=\"9\" height=\"7\" \/>\n\t<path d=\"M2 2.5H11.5V10\" \/>\n\t<path d=\"M4 0.5H13.5V8\" \/>\n<\/svg>\n<\/span>\n\t<\/div>\n<\/div>\n<div class=\"tribe-events-calendar-month__calendar-event-tooltip-template tribe-common-a11y-hidden\">\n\t<div\n\t\tclass=\"tribe-events-calendar-month__calendar-event-tooltip\"\n\t\tid=\"tribe-events-tooltip-content-10000607\"\n\t\trole=\"tooltip\"\n\t>\n\t\t<div class=\"tribe-events-calendar-month__calendar-event-tooltip-featured-image-wrapper\">\n\t<img\n\t\tclass=\"tribe-events-calendar-month__calendar-event-tooltip-featured-image\"\n\t\tsrc=\"https:\/\/formakunde.eus\/wp-content\/uploads\/2025\/04\/IGUALDAD_caratula-curso-online_Emakunde-1.jpg\"\n\t\t\t\t\tsrcset=\"https:\/\/formakunde.eus\/wp-content\/uploads\/2025\/04\/IGUALDAD_caratula-curso-online_Emakunde-1-300x215.jpg 300w, https:\/\/formakunde.eus\/wp-content\/uploads\/2025\/04\/IGUALDAD_caratula-curso-online_Emakunde-1.jpg 694w\"\n\t\t\t\t\t\t\talt=\"\"\n\t\t\t\/>\n<\/div>\n\t\t<div class=\"tribe-events-calendar-month__calendar-event-tooltip-datetime\">\n\t\t<time datetime=\"2026-09-14\">\n\t\t<span class=\"tribe-event-date-start\">Septiembre 14<\/span>\t<\/time>\n\t\n<span class=\"tribe-events-calendar-series-archive__container\">\n\t<a\n\t\thref=\"https:\/\/formakunde.eus\/es\/series\/matriculacion-igualdad-de-mujeres-y-hombres-conceptos-basicos\/\"\n\t\taria-label=\"Event series: Matriculaci\u00f3n: Igualdad de mujeres y hombres. Conceptos b\u00e1sicos.\"\n\t\tclass=\"tribe-events-calendar-series-archive__link\"\n\t>\n\t\t\n<svg  class=\"tribe-common-c-svgicon tribe-common-c-svgicon--series tribe-events-series-archive__icon\"  width=\"14\" height=\"12\" viewBox=\"0 0 14 12\" fill=\"none\" xmlns=\"http:\/\/www.w3.org\/2000\/svg\" aria-hidden=\"true\">\n\t<rect x=\"0.5\" y=\"4.5\" width=\"9\" height=\"7\" \/>\n\t<path d=\"M2 2.5H11.5V10\" \/>\n\t<path d=\"M4 0.5H13.5V8\" \/>\n<\/svg>\n\t<\/a>\n<\/span>\n<\/div>\n\t\t<div class=\"tribe-events-calendar-month__calendar-event-tooltip-title tribe-common-h7\">\n\t<a\n\t\thref=\"https:\/\/formakunde.eus\/es\/event\/matriculacion-igualdad-de-mujeres-y-hombres-conceptos-basicos\/2026-09-14\/\"\n\t\ttitle=\"Matriculaci\u00f3n: Igualdad de mujeres y hombres. Conceptos b\u00e1sicos.\"\n\t\trel=\"bookmark\"\n\t\tclass=\"tribe-events-calendar-month__calendar-event-tooltip-title-link tribe-common-anchor-thin\"\n\t>\n\t\tMatriculaci\u00f3n: Igualdad de mujeres y hombres. Conceptos b\u00e1sicos.\t<\/a>\n<\/div>\n\t\t<div class=\"tribe-events-calendar-month__calendar-event-tooltip-description tribe-common-b3\">\n\t<p>Una de las mayores transformaciones sociales ha sido el acceso de las mujeres a la igualdad formal, fruto de la lucha de muchas mujeres y algunos hombres dispuestos a poner [&hellip;]<\/p>\n<\/div>\n\t\t\t<\/div>\n<\/div>\n\t<\/article>\n<\/div>\n\n\n\t\t\t<\/div>\n\n\t\n<\/div>\n<\/td>\n\n\t\t\t\n\t\t\t\t<td\n\t class=\"tribe-events-calendar-month__day\" \taria-labelledby=\"tribe-events-calendar-day-2026-09-15\"\n\tdata-js=\"tribe-events-month-grid-cell\"\n>\n\t<button\n\taria-expanded=\"false\"\n\taria-controls=\"tribe-events-calendar-mobile-day-2026-09-15\"\n\taria-label=\"Septiembre 15, 2 eventos, pr\u00f3ximo d\u00eda\"\n\t class=\"tribe-events-calendar-month__day-cell tribe-events-calendar-month__day-cell--mobile\" \tdata-js=\"tribe-events-calendar-month-day-cell-mobile\"\n>\n\t<h3 class=\"tribe-events-calendar-month__day-date tribe-common-h6 tribe-common-h--alt\">\n\t\t<span class=\"tribe-common-a11y-visual-hide\">\n\t\t\t2 eventos\t\t<\/span>\n\t\t<time\n\t\t\tclass=\"tribe-events-calendar-month__day-date-daynum\"\n\t\t\tdatetime=\"2026-09-15\"\n\t\t>\n\t\t\t15\t\t<\/time>\n\t<\/h3>\n\t\n\t<span class=\"tribe-events-calendar-month__mobile-events-icon tribe-events-calendar-month__mobile-events-icon--event\" >\n\t<\/span>\n<\/button>\n\t\n<div\n\tid=\"tribe-events-calendar-day-2026-09-15\"\n\tclass=\"tribe-events-calendar-month__day-cell tribe-events-calendar-month__day-cell--desktop tribe-common-a11y-hidden\"\n>\n\t\n<h3 class=\"tribe-events-calendar-month__day-date tribe-common-h4\">\n\t<span class=\"tribe-common-a11y-visual-hide\">\n\t\t2 eventos,\n\t<\/span>\n\t<time\n\t\tclass=\"tribe-events-calendar-month__day-date-daynum\"\n\t\tdatetime=\"2026-09-15\"\n\t>\n\t\t\t\t\t<a\n\t\t\t\thref=\"https:\/\/formakunde.eus\/es\/(\/?:events|eventos|ekitaldiak)\/2026-09-15\/&#038;shortcode=tribe-widget-events-month--1\"\n\t\t\t\tclass=\"tribe-events-calendar-month__day-date-link\"\n\t\t\t\tdata-js=\"tribe-events-view-link\"\n\t\t\t\taria-label=\"Septiembre 15\"\n\t\t\t>\n\t\t\t\t15\t\t\t<\/a>\n\t\t\t<\/time>\n<\/h3>\n\n\t<div class=\"tribe-events-calendar-month__events\">\n\t\t\n\t<div class=\"tribe-events-calendar-month__multiday-event-wrapper\">\n\t<article  class=\"tribe-events-calendar-month__multiday-event post-10000217 tribe_events type-tribe_events status-publish has-post-thumbnail hentry tribe_events_cat-matriculacion cat_matriculacion tribe-recurring-event tribe-recurring-event-parent tribe-events-calendar-month__multiday-event--width-1 tribe-events-calendar-month__multiday-event--display tribe-events-calendar-month__multiday-event--start tribe-events-calendar-month__multiday-event--end\"  data-event-id=\"10000217\">\n\t\t<div class=\"tribe-events-calendar-month__multiday-event-hidden\">\n\t<time\n\tdatetime=\"2026-09-15\"\n\tclass=\"tribe-common-a11y-visual-hide\"\n>\n\t2026-09-15<\/time>\n\t<a\n\thref=\"https:\/\/formakunde.eus\/es\/event\/matriculacion-masculinidades-hombres-e-igualdad-retos-y-resistencias\/2026-09-15\/\"\n\tclass=\"tribe-events-calendar-month__multiday-event-hidden-link\"\n\tdata-js=\"tribe-events-tooltip\"\n\tdata-tooltip-content=\"#tribe-events-tooltip-content-10000217\"\n\taria-describedby=\"tribe-events-tooltip-content-10000217\"\n>\n\t\t<div class=\"tribe-events-calendar-month__multiday-event-hidden-title tribe-common-h8\">\n\tMatriculaci\u00f3n: Masculinidades. Hombres e igualdad: retos y resistencias<\/div>\n<\/a>\n<\/div>\n\t\t<div class=\"tribe-events-calendar-month__multiday-event-bar\">\n\t<div class=\"tribe-events-calendar-month__multiday-event-bar-inner\">\n\t\t\t\t<div class=\"tribe-events-calendar-month__multiday-event-bar-title tribe-common-h8\">\n\tMatriculaci\u00f3n: Masculinidades. Hombres e igualdad: retos y resistencias<\/div>\n\n<span class=\"tribe-events-calendar-series-archive__container\">\n\t\n<svg  class=\"tribe-common-c-svgicon tribe-common-c-svgicon--series tribe-events-series-archive__icon\"  width=\"14\" height=\"12\" viewBox=\"0 0 14 12\" fill=\"none\" xmlns=\"http:\/\/www.w3.org\/2000\/svg\" aria-hidden=\"true\">\n\t<rect x=\"0.5\" y=\"4.5\" width=\"9\" height=\"7\" \/>\n\t<path d=\"M2 2.5H11.5V10\" \/>\n\t<path d=\"M4 0.5H13.5V8\" \/>\n<\/svg>\n<\/span>\n\t<\/div>\n<\/div>\n<div class=\"tribe-events-calendar-month__calendar-event-tooltip-template tribe-common-a11y-hidden\">\n\t<div\n\t\tclass=\"tribe-events-calendar-month__calendar-event-tooltip\"\n\t\tid=\"tribe-events-tooltip-content-10000217\"\n\t\trole=\"tooltip\"\n\t>\n\t\t<div class=\"tribe-events-calendar-month__calendar-event-tooltip-featured-image-wrapper\">\n\t<img\n\t\tclass=\"tribe-events-calendar-month__calendar-event-tooltip-featured-image\"\n\t\tsrc=\"https:\/\/formakunde.eus\/wp-content\/uploads\/2025\/04\/MASCULINIDADES_caratula-curso-online_Emakunde.jpg\"\n\t\t\t\t\tsrcset=\"https:\/\/formakunde.eus\/wp-content\/uploads\/2025\/04\/MASCULINIDADES_caratula-curso-online_Emakunde-300x215.jpg 300w, https:\/\/formakunde.eus\/wp-content\/uploads\/2025\/04\/MASCULINIDADES_caratula-curso-online_Emakunde.jpg 694w\"\n\t\t\t\t\t\t\talt=\"\"\n\t\t\t\/>\n<\/div>\n\t\t<div class=\"tribe-events-calendar-month__calendar-event-tooltip-datetime\">\n\t\t<time datetime=\"2026-09-15\">\n\t\t<span class=\"tribe-event-date-start\">Septiembre 15<\/span>\t<\/time>\n\t\n<span class=\"tribe-events-calendar-series-archive__container\">\n\t<a\n\t\thref=\"https:\/\/formakunde.eus\/es\/series\/matriculacion-masculinidades-hombres-e-igualdad-retos-y-resistencias\/\"\n\t\taria-label=\"Event series: Matriculaci\u00f3n: Masculinidades. Hombres e igualdad: retos y resistencias\"\n\t\tclass=\"tribe-events-calendar-series-archive__link\"\n\t>\n\t\t\n<svg  class=\"tribe-common-c-svgicon tribe-common-c-svgicon--series tribe-events-series-archive__icon\"  width=\"14\" height=\"12\" viewBox=\"0 0 14 12\" fill=\"none\" xmlns=\"http:\/\/www.w3.org\/2000\/svg\" aria-hidden=\"true\">\n\t<rect x=\"0.5\" y=\"4.5\" width=\"9\" height=\"7\" \/>\n\t<path d=\"M2 2.5H11.5V10\" \/>\n\t<path d=\"M4 0.5H13.5V8\" \/>\n<\/svg>\n\t<\/a>\n<\/span>\n<\/div>\n\t\t<div class=\"tribe-events-calendar-month__calendar-event-tooltip-title tribe-common-h7\">\n\t<a\n\t\thref=\"https:\/\/formakunde.eus\/es\/event\/matriculacion-masculinidades-hombres-e-igualdad-retos-y-resistencias\/2026-09-15\/\"\n\t\ttitle=\"Matriculaci\u00f3n: Masculinidades. Hombres e igualdad: retos y resistencias\"\n\t\trel=\"bookmark\"\n\t\tclass=\"tribe-events-calendar-month__calendar-event-tooltip-title-link tribe-common-anchor-thin\"\n\t>\n\t\tMatriculaci\u00f3n: Masculinidades. Hombres e igualdad: retos y resistencias\t<\/a>\n<\/div>\n\t\t<div class=\"tribe-events-calendar-month__calendar-event-tooltip-description tribe-common-b3\">\n\t<p>En este curso se abordar\u00e1n las diferentes expresiones de masculinidades que existen en nuestras sociedades y las consecuencias que ello implica para las mujeres y para los propios hombres. A [&hellip;]<\/p>\n<\/div>\n\t\t\t<\/div>\n<\/div>\n\t<\/article>\n<\/div>\n\n\t<div class=\"tribe-events-calendar-month__multiday-event-wrapper\">\n\t<article  class=\"tribe-events-calendar-month__multiday-event post-10000608 tribe_events type-tribe_events status-publish has-post-thumbnail hentry tribe_events_cat-matriculacion-2 cat_matriculacion-2 tribe-recurring-event tribe-recurring-event-parent tribe-events-calendar-month__multiday-event--width-1 tribe-events-calendar-month__multiday-event--display tribe-events-calendar-month__multiday-event--start tribe-events-calendar-month__multiday-event--end\"  data-event-id=\"10000608\">\n\t\t<div class=\"tribe-events-calendar-month__multiday-event-hidden\">\n\t<time\n\tdatetime=\"2026-09-15\"\n\tclass=\"tribe-common-a11y-visual-hide\"\n>\n\t2026-09-15<\/time>\n\t<a\n\thref=\"https:\/\/formakunde.eus\/es\/event\/matriculacion-igualdad-de-mujeres-y-hombres-conceptos-basicos\/2026-09-15\/\"\n\tclass=\"tribe-events-calendar-month__multiday-event-hidden-link\"\n\tdata-js=\"tribe-events-tooltip\"\n\tdata-tooltip-content=\"#tribe-events-tooltip-content-10000608\"\n\taria-describedby=\"tribe-events-tooltip-content-10000608\"\n>\n\t\t<div class=\"tribe-events-calendar-month__multiday-event-hidden-title tribe-common-h8\">\n\tMatriculaci\u00f3n: Igualdad de mujeres y hombres. Conceptos b\u00e1sicos.<\/div>\n<\/a>\n<\/div>\n\t\t<div class=\"tribe-events-calendar-month__multiday-event-bar\">\n\t<div class=\"tribe-events-calendar-month__multiday-event-bar-inner\">\n\t\t\t\t<div class=\"tribe-events-calendar-month__multiday-event-bar-title tribe-common-h8\">\n\tMatriculaci\u00f3n: Igualdad de mujeres y hombres. Conceptos b\u00e1sicos.<\/div>\n\n<span class=\"tribe-events-calendar-series-archive__container\">\n\t\n<svg  class=\"tribe-common-c-svgicon tribe-common-c-svgicon--series tribe-events-series-archive__icon\"  width=\"14\" height=\"12\" viewBox=\"0 0 14 12\" fill=\"none\" xmlns=\"http:\/\/www.w3.org\/2000\/svg\" aria-hidden=\"true\">\n\t<rect x=\"0.5\" y=\"4.5\" width=\"9\" height=\"7\" \/>\n\t<path d=\"M2 2.5H11.5V10\" \/>\n\t<path d=\"M4 0.5H13.5V8\" \/>\n<\/svg>\n<\/span>\n\t<\/div>\n<\/div>\n<div class=\"tribe-events-calendar-month__calendar-event-tooltip-template tribe-common-a11y-hidden\">\n\t<div\n\t\tclass=\"tribe-events-calendar-month__calendar-event-tooltip\"\n\t\tid=\"tribe-events-tooltip-content-10000608\"\n\t\trole=\"tooltip\"\n\t>\n\t\t<div class=\"tribe-events-calendar-month__calendar-event-tooltip-featured-image-wrapper\">\n\t<img\n\t\tclass=\"tribe-events-calendar-month__calendar-event-tooltip-featured-image\"\n\t\tsrc=\"https:\/\/formakunde.eus\/wp-content\/uploads\/2025\/04\/IGUALDAD_caratula-curso-online_Emakunde-1.jpg\"\n\t\t\t\t\tsrcset=\"https:\/\/formakunde.eus\/wp-content\/uploads\/2025\/04\/IGUALDAD_caratula-curso-online_Emakunde-1-300x215.jpg 300w, https:\/\/formakunde.eus\/wp-content\/uploads\/2025\/04\/IGUALDAD_caratula-curso-online_Emakunde-1.jpg 694w\"\n\t\t\t\t\t\t\talt=\"\"\n\t\t\t\/>\n<\/div>\n\t\t<div class=\"tribe-events-calendar-month__calendar-event-tooltip-datetime\">\n\t\t<time datetime=\"2026-09-15\">\n\t\t<span class=\"tribe-event-date-start\">Septiembre 15<\/span>\t<\/time>\n\t\n<span class=\"tribe-events-calendar-series-archive__container\">\n\t<a\n\t\thref=\"https:\/\/formakunde.eus\/es\/series\/matriculacion-igualdad-de-mujeres-y-hombres-conceptos-basicos\/\"\n\t\taria-label=\"Event series: Matriculaci\u00f3n: Igualdad de mujeres y hombres. Conceptos b\u00e1sicos.\"\n\t\tclass=\"tribe-events-calendar-series-archive__link\"\n\t>\n\t\t\n<svg  class=\"tribe-common-c-svgicon tribe-common-c-svgicon--series tribe-events-series-archive__icon\"  width=\"14\" height=\"12\" viewBox=\"0 0 14 12\" fill=\"none\" xmlns=\"http:\/\/www.w3.org\/2000\/svg\" aria-hidden=\"true\">\n\t<rect x=\"0.5\" y=\"4.5\" width=\"9\" height=\"7\" \/>\n\t<path d=\"M2 2.5H11.5V10\" \/>\n\t<path d=\"M4 0.5H13.5V8\" \/>\n<\/svg>\n\t<\/a>\n<\/span>\n<\/div>\n\t\t<div class=\"tribe-events-calendar-month__calendar-event-tooltip-title tribe-common-h7\">\n\t<a\n\t\thref=\"https:\/\/formakunde.eus\/es\/event\/matriculacion-igualdad-de-mujeres-y-hombres-conceptos-basicos\/2026-09-15\/\"\n\t\ttitle=\"Matriculaci\u00f3n: Igualdad de mujeres y hombres. Conceptos b\u00e1sicos.\"\n\t\trel=\"bookmark\"\n\t\tclass=\"tribe-events-calendar-month__calendar-event-tooltip-title-link tribe-common-anchor-thin\"\n\t>\n\t\tMatriculaci\u00f3n: Igualdad de mujeres y hombres. Conceptos b\u00e1sicos.\t<\/a>\n<\/div>\n\t\t<div class=\"tribe-events-calendar-month__calendar-event-tooltip-description tribe-common-b3\">\n\t<p>Una de las mayores transformaciones sociales ha sido el acceso de las mujeres a la igualdad formal, fruto de la lucha de muchas mujeres y algunos hombres dispuestos a poner [&hellip;]<\/p>\n<\/div>\n\t\t\t<\/div>\n<\/div>\n\t<\/article>\n<\/div>\n\n\n\t\t\t<\/div>\n\n\t\n<\/div>\n<\/td>\n\n\t\t\t\n\t\t\t\t<td\n\t class=\"tribe-events-calendar-month__day\" \taria-labelledby=\"tribe-events-calendar-day-2026-09-16\"\n\tdata-js=\"tribe-events-month-grid-cell\"\n>\n\t<button\n\taria-expanded=\"false\"\n\taria-controls=\"tribe-events-calendar-mobile-day-2026-09-16\"\n\taria-label=\"Septiembre 16, 2 eventos, pr\u00f3ximo d\u00eda\"\n\t class=\"tribe-events-calendar-month__day-cell tribe-events-calendar-month__day-cell--mobile\" \tdata-js=\"tribe-events-calendar-month-day-cell-mobile\"\n>\n\t<h3 class=\"tribe-events-calendar-month__day-date tribe-common-h6 tribe-common-h--alt\">\n\t\t<span class=\"tribe-common-a11y-visual-hide\">\n\t\t\t2 eventos\t\t<\/span>\n\t\t<time\n\t\t\tclass=\"tribe-events-calendar-month__day-date-daynum\"\n\t\t\tdatetime=\"2026-09-16\"\n\t\t>\n\t\t\t16\t\t<\/time>\n\t<\/h3>\n\t\n\t<span class=\"tribe-events-calendar-month__mobile-events-icon tribe-events-calendar-month__mobile-events-icon--event\" >\n\t<\/span>\n<\/button>\n\t\n<div\n\tid=\"tribe-events-calendar-day-2026-09-16\"\n\tclass=\"tribe-events-calendar-month__day-cell tribe-events-calendar-month__day-cell--desktop tribe-common-a11y-hidden\"\n>\n\t\n<h3 class=\"tribe-events-calendar-month__day-date tribe-common-h4\">\n\t<span class=\"tribe-common-a11y-visual-hide\">\n\t\t2 eventos,\n\t<\/span>\n\t<time\n\t\tclass=\"tribe-events-calendar-month__day-date-daynum\"\n\t\tdatetime=\"2026-09-16\"\n\t>\n\t\t\t\t\t<a\n\t\t\t\thref=\"https:\/\/formakunde.eus\/es\/(\/?:events|eventos|ekitaldiak)\/2026-09-16\/&#038;shortcode=tribe-widget-events-month--1\"\n\t\t\t\tclass=\"tribe-events-calendar-month__day-date-link\"\n\t\t\t\tdata-js=\"tribe-events-view-link\"\n\t\t\t\taria-label=\"Septiembre 16\"\n\t\t\t>\n\t\t\t\t16\t\t\t<\/a>\n\t\t\t<\/time>\n<\/h3>\n\n\t<div class=\"tribe-events-calendar-month__events\">\n\t\t\n\t<div class=\"tribe-events-calendar-month__multiday-event-wrapper\">\n\t<article  class=\"tribe-events-calendar-month__multiday-event post-10000218 tribe_events type-tribe_events status-publish has-post-thumbnail hentry tribe_events_cat-matriculacion cat_matriculacion tribe-recurring-event tribe-recurring-event-parent tribe-events-calendar-month__multiday-event--width-1 tribe-events-calendar-month__multiday-event--display tribe-events-calendar-month__multiday-event--start tribe-events-calendar-month__multiday-event--end\"  data-event-id=\"10000218\">\n\t\t<div class=\"tribe-events-calendar-month__multiday-event-hidden\">\n\t<time\n\tdatetime=\"2026-09-16\"\n\tclass=\"tribe-common-a11y-visual-hide\"\n>\n\t2026-09-16<\/time>\n\t<a\n\thref=\"https:\/\/formakunde.eus\/es\/event\/matriculacion-masculinidades-hombres-e-igualdad-retos-y-resistencias\/2026-09-16\/\"\n\tclass=\"tribe-events-calendar-month__multiday-event-hidden-link\"\n\tdata-js=\"tribe-events-tooltip\"\n\tdata-tooltip-content=\"#tribe-events-tooltip-content-10000218\"\n\taria-describedby=\"tribe-events-tooltip-content-10000218\"\n>\n\t\t<div class=\"tribe-events-calendar-month__multiday-event-hidden-title tribe-common-h8\">\n\tMatriculaci\u00f3n: Masculinidades. Hombres e igualdad: retos y resistencias<\/div>\n<\/a>\n<\/div>\n\t\t<div class=\"tribe-events-calendar-month__multiday-event-bar\">\n\t<div class=\"tribe-events-calendar-month__multiday-event-bar-inner\">\n\t\t\t\t<div class=\"tribe-events-calendar-month__multiday-event-bar-title tribe-common-h8\">\n\tMatriculaci\u00f3n: Masculinidades. Hombres e igualdad: retos y resistencias<\/div>\n\n<span class=\"tribe-events-calendar-series-archive__container\">\n\t\n<svg  class=\"tribe-common-c-svgicon tribe-common-c-svgicon--series tribe-events-series-archive__icon\"  width=\"14\" height=\"12\" viewBox=\"0 0 14 12\" fill=\"none\" xmlns=\"http:\/\/www.w3.org\/2000\/svg\" aria-hidden=\"true\">\n\t<rect x=\"0.5\" y=\"4.5\" width=\"9\" height=\"7\" \/>\n\t<path d=\"M2 2.5H11.5V10\" \/>\n\t<path d=\"M4 0.5H13.5V8\" \/>\n<\/svg>\n<\/span>\n\t<\/div>\n<\/div>\n<div class=\"tribe-events-calendar-month__calendar-event-tooltip-template tribe-common-a11y-hidden\">\n\t<div\n\t\tclass=\"tribe-events-calendar-month__calendar-event-tooltip\"\n\t\tid=\"tribe-events-tooltip-content-10000218\"\n\t\trole=\"tooltip\"\n\t>\n\t\t<div class=\"tribe-events-calendar-month__calendar-event-tooltip-featured-image-wrapper\">\n\t<img\n\t\tclass=\"tribe-events-calendar-month__calendar-event-tooltip-featured-image\"\n\t\tsrc=\"https:\/\/formakunde.eus\/wp-content\/uploads\/2025\/04\/MASCULINIDADES_caratula-curso-online_Emakunde.jpg\"\n\t\t\t\t\tsrcset=\"https:\/\/formakunde.eus\/wp-content\/uploads\/2025\/04\/MASCULINIDADES_caratula-curso-online_Emakunde-300x215.jpg 300w, https:\/\/formakunde.eus\/wp-content\/uploads\/2025\/04\/MASCULINIDADES_caratula-curso-online_Emakunde.jpg 694w\"\n\t\t\t\t\t\t\talt=\"\"\n\t\t\t\/>\n<\/div>\n\t\t<div class=\"tribe-events-calendar-month__calendar-event-tooltip-datetime\">\n\t\t<time datetime=\"2026-09-16\">\n\t\t<span class=\"tribe-event-date-start\">Septiembre 16<\/span>\t<\/time>\n\t\n<span class=\"tribe-events-calendar-series-archive__container\">\n\t<a\n\t\thref=\"https:\/\/formakunde.eus\/es\/series\/matriculacion-masculinidades-hombres-e-igualdad-retos-y-resistencias\/\"\n\t\taria-label=\"Event series: Matriculaci\u00f3n: Masculinidades. Hombres e igualdad: retos y resistencias\"\n\t\tclass=\"tribe-events-calendar-series-archive__link\"\n\t>\n\t\t\n<svg  class=\"tribe-common-c-svgicon tribe-common-c-svgicon--series tribe-events-series-archive__icon\"  width=\"14\" height=\"12\" viewBox=\"0 0 14 12\" fill=\"none\" xmlns=\"http:\/\/www.w3.org\/2000\/svg\" aria-hidden=\"true\">\n\t<rect x=\"0.5\" y=\"4.5\" width=\"9\" height=\"7\" \/>\n\t<path d=\"M2 2.5H11.5V10\" \/>\n\t<path d=\"M4 0.5H13.5V8\" \/>\n<\/svg>\n\t<\/a>\n<\/span>\n<\/div>\n\t\t<div class=\"tribe-events-calendar-month__calendar-event-tooltip-title tribe-common-h7\">\n\t<a\n\t\thref=\"https:\/\/formakunde.eus\/es\/event\/matriculacion-masculinidades-hombres-e-igualdad-retos-y-resistencias\/2026-09-16\/\"\n\t\ttitle=\"Matriculaci\u00f3n: Masculinidades. Hombres e igualdad: retos y resistencias\"\n\t\trel=\"bookmark\"\n\t\tclass=\"tribe-events-calendar-month__calendar-event-tooltip-title-link tribe-common-anchor-thin\"\n\t>\n\t\tMatriculaci\u00f3n: Masculinidades. Hombres e igualdad: retos y resistencias\t<\/a>\n<\/div>\n\t\t<div class=\"tribe-events-calendar-month__calendar-event-tooltip-description tribe-common-b3\">\n\t<p>En este curso se abordar\u00e1n las diferentes expresiones de masculinidades que existen en nuestras sociedades y las consecuencias que ello implica para las mujeres y para los propios hombres. A [&hellip;]<\/p>\n<\/div>\n\t\t\t<\/div>\n<\/div>\n\t<\/article>\n<\/div>\n\n\t<div class=\"tribe-events-calendar-month__multiday-event-wrapper\">\n\t<article  class=\"tribe-events-calendar-month__multiday-event post-10000609 tribe_events type-tribe_events status-publish has-post-thumbnail hentry tribe_events_cat-matriculacion-2 cat_matriculacion-2 tribe-recurring-event tribe-recurring-event-parent tribe-events-calendar-month__multiday-event--width-1 tribe-events-calendar-month__multiday-event--display tribe-events-calendar-month__multiday-event--start tribe-events-calendar-month__multiday-event--end\"  data-event-id=\"10000609\">\n\t\t<div class=\"tribe-events-calendar-month__multiday-event-hidden\">\n\t<time\n\tdatetime=\"2026-09-16\"\n\tclass=\"tribe-common-a11y-visual-hide\"\n>\n\t2026-09-16<\/time>\n\t<a\n\thref=\"https:\/\/formakunde.eus\/es\/event\/matriculacion-igualdad-de-mujeres-y-hombres-conceptos-basicos\/2026-09-16\/\"\n\tclass=\"tribe-events-calendar-month__multiday-event-hidden-link\"\n\tdata-js=\"tribe-events-tooltip\"\n\tdata-tooltip-content=\"#tribe-events-tooltip-content-10000609\"\n\taria-describedby=\"tribe-events-tooltip-content-10000609\"\n>\n\t\t<div class=\"tribe-events-calendar-month__multiday-event-hidden-title tribe-common-h8\">\n\tMatriculaci\u00f3n: Igualdad de mujeres y hombres. Conceptos b\u00e1sicos.<\/div>\n<\/a>\n<\/div>\n\t\t<div class=\"tribe-events-calendar-month__multiday-event-bar\">\n\t<div class=\"tribe-events-calendar-month__multiday-event-bar-inner\">\n\t\t\t\t<div class=\"tribe-events-calendar-month__multiday-event-bar-title tribe-common-h8\">\n\tMatriculaci\u00f3n: Igualdad de mujeres y hombres. Conceptos b\u00e1sicos.<\/div>\n\n<span class=\"tribe-events-calendar-series-archive__container\">\n\t\n<svg  class=\"tribe-common-c-svgicon tribe-common-c-svgicon--series tribe-events-series-archive__icon\"  width=\"14\" height=\"12\" viewBox=\"0 0 14 12\" fill=\"none\" xmlns=\"http:\/\/www.w3.org\/2000\/svg\" aria-hidden=\"true\">\n\t<rect x=\"0.5\" y=\"4.5\" width=\"9\" height=\"7\" \/>\n\t<path d=\"M2 2.5H11.5V10\" \/>\n\t<path d=\"M4 0.5H13.5V8\" \/>\n<\/svg>\n<\/span>\n\t<\/div>\n<\/div>\n<div class=\"tribe-events-calendar-month__calendar-event-tooltip-template tribe-common-a11y-hidden\">\n\t<div\n\t\tclass=\"tribe-events-calendar-month__calendar-event-tooltip\"\n\t\tid=\"tribe-events-tooltip-content-10000609\"\n\t\trole=\"tooltip\"\n\t>\n\t\t<div class=\"tribe-events-calendar-month__calendar-event-tooltip-featured-image-wrapper\">\n\t<img\n\t\tclass=\"tribe-events-calendar-month__calendar-event-tooltip-featured-image\"\n\t\tsrc=\"https:\/\/formakunde.eus\/wp-content\/uploads\/2025\/04\/IGUALDAD_caratula-curso-online_Emakunde-1.jpg\"\n\t\t\t\t\tsrcset=\"https:\/\/formakunde.eus\/wp-content\/uploads\/2025\/04\/IGUALDAD_caratula-curso-online_Emakunde-1-300x215.jpg 300w, https:\/\/formakunde.eus\/wp-content\/uploads\/2025\/04\/IGUALDAD_caratula-curso-online_Emakunde-1.jpg 694w\"\n\t\t\t\t\t\t\talt=\"\"\n\t\t\t\/>\n<\/div>\n\t\t<div class=\"tribe-events-calendar-month__calendar-event-tooltip-datetime\">\n\t\t<time datetime=\"2026-09-16\">\n\t\t<span class=\"tribe-event-date-start\">Septiembre 16<\/span>\t<\/time>\n\t\n<span class=\"tribe-events-calendar-series-archive__container\">\n\t<a\n\t\thref=\"https:\/\/formakunde.eus\/es\/series\/matriculacion-igualdad-de-mujeres-y-hombres-conceptos-basicos\/\"\n\t\taria-label=\"Event series: Matriculaci\u00f3n: Igualdad de mujeres y hombres. Conceptos b\u00e1sicos.\"\n\t\tclass=\"tribe-events-calendar-series-archive__link\"\n\t>\n\t\t\n<svg  class=\"tribe-common-c-svgicon tribe-common-c-svgicon--series tribe-events-series-archive__icon\"  width=\"14\" height=\"12\" viewBox=\"0 0 14 12\" fill=\"none\" xmlns=\"http:\/\/www.w3.org\/2000\/svg\" aria-hidden=\"true\">\n\t<rect x=\"0.5\" y=\"4.5\" width=\"9\" height=\"7\" \/>\n\t<path d=\"M2 2.5H11.5V10\" \/>\n\t<path d=\"M4 0.5H13.5V8\" \/>\n<\/svg>\n\t<\/a>\n<\/span>\n<\/div>\n\t\t<div class=\"tribe-events-calendar-month__calendar-event-tooltip-title tribe-common-h7\">\n\t<a\n\t\thref=\"https:\/\/formakunde.eus\/es\/event\/matriculacion-igualdad-de-mujeres-y-hombres-conceptos-basicos\/2026-09-16\/\"\n\t\ttitle=\"Matriculaci\u00f3n: Igualdad de mujeres y hombres. Conceptos b\u00e1sicos.\"\n\t\trel=\"bookmark\"\n\t\tclass=\"tribe-events-calendar-month__calendar-event-tooltip-title-link tribe-common-anchor-thin\"\n\t>\n\t\tMatriculaci\u00f3n: Igualdad de mujeres y hombres. Conceptos b\u00e1sicos.\t<\/a>\n<\/div>\n\t\t<div class=\"tribe-events-calendar-month__calendar-event-tooltip-description tribe-common-b3\">\n\t<p>Una de las mayores transformaciones sociales ha sido el acceso de las mujeres a la igualdad formal, fruto de la lucha de muchas mujeres y algunos hombres dispuestos a poner [&hellip;]<\/p>\n<\/div>\n\t\t\t<\/div>\n<\/div>\n\t<\/article>\n<\/div>\n\n\n\t\t\t<\/div>\n\n\t\n<\/div>\n<\/td>\n\n\t\t\t\n\t\t\t\t<td\n\t class=\"tribe-events-calendar-month__day\" \taria-labelledby=\"tribe-events-calendar-day-2026-09-17\"\n\tdata-js=\"tribe-events-month-grid-cell\"\n>\n\t<button\n\taria-expanded=\"false\"\n\taria-controls=\"tribe-events-calendar-mobile-day-2026-09-17\"\n\taria-label=\"Septiembre 17, 2 eventos, pr\u00f3ximo d\u00eda\"\n\t class=\"tribe-events-calendar-month__day-cell tribe-events-calendar-month__day-cell--mobile\" \tdata-js=\"tribe-events-calendar-month-day-cell-mobile\"\n>\n\t<h3 class=\"tribe-events-calendar-month__day-date tribe-common-h6 tribe-common-h--alt\">\n\t\t<span class=\"tribe-common-a11y-visual-hide\">\n\t\t\t2 eventos\t\t<\/span>\n\t\t<time\n\t\t\tclass=\"tribe-events-calendar-month__day-date-daynum\"\n\t\t\tdatetime=\"2026-09-17\"\n\t\t>\n\t\t\t17\t\t<\/time>\n\t<\/h3>\n\t\n\t<span class=\"tribe-events-calendar-month__mobile-events-icon tribe-events-calendar-month__mobile-events-icon--event\" >\n\t<\/span>\n<\/button>\n\t\n<div\n\tid=\"tribe-events-calendar-day-2026-09-17\"\n\tclass=\"tribe-events-calendar-month__day-cell tribe-events-calendar-month__day-cell--desktop tribe-common-a11y-hidden\"\n>\n\t\n<h3 class=\"tribe-events-calendar-month__day-date tribe-common-h4\">\n\t<span class=\"tribe-common-a11y-visual-hide\">\n\t\t2 eventos,\n\t<\/span>\n\t<time\n\t\tclass=\"tribe-events-calendar-month__day-date-daynum\"\n\t\tdatetime=\"2026-09-17\"\n\t>\n\t\t\t\t\t<a\n\t\t\t\thref=\"https:\/\/formakunde.eus\/es\/(\/?:events|eventos|ekitaldiak)\/2026-09-17\/&#038;shortcode=tribe-widget-events-month--1\"\n\t\t\t\tclass=\"tribe-events-calendar-month__day-date-link\"\n\t\t\t\tdata-js=\"tribe-events-view-link\"\n\t\t\t\taria-label=\"Septiembre 17\"\n\t\t\t>\n\t\t\t\t17\t\t\t<\/a>\n\t\t\t<\/time>\n<\/h3>\n\n\t<div class=\"tribe-events-calendar-month__events\">\n\t\t\n\t<div class=\"tribe-events-calendar-month__multiday-event-wrapper\">\n\t<article  class=\"tribe-events-calendar-month__multiday-event post-10000219 tribe_events type-tribe_events status-publish has-post-thumbnail hentry tribe_events_cat-matriculacion cat_matriculacion tribe-recurring-event tribe-recurring-event-parent tribe-events-calendar-month__multiday-event--width-1 tribe-events-calendar-month__multiday-event--display tribe-events-calendar-month__multiday-event--start tribe-events-calendar-month__multiday-event--end\"  data-event-id=\"10000219\">\n\t\t<div class=\"tribe-events-calendar-month__multiday-event-hidden\">\n\t<time\n\tdatetime=\"2026-09-17\"\n\tclass=\"tribe-common-a11y-visual-hide\"\n>\n\t2026-09-17<\/time>\n\t<a\n\thref=\"https:\/\/formakunde.eus\/es\/event\/matriculacion-masculinidades-hombres-e-igualdad-retos-y-resistencias\/2026-09-17\/\"\n\tclass=\"tribe-events-calendar-month__multiday-event-hidden-link\"\n\tdata-js=\"tribe-events-tooltip\"\n\tdata-tooltip-content=\"#tribe-events-tooltip-content-10000219\"\n\taria-describedby=\"tribe-events-tooltip-content-10000219\"\n>\n\t\t<div class=\"tribe-events-calendar-month__multiday-event-hidden-title tribe-common-h8\">\n\tMatriculaci\u00f3n: Masculinidades. Hombres e igualdad: retos y resistencias<\/div>\n<\/a>\n<\/div>\n\t\t<div class=\"tribe-events-calendar-month__multiday-event-bar\">\n\t<div class=\"tribe-events-calendar-month__multiday-event-bar-inner\">\n\t\t\t\t<div class=\"tribe-events-calendar-month__multiday-event-bar-title tribe-common-h8\">\n\tMatriculaci\u00f3n: Masculinidades. Hombres e igualdad: retos y resistencias<\/div>\n\n<span class=\"tribe-events-calendar-series-archive__container\">\n\t\n<svg  class=\"tribe-common-c-svgicon tribe-common-c-svgicon--series tribe-events-series-archive__icon\"  width=\"14\" height=\"12\" viewBox=\"0 0 14 12\" fill=\"none\" xmlns=\"http:\/\/www.w3.org\/2000\/svg\" aria-hidden=\"true\">\n\t<rect x=\"0.5\" y=\"4.5\" width=\"9\" height=\"7\" \/>\n\t<path d=\"M2 2.5H11.5V10\" \/>\n\t<path d=\"M4 0.5H13.5V8\" \/>\n<\/svg>\n<\/span>\n\t<\/div>\n<\/div>\n<div class=\"tribe-events-calendar-month__calendar-event-tooltip-template tribe-common-a11y-hidden\">\n\t<div\n\t\tclass=\"tribe-events-calendar-month__calendar-event-tooltip\"\n\t\tid=\"tribe-events-tooltip-content-10000219\"\n\t\trole=\"tooltip\"\n\t>\n\t\t<div class=\"tribe-events-calendar-month__calendar-event-tooltip-featured-image-wrapper\">\n\t<img\n\t\tclass=\"tribe-events-calendar-month__calendar-event-tooltip-featured-image\"\n\t\tsrc=\"https:\/\/formakunde.eus\/wp-content\/uploads\/2025\/04\/MASCULINIDADES_caratula-curso-online_Emakunde.jpg\"\n\t\t\t\t\tsrcset=\"https:\/\/formakunde.eus\/wp-content\/uploads\/2025\/04\/MASCULINIDADES_caratula-curso-online_Emakunde-300x215.jpg 300w, https:\/\/formakunde.eus\/wp-content\/uploads\/2025\/04\/MASCULINIDADES_caratula-curso-online_Emakunde.jpg 694w\"\n\t\t\t\t\t\t\talt=\"\"\n\t\t\t\/>\n<\/div>\n\t\t<div class=\"tribe-events-calendar-month__calendar-event-tooltip-datetime\">\n\t\t<time datetime=\"2026-09-17\">\n\t\t<span class=\"tribe-event-date-start\">Septiembre 17<\/span>\t<\/time>\n\t\n<span class=\"tribe-events-calendar-series-archive__container\">\n\t<a\n\t\thref=\"https:\/\/formakunde.eus\/es\/series\/matriculacion-masculinidades-hombres-e-igualdad-retos-y-resistencias\/\"\n\t\taria-label=\"Event series: Matriculaci\u00f3n: Masculinidades. Hombres e igualdad: retos y resistencias\"\n\t\tclass=\"tribe-events-calendar-series-archive__link\"\n\t>\n\t\t\n<svg  class=\"tribe-common-c-svgicon tribe-common-c-svgicon--series tribe-events-series-archive__icon\"  width=\"14\" height=\"12\" viewBox=\"0 0 14 12\" fill=\"none\" xmlns=\"http:\/\/www.w3.org\/2000\/svg\" aria-hidden=\"true\">\n\t<rect x=\"0.5\" y=\"4.5\" width=\"9\" height=\"7\" \/>\n\t<path d=\"M2 2.5H11.5V10\" \/>\n\t<path d=\"M4 0.5H13.5V8\" \/>\n<\/svg>\n\t<\/a>\n<\/span>\n<\/div>\n\t\t<div class=\"tribe-events-calendar-month__calendar-event-tooltip-title tribe-common-h7\">\n\t<a\n\t\thref=\"https:\/\/formakunde.eus\/es\/event\/matriculacion-masculinidades-hombres-e-igualdad-retos-y-resistencias\/2026-09-17\/\"\n\t\ttitle=\"Matriculaci\u00f3n: Masculinidades. Hombres e igualdad: retos y resistencias\"\n\t\trel=\"bookmark\"\n\t\tclass=\"tribe-events-calendar-month__calendar-event-tooltip-title-link tribe-common-anchor-thin\"\n\t>\n\t\tMatriculaci\u00f3n: Masculinidades. Hombres e igualdad: retos y resistencias\t<\/a>\n<\/div>\n\t\t<div class=\"tribe-events-calendar-month__calendar-event-tooltip-description tribe-common-b3\">\n\t<p>En este curso se abordar\u00e1n las diferentes expresiones de masculinidades que existen en nuestras sociedades y las consecuencias que ello implica para las mujeres y para los propios hombres. A [&hellip;]<\/p>\n<\/div>\n\t\t\t<\/div>\n<\/div>\n\t<\/article>\n<\/div>\n\n\t<div class=\"tribe-events-calendar-month__multiday-event-wrapper\">\n\t<article  class=\"tribe-events-calendar-month__multiday-event post-10000610 tribe_events type-tribe_events status-publish has-post-thumbnail hentry tribe_events_cat-matriculacion-2 cat_matriculacion-2 tribe-recurring-event tribe-recurring-event-parent tribe-events-calendar-month__multiday-event--width-1 tribe-events-calendar-month__multiday-event--display tribe-events-calendar-month__multiday-event--start tribe-events-calendar-month__multiday-event--end\"  data-event-id=\"10000610\">\n\t\t<div class=\"tribe-events-calendar-month__multiday-event-hidden\">\n\t<time\n\tdatetime=\"2026-09-17\"\n\tclass=\"tribe-common-a11y-visual-hide\"\n>\n\t2026-09-17<\/time>\n\t<a\n\thref=\"https:\/\/formakunde.eus\/es\/event\/matriculacion-igualdad-de-mujeres-y-hombres-conceptos-basicos\/2026-09-17\/\"\n\tclass=\"tribe-events-calendar-month__multiday-event-hidden-link\"\n\tdata-js=\"tribe-events-tooltip\"\n\tdata-tooltip-content=\"#tribe-events-tooltip-content-10000610\"\n\taria-describedby=\"tribe-events-tooltip-content-10000610\"\n>\n\t\t<div class=\"tribe-events-calendar-month__multiday-event-hidden-title tribe-common-h8\">\n\tMatriculaci\u00f3n: Igualdad de mujeres y hombres. Conceptos b\u00e1sicos.<\/div>\n<\/a>\n<\/div>\n\t\t<div class=\"tribe-events-calendar-month__multiday-event-bar\">\n\t<div class=\"tribe-events-calendar-month__multiday-event-bar-inner\">\n\t\t\t\t<div class=\"tribe-events-calendar-month__multiday-event-bar-title tribe-common-h8\">\n\tMatriculaci\u00f3n: Igualdad de mujeres y hombres. Conceptos b\u00e1sicos.<\/div>\n\n<span class=\"tribe-events-calendar-series-archive__container\">\n\t\n<svg  class=\"tribe-common-c-svgicon tribe-common-c-svgicon--series tribe-events-series-archive__icon\"  width=\"14\" height=\"12\" viewBox=\"0 0 14 12\" fill=\"none\" xmlns=\"http:\/\/www.w3.org\/2000\/svg\" aria-hidden=\"true\">\n\t<rect x=\"0.5\" y=\"4.5\" width=\"9\" height=\"7\" \/>\n\t<path d=\"M2 2.5H11.5V10\" \/>\n\t<path d=\"M4 0.5H13.5V8\" \/>\n<\/svg>\n<\/span>\n\t<\/div>\n<\/div>\n<div class=\"tribe-events-calendar-month__calendar-event-tooltip-template tribe-common-a11y-hidden\">\n\t<div\n\t\tclass=\"tribe-events-calendar-month__calendar-event-tooltip\"\n\t\tid=\"tribe-events-tooltip-content-10000610\"\n\t\trole=\"tooltip\"\n\t>\n\t\t<div class=\"tribe-events-calendar-month__calendar-event-tooltip-featured-image-wrapper\">\n\t<img\n\t\tclass=\"tribe-events-calendar-month__calendar-event-tooltip-featured-image\"\n\t\tsrc=\"https:\/\/formakunde.eus\/wp-content\/uploads\/2025\/04\/IGUALDAD_caratula-curso-online_Emakunde-1.jpg\"\n\t\t\t\t\tsrcset=\"https:\/\/formakunde.eus\/wp-content\/uploads\/2025\/04\/IGUALDAD_caratula-curso-online_Emakunde-1-300x215.jpg 300w, https:\/\/formakunde.eus\/wp-content\/uploads\/2025\/04\/IGUALDAD_caratula-curso-online_Emakunde-1.jpg 694w\"\n\t\t\t\t\t\t\talt=\"\"\n\t\t\t\/>\n<\/div>\n\t\t<div class=\"tribe-events-calendar-month__calendar-event-tooltip-datetime\">\n\t\t<time datetime=\"2026-09-17\">\n\t\t<span class=\"tribe-event-date-start\">Septiembre 17<\/span>\t<\/time>\n\t\n<span class=\"tribe-events-calendar-series-archive__container\">\n\t<a\n\t\thref=\"https:\/\/formakunde.eus\/es\/series\/matriculacion-igualdad-de-mujeres-y-hombres-conceptos-basicos\/\"\n\t\taria-label=\"Event series: Matriculaci\u00f3n: Igualdad de mujeres y hombres. Conceptos b\u00e1sicos.\"\n\t\tclass=\"tribe-events-calendar-series-archive__link\"\n\t>\n\t\t\n<svg  class=\"tribe-common-c-svgicon tribe-common-c-svgicon--series tribe-events-series-archive__icon\"  width=\"14\" height=\"12\" viewBox=\"0 0 14 12\" fill=\"none\" xmlns=\"http:\/\/www.w3.org\/2000\/svg\" aria-hidden=\"true\">\n\t<rect x=\"0.5\" y=\"4.5\" width=\"9\" height=\"7\" \/>\n\t<path d=\"M2 2.5H11.5V10\" \/>\n\t<path d=\"M4 0.5H13.5V8\" \/>\n<\/svg>\n\t<\/a>\n<\/span>\n<\/div>\n\t\t<div class=\"tribe-events-calendar-month__calendar-event-tooltip-title tribe-common-h7\">\n\t<a\n\t\thref=\"https:\/\/formakunde.eus\/es\/event\/matriculacion-igualdad-de-mujeres-y-hombres-conceptos-basicos\/2026-09-17\/\"\n\t\ttitle=\"Matriculaci\u00f3n: Igualdad de mujeres y hombres. Conceptos b\u00e1sicos.\"\n\t\trel=\"bookmark\"\n\t\tclass=\"tribe-events-calendar-month__calendar-event-tooltip-title-link tribe-common-anchor-thin\"\n\t>\n\t\tMatriculaci\u00f3n: Igualdad de mujeres y hombres. Conceptos b\u00e1sicos.\t<\/a>\n<\/div>\n\t\t<div class=\"tribe-events-calendar-month__calendar-event-tooltip-description tribe-common-b3\">\n\t<p>Una de las mayores transformaciones sociales ha sido el acceso de las mujeres a la igualdad formal, fruto de la lucha de muchas mujeres y algunos hombres dispuestos a poner [&hellip;]<\/p>\n<\/div>\n\t\t\t<\/div>\n<\/div>\n\t<\/article>\n<\/div>\n\n\n\t\t\t<\/div>\n\n\t\n<\/div>\n<\/td>\n\n\t\t\t\n\t\t\t\t<td\n\t class=\"tribe-events-calendar-month__day\" \taria-labelledby=\"tribe-events-calendar-day-2026-09-18\"\n\tdata-js=\"tribe-events-month-grid-cell\"\n>\n\t<button\n\taria-expanded=\"false\"\n\taria-controls=\"tribe-events-calendar-mobile-day-2026-09-18\"\n\taria-label=\"Septiembre 18, 2 eventos, pr\u00f3ximo d\u00eda\"\n\t class=\"tribe-events-calendar-month__day-cell tribe-events-calendar-month__day-cell--mobile\" \tdata-js=\"tribe-events-calendar-month-day-cell-mobile\"\n>\n\t<h3 class=\"tribe-events-calendar-month__day-date tribe-common-h6 tribe-common-h--alt\">\n\t\t<span class=\"tribe-common-a11y-visual-hide\">\n\t\t\t2 eventos\t\t<\/span>\n\t\t<time\n\t\t\tclass=\"tribe-events-calendar-month__day-date-daynum\"\n\t\t\tdatetime=\"2026-09-18\"\n\t\t>\n\t\t\t18\t\t<\/time>\n\t<\/h3>\n\t\n\t<span class=\"tribe-events-calendar-month__mobile-events-icon tribe-events-calendar-month__mobile-events-icon--event\" >\n\t<\/span>\n<\/button>\n\t\n<div\n\tid=\"tribe-events-calendar-day-2026-09-18\"\n\tclass=\"tribe-events-calendar-month__day-cell tribe-events-calendar-month__day-cell--desktop tribe-common-a11y-hidden\"\n>\n\t\n<h3 class=\"tribe-events-calendar-month__day-date tribe-common-h4\">\n\t<span class=\"tribe-common-a11y-visual-hide\">\n\t\t2 eventos,\n\t<\/span>\n\t<time\n\t\tclass=\"tribe-events-calendar-month__day-date-daynum\"\n\t\tdatetime=\"2026-09-18\"\n\t>\n\t\t\t\t\t<a\n\t\t\t\thref=\"https:\/\/formakunde.eus\/es\/(\/?:events|eventos|ekitaldiak)\/2026-09-18\/&#038;shortcode=tribe-widget-events-month--1\"\n\t\t\t\tclass=\"tribe-events-calendar-month__day-date-link\"\n\t\t\t\tdata-js=\"tribe-events-view-link\"\n\t\t\t\taria-label=\"Septiembre 18\"\n\t\t\t>\n\t\t\t\t18\t\t\t<\/a>\n\t\t\t<\/time>\n<\/h3>\n\n\t<div class=\"tribe-events-calendar-month__events\">\n\t\t\n\t<div class=\"tribe-events-calendar-month__multiday-event-wrapper\">\n\t<article  class=\"tribe-events-calendar-month__multiday-event post-10000220 tribe_events type-tribe_events status-publish has-post-thumbnail hentry tribe_events_cat-matriculacion cat_matriculacion tribe-recurring-event tribe-recurring-event-parent tribe-events-calendar-month__multiday-event--width-1 tribe-events-calendar-month__multiday-event--display tribe-events-calendar-month__multiday-event--start tribe-events-calendar-month__multiday-event--end\"  data-event-id=\"10000220\">\n\t\t<div class=\"tribe-events-calendar-month__multiday-event-hidden\">\n\t<time\n\tdatetime=\"2026-09-18\"\n\tclass=\"tribe-common-a11y-visual-hide\"\n>\n\t2026-09-18<\/time>\n\t<a\n\thref=\"https:\/\/formakunde.eus\/es\/event\/matriculacion-masculinidades-hombres-e-igualdad-retos-y-resistencias\/2026-09-18\/\"\n\tclass=\"tribe-events-calendar-month__multiday-event-hidden-link\"\n\tdata-js=\"tribe-events-tooltip\"\n\tdata-tooltip-content=\"#tribe-events-tooltip-content-10000220\"\n\taria-describedby=\"tribe-events-tooltip-content-10000220\"\n>\n\t\t<div class=\"tribe-events-calendar-month__multiday-event-hidden-title tribe-common-h8\">\n\tMatriculaci\u00f3n: Masculinidades. Hombres e igualdad: retos y resistencias<\/div>\n<\/a>\n<\/div>\n\t\t<div class=\"tribe-events-calendar-month__multiday-event-bar\">\n\t<div class=\"tribe-events-calendar-month__multiday-event-bar-inner\">\n\t\t\t\t<div class=\"tribe-events-calendar-month__multiday-event-bar-title tribe-common-h8\">\n\tMatriculaci\u00f3n: Masculinidades. Hombres e igualdad: retos y resistencias<\/div>\n\n<span class=\"tribe-events-calendar-series-archive__container\">\n\t\n<svg  class=\"tribe-common-c-svgicon tribe-common-c-svgicon--series tribe-events-series-archive__icon\"  width=\"14\" height=\"12\" viewBox=\"0 0 14 12\" fill=\"none\" xmlns=\"http:\/\/www.w3.org\/2000\/svg\" aria-hidden=\"true\">\n\t<rect x=\"0.5\" y=\"4.5\" width=\"9\" height=\"7\" \/>\n\t<path d=\"M2 2.5H11.5V10\" \/>\n\t<path d=\"M4 0.5H13.5V8\" \/>\n<\/svg>\n<\/span>\n\t<\/div>\n<\/div>\n<div class=\"tribe-events-calendar-month__calendar-event-tooltip-template tribe-common-a11y-hidden\">\n\t<div\n\t\tclass=\"tribe-events-calendar-month__calendar-event-tooltip\"\n\t\tid=\"tribe-events-tooltip-content-10000220\"\n\t\trole=\"tooltip\"\n\t>\n\t\t<div class=\"tribe-events-calendar-month__calendar-event-tooltip-featured-image-wrapper\">\n\t<img\n\t\tclass=\"tribe-events-calendar-month__calendar-event-tooltip-featured-image\"\n\t\tsrc=\"https:\/\/formakunde.eus\/wp-content\/uploads\/2025\/04\/MASCULINIDADES_caratula-curso-online_Emakunde.jpg\"\n\t\t\t\t\tsrcset=\"https:\/\/formakunde.eus\/wp-content\/uploads\/2025\/04\/MASCULINIDADES_caratula-curso-online_Emakunde-300x215.jpg 300w, https:\/\/formakunde.eus\/wp-content\/uploads\/2025\/04\/MASCULINIDADES_caratula-curso-online_Emakunde.jpg 694w\"\n\t\t\t\t\t\t\talt=\"\"\n\t\t\t\/>\n<\/div>\n\t\t<div class=\"tribe-events-calendar-month__calendar-event-tooltip-datetime\">\n\t\t<time datetime=\"2026-09-18\">\n\t\t<span class=\"tribe-event-date-start\">Septiembre 18<\/span>\t<\/time>\n\t\n<span class=\"tribe-events-calendar-series-archive__container\">\n\t<a\n\t\thref=\"https:\/\/formakunde.eus\/es\/series\/matriculacion-masculinidades-hombres-e-igualdad-retos-y-resistencias\/\"\n\t\taria-label=\"Event series: Matriculaci\u00f3n: Masculinidades. Hombres e igualdad: retos y resistencias\"\n\t\tclass=\"tribe-events-calendar-series-archive__link\"\n\t>\n\t\t\n<svg  class=\"tribe-common-c-svgicon tribe-common-c-svgicon--series tribe-events-series-archive__icon\"  width=\"14\" height=\"12\" viewBox=\"0 0 14 12\" fill=\"none\" xmlns=\"http:\/\/www.w3.org\/2000\/svg\" aria-hidden=\"true\">\n\t<rect x=\"0.5\" y=\"4.5\" width=\"9\" height=\"7\" \/>\n\t<path d=\"M2 2.5H11.5V10\" \/>\n\t<path d=\"M4 0.5H13.5V8\" \/>\n<\/svg>\n\t<\/a>\n<\/span>\n<\/div>\n\t\t<div class=\"tribe-events-calendar-month__calendar-event-tooltip-title tribe-common-h7\">\n\t<a\n\t\thref=\"https:\/\/formakunde.eus\/es\/event\/matriculacion-masculinidades-hombres-e-igualdad-retos-y-resistencias\/2026-09-18\/\"\n\t\ttitle=\"Matriculaci\u00f3n: Masculinidades. Hombres e igualdad: retos y resistencias\"\n\t\trel=\"bookmark\"\n\t\tclass=\"tribe-events-calendar-month__calendar-event-tooltip-title-link tribe-common-anchor-thin\"\n\t>\n\t\tMatriculaci\u00f3n: Masculinidades. Hombres e igualdad: retos y resistencias\t<\/a>\n<\/div>\n\t\t<div class=\"tribe-events-calendar-month__calendar-event-tooltip-description tribe-common-b3\">\n\t<p>En este curso se abordar\u00e1n las diferentes expresiones de masculinidades que existen en nuestras sociedades y las consecuencias que ello implica para las mujeres y para los propios hombres. A [&hellip;]<\/p>\n<\/div>\n\t\t\t<\/div>\n<\/div>\n\t<\/article>\n<\/div>\n\n\t<div class=\"tribe-events-calendar-month__multiday-event-wrapper\">\n\t<article  class=\"tribe-events-calendar-month__multiday-event post-10000611 tribe_events type-tribe_events status-publish has-post-thumbnail hentry tribe_events_cat-matriculacion-2 cat_matriculacion-2 tribe-recurring-event tribe-recurring-event-parent tribe-events-calendar-month__multiday-event--width-1 tribe-events-calendar-month__multiday-event--display tribe-events-calendar-month__multiday-event--start tribe-events-calendar-month__multiday-event--end\"  data-event-id=\"10000611\">\n\t\t<div class=\"tribe-events-calendar-month__multiday-event-hidden\">\n\t<time\n\tdatetime=\"2026-09-18\"\n\tclass=\"tribe-common-a11y-visual-hide\"\n>\n\t2026-09-18<\/time>\n\t<a\n\thref=\"https:\/\/formakunde.eus\/es\/event\/matriculacion-igualdad-de-mujeres-y-hombres-conceptos-basicos\/2026-09-18\/\"\n\tclass=\"tribe-events-calendar-month__multiday-event-hidden-link\"\n\tdata-js=\"tribe-events-tooltip\"\n\tdata-tooltip-content=\"#tribe-events-tooltip-content-10000611\"\n\taria-describedby=\"tribe-events-tooltip-content-10000611\"\n>\n\t\t<div class=\"tribe-events-calendar-month__multiday-event-hidden-title tribe-common-h8\">\n\tMatriculaci\u00f3n: Igualdad de mujeres y hombres. Conceptos b\u00e1sicos.<\/div>\n<\/a>\n<\/div>\n\t\t<div class=\"tribe-events-calendar-month__multiday-event-bar\">\n\t<div class=\"tribe-events-calendar-month__multiday-event-bar-inner\">\n\t\t\t\t<div class=\"tribe-events-calendar-month__multiday-event-bar-title tribe-common-h8\">\n\tMatriculaci\u00f3n: Igualdad de mujeres y hombres. Conceptos b\u00e1sicos.<\/div>\n\n<span class=\"tribe-events-calendar-series-archive__container\">\n\t\n<svg  class=\"tribe-common-c-svgicon tribe-common-c-svgicon--series tribe-events-series-archive__icon\"  width=\"14\" height=\"12\" viewBox=\"0 0 14 12\" fill=\"none\" xmlns=\"http:\/\/www.w3.org\/2000\/svg\" aria-hidden=\"true\">\n\t<rect x=\"0.5\" y=\"4.5\" width=\"9\" height=\"7\" \/>\n\t<path d=\"M2 2.5H11.5V10\" \/>\n\t<path d=\"M4 0.5H13.5V8\" \/>\n<\/svg>\n<\/span>\n\t<\/div>\n<\/div>\n<div class=\"tribe-events-calendar-month__calendar-event-tooltip-template tribe-common-a11y-hidden\">\n\t<div\n\t\tclass=\"tribe-events-calendar-month__calendar-event-tooltip\"\n\t\tid=\"tribe-events-tooltip-content-10000611\"\n\t\trole=\"tooltip\"\n\t>\n\t\t<div class=\"tribe-events-calendar-month__calendar-event-tooltip-featured-image-wrapper\">\n\t<img\n\t\tclass=\"tribe-events-calendar-month__calendar-event-tooltip-featured-image\"\n\t\tsrc=\"https:\/\/formakunde.eus\/wp-content\/uploads\/2025\/04\/IGUALDAD_caratula-curso-online_Emakunde-1.jpg\"\n\t\t\t\t\tsrcset=\"https:\/\/formakunde.eus\/wp-content\/uploads\/2025\/04\/IGUALDAD_caratula-curso-online_Emakunde-1-300x215.jpg 300w, https:\/\/formakunde.eus\/wp-content\/uploads\/2025\/04\/IGUALDAD_caratula-curso-online_Emakunde-1.jpg 694w\"\n\t\t\t\t\t\t\talt=\"\"\n\t\t\t\/>\n<\/div>\n\t\t<div class=\"tribe-events-calendar-month__calendar-event-tooltip-datetime\">\n\t\t<time datetime=\"2026-09-18\">\n\t\t<span class=\"tribe-event-date-start\">Septiembre 18<\/span>\t<\/time>\n\t\n<span class=\"tribe-events-calendar-series-archive__container\">\n\t<a\n\t\thref=\"https:\/\/formakunde.eus\/es\/series\/matriculacion-igualdad-de-mujeres-y-hombres-conceptos-basicos\/\"\n\t\taria-label=\"Event series: Matriculaci\u00f3n: Igualdad de mujeres y hombres. Conceptos b\u00e1sicos.\"\n\t\tclass=\"tribe-events-calendar-series-archive__link\"\n\t>\n\t\t\n<svg  class=\"tribe-common-c-svgicon tribe-common-c-svgicon--series tribe-events-series-archive__icon\"  width=\"14\" height=\"12\" viewBox=\"0 0 14 12\" fill=\"none\" xmlns=\"http:\/\/www.w3.org\/2000\/svg\" aria-hidden=\"true\">\n\t<rect x=\"0.5\" y=\"4.5\" width=\"9\" height=\"7\" \/>\n\t<path d=\"M2 2.5H11.5V10\" \/>\n\t<path d=\"M4 0.5H13.5V8\" \/>\n<\/svg>\n\t<\/a>\n<\/span>\n<\/div>\n\t\t<div class=\"tribe-events-calendar-month__calendar-event-tooltip-title tribe-common-h7\">\n\t<a\n\t\thref=\"https:\/\/formakunde.eus\/es\/event\/matriculacion-igualdad-de-mujeres-y-hombres-conceptos-basicos\/2026-09-18\/\"\n\t\ttitle=\"Matriculaci\u00f3n: Igualdad de mujeres y hombres. Conceptos b\u00e1sicos.\"\n\t\trel=\"bookmark\"\n\t\tclass=\"tribe-events-calendar-month__calendar-event-tooltip-title-link tribe-common-anchor-thin\"\n\t>\n\t\tMatriculaci\u00f3n: Igualdad de mujeres y hombres. Conceptos b\u00e1sicos.\t<\/a>\n<\/div>\n\t\t<div class=\"tribe-events-calendar-month__calendar-event-tooltip-description tribe-common-b3\">\n\t<p>Una de las mayores transformaciones sociales ha sido el acceso de las mujeres a la igualdad formal, fruto de la lucha de muchas mujeres y algunos hombres dispuestos a poner [&hellip;]<\/p>\n<\/div>\n\t\t\t<\/div>\n<\/div>\n\t<\/article>\n<\/div>\n\n\n\t\t\t<\/div>\n\n\t\n<\/div>\n<\/td>\n\n\t\t\t\n\t\t\t\t<td\n\t class=\"tribe-events-calendar-month__day\" \taria-labelledby=\"tribe-events-calendar-day-2026-09-19\"\n\tdata-js=\"tribe-events-month-grid-cell\"\n>\n\t<button\n\taria-expanded=\"false\"\n\taria-controls=\"tribe-events-calendar-mobile-day-2026-09-19\"\n\taria-label=\"Septiembre 19, 2 eventos, pr\u00f3ximo d\u00eda\"\n\t class=\"tribe-events-calendar-month__day-cell tribe-events-calendar-month__day-cell--mobile\" \tdata-js=\"tribe-events-calendar-month-day-cell-mobile\"\n>\n\t<h3 class=\"tribe-events-calendar-month__day-date tribe-common-h6 tribe-common-h--alt\">\n\t\t<span class=\"tribe-common-a11y-visual-hide\">\n\t\t\t2 eventos\t\t<\/span>\n\t\t<time\n\t\t\tclass=\"tribe-events-calendar-month__day-date-daynum\"\n\t\t\tdatetime=\"2026-09-19\"\n\t\t>\n\t\t\t19\t\t<\/time>\n\t<\/h3>\n\t\n\t<span class=\"tribe-events-calendar-month__mobile-events-icon tribe-events-calendar-month__mobile-events-icon--event\" >\n\t<\/span>\n<\/button>\n\t\n<div\n\tid=\"tribe-events-calendar-day-2026-09-19\"\n\tclass=\"tribe-events-calendar-month__day-cell tribe-events-calendar-month__day-cell--desktop tribe-common-a11y-hidden\"\n>\n\t\n<h3 class=\"tribe-events-calendar-month__day-date tribe-common-h4\">\n\t<span class=\"tribe-common-a11y-visual-hide\">\n\t\t2 eventos,\n\t<\/span>\n\t<time\n\t\tclass=\"tribe-events-calendar-month__day-date-daynum\"\n\t\tdatetime=\"2026-09-19\"\n\t>\n\t\t\t\t\t<a\n\t\t\t\thref=\"https:\/\/formakunde.eus\/es\/(\/?:events|eventos|ekitaldiak)\/2026-09-19\/&#038;shortcode=tribe-widget-events-month--1\"\n\t\t\t\tclass=\"tribe-events-calendar-month__day-date-link\"\n\t\t\t\tdata-js=\"tribe-events-view-link\"\n\t\t\t\taria-label=\"Septiembre 19\"\n\t\t\t>\n\t\t\t\t19\t\t\t<\/a>\n\t\t\t<\/time>\n<\/h3>\n\n\t<div class=\"tribe-events-calendar-month__events\">\n\t\t\n\t<div class=\"tribe-events-calendar-month__multiday-event-wrapper\">\n\t<article  class=\"tribe-events-calendar-month__multiday-event post-10000221 tribe_events type-tribe_events status-publish has-post-thumbnail hentry tribe_events_cat-matriculacion cat_matriculacion tribe-recurring-event tribe-recurring-event-parent tribe-events-calendar-month__multiday-event--width-1 tribe-events-calendar-month__multiday-event--display tribe-events-calendar-month__multiday-event--start tribe-events-calendar-month__multiday-event--end\"  data-event-id=\"10000221\">\n\t\t<div class=\"tribe-events-calendar-month__multiday-event-hidden\">\n\t<time\n\tdatetime=\"2026-09-19\"\n\tclass=\"tribe-common-a11y-visual-hide\"\n>\n\t2026-09-19<\/time>\n\t<a\n\thref=\"https:\/\/formakunde.eus\/es\/event\/matriculacion-masculinidades-hombres-e-igualdad-retos-y-resistencias\/2026-09-19\/\"\n\tclass=\"tribe-events-calendar-month__multiday-event-hidden-link\"\n\tdata-js=\"tribe-events-tooltip\"\n\tdata-tooltip-content=\"#tribe-events-tooltip-content-10000221\"\n\taria-describedby=\"tribe-events-tooltip-content-10000221\"\n>\n\t\t<div class=\"tribe-events-calendar-month__multiday-event-hidden-title tribe-common-h8\">\n\tMatriculaci\u00f3n: Masculinidades. Hombres e igualdad: retos y resistencias<\/div>\n<\/a>\n<\/div>\n\t\t<div class=\"tribe-events-calendar-month__multiday-event-bar\">\n\t<div class=\"tribe-events-calendar-month__multiday-event-bar-inner\">\n\t\t\t\t<div class=\"tribe-events-calendar-month__multiday-event-bar-title tribe-common-h8\">\n\tMatriculaci\u00f3n: Masculinidades. Hombres e igualdad: retos y resistencias<\/div>\n\n<span class=\"tribe-events-calendar-series-archive__container\">\n\t\n<svg  class=\"tribe-common-c-svgicon tribe-common-c-svgicon--series tribe-events-series-archive__icon\"  width=\"14\" height=\"12\" viewBox=\"0 0 14 12\" fill=\"none\" xmlns=\"http:\/\/www.w3.org\/2000\/svg\" aria-hidden=\"true\">\n\t<rect x=\"0.5\" y=\"4.5\" width=\"9\" height=\"7\" \/>\n\t<path d=\"M2 2.5H11.5V10\" \/>\n\t<path d=\"M4 0.5H13.5V8\" \/>\n<\/svg>\n<\/span>\n\t<\/div>\n<\/div>\n<div class=\"tribe-events-calendar-month__calendar-event-tooltip-template tribe-common-a11y-hidden\">\n\t<div\n\t\tclass=\"tribe-events-calendar-month__calendar-event-tooltip\"\n\t\tid=\"tribe-events-tooltip-content-10000221\"\n\t\trole=\"tooltip\"\n\t>\n\t\t<div class=\"tribe-events-calendar-month__calendar-event-tooltip-featured-image-wrapper\">\n\t<img\n\t\tclass=\"tribe-events-calendar-month__calendar-event-tooltip-featured-image\"\n\t\tsrc=\"https:\/\/formakunde.eus\/wp-content\/uploads\/2025\/04\/MASCULINIDADES_caratula-curso-online_Emakunde.jpg\"\n\t\t\t\t\tsrcset=\"https:\/\/formakunde.eus\/wp-content\/uploads\/2025\/04\/MASCULINIDADES_caratula-curso-online_Emakunde-300x215.jpg 300w, https:\/\/formakunde.eus\/wp-content\/uploads\/2025\/04\/MASCULINIDADES_caratula-curso-online_Emakunde.jpg 694w\"\n\t\t\t\t\t\t\talt=\"\"\n\t\t\t\/>\n<\/div>\n\t\t<div class=\"tribe-events-calendar-month__calendar-event-tooltip-datetime\">\n\t\t<time datetime=\"2026-09-19\">\n\t\t<span class=\"tribe-event-date-start\">Septiembre 19<\/span>\t<\/time>\n\t\n<span class=\"tribe-events-calendar-series-archive__container\">\n\t<a\n\t\thref=\"https:\/\/formakunde.eus\/es\/series\/matriculacion-masculinidades-hombres-e-igualdad-retos-y-resistencias\/\"\n\t\taria-label=\"Event series: Matriculaci\u00f3n: Masculinidades. Hombres e igualdad: retos y resistencias\"\n\t\tclass=\"tribe-events-calendar-series-archive__link\"\n\t>\n\t\t\n<svg  class=\"tribe-common-c-svgicon tribe-common-c-svgicon--series tribe-events-series-archive__icon\"  width=\"14\" height=\"12\" viewBox=\"0 0 14 12\" fill=\"none\" xmlns=\"http:\/\/www.w3.org\/2000\/svg\" aria-hidden=\"true\">\n\t<rect x=\"0.5\" y=\"4.5\" width=\"9\" height=\"7\" \/>\n\t<path d=\"M2 2.5H11.5V10\" \/>\n\t<path d=\"M4 0.5H13.5V8\" \/>\n<\/svg>\n\t<\/a>\n<\/span>\n<\/div>\n\t\t<div class=\"tribe-events-calendar-month__calendar-event-tooltip-title tribe-common-h7\">\n\t<a\n\t\thref=\"https:\/\/formakunde.eus\/es\/event\/matriculacion-masculinidades-hombres-e-igualdad-retos-y-resistencias\/2026-09-19\/\"\n\t\ttitle=\"Matriculaci\u00f3n: Masculinidades. Hombres e igualdad: retos y resistencias\"\n\t\trel=\"bookmark\"\n\t\tclass=\"tribe-events-calendar-month__calendar-event-tooltip-title-link tribe-common-anchor-thin\"\n\t>\n\t\tMatriculaci\u00f3n: Masculinidades. Hombres e igualdad: retos y resistencias\t<\/a>\n<\/div>\n\t\t<div class=\"tribe-events-calendar-month__calendar-event-tooltip-description tribe-common-b3\">\n\t<p>En este curso se abordar\u00e1n las diferentes expresiones de masculinidades que existen en nuestras sociedades y las consecuencias que ello implica para las mujeres y para los propios hombres. A [&hellip;]<\/p>\n<\/div>\n\t\t\t<\/div>\n<\/div>\n\t<\/article>\n<\/div>\n\n\t<div class=\"tribe-events-calendar-month__multiday-event-wrapper\">\n\t<article  class=\"tribe-events-calendar-month__multiday-event post-10000612 tribe_events type-tribe_events status-publish has-post-thumbnail hentry tribe_events_cat-matriculacion-2 cat_matriculacion-2 tribe-recurring-event tribe-recurring-event-parent tribe-events-calendar-month__multiday-event--width-1 tribe-events-calendar-month__multiday-event--display tribe-events-calendar-month__multiday-event--start tribe-events-calendar-month__multiday-event--end\"  data-event-id=\"10000612\">\n\t\t<div class=\"tribe-events-calendar-month__multiday-event-hidden\">\n\t<time\n\tdatetime=\"2026-09-19\"\n\tclass=\"tribe-common-a11y-visual-hide\"\n>\n\t2026-09-19<\/time>\n\t<a\n\thref=\"https:\/\/formakunde.eus\/es\/event\/matriculacion-igualdad-de-mujeres-y-hombres-conceptos-basicos\/2026-09-19\/\"\n\tclass=\"tribe-events-calendar-month__multiday-event-hidden-link\"\n\tdata-js=\"tribe-events-tooltip\"\n\tdata-tooltip-content=\"#tribe-events-tooltip-content-10000612\"\n\taria-describedby=\"tribe-events-tooltip-content-10000612\"\n>\n\t\t<div class=\"tribe-events-calendar-month__multiday-event-hidden-title tribe-common-h8\">\n\tMatriculaci\u00f3n: Igualdad de mujeres y hombres. Conceptos b\u00e1sicos.<\/div>\n<\/a>\n<\/div>\n\t\t<div class=\"tribe-events-calendar-month__multiday-event-bar\">\n\t<div class=\"tribe-events-calendar-month__multiday-event-bar-inner\">\n\t\t\t\t<div class=\"tribe-events-calendar-month__multiday-event-bar-title tribe-common-h8\">\n\tMatriculaci\u00f3n: Igualdad de mujeres y hombres. Conceptos b\u00e1sicos.<\/div>\n\n<span class=\"tribe-events-calendar-series-archive__container\">\n\t\n<svg  class=\"tribe-common-c-svgicon tribe-common-c-svgicon--series tribe-events-series-archive__icon\"  width=\"14\" height=\"12\" viewBox=\"0 0 14 12\" fill=\"none\" xmlns=\"http:\/\/www.w3.org\/2000\/svg\" aria-hidden=\"true\">\n\t<rect x=\"0.5\" y=\"4.5\" width=\"9\" height=\"7\" \/>\n\t<path d=\"M2 2.5H11.5V10\" \/>\n\t<path d=\"M4 0.5H13.5V8\" \/>\n<\/svg>\n<\/span>\n\t<\/div>\n<\/div>\n<div class=\"tribe-events-calendar-month__calendar-event-tooltip-template tribe-common-a11y-hidden\">\n\t<div\n\t\tclass=\"tribe-events-calendar-month__calendar-event-tooltip\"\n\t\tid=\"tribe-events-tooltip-content-10000612\"\n\t\trole=\"tooltip\"\n\t>\n\t\t<div class=\"tribe-events-calendar-month__calendar-event-tooltip-featured-image-wrapper\">\n\t<img\n\t\tclass=\"tribe-events-calendar-month__calendar-event-tooltip-featured-image\"\n\t\tsrc=\"https:\/\/formakunde.eus\/wp-content\/uploads\/2025\/04\/IGUALDAD_caratula-curso-online_Emakunde-1.jpg\"\n\t\t\t\t\tsrcset=\"https:\/\/formakunde.eus\/wp-content\/uploads\/2025\/04\/IGUALDAD_caratula-curso-online_Emakunde-1-300x215.jpg 300w, https:\/\/formakunde.eus\/wp-content\/uploads\/2025\/04\/IGUALDAD_caratula-curso-online_Emakunde-1.jpg 694w\"\n\t\t\t\t\t\t\talt=\"\"\n\t\t\t\/>\n<\/div>\n\t\t<div class=\"tribe-events-calendar-month__calendar-event-tooltip-datetime\">\n\t\t<time datetime=\"2026-09-19\">\n\t\t<span class=\"tribe-event-date-start\">Septiembre 19<\/span>\t<\/time>\n\t\n<span class=\"tribe-events-calendar-series-archive__container\">\n\t<a\n\t\thref=\"https:\/\/formakunde.eus\/es\/series\/matriculacion-igualdad-de-mujeres-y-hombres-conceptos-basicos\/\"\n\t\taria-label=\"Event series: Matriculaci\u00f3n: Igualdad de mujeres y hombres. Conceptos b\u00e1sicos.\"\n\t\tclass=\"tribe-events-calendar-series-archive__link\"\n\t>\n\t\t\n<svg  class=\"tribe-common-c-svgicon tribe-common-c-svgicon--series tribe-events-series-archive__icon\"  width=\"14\" height=\"12\" viewBox=\"0 0 14 12\" fill=\"none\" xmlns=\"http:\/\/www.w3.org\/2000\/svg\" aria-hidden=\"true\">\n\t<rect x=\"0.5\" y=\"4.5\" width=\"9\" height=\"7\" \/>\n\t<path d=\"M2 2.5H11.5V10\" \/>\n\t<path d=\"M4 0.5H13.5V8\" \/>\n<\/svg>\n\t<\/a>\n<\/span>\n<\/div>\n\t\t<div class=\"tribe-events-calendar-month__calendar-event-tooltip-title tribe-common-h7\">\n\t<a\n\t\thref=\"https:\/\/formakunde.eus\/es\/event\/matriculacion-igualdad-de-mujeres-y-hombres-conceptos-basicos\/2026-09-19\/\"\n\t\ttitle=\"Matriculaci\u00f3n: Igualdad de mujeres y hombres. Conceptos b\u00e1sicos.\"\n\t\trel=\"bookmark\"\n\t\tclass=\"tribe-events-calendar-month__calendar-event-tooltip-title-link tribe-common-anchor-thin\"\n\t>\n\t\tMatriculaci\u00f3n: Igualdad de mujeres y hombres. Conceptos b\u00e1sicos.\t<\/a>\n<\/div>\n\t\t<div class=\"tribe-events-calendar-month__calendar-event-tooltip-description tribe-common-b3\">\n\t<p>Una de las mayores transformaciones sociales ha sido el acceso de las mujeres a la igualdad formal, fruto de la lucha de muchas mujeres y algunos hombres dispuestos a poner [&hellip;]<\/p>\n<\/div>\n\t\t\t<\/div>\n<\/div>\n\t<\/article>\n<\/div>\n\n\n\t\t\t<\/div>\n\n\t\n<\/div>\n<\/td>\n\n\t\t\t\n\t\t\t\t<td\n\t class=\"tribe-events-calendar-month__day\" \taria-labelledby=\"tribe-events-calendar-day-2026-09-20\"\n\tdata-js=\"tribe-events-month-grid-cell\"\n>\n\t<button\n\taria-expanded=\"false\"\n\taria-controls=\"tribe-events-calendar-mobile-day-2026-09-20\"\n\taria-label=\"Septiembre 20, 2 eventos, pr\u00f3ximo d\u00eda\"\n\t class=\"tribe-events-calendar-month__day-cell tribe-events-calendar-month__day-cell--mobile\" \tdata-js=\"tribe-events-calendar-month-day-cell-mobile\"\n>\n\t<h3 class=\"tribe-events-calendar-month__day-date tribe-common-h6 tribe-common-h--alt\">\n\t\t<span class=\"tribe-common-a11y-visual-hide\">\n\t\t\t2 eventos\t\t<\/span>\n\t\t<time\n\t\t\tclass=\"tribe-events-calendar-month__day-date-daynum\"\n\t\t\tdatetime=\"2026-09-20\"\n\t\t>\n\t\t\t20\t\t<\/time>\n\t<\/h3>\n\t\n\t<span class=\"tribe-events-calendar-month__mobile-events-icon tribe-events-calendar-month__mobile-events-icon--event\" >\n\t<\/span>\n<\/button>\n\t\n<div\n\tid=\"tribe-events-calendar-day-2026-09-20\"\n\tclass=\"tribe-events-calendar-month__day-cell tribe-events-calendar-month__day-cell--desktop tribe-common-a11y-hidden\"\n>\n\t\n<h3 class=\"tribe-events-calendar-month__day-date tribe-common-h4\">\n\t<span class=\"tribe-common-a11y-visual-hide\">\n\t\t2 eventos,\n\t<\/span>\n\t<time\n\t\tclass=\"tribe-events-calendar-month__day-date-daynum\"\n\t\tdatetime=\"2026-09-20\"\n\t>\n\t\t\t\t\t<a\n\t\t\t\thref=\"https:\/\/formakunde.eus\/es\/(\/?:events|eventos|ekitaldiak)\/2026-09-20\/&#038;shortcode=tribe-widget-events-month--1\"\n\t\t\t\tclass=\"tribe-events-calendar-month__day-date-link\"\n\t\t\t\tdata-js=\"tribe-events-view-link\"\n\t\t\t\taria-label=\"Septiembre 20\"\n\t\t\t>\n\t\t\t\t20\t\t\t<\/a>\n\t\t\t<\/time>\n<\/h3>\n\n\t<div class=\"tribe-events-calendar-month__events\">\n\t\t\n\t<div class=\"tribe-events-calendar-month__multiday-event-wrapper\">\n\t<article  class=\"tribe-events-calendar-month__multiday-event post-10000222 tribe_events type-tribe_events status-publish has-post-thumbnail hentry tribe_events_cat-matriculacion cat_matriculacion tribe-recurring-event tribe-recurring-event-parent tribe-events-calendar-month__multiday-event--width-1 tribe-events-calendar-month__multiday-event--display tribe-events-calendar-month__multiday-event--start tribe-events-calendar-month__multiday-event--end\"  data-event-id=\"10000222\">\n\t\t<div class=\"tribe-events-calendar-month__multiday-event-hidden\">\n\t<time\n\tdatetime=\"2026-09-20\"\n\tclass=\"tribe-common-a11y-visual-hide\"\n>\n\t2026-09-20<\/time>\n\t<a\n\thref=\"https:\/\/formakunde.eus\/es\/event\/matriculacion-masculinidades-hombres-e-igualdad-retos-y-resistencias\/2026-09-20\/\"\n\tclass=\"tribe-events-calendar-month__multiday-event-hidden-link\"\n\tdata-js=\"tribe-events-tooltip\"\n\tdata-tooltip-content=\"#tribe-events-tooltip-content-10000222\"\n\taria-describedby=\"tribe-events-tooltip-content-10000222\"\n>\n\t\t<div class=\"tribe-events-calendar-month__multiday-event-hidden-title tribe-common-h8\">\n\tMatriculaci\u00f3n: Masculinidades. Hombres e igualdad: retos y resistencias<\/div>\n<\/a>\n<\/div>\n\t\t<div class=\"tribe-events-calendar-month__multiday-event-bar\">\n\t<div class=\"tribe-events-calendar-month__multiday-event-bar-inner\">\n\t\t\t\t<div class=\"tribe-events-calendar-month__multiday-event-bar-title tribe-common-h8\">\n\tMatriculaci\u00f3n: Masculinidades. Hombres e igualdad: retos y resistencias<\/div>\n\n<span class=\"tribe-events-calendar-series-archive__container\">\n\t\n<svg  class=\"tribe-common-c-svgicon tribe-common-c-svgicon--series tribe-events-series-archive__icon\"  width=\"14\" height=\"12\" viewBox=\"0 0 14 12\" fill=\"none\" xmlns=\"http:\/\/www.w3.org\/2000\/svg\" aria-hidden=\"true\">\n\t<rect x=\"0.5\" y=\"4.5\" width=\"9\" height=\"7\" \/>\n\t<path d=\"M2 2.5H11.5V10\" \/>\n\t<path d=\"M4 0.5H13.5V8\" \/>\n<\/svg>\n<\/span>\n\t<\/div>\n<\/div>\n<div class=\"tribe-events-calendar-month__calendar-event-tooltip-template tribe-common-a11y-hidden\">\n\t<div\n\t\tclass=\"tribe-events-calendar-month__calendar-event-tooltip\"\n\t\tid=\"tribe-events-tooltip-content-10000222\"\n\t\trole=\"tooltip\"\n\t>\n\t\t<div class=\"tribe-events-calendar-month__calendar-event-tooltip-featured-image-wrapper\">\n\t<img\n\t\tclass=\"tribe-events-calendar-month__calendar-event-tooltip-featured-image\"\n\t\tsrc=\"https:\/\/formakunde.eus\/wp-content\/uploads\/2025\/04\/MASCULINIDADES_caratula-curso-online_Emakunde.jpg\"\n\t\t\t\t\tsrcset=\"https:\/\/formakunde.eus\/wp-content\/uploads\/2025\/04\/MASCULINIDADES_caratula-curso-online_Emakunde-300x215.jpg 300w, https:\/\/formakunde.eus\/wp-content\/uploads\/2025\/04\/MASCULINIDADES_caratula-curso-online_Emakunde.jpg 694w\"\n\t\t\t\t\t\t\talt=\"\"\n\t\t\t\/>\n<\/div>\n\t\t<div class=\"tribe-events-calendar-month__calendar-event-tooltip-datetime\">\n\t\t<time datetime=\"2026-09-20\">\n\t\t<span class=\"tribe-event-date-start\">Septiembre 20<\/span>\t<\/time>\n\t\n<span class=\"tribe-events-calendar-series-archive__container\">\n\t<a\n\t\thref=\"https:\/\/formakunde.eus\/es\/series\/matriculacion-masculinidades-hombres-e-igualdad-retos-y-resistencias\/\"\n\t\taria-label=\"Event series: Matriculaci\u00f3n: Masculinidades. Hombres e igualdad: retos y resistencias\"\n\t\tclass=\"tribe-events-calendar-series-archive__link\"\n\t>\n\t\t\n<svg  class=\"tribe-common-c-svgicon tribe-common-c-svgicon--series tribe-events-series-archive__icon\"  width=\"14\" height=\"12\" viewBox=\"0 0 14 12\" fill=\"none\" xmlns=\"http:\/\/www.w3.org\/2000\/svg\" aria-hidden=\"true\">\n\t<rect x=\"0.5\" y=\"4.5\" width=\"9\" height=\"7\" \/>\n\t<path d=\"M2 2.5H11.5V10\" \/>\n\t<path d=\"M4 0.5H13.5V8\" \/>\n<\/svg>\n\t<\/a>\n<\/span>\n<\/div>\n\t\t<div class=\"tribe-events-calendar-month__calendar-event-tooltip-title tribe-common-h7\">\n\t<a\n\t\thref=\"https:\/\/formakunde.eus\/es\/event\/matriculacion-masculinidades-hombres-e-igualdad-retos-y-resistencias\/2026-09-20\/\"\n\t\ttitle=\"Matriculaci\u00f3n: Masculinidades. Hombres e igualdad: retos y resistencias\"\n\t\trel=\"bookmark\"\n\t\tclass=\"tribe-events-calendar-month__calendar-event-tooltip-title-link tribe-common-anchor-thin\"\n\t>\n\t\tMatriculaci\u00f3n: Masculinidades. Hombres e igualdad: retos y resistencias\t<\/a>\n<\/div>\n\t\t<div class=\"tribe-events-calendar-month__calendar-event-tooltip-description tribe-common-b3\">\n\t<p>En este curso se abordar\u00e1n las diferentes expresiones de masculinidades que existen en nuestras sociedades y las consecuencias que ello implica para las mujeres y para los propios hombres. A [&hellip;]<\/p>\n<\/div>\n\t\t\t<\/div>\n<\/div>\n\t<\/article>\n<\/div>\n\n\t<div class=\"tribe-events-calendar-month__multiday-event-wrapper\">\n\t<article  class=\"tribe-events-calendar-month__multiday-event post-10000613 tribe_events type-tribe_events status-publish has-post-thumbnail hentry tribe_events_cat-matriculacion-2 cat_matriculacion-2 tribe-recurring-event tribe-recurring-event-parent tribe-events-calendar-month__multiday-event--width-1 tribe-events-calendar-month__multiday-event--display tribe-events-calendar-month__multiday-event--start tribe-events-calendar-month__multiday-event--end\"  data-event-id=\"10000613\">\n\t\t<div class=\"tribe-events-calendar-month__multiday-event-hidden\">\n\t<time\n\tdatetime=\"2026-09-20\"\n\tclass=\"tribe-common-a11y-visual-hide\"\n>\n\t2026-09-20<\/time>\n\t<a\n\thref=\"https:\/\/formakunde.eus\/es\/event\/matriculacion-igualdad-de-mujeres-y-hombres-conceptos-basicos\/2026-09-20\/\"\n\tclass=\"tribe-events-calendar-month__multiday-event-hidden-link\"\n\tdata-js=\"tribe-events-tooltip\"\n\tdata-tooltip-content=\"#tribe-events-tooltip-content-10000613\"\n\taria-describedby=\"tribe-events-tooltip-content-10000613\"\n>\n\t\t<div class=\"tribe-events-calendar-month__multiday-event-hidden-title tribe-common-h8\">\n\tMatriculaci\u00f3n: Igualdad de mujeres y hombres. Conceptos b\u00e1sicos.<\/div>\n<\/a>\n<\/div>\n\t\t<div class=\"tribe-events-calendar-month__multiday-event-bar\">\n\t<div class=\"tribe-events-calendar-month__multiday-event-bar-inner\">\n\t\t\t\t<div class=\"tribe-events-calendar-month__multiday-event-bar-title tribe-common-h8\">\n\tMatriculaci\u00f3n: Igualdad de mujeres y hombres. Conceptos b\u00e1sicos.<\/div>\n\n<span class=\"tribe-events-calendar-series-archive__container\">\n\t\n<svg  class=\"tribe-common-c-svgicon tribe-common-c-svgicon--series tribe-events-series-archive__icon\"  width=\"14\" height=\"12\" viewBox=\"0 0 14 12\" fill=\"none\" xmlns=\"http:\/\/www.w3.org\/2000\/svg\" aria-hidden=\"true\">\n\t<rect x=\"0.5\" y=\"4.5\" width=\"9\" height=\"7\" \/>\n\t<path d=\"M2 2.5H11.5V10\" \/>\n\t<path d=\"M4 0.5H13.5V8\" \/>\n<\/svg>\n<\/span>\n\t<\/div>\n<\/div>\n<div class=\"tribe-events-calendar-month__calendar-event-tooltip-template tribe-common-a11y-hidden\">\n\t<div\n\t\tclass=\"tribe-events-calendar-month__calendar-event-tooltip\"\n\t\tid=\"tribe-events-tooltip-content-10000613\"\n\t\trole=\"tooltip\"\n\t>\n\t\t<div class=\"tribe-events-calendar-month__calendar-event-tooltip-featured-image-wrapper\">\n\t<img\n\t\tclass=\"tribe-events-calendar-month__calendar-event-tooltip-featured-image\"\n\t\tsrc=\"https:\/\/formakunde.eus\/wp-content\/uploads\/2025\/04\/IGUALDAD_caratula-curso-online_Emakunde-1.jpg\"\n\t\t\t\t\tsrcset=\"https:\/\/formakunde.eus\/wp-content\/uploads\/2025\/04\/IGUALDAD_caratula-curso-online_Emakunde-1-300x215.jpg 300w, https:\/\/formakunde.eus\/wp-content\/uploads\/2025\/04\/IGUALDAD_caratula-curso-online_Emakunde-1.jpg 694w\"\n\t\t\t\t\t\t\talt=\"\"\n\t\t\t\/>\n<\/div>\n\t\t<div class=\"tribe-events-calendar-month__calendar-event-tooltip-datetime\">\n\t\t<time datetime=\"2026-09-20\">\n\t\t<span class=\"tribe-event-date-start\">Septiembre 20<\/span>\t<\/time>\n\t\n<span class=\"tribe-events-calendar-series-archive__container\">\n\t<a\n\t\thref=\"https:\/\/formakunde.eus\/es\/series\/matriculacion-igualdad-de-mujeres-y-hombres-conceptos-basicos\/\"\n\t\taria-label=\"Event series: Matriculaci\u00f3n: Igualdad de mujeres y hombres. Conceptos b\u00e1sicos.\"\n\t\tclass=\"tribe-events-calendar-series-archive__link\"\n\t>\n\t\t\n<svg  class=\"tribe-common-c-svgicon tribe-common-c-svgicon--series tribe-events-series-archive__icon\"  width=\"14\" height=\"12\" viewBox=\"0 0 14 12\" fill=\"none\" xmlns=\"http:\/\/www.w3.org\/2000\/svg\" aria-hidden=\"true\">\n\t<rect x=\"0.5\" y=\"4.5\" width=\"9\" height=\"7\" \/>\n\t<path d=\"M2 2.5H11.5V10\" \/>\n\t<path d=\"M4 0.5H13.5V8\" \/>\n<\/svg>\n\t<\/a>\n<\/span>\n<\/div>\n\t\t<div class=\"tribe-events-calendar-month__calendar-event-tooltip-title tribe-common-h7\">\n\t<a\n\t\thref=\"https:\/\/formakunde.eus\/es\/event\/matriculacion-igualdad-de-mujeres-y-hombres-conceptos-basicos\/2026-09-20\/\"\n\t\ttitle=\"Matriculaci\u00f3n: Igualdad de mujeres y hombres. Conceptos b\u00e1sicos.\"\n\t\trel=\"bookmark\"\n\t\tclass=\"tribe-events-calendar-month__calendar-event-tooltip-title-link tribe-common-anchor-thin\"\n\t>\n\t\tMatriculaci\u00f3n: Igualdad de mujeres y hombres. Conceptos b\u00e1sicos.\t<\/a>\n<\/div>\n\t\t<div class=\"tribe-events-calendar-month__calendar-event-tooltip-description tribe-common-b3\">\n\t<p>Una de las mayores transformaciones sociales ha sido el acceso de las mujeres a la igualdad formal, fruto de la lucha de muchas mujeres y algunos hombres dispuestos a poner [&hellip;]<\/p>\n<\/div>\n\t\t\t<\/div>\n<\/div>\n\t<\/article>\n<\/div>\n\n\n\t\t\t<\/div>\n\n\t\n<\/div>\n<\/td>\n\n\t\t\t\t\t<\/tr>\n\t\t\t<tr class=\"tribe-events-calendar-month__week\" data-js=\"tribe-events-month-grid-row\">\n\t\t\t\n\t\t\t\t<td\n\t class=\"tribe-events-calendar-month__day\" \taria-labelledby=\"tribe-events-calendar-day-2026-09-21\"\n\tdata-js=\"tribe-events-month-grid-cell\"\n>\n\t<button\n\taria-expanded=\"false\"\n\taria-controls=\"tribe-events-calendar-mobile-day-2026-09-21\"\n\taria-label=\"Septiembre 21, 2 eventos, pr\u00f3ximo d\u00eda\"\n\t class=\"tribe-events-calendar-month__day-cell tribe-events-calendar-month__day-cell--mobile\" \tdata-js=\"tribe-events-calendar-month-day-cell-mobile\"\n>\n\t<h3 class=\"tribe-events-calendar-month__day-date tribe-common-h6 tribe-common-h--alt\">\n\t\t<span class=\"tribe-common-a11y-visual-hide\">\n\t\t\t2 eventos\t\t<\/span>\n\t\t<time\n\t\t\tclass=\"tribe-events-calendar-month__day-date-daynum\"\n\t\t\tdatetime=\"2026-09-21\"\n\t\t>\n\t\t\t21\t\t<\/time>\n\t<\/h3>\n\t\n\t<span class=\"tribe-events-calendar-month__mobile-events-icon tribe-events-calendar-month__mobile-events-icon--event\" >\n\t<\/span>\n<\/button>\n\t\n<div\n\tid=\"tribe-events-calendar-day-2026-09-21\"\n\tclass=\"tribe-events-calendar-month__day-cell tribe-events-calendar-month__day-cell--desktop tribe-common-a11y-hidden\"\n>\n\t\n<h3 class=\"tribe-events-calendar-month__day-date tribe-common-h4\">\n\t<span class=\"tribe-common-a11y-visual-hide\">\n\t\t2 eventos,\n\t<\/span>\n\t<time\n\t\tclass=\"tribe-events-calendar-month__day-date-daynum\"\n\t\tdatetime=\"2026-09-21\"\n\t>\n\t\t\t\t\t<a\n\t\t\t\thref=\"https:\/\/formakunde.eus\/es\/(\/?:events|eventos|ekitaldiak)\/2026-09-21\/&#038;shortcode=tribe-widget-events-month--1\"\n\t\t\t\tclass=\"tribe-events-calendar-month__day-date-link\"\n\t\t\t\tdata-js=\"tribe-events-view-link\"\n\t\t\t\taria-label=\"Septiembre 21\"\n\t\t\t>\n\t\t\t\t21\t\t\t<\/a>\n\t\t\t<\/time>\n<\/h3>\n\n\t<div class=\"tribe-events-calendar-month__events\">\n\t\t\n\t<div class=\"tribe-events-calendar-month__multiday-event-wrapper\">\n\t<article  class=\"tribe-events-calendar-month__multiday-event post-10000223 tribe_events type-tribe_events status-publish has-post-thumbnail hentry tribe_events_cat-matriculacion cat_matriculacion tribe-recurring-event tribe-recurring-event-parent tribe-events-calendar-month__multiday-event--width-1 tribe-events-calendar-month__multiday-event--display tribe-events-calendar-month__multiday-event--start tribe-events-calendar-month__multiday-event--end\"  data-event-id=\"10000223\">\n\t\t<div class=\"tribe-events-calendar-month__multiday-event-hidden\">\n\t<time\n\tdatetime=\"2026-09-21\"\n\tclass=\"tribe-common-a11y-visual-hide\"\n>\n\t2026-09-21<\/time>\n\t<a\n\thref=\"https:\/\/formakunde.eus\/es\/event\/matriculacion-masculinidades-hombres-e-igualdad-retos-y-resistencias\/2026-09-21\/\"\n\tclass=\"tribe-events-calendar-month__multiday-event-hidden-link\"\n\tdata-js=\"tribe-events-tooltip\"\n\tdata-tooltip-content=\"#tribe-events-tooltip-content-10000223\"\n\taria-describedby=\"tribe-events-tooltip-content-10000223\"\n>\n\t\t<div class=\"tribe-events-calendar-month__multiday-event-hidden-title tribe-common-h8\">\n\tMatriculaci\u00f3n: Masculinidades. Hombres e igualdad: retos y resistencias<\/div>\n<\/a>\n<\/div>\n\t\t<div class=\"tribe-events-calendar-month__multiday-event-bar\">\n\t<div class=\"tribe-events-calendar-month__multiday-event-bar-inner\">\n\t\t\t\t<div class=\"tribe-events-calendar-month__multiday-event-bar-title tribe-common-h8\">\n\tMatriculaci\u00f3n: Masculinidades. Hombres e igualdad: retos y resistencias<\/div>\n\n<span class=\"tribe-events-calendar-series-archive__container\">\n\t\n<svg  class=\"tribe-common-c-svgicon tribe-common-c-svgicon--series tribe-events-series-archive__icon\"  width=\"14\" height=\"12\" viewBox=\"0 0 14 12\" fill=\"none\" xmlns=\"http:\/\/www.w3.org\/2000\/svg\" aria-hidden=\"true\">\n\t<rect x=\"0.5\" y=\"4.5\" width=\"9\" height=\"7\" \/>\n\t<path d=\"M2 2.5H11.5V10\" \/>\n\t<path d=\"M4 0.5H13.5V8\" \/>\n<\/svg>\n<\/span>\n\t<\/div>\n<\/div>\n<div class=\"tribe-events-calendar-month__calendar-event-tooltip-template tribe-common-a11y-hidden\">\n\t<div\n\t\tclass=\"tribe-events-calendar-month__calendar-event-tooltip\"\n\t\tid=\"tribe-events-tooltip-content-10000223\"\n\t\trole=\"tooltip\"\n\t>\n\t\t<div class=\"tribe-events-calendar-month__calendar-event-tooltip-featured-image-wrapper\">\n\t<img\n\t\tclass=\"tribe-events-calendar-month__calendar-event-tooltip-featured-image\"\n\t\tsrc=\"https:\/\/formakunde.eus\/wp-content\/uploads\/2025\/04\/MASCULINIDADES_caratula-curso-online_Emakunde.jpg\"\n\t\t\t\t\tsrcset=\"https:\/\/formakunde.eus\/wp-content\/uploads\/2025\/04\/MASCULINIDADES_caratula-curso-online_Emakunde-300x215.jpg 300w, https:\/\/formakunde.eus\/wp-content\/uploads\/2025\/04\/MASCULINIDADES_caratula-curso-online_Emakunde.jpg 694w\"\n\t\t\t\t\t\t\talt=\"\"\n\t\t\t\/>\n<\/div>\n\t\t<div class=\"tribe-events-calendar-month__calendar-event-tooltip-datetime\">\n\t\t<time datetime=\"2026-09-21\">\n\t\t<span class=\"tribe-event-date-start\">Septiembre 21<\/span>\t<\/time>\n\t\n<span class=\"tribe-events-calendar-series-archive__container\">\n\t<a\n\t\thref=\"https:\/\/formakunde.eus\/es\/series\/matriculacion-masculinidades-hombres-e-igualdad-retos-y-resistencias\/\"\n\t\taria-label=\"Event series: Matriculaci\u00f3n: Masculinidades. Hombres e igualdad: retos y resistencias\"\n\t\tclass=\"tribe-events-calendar-series-archive__link\"\n\t>\n\t\t\n<svg  class=\"tribe-common-c-svgicon tribe-common-c-svgicon--series tribe-events-series-archive__icon\"  width=\"14\" height=\"12\" viewBox=\"0 0 14 12\" fill=\"none\" xmlns=\"http:\/\/www.w3.org\/2000\/svg\" aria-hidden=\"true\">\n\t<rect x=\"0.5\" y=\"4.5\" width=\"9\" height=\"7\" \/>\n\t<path d=\"M2 2.5H11.5V10\" \/>\n\t<path d=\"M4 0.5H13.5V8\" \/>\n<\/svg>\n\t<\/a>\n<\/span>\n<\/div>\n\t\t<div class=\"tribe-events-calendar-month__calendar-event-tooltip-title tribe-common-h7\">\n\t<a\n\t\thref=\"https:\/\/formakunde.eus\/es\/event\/matriculacion-masculinidades-hombres-e-igualdad-retos-y-resistencias\/2026-09-21\/\"\n\t\ttitle=\"Matriculaci\u00f3n: Masculinidades. Hombres e igualdad: retos y resistencias\"\n\t\trel=\"bookmark\"\n\t\tclass=\"tribe-events-calendar-month__calendar-event-tooltip-title-link tribe-common-anchor-thin\"\n\t>\n\t\tMatriculaci\u00f3n: Masculinidades. Hombres e igualdad: retos y resistencias\t<\/a>\n<\/div>\n\t\t<div class=\"tribe-events-calendar-month__calendar-event-tooltip-description tribe-common-b3\">\n\t<p>En este curso se abordar\u00e1n las diferentes expresiones de masculinidades que existen en nuestras sociedades y las consecuencias que ello implica para las mujeres y para los propios hombres. A [&hellip;]<\/p>\n<\/div>\n\t\t\t<\/div>\n<\/div>\n\t<\/article>\n<\/div>\n\n\t<div class=\"tribe-events-calendar-month__multiday-event-wrapper\">\n\t<article  class=\"tribe-events-calendar-month__multiday-event post-10000614 tribe_events type-tribe_events status-publish has-post-thumbnail hentry tribe_events_cat-matriculacion-2 cat_matriculacion-2 tribe-recurring-event tribe-recurring-event-parent tribe-events-calendar-month__multiday-event--width-1 tribe-events-calendar-month__multiday-event--display tribe-events-calendar-month__multiday-event--start tribe-events-calendar-month__multiday-event--end\"  data-event-id=\"10000614\">\n\t\t<div class=\"tribe-events-calendar-month__multiday-event-hidden\">\n\t<time\n\tdatetime=\"2026-09-21\"\n\tclass=\"tribe-common-a11y-visual-hide\"\n>\n\t2026-09-21<\/time>\n\t<a\n\thref=\"https:\/\/formakunde.eus\/es\/event\/matriculacion-igualdad-de-mujeres-y-hombres-conceptos-basicos\/2026-09-21\/\"\n\tclass=\"tribe-events-calendar-month__multiday-event-hidden-link\"\n\tdata-js=\"tribe-events-tooltip\"\n\tdata-tooltip-content=\"#tribe-events-tooltip-content-10000614\"\n\taria-describedby=\"tribe-events-tooltip-content-10000614\"\n>\n\t\t<div class=\"tribe-events-calendar-month__multiday-event-hidden-title tribe-common-h8\">\n\tMatriculaci\u00f3n: Igualdad de mujeres y hombres. Conceptos b\u00e1sicos.<\/div>\n<\/a>\n<\/div>\n\t\t<div class=\"tribe-events-calendar-month__multiday-event-bar\">\n\t<div class=\"tribe-events-calendar-month__multiday-event-bar-inner\">\n\t\t\t\t<div class=\"tribe-events-calendar-month__multiday-event-bar-title tribe-common-h8\">\n\tMatriculaci\u00f3n: Igualdad de mujeres y hombres. Conceptos b\u00e1sicos.<\/div>\n\n<span class=\"tribe-events-calendar-series-archive__container\">\n\t\n<svg  class=\"tribe-common-c-svgicon tribe-common-c-svgicon--series tribe-events-series-archive__icon\"  width=\"14\" height=\"12\" viewBox=\"0 0 14 12\" fill=\"none\" xmlns=\"http:\/\/www.w3.org\/2000\/svg\" aria-hidden=\"true\">\n\t<rect x=\"0.5\" y=\"4.5\" width=\"9\" height=\"7\" \/>\n\t<path d=\"M2 2.5H11.5V10\" \/>\n\t<path d=\"M4 0.5H13.5V8\" \/>\n<\/svg>\n<\/span>\n\t<\/div>\n<\/div>\n<div class=\"tribe-events-calendar-month__calendar-event-tooltip-template tribe-common-a11y-hidden\">\n\t<div\n\t\tclass=\"tribe-events-calendar-month__calendar-event-tooltip\"\n\t\tid=\"tribe-events-tooltip-content-10000614\"\n\t\trole=\"tooltip\"\n\t>\n\t\t<div class=\"tribe-events-calendar-month__calendar-event-tooltip-featured-image-wrapper\">\n\t<img\n\t\tclass=\"tribe-events-calendar-month__calendar-event-tooltip-featured-image\"\n\t\tsrc=\"https:\/\/formakunde.eus\/wp-content\/uploads\/2025\/04\/IGUALDAD_caratula-curso-online_Emakunde-1.jpg\"\n\t\t\t\t\tsrcset=\"https:\/\/formakunde.eus\/wp-content\/uploads\/2025\/04\/IGUALDAD_caratula-curso-online_Emakunde-1-300x215.jpg 300w, https:\/\/formakunde.eus\/wp-content\/uploads\/2025\/04\/IGUALDAD_caratula-curso-online_Emakunde-1.jpg 694w\"\n\t\t\t\t\t\t\talt=\"\"\n\t\t\t\/>\n<\/div>\n\t\t<div class=\"tribe-events-calendar-month__calendar-event-tooltip-datetime\">\n\t\t<time datetime=\"2026-09-21\">\n\t\t<span class=\"tribe-event-date-start\">Septiembre 21<\/span>\t<\/time>\n\t\n<span class=\"tribe-events-calendar-series-archive__container\">\n\t<a\n\t\thref=\"https:\/\/formakunde.eus\/es\/series\/matriculacion-igualdad-de-mujeres-y-hombres-conceptos-basicos\/\"\n\t\taria-label=\"Event series: Matriculaci\u00f3n: Igualdad de mujeres y hombres. Conceptos b\u00e1sicos.\"\n\t\tclass=\"tribe-events-calendar-series-archive__link\"\n\t>\n\t\t\n<svg  class=\"tribe-common-c-svgicon tribe-common-c-svgicon--series tribe-events-series-archive__icon\"  width=\"14\" height=\"12\" viewBox=\"0 0 14 12\" fill=\"none\" xmlns=\"http:\/\/www.w3.org\/2000\/svg\" aria-hidden=\"true\">\n\t<rect x=\"0.5\" y=\"4.5\" width=\"9\" height=\"7\" \/>\n\t<path d=\"M2 2.5H11.5V10\" \/>\n\t<path d=\"M4 0.5H13.5V8\" \/>\n<\/svg>\n\t<\/a>\n<\/span>\n<\/div>\n\t\t<div class=\"tribe-events-calendar-month__calendar-event-tooltip-title tribe-common-h7\">\n\t<a\n\t\thref=\"https:\/\/formakunde.eus\/es\/event\/matriculacion-igualdad-de-mujeres-y-hombres-conceptos-basicos\/2026-09-21\/\"\n\t\ttitle=\"Matriculaci\u00f3n: Igualdad de mujeres y hombres. Conceptos b\u00e1sicos.\"\n\t\trel=\"bookmark\"\n\t\tclass=\"tribe-events-calendar-month__calendar-event-tooltip-title-link tribe-common-anchor-thin\"\n\t>\n\t\tMatriculaci\u00f3n: Igualdad de mujeres y hombres. Conceptos b\u00e1sicos.\t<\/a>\n<\/div>\n\t\t<div class=\"tribe-events-calendar-month__calendar-event-tooltip-description tribe-common-b3\">\n\t<p>Una de las mayores transformaciones sociales ha sido el acceso de las mujeres a la igualdad formal, fruto de la lucha de muchas mujeres y algunos hombres dispuestos a poner [&hellip;]<\/p>\n<\/div>\n\t\t\t<\/div>\n<\/div>\n\t<\/article>\n<\/div>\n\n\n\t\t\t<\/div>\n\n\t\n<\/div>\n<\/td>\n\n\t\t\t\n\t\t\t\t<td\n\t class=\"tribe-events-calendar-month__day\" \taria-labelledby=\"tribe-events-calendar-day-2026-09-22\"\n\tdata-js=\"tribe-events-month-grid-cell\"\n>\n\t<button\n\taria-expanded=\"false\"\n\taria-controls=\"tribe-events-calendar-mobile-day-2026-09-22\"\n\taria-label=\"Septiembre 22, 2 eventos, pr\u00f3ximo d\u00eda\"\n\t class=\"tribe-events-calendar-month__day-cell tribe-events-calendar-month__day-cell--mobile\" \tdata-js=\"tribe-events-calendar-month-day-cell-mobile\"\n>\n\t<h3 class=\"tribe-events-calendar-month__day-date tribe-common-h6 tribe-common-h--alt\">\n\t\t<span class=\"tribe-common-a11y-visual-hide\">\n\t\t\t2 eventos\t\t<\/span>\n\t\t<time\n\t\t\tclass=\"tribe-events-calendar-month__day-date-daynum\"\n\t\t\tdatetime=\"2026-09-22\"\n\t\t>\n\t\t\t22\t\t<\/time>\n\t<\/h3>\n\t\n\t<span class=\"tribe-events-calendar-month__mobile-events-icon tribe-events-calendar-month__mobile-events-icon--event\" >\n\t<\/span>\n<\/button>\n\t\n<div\n\tid=\"tribe-events-calendar-day-2026-09-22\"\n\tclass=\"tribe-events-calendar-month__day-cell tribe-events-calendar-month__day-cell--desktop tribe-common-a11y-hidden\"\n>\n\t\n<h3 class=\"tribe-events-calendar-month__day-date tribe-common-h4\">\n\t<span class=\"tribe-common-a11y-visual-hide\">\n\t\t2 eventos,\n\t<\/span>\n\t<time\n\t\tclass=\"tribe-events-calendar-month__day-date-daynum\"\n\t\tdatetime=\"2026-09-22\"\n\t>\n\t\t\t\t\t<a\n\t\t\t\thref=\"https:\/\/formakunde.eus\/es\/(\/?:events|eventos|ekitaldiak)\/2026-09-22\/&#038;shortcode=tribe-widget-events-month--1\"\n\t\t\t\tclass=\"tribe-events-calendar-month__day-date-link\"\n\t\t\t\tdata-js=\"tribe-events-view-link\"\n\t\t\t\taria-label=\"Septiembre 22\"\n\t\t\t>\n\t\t\t\t22\t\t\t<\/a>\n\t\t\t<\/time>\n<\/h3>\n\n\t<div class=\"tribe-events-calendar-month__events\">\n\t\t\n\t<div class=\"tribe-events-calendar-month__multiday-event-wrapper\">\n\t<article  class=\"tribe-events-calendar-month__multiday-event post-10000224 tribe_events type-tribe_events status-publish has-post-thumbnail hentry tribe_events_cat-matriculacion cat_matriculacion tribe-recurring-event tribe-recurring-event-parent tribe-events-calendar-month__multiday-event--width-1 tribe-events-calendar-month__multiday-event--display tribe-events-calendar-month__multiday-event--start tribe-events-calendar-month__multiday-event--end\"  data-event-id=\"10000224\">\n\t\t<div class=\"tribe-events-calendar-month__multiday-event-hidden\">\n\t<time\n\tdatetime=\"2026-09-22\"\n\tclass=\"tribe-common-a11y-visual-hide\"\n>\n\t2026-09-22<\/time>\n\t<a\n\thref=\"https:\/\/formakunde.eus\/es\/event\/matriculacion-masculinidades-hombres-e-igualdad-retos-y-resistencias\/2026-09-22\/\"\n\tclass=\"tribe-events-calendar-month__multiday-event-hidden-link\"\n\tdata-js=\"tribe-events-tooltip\"\n\tdata-tooltip-content=\"#tribe-events-tooltip-content-10000224\"\n\taria-describedby=\"tribe-events-tooltip-content-10000224\"\n>\n\t\t<div class=\"tribe-events-calendar-month__multiday-event-hidden-title tribe-common-h8\">\n\tMatriculaci\u00f3n: Masculinidades. Hombres e igualdad: retos y resistencias<\/div>\n<\/a>\n<\/div>\n\t\t<div class=\"tribe-events-calendar-month__multiday-event-bar\">\n\t<div class=\"tribe-events-calendar-month__multiday-event-bar-inner\">\n\t\t\t\t<div class=\"tribe-events-calendar-month__multiday-event-bar-title tribe-common-h8\">\n\tMatriculaci\u00f3n: Masculinidades. Hombres e igualdad: retos y resistencias<\/div>\n\n<span class=\"tribe-events-calendar-series-archive__container\">\n\t\n<svg  class=\"tribe-common-c-svgicon tribe-common-c-svgicon--series tribe-events-series-archive__icon\"  width=\"14\" height=\"12\" viewBox=\"0 0 14 12\" fill=\"none\" xmlns=\"http:\/\/www.w3.org\/2000\/svg\" aria-hidden=\"true\">\n\t<rect x=\"0.5\" y=\"4.5\" width=\"9\" height=\"7\" \/>\n\t<path d=\"M2 2.5H11.5V10\" \/>\n\t<path d=\"M4 0.5H13.5V8\" \/>\n<\/svg>\n<\/span>\n\t<\/div>\n<\/div>\n<div class=\"tribe-events-calendar-month__calendar-event-tooltip-template tribe-common-a11y-hidden\">\n\t<div\n\t\tclass=\"tribe-events-calendar-month__calendar-event-tooltip\"\n\t\tid=\"tribe-events-tooltip-content-10000224\"\n\t\trole=\"tooltip\"\n\t>\n\t\t<div class=\"tribe-events-calendar-month__calendar-event-tooltip-featured-image-wrapper\">\n\t<img\n\t\tclass=\"tribe-events-calendar-month__calendar-event-tooltip-featured-image\"\n\t\tsrc=\"https:\/\/formakunde.eus\/wp-content\/uploads\/2025\/04\/MASCULINIDADES_caratula-curso-online_Emakunde.jpg\"\n\t\t\t\t\tsrcset=\"https:\/\/formakunde.eus\/wp-content\/uploads\/2025\/04\/MASCULINIDADES_caratula-curso-online_Emakunde-300x215.jpg 300w, https:\/\/formakunde.eus\/wp-content\/uploads\/2025\/04\/MASCULINIDADES_caratula-curso-online_Emakunde.jpg 694w\"\n\t\t\t\t\t\t\talt=\"\"\n\t\t\t\/>\n<\/div>\n\t\t<div class=\"tribe-events-calendar-month__calendar-event-tooltip-datetime\">\n\t\t<time datetime=\"2026-09-22\">\n\t\t<span class=\"tribe-event-date-start\">Septiembre 22<\/span>\t<\/time>\n\t\n<span class=\"tribe-events-calendar-series-archive__container\">\n\t<a\n\t\thref=\"https:\/\/formakunde.eus\/es\/series\/matriculacion-masculinidades-hombres-e-igualdad-retos-y-resistencias\/\"\n\t\taria-label=\"Event series: Matriculaci\u00f3n: Masculinidades. Hombres e igualdad: retos y resistencias\"\n\t\tclass=\"tribe-events-calendar-series-archive__link\"\n\t>\n\t\t\n<svg  class=\"tribe-common-c-svgicon tribe-common-c-svgicon--series tribe-events-series-archive__icon\"  width=\"14\" height=\"12\" viewBox=\"0 0 14 12\" fill=\"none\" xmlns=\"http:\/\/www.w3.org\/2000\/svg\" aria-hidden=\"true\">\n\t<rect x=\"0.5\" y=\"4.5\" width=\"9\" height=\"7\" \/>\n\t<path d=\"M2 2.5H11.5V10\" \/>\n\t<path d=\"M4 0.5H13.5V8\" \/>\n<\/svg>\n\t<\/a>\n<\/span>\n<\/div>\n\t\t<div class=\"tribe-events-calendar-month__calendar-event-tooltip-title tribe-common-h7\">\n\t<a\n\t\thref=\"https:\/\/formakunde.eus\/es\/event\/matriculacion-masculinidades-hombres-e-igualdad-retos-y-resistencias\/2026-09-22\/\"\n\t\ttitle=\"Matriculaci\u00f3n: Masculinidades. Hombres e igualdad: retos y resistencias\"\n\t\trel=\"bookmark\"\n\t\tclass=\"tribe-events-calendar-month__calendar-event-tooltip-title-link tribe-common-anchor-thin\"\n\t>\n\t\tMatriculaci\u00f3n: Masculinidades. Hombres e igualdad: retos y resistencias\t<\/a>\n<\/div>\n\t\t<div class=\"tribe-events-calendar-month__calendar-event-tooltip-description tribe-common-b3\">\n\t<p>En este curso se abordar\u00e1n las diferentes expresiones de masculinidades que existen en nuestras sociedades y las consecuencias que ello implica para las mujeres y para los propios hombres. A [&hellip;]<\/p>\n<\/div>\n\t\t\t<\/div>\n<\/div>\n\t<\/article>\n<\/div>\n\n\t<div class=\"tribe-events-calendar-month__multiday-event-wrapper\">\n\t<article  class=\"tribe-events-calendar-month__multiday-event post-10000615 tribe_events type-tribe_events status-publish has-post-thumbnail hentry tribe_events_cat-matriculacion-2 cat_matriculacion-2 tribe-recurring-event tribe-recurring-event-parent tribe-events-calendar-month__multiday-event--width-1 tribe-events-calendar-month__multiday-event--display tribe-events-calendar-month__multiday-event--start tribe-events-calendar-month__multiday-event--end\"  data-event-id=\"10000615\">\n\t\t<div class=\"tribe-events-calendar-month__multiday-event-hidden\">\n\t<time\n\tdatetime=\"2026-09-22\"\n\tclass=\"tribe-common-a11y-visual-hide\"\n>\n\t2026-09-22<\/time>\n\t<a\n\thref=\"https:\/\/formakunde.eus\/es\/event\/matriculacion-igualdad-de-mujeres-y-hombres-conceptos-basicos\/2026-09-22\/\"\n\tclass=\"tribe-events-calendar-month__multiday-event-hidden-link\"\n\tdata-js=\"tribe-events-tooltip\"\n\tdata-tooltip-content=\"#tribe-events-tooltip-content-10000615\"\n\taria-describedby=\"tribe-events-tooltip-content-10000615\"\n>\n\t\t<div class=\"tribe-events-calendar-month__multiday-event-hidden-title tribe-common-h8\">\n\tMatriculaci\u00f3n: Igualdad de mujeres y hombres. Conceptos b\u00e1sicos.<\/div>\n<\/a>\n<\/div>\n\t\t<div class=\"tribe-events-calendar-month__multiday-event-bar\">\n\t<div class=\"tribe-events-calendar-month__multiday-event-bar-inner\">\n\t\t\t\t<div class=\"tribe-events-calendar-month__multiday-event-bar-title tribe-common-h8\">\n\tMatriculaci\u00f3n: Igualdad de mujeres y hombres. Conceptos b\u00e1sicos.<\/div>\n\n<span class=\"tribe-events-calendar-series-archive__container\">\n\t\n<svg  class=\"tribe-common-c-svgicon tribe-common-c-svgicon--series tribe-events-series-archive__icon\"  width=\"14\" height=\"12\" viewBox=\"0 0 14 12\" fill=\"none\" xmlns=\"http:\/\/www.w3.org\/2000\/svg\" aria-hidden=\"true\">\n\t<rect x=\"0.5\" y=\"4.5\" width=\"9\" height=\"7\" \/>\n\t<path d=\"M2 2.5H11.5V10\" \/>\n\t<path d=\"M4 0.5H13.5V8\" \/>\n<\/svg>\n<\/span>\n\t<\/div>\n<\/div>\n<div class=\"tribe-events-calendar-month__calendar-event-tooltip-template tribe-common-a11y-hidden\">\n\t<div\n\t\tclass=\"tribe-events-calendar-month__calendar-event-tooltip\"\n\t\tid=\"tribe-events-tooltip-content-10000615\"\n\t\trole=\"tooltip\"\n\t>\n\t\t<div class=\"tribe-events-calendar-month__calendar-event-tooltip-featured-image-wrapper\">\n\t<img\n\t\tclass=\"tribe-events-calendar-month__calendar-event-tooltip-featured-image\"\n\t\tsrc=\"https:\/\/formakunde.eus\/wp-content\/uploads\/2025\/04\/IGUALDAD_caratula-curso-online_Emakunde-1.jpg\"\n\t\t\t\t\tsrcset=\"https:\/\/formakunde.eus\/wp-content\/uploads\/2025\/04\/IGUALDAD_caratula-curso-online_Emakunde-1-300x215.jpg 300w, https:\/\/formakunde.eus\/wp-content\/uploads\/2025\/04\/IGUALDAD_caratula-curso-online_Emakunde-1.jpg 694w\"\n\t\t\t\t\t\t\talt=\"\"\n\t\t\t\/>\n<\/div>\n\t\t<div class=\"tribe-events-calendar-month__calendar-event-tooltip-datetime\">\n\t\t<time datetime=\"2026-09-22\">\n\t\t<span class=\"tribe-event-date-start\">Septiembre 22<\/span>\t<\/time>\n\t\n<span class=\"tribe-events-calendar-series-archive__container\">\n\t<a\n\t\thref=\"https:\/\/formakunde.eus\/es\/series\/matriculacion-igualdad-de-mujeres-y-hombres-conceptos-basicos\/\"\n\t\taria-label=\"Event series: Matriculaci\u00f3n: Igualdad de mujeres y hombres. Conceptos b\u00e1sicos.\"\n\t\tclass=\"tribe-events-calendar-series-archive__link\"\n\t>\n\t\t\n<svg  class=\"tribe-common-c-svgicon tribe-common-c-svgicon--series tribe-events-series-archive__icon\"  width=\"14\" height=\"12\" viewBox=\"0 0 14 12\" fill=\"none\" xmlns=\"http:\/\/www.w3.org\/2000\/svg\" aria-hidden=\"true\">\n\t<rect x=\"0.5\" y=\"4.5\" width=\"9\" height=\"7\" \/>\n\t<path d=\"M2 2.5H11.5V10\" \/>\n\t<path d=\"M4 0.5H13.5V8\" \/>\n<\/svg>\n\t<\/a>\n<\/span>\n<\/div>\n\t\t<div class=\"tribe-events-calendar-month__calendar-event-tooltip-title tribe-common-h7\">\n\t<a\n\t\thref=\"https:\/\/formakunde.eus\/es\/event\/matriculacion-igualdad-de-mujeres-y-hombres-conceptos-basicos\/2026-09-22\/\"\n\t\ttitle=\"Matriculaci\u00f3n: Igualdad de mujeres y hombres. Conceptos b\u00e1sicos.\"\n\t\trel=\"bookmark\"\n\t\tclass=\"tribe-events-calendar-month__calendar-event-tooltip-title-link tribe-common-anchor-thin\"\n\t>\n\t\tMatriculaci\u00f3n: Igualdad de mujeres y hombres. Conceptos b\u00e1sicos.\t<\/a>\n<\/div>\n\t\t<div class=\"tribe-events-calendar-month__calendar-event-tooltip-description tribe-common-b3\">\n\t<p>Una de las mayores transformaciones sociales ha sido el acceso de las mujeres a la igualdad formal, fruto de la lucha de muchas mujeres y algunos hombres dispuestos a poner [&hellip;]<\/p>\n<\/div>\n\t\t\t<\/div>\n<\/div>\n\t<\/article>\n<\/div>\n\n\n\t\t\t<\/div>\n\n\t\n<\/div>\n<\/td>\n\n\t\t\t\n\t\t\t\t<td\n\t class=\"tribe-events-calendar-month__day\" \taria-labelledby=\"tribe-events-calendar-day-2026-09-23\"\n\tdata-js=\"tribe-events-month-grid-cell\"\n>\n\t<button\n\taria-expanded=\"false\"\n\taria-controls=\"tribe-events-calendar-mobile-day-2026-09-23\"\n\taria-label=\"Septiembre 23, 2 eventos, pr\u00f3ximo d\u00eda\"\n\t class=\"tribe-events-calendar-month__day-cell tribe-events-calendar-month__day-cell--mobile\" \tdata-js=\"tribe-events-calendar-month-day-cell-mobile\"\n>\n\t<h3 class=\"tribe-events-calendar-month__day-date tribe-common-h6 tribe-common-h--alt\">\n\t\t<span class=\"tribe-common-a11y-visual-hide\">\n\t\t\t2 eventos\t\t<\/span>\n\t\t<time\n\t\t\tclass=\"tribe-events-calendar-month__day-date-daynum\"\n\t\t\tdatetime=\"2026-09-23\"\n\t\t>\n\t\t\t23\t\t<\/time>\n\t<\/h3>\n\t\n\t<span class=\"tribe-events-calendar-month__mobile-events-icon tribe-events-calendar-month__mobile-events-icon--event\" >\n\t<\/span>\n<\/button>\n\t\n<div\n\tid=\"tribe-events-calendar-day-2026-09-23\"\n\tclass=\"tribe-events-calendar-month__day-cell tribe-events-calendar-month__day-cell--desktop tribe-common-a11y-hidden\"\n>\n\t\n<h3 class=\"tribe-events-calendar-month__day-date tribe-common-h4\">\n\t<span class=\"tribe-common-a11y-visual-hide\">\n\t\t2 eventos,\n\t<\/span>\n\t<time\n\t\tclass=\"tribe-events-calendar-month__day-date-daynum\"\n\t\tdatetime=\"2026-09-23\"\n\t>\n\t\t\t\t\t<a\n\t\t\t\thref=\"https:\/\/formakunde.eus\/es\/(\/?:events|eventos|ekitaldiak)\/2026-09-23\/&#038;shortcode=tribe-widget-events-month--1\"\n\t\t\t\tclass=\"tribe-events-calendar-month__day-date-link\"\n\t\t\t\tdata-js=\"tribe-events-view-link\"\n\t\t\t\taria-label=\"Septiembre 23\"\n\t\t\t>\n\t\t\t\t23\t\t\t<\/a>\n\t\t\t<\/time>\n<\/h3>\n\n\t<div class=\"tribe-events-calendar-month__events\">\n\t\t\n\t<div class=\"tribe-events-calendar-month__multiday-event-wrapper\">\n\t<article  class=\"tribe-events-calendar-month__multiday-event post-10000225 tribe_events type-tribe_events status-publish has-post-thumbnail hentry tribe_events_cat-matriculacion cat_matriculacion tribe-recurring-event tribe-recurring-event-parent tribe-events-calendar-month__multiday-event--width-1 tribe-events-calendar-month__multiday-event--display tribe-events-calendar-month__multiday-event--start tribe-events-calendar-month__multiday-event--end\"  data-event-id=\"10000225\">\n\t\t<div class=\"tribe-events-calendar-month__multiday-event-hidden\">\n\t<time\n\tdatetime=\"2026-09-23\"\n\tclass=\"tribe-common-a11y-visual-hide\"\n>\n\t2026-09-23<\/time>\n\t<a\n\thref=\"https:\/\/formakunde.eus\/es\/event\/matriculacion-masculinidades-hombres-e-igualdad-retos-y-resistencias\/2026-09-23\/\"\n\tclass=\"tribe-events-calendar-month__multiday-event-hidden-link\"\n\tdata-js=\"tribe-events-tooltip\"\n\tdata-tooltip-content=\"#tribe-events-tooltip-content-10000225\"\n\taria-describedby=\"tribe-events-tooltip-content-10000225\"\n>\n\t\t<div class=\"tribe-events-calendar-month__multiday-event-hidden-title tribe-common-h8\">\n\tMatriculaci\u00f3n: Masculinidades. Hombres e igualdad: retos y resistencias<\/div>\n<\/a>\n<\/div>\n\t\t<div class=\"tribe-events-calendar-month__multiday-event-bar\">\n\t<div class=\"tribe-events-calendar-month__multiday-event-bar-inner\">\n\t\t\t\t<div class=\"tribe-events-calendar-month__multiday-event-bar-title tribe-common-h8\">\n\tMatriculaci\u00f3n: Masculinidades. Hombres e igualdad: retos y resistencias<\/div>\n\n<span class=\"tribe-events-calendar-series-archive__container\">\n\t\n<svg  class=\"tribe-common-c-svgicon tribe-common-c-svgicon--series tribe-events-series-archive__icon\"  width=\"14\" height=\"12\" viewBox=\"0 0 14 12\" fill=\"none\" xmlns=\"http:\/\/www.w3.org\/2000\/svg\" aria-hidden=\"true\">\n\t<rect x=\"0.5\" y=\"4.5\" width=\"9\" height=\"7\" \/>\n\t<path d=\"M2 2.5H11.5V10\" \/>\n\t<path d=\"M4 0.5H13.5V8\" \/>\n<\/svg>\n<\/span>\n\t<\/div>\n<\/div>\n<div class=\"tribe-events-calendar-month__calendar-event-tooltip-template tribe-common-a11y-hidden\">\n\t<div\n\t\tclass=\"tribe-events-calendar-month__calendar-event-tooltip\"\n\t\tid=\"tribe-events-tooltip-content-10000225\"\n\t\trole=\"tooltip\"\n\t>\n\t\t<div class=\"tribe-events-calendar-month__calendar-event-tooltip-featured-image-wrapper\">\n\t<img\n\t\tclass=\"tribe-events-calendar-month__calendar-event-tooltip-featured-image\"\n\t\tsrc=\"https:\/\/formakunde.eus\/wp-content\/uploads\/2025\/04\/MASCULINIDADES_caratula-curso-online_Emakunde.jpg\"\n\t\t\t\t\tsrcset=\"https:\/\/formakunde.eus\/wp-content\/uploads\/2025\/04\/MASCULINIDADES_caratula-curso-online_Emakunde-300x215.jpg 300w, https:\/\/formakunde.eus\/wp-content\/uploads\/2025\/04\/MASCULINIDADES_caratula-curso-online_Emakunde.jpg 694w\"\n\t\t\t\t\t\t\talt=\"\"\n\t\t\t\/>\n<\/div>\n\t\t<div class=\"tribe-events-calendar-month__calendar-event-tooltip-datetime\">\n\t\t<time datetime=\"2026-09-23\">\n\t\t<span class=\"tribe-event-date-start\">Septiembre 23<\/span>\t<\/time>\n\t\n<span class=\"tribe-events-calendar-series-archive__container\">\n\t<a\n\t\thref=\"https:\/\/formakunde.eus\/es\/series\/matriculacion-masculinidades-hombres-e-igualdad-retos-y-resistencias\/\"\n\t\taria-label=\"Event series: Matriculaci\u00f3n: Masculinidades. Hombres e igualdad: retos y resistencias\"\n\t\tclass=\"tribe-events-calendar-series-archive__link\"\n\t>\n\t\t\n<svg  class=\"tribe-common-c-svgicon tribe-common-c-svgicon--series tribe-events-series-archive__icon\"  width=\"14\" height=\"12\" viewBox=\"0 0 14 12\" fill=\"none\" xmlns=\"http:\/\/www.w3.org\/2000\/svg\" aria-hidden=\"true\">\n\t<rect x=\"0.5\" y=\"4.5\" width=\"9\" height=\"7\" \/>\n\t<path d=\"M2 2.5H11.5V10\" \/>\n\t<path d=\"M4 0.5H13.5V8\" \/>\n<\/svg>\n\t<\/a>\n<\/span>\n<\/div>\n\t\t<div class=\"tribe-events-calendar-month__calendar-event-tooltip-title tribe-common-h7\">\n\t<a\n\t\thref=\"https:\/\/formakunde.eus\/es\/event\/matriculacion-masculinidades-hombres-e-igualdad-retos-y-resistencias\/2026-09-23\/\"\n\t\ttitle=\"Matriculaci\u00f3n: Masculinidades. Hombres e igualdad: retos y resistencias\"\n\t\trel=\"bookmark\"\n\t\tclass=\"tribe-events-calendar-month__calendar-event-tooltip-title-link tribe-common-anchor-thin\"\n\t>\n\t\tMatriculaci\u00f3n: Masculinidades. Hombres e igualdad: retos y resistencias\t<\/a>\n<\/div>\n\t\t<div class=\"tribe-events-calendar-month__calendar-event-tooltip-description tribe-common-b3\">\n\t<p>En este curso se abordar\u00e1n las diferentes expresiones de masculinidades que existen en nuestras sociedades y las consecuencias que ello implica para las mujeres y para los propios hombres. A [&hellip;]<\/p>\n<\/div>\n\t\t\t<\/div>\n<\/div>\n\t<\/article>\n<\/div>\n\n\t<div class=\"tribe-events-calendar-month__multiday-event-wrapper\">\n\t<article  class=\"tribe-events-calendar-month__multiday-event post-10000616 tribe_events type-tribe_events status-publish has-post-thumbnail hentry tribe_events_cat-matriculacion-2 cat_matriculacion-2 tribe-recurring-event tribe-recurring-event-parent tribe-events-calendar-month__multiday-event--width-1 tribe-events-calendar-month__multiday-event--display tribe-events-calendar-month__multiday-event--start tribe-events-calendar-month__multiday-event--end\"  data-event-id=\"10000616\">\n\t\t<div class=\"tribe-events-calendar-month__multiday-event-hidden\">\n\t<time\n\tdatetime=\"2026-09-23\"\n\tclass=\"tribe-common-a11y-visual-hide\"\n>\n\t2026-09-23<\/time>\n\t<a\n\thref=\"https:\/\/formakunde.eus\/es\/event\/matriculacion-igualdad-de-mujeres-y-hombres-conceptos-basicos\/2026-09-23\/\"\n\tclass=\"tribe-events-calendar-month__multiday-event-hidden-link\"\n\tdata-js=\"tribe-events-tooltip\"\n\tdata-tooltip-content=\"#tribe-events-tooltip-content-10000616\"\n\taria-describedby=\"tribe-events-tooltip-content-10000616\"\n>\n\t\t<div class=\"tribe-events-calendar-month__multiday-event-hidden-title tribe-common-h8\">\n\tMatriculaci\u00f3n: Igualdad de mujeres y hombres. Conceptos b\u00e1sicos.<\/div>\n<\/a>\n<\/div>\n\t\t<div class=\"tribe-events-calendar-month__multiday-event-bar\">\n\t<div class=\"tribe-events-calendar-month__multiday-event-bar-inner\">\n\t\t\t\t<div class=\"tribe-events-calendar-month__multiday-event-bar-title tribe-common-h8\">\n\tMatriculaci\u00f3n: Igualdad de mujeres y hombres. Conceptos b\u00e1sicos.<\/div>\n\n<span class=\"tribe-events-calendar-series-archive__container\">\n\t\n<svg  class=\"tribe-common-c-svgicon tribe-common-c-svgicon--series tribe-events-series-archive__icon\"  width=\"14\" height=\"12\" viewBox=\"0 0 14 12\" fill=\"none\" xmlns=\"http:\/\/www.w3.org\/2000\/svg\" aria-hidden=\"true\">\n\t<rect x=\"0.5\" y=\"4.5\" width=\"9\" height=\"7\" \/>\n\t<path d=\"M2 2.5H11.5V10\" \/>\n\t<path d=\"M4 0.5H13.5V8\" \/>\n<\/svg>\n<\/span>\n\t<\/div>\n<\/div>\n<div class=\"tribe-events-calendar-month__calendar-event-tooltip-template tribe-common-a11y-hidden\">\n\t<div\n\t\tclass=\"tribe-events-calendar-month__calendar-event-tooltip\"\n\t\tid=\"tribe-events-tooltip-content-10000616\"\n\t\trole=\"tooltip\"\n\t>\n\t\t<div class=\"tribe-events-calendar-month__calendar-event-tooltip-featured-image-wrapper\">\n\t<img\n\t\tclass=\"tribe-events-calendar-month__calendar-event-tooltip-featured-image\"\n\t\tsrc=\"https:\/\/formakunde.eus\/wp-content\/uploads\/2025\/04\/IGUALDAD_caratula-curso-online_Emakunde-1.jpg\"\n\t\t\t\t\tsrcset=\"https:\/\/formakunde.eus\/wp-content\/uploads\/2025\/04\/IGUALDAD_caratula-curso-online_Emakunde-1-300x215.jpg 300w, https:\/\/formakunde.eus\/wp-content\/uploads\/2025\/04\/IGUALDAD_caratula-curso-online_Emakunde-1.jpg 694w\"\n\t\t\t\t\t\t\talt=\"\"\n\t\t\t\/>\n<\/div>\n\t\t<div class=\"tribe-events-calendar-month__calendar-event-tooltip-datetime\">\n\t\t<time datetime=\"2026-09-23\">\n\t\t<span class=\"tribe-event-date-start\">Septiembre 23<\/span>\t<\/time>\n\t\n<span class=\"tribe-events-calendar-series-archive__container\">\n\t<a\n\t\thref=\"https:\/\/formakunde.eus\/es\/series\/matriculacion-igualdad-de-mujeres-y-hombres-conceptos-basicos\/\"\n\t\taria-label=\"Event series: Matriculaci\u00f3n: Igualdad de mujeres y hombres. Conceptos b\u00e1sicos.\"\n\t\tclass=\"tribe-events-calendar-series-archive__link\"\n\t>\n\t\t\n<svg  class=\"tribe-common-c-svgicon tribe-common-c-svgicon--series tribe-events-series-archive__icon\"  width=\"14\" height=\"12\" viewBox=\"0 0 14 12\" fill=\"none\" xmlns=\"http:\/\/www.w3.org\/2000\/svg\" aria-hidden=\"true\">\n\t<rect x=\"0.5\" y=\"4.5\" width=\"9\" height=\"7\" \/>\n\t<path d=\"M2 2.5H11.5V10\" \/>\n\t<path d=\"M4 0.5H13.5V8\" \/>\n<\/svg>\n\t<\/a>\n<\/span>\n<\/div>\n\t\t<div class=\"tribe-events-calendar-month__calendar-event-tooltip-title tribe-common-h7\">\n\t<a\n\t\thref=\"https:\/\/formakunde.eus\/es\/event\/matriculacion-igualdad-de-mujeres-y-hombres-conceptos-basicos\/2026-09-23\/\"\n\t\ttitle=\"Matriculaci\u00f3n: Igualdad de mujeres y hombres. Conceptos b\u00e1sicos.\"\n\t\trel=\"bookmark\"\n\t\tclass=\"tribe-events-calendar-month__calendar-event-tooltip-title-link tribe-common-anchor-thin\"\n\t>\n\t\tMatriculaci\u00f3n: Igualdad de mujeres y hombres. Conceptos b\u00e1sicos.\t<\/a>\n<\/div>\n\t\t<div class=\"tribe-events-calendar-month__calendar-event-tooltip-description tribe-common-b3\">\n\t<p>Una de las mayores transformaciones sociales ha sido el acceso de las mujeres a la igualdad formal, fruto de la lucha de muchas mujeres y algunos hombres dispuestos a poner [&hellip;]<\/p>\n<\/div>\n\t\t\t<\/div>\n<\/div>\n\t<\/article>\n<\/div>\n\n\n\t\t\t<\/div>\n\n\t\n<\/div>\n<\/td>\n\n\t\t\t\n\t\t\t\t<td\n\t class=\"tribe-events-calendar-month__day\" \taria-labelledby=\"tribe-events-calendar-day-2026-09-24\"\n\tdata-js=\"tribe-events-month-grid-cell\"\n>\n\t<button\n\taria-expanded=\"false\"\n\taria-controls=\"tribe-events-calendar-mobile-day-2026-09-24\"\n\taria-label=\"Septiembre 24, 2 eventos, pr\u00f3ximo d\u00eda\"\n\t class=\"tribe-events-calendar-month__day-cell tribe-events-calendar-month__day-cell--mobile\" \tdata-js=\"tribe-events-calendar-month-day-cell-mobile\"\n>\n\t<h3 class=\"tribe-events-calendar-month__day-date tribe-common-h6 tribe-common-h--alt\">\n\t\t<span class=\"tribe-common-a11y-visual-hide\">\n\t\t\t2 eventos\t\t<\/span>\n\t\t<time\n\t\t\tclass=\"tribe-events-calendar-month__day-date-daynum\"\n\t\t\tdatetime=\"2026-09-24\"\n\t\t>\n\t\t\t24\t\t<\/time>\n\t<\/h3>\n\t\n\t<span class=\"tribe-events-calendar-month__mobile-events-icon tribe-events-calendar-month__mobile-events-icon--event\" >\n\t<\/span>\n<\/button>\n\t\n<div\n\tid=\"tribe-events-calendar-day-2026-09-24\"\n\tclass=\"tribe-events-calendar-month__day-cell tribe-events-calendar-month__day-cell--desktop tribe-common-a11y-hidden\"\n>\n\t\n<h3 class=\"tribe-events-calendar-month__day-date tribe-common-h4\">\n\t<span class=\"tribe-common-a11y-visual-hide\">\n\t\t2 eventos,\n\t<\/span>\n\t<time\n\t\tclass=\"tribe-events-calendar-month__day-date-daynum\"\n\t\tdatetime=\"2026-09-24\"\n\t>\n\t\t\t\t\t<a\n\t\t\t\thref=\"https:\/\/formakunde.eus\/es\/(\/?:events|eventos|ekitaldiak)\/2026-09-24\/&#038;shortcode=tribe-widget-events-month--1\"\n\t\t\t\tclass=\"tribe-events-calendar-month__day-date-link\"\n\t\t\t\tdata-js=\"tribe-events-view-link\"\n\t\t\t\taria-label=\"Septiembre 24\"\n\t\t\t>\n\t\t\t\t24\t\t\t<\/a>\n\t\t\t<\/time>\n<\/h3>\n\n\t<div class=\"tribe-events-calendar-month__events\">\n\t\t\n\t<div class=\"tribe-events-calendar-month__multiday-event-wrapper\">\n\t<article  class=\"tribe-events-calendar-month__multiday-event post-10000226 tribe_events type-tribe_events status-publish has-post-thumbnail hentry tribe_events_cat-matriculacion cat_matriculacion tribe-recurring-event tribe-recurring-event-parent tribe-events-calendar-month__multiday-event--width-1 tribe-events-calendar-month__multiday-event--display tribe-events-calendar-month__multiday-event--start tribe-events-calendar-month__multiday-event--end\"  data-event-id=\"10000226\">\n\t\t<div class=\"tribe-events-calendar-month__multiday-event-hidden\">\n\t<time\n\tdatetime=\"2026-09-24\"\n\tclass=\"tribe-common-a11y-visual-hide\"\n>\n\t2026-09-24<\/time>\n\t<a\n\thref=\"https:\/\/formakunde.eus\/es\/event\/matriculacion-masculinidades-hombres-e-igualdad-retos-y-resistencias\/2026-09-24\/\"\n\tclass=\"tribe-events-calendar-month__multiday-event-hidden-link\"\n\tdata-js=\"tribe-events-tooltip\"\n\tdata-tooltip-content=\"#tribe-events-tooltip-content-10000226\"\n\taria-describedby=\"tribe-events-tooltip-content-10000226\"\n>\n\t\t<div class=\"tribe-events-calendar-month__multiday-event-hidden-title tribe-common-h8\">\n\tMatriculaci\u00f3n: Masculinidades. Hombres e igualdad: retos y resistencias<\/div>\n<\/a>\n<\/div>\n\t\t<div class=\"tribe-events-calendar-month__multiday-event-bar\">\n\t<div class=\"tribe-events-calendar-month__multiday-event-bar-inner\">\n\t\t\t\t<div class=\"tribe-events-calendar-month__multiday-event-bar-title tribe-common-h8\">\n\tMatriculaci\u00f3n: Masculinidades. Hombres e igualdad: retos y resistencias<\/div>\n\n<span class=\"tribe-events-calendar-series-archive__container\">\n\t\n<svg  class=\"tribe-common-c-svgicon tribe-common-c-svgicon--series tribe-events-series-archive__icon\"  width=\"14\" height=\"12\" viewBox=\"0 0 14 12\" fill=\"none\" xmlns=\"http:\/\/www.w3.org\/2000\/svg\" aria-hidden=\"true\">\n\t<rect x=\"0.5\" y=\"4.5\" width=\"9\" height=\"7\" \/>\n\t<path d=\"M2 2.5H11.5V10\" \/>\n\t<path d=\"M4 0.5H13.5V8\" \/>\n<\/svg>\n<\/span>\n\t<\/div>\n<\/div>\n<div class=\"tribe-events-calendar-month__calendar-event-tooltip-template tribe-common-a11y-hidden\">\n\t<div\n\t\tclass=\"tribe-events-calendar-month__calendar-event-tooltip\"\n\t\tid=\"tribe-events-tooltip-content-10000226\"\n\t\trole=\"tooltip\"\n\t>\n\t\t<div class=\"tribe-events-calendar-month__calendar-event-tooltip-featured-image-wrapper\">\n\t<img\n\t\tclass=\"tribe-events-calendar-month__calendar-event-tooltip-featured-image\"\n\t\tsrc=\"https:\/\/formakunde.eus\/wp-content\/uploads\/2025\/04\/MASCULINIDADES_caratula-curso-online_Emakunde.jpg\"\n\t\t\t\t\tsrcset=\"https:\/\/formakunde.eus\/wp-content\/uploads\/2025\/04\/MASCULINIDADES_caratula-curso-online_Emakunde-300x215.jpg 300w, https:\/\/formakunde.eus\/wp-content\/uploads\/2025\/04\/MASCULINIDADES_caratula-curso-online_Emakunde.jpg 694w\"\n\t\t\t\t\t\t\talt=\"\"\n\t\t\t\/>\n<\/div>\n\t\t<div class=\"tribe-events-calendar-month__calendar-event-tooltip-datetime\">\n\t\t<time datetime=\"2026-09-24\">\n\t\t<span class=\"tribe-event-date-start\">Septiembre 24<\/span>\t<\/time>\n\t\n<span class=\"tribe-events-calendar-series-archive__container\">\n\t<a\n\t\thref=\"https:\/\/formakunde.eus\/es\/series\/matriculacion-masculinidades-hombres-e-igualdad-retos-y-resistencias\/\"\n\t\taria-label=\"Event series: Matriculaci\u00f3n: Masculinidades. Hombres e igualdad: retos y resistencias\"\n\t\tclass=\"tribe-events-calendar-series-archive__link\"\n\t>\n\t\t\n<svg  class=\"tribe-common-c-svgicon tribe-common-c-svgicon--series tribe-events-series-archive__icon\"  width=\"14\" height=\"12\" viewBox=\"0 0 14 12\" fill=\"none\" xmlns=\"http:\/\/www.w3.org\/2000\/svg\" aria-hidden=\"true\">\n\t<rect x=\"0.5\" y=\"4.5\" width=\"9\" height=\"7\" \/>\n\t<path d=\"M2 2.5H11.5V10\" \/>\n\t<path d=\"M4 0.5H13.5V8\" \/>\n<\/svg>\n\t<\/a>\n<\/span>\n<\/div>\n\t\t<div class=\"tribe-events-calendar-month__calendar-event-tooltip-title tribe-common-h7\">\n\t<a\n\t\thref=\"https:\/\/formakunde.eus\/es\/event\/matriculacion-masculinidades-hombres-e-igualdad-retos-y-resistencias\/2026-09-24\/\"\n\t\ttitle=\"Matriculaci\u00f3n: Masculinidades. Hombres e igualdad: retos y resistencias\"\n\t\trel=\"bookmark\"\n\t\tclass=\"tribe-events-calendar-month__calendar-event-tooltip-title-link tribe-common-anchor-thin\"\n\t>\n\t\tMatriculaci\u00f3n: Masculinidades. Hombres e igualdad: retos y resistencias\t<\/a>\n<\/div>\n\t\t<div class=\"tribe-events-calendar-month__calendar-event-tooltip-description tribe-common-b3\">\n\t<p>En este curso se abordar\u00e1n las diferentes expresiones de masculinidades que existen en nuestras sociedades y las consecuencias que ello implica para las mujeres y para los propios hombres. A [&hellip;]<\/p>\n<\/div>\n\t\t\t<\/div>\n<\/div>\n\t<\/article>\n<\/div>\n\n\t<div class=\"tribe-events-calendar-month__multiday-event-wrapper\">\n\t<article  class=\"tribe-events-calendar-month__multiday-event post-10000617 tribe_events type-tribe_events status-publish has-post-thumbnail hentry tribe_events_cat-matriculacion-2 cat_matriculacion-2 tribe-recurring-event tribe-recurring-event-parent tribe-events-calendar-month__multiday-event--width-1 tribe-events-calendar-month__multiday-event--display tribe-events-calendar-month__multiday-event--start tribe-events-calendar-month__multiday-event--end\"  data-event-id=\"10000617\">\n\t\t<div class=\"tribe-events-calendar-month__multiday-event-hidden\">\n\t<time\n\tdatetime=\"2026-09-24\"\n\tclass=\"tribe-common-a11y-visual-hide\"\n>\n\t2026-09-24<\/time>\n\t<a\n\thref=\"https:\/\/formakunde.eus\/es\/event\/matriculacion-igualdad-de-mujeres-y-hombres-conceptos-basicos\/2026-09-24\/\"\n\tclass=\"tribe-events-calendar-month__multiday-event-hidden-link\"\n\tdata-js=\"tribe-events-tooltip\"\n\tdata-tooltip-content=\"#tribe-events-tooltip-content-10000617\"\n\taria-describedby=\"tribe-events-tooltip-content-10000617\"\n>\n\t\t<div class=\"tribe-events-calendar-month__multiday-event-hidden-title tribe-common-h8\">\n\tMatriculaci\u00f3n: Igualdad de mujeres y hombres. Conceptos b\u00e1sicos.<\/div>\n<\/a>\n<\/div>\n\t\t<div class=\"tribe-events-calendar-month__multiday-event-bar\">\n\t<div class=\"tribe-events-calendar-month__multiday-event-bar-inner\">\n\t\t\t\t<div class=\"tribe-events-calendar-month__multiday-event-bar-title tribe-common-h8\">\n\tMatriculaci\u00f3n: Igualdad de mujeres y hombres. Conceptos b\u00e1sicos.<\/div>\n\n<span class=\"tribe-events-calendar-series-archive__container\">\n\t\n<svg  class=\"tribe-common-c-svgicon tribe-common-c-svgicon--series tribe-events-series-archive__icon\"  width=\"14\" height=\"12\" viewBox=\"0 0 14 12\" fill=\"none\" xmlns=\"http:\/\/www.w3.org\/2000\/svg\" aria-hidden=\"true\">\n\t<rect x=\"0.5\" y=\"4.5\" width=\"9\" height=\"7\" \/>\n\t<path d=\"M2 2.5H11.5V10\" \/>\n\t<path d=\"M4 0.5H13.5V8\" \/>\n<\/svg>\n<\/span>\n\t<\/div>\n<\/div>\n<div class=\"tribe-events-calendar-month__calendar-event-tooltip-template tribe-common-a11y-hidden\">\n\t<div\n\t\tclass=\"tribe-events-calendar-month__calendar-event-tooltip\"\n\t\tid=\"tribe-events-tooltip-content-10000617\"\n\t\trole=\"tooltip\"\n\t>\n\t\t<div class=\"tribe-events-calendar-month__calendar-event-tooltip-featured-image-wrapper\">\n\t<img\n\t\tclass=\"tribe-events-calendar-month__calendar-event-tooltip-featured-image\"\n\t\tsrc=\"https:\/\/formakunde.eus\/wp-content\/uploads\/2025\/04\/IGUALDAD_caratula-curso-online_Emakunde-1.jpg\"\n\t\t\t\t\tsrcset=\"https:\/\/formakunde.eus\/wp-content\/uploads\/2025\/04\/IGUALDAD_caratula-curso-online_Emakunde-1-300x215.jpg 300w, https:\/\/formakunde.eus\/wp-content\/uploads\/2025\/04\/IGUALDAD_caratula-curso-online_Emakunde-1.jpg 694w\"\n\t\t\t\t\t\t\talt=\"\"\n\t\t\t\/>\n<\/div>\n\t\t<div class=\"tribe-events-calendar-month__calendar-event-tooltip-datetime\">\n\t\t<time datetime=\"2026-09-24\">\n\t\t<span class=\"tribe-event-date-start\">Septiembre 24<\/span>\t<\/time>\n\t\n<span class=\"tribe-events-calendar-series-archive__container\">\n\t<a\n\t\thref=\"https:\/\/formakunde.eus\/es\/series\/matriculacion-igualdad-de-mujeres-y-hombres-conceptos-basicos\/\"\n\t\taria-label=\"Event series: Matriculaci\u00f3n: Igualdad de mujeres y hombres. Conceptos b\u00e1sicos.\"\n\t\tclass=\"tribe-events-calendar-series-archive__link\"\n\t>\n\t\t\n<svg  class=\"tribe-common-c-svgicon tribe-common-c-svgicon--series tribe-events-series-archive__icon\"  width=\"14\" height=\"12\" viewBox=\"0 0 14 12\" fill=\"none\" xmlns=\"http:\/\/www.w3.org\/2000\/svg\" aria-hidden=\"true\">\n\t<rect x=\"0.5\" y=\"4.5\" width=\"9\" height=\"7\" \/>\n\t<path d=\"M2 2.5H11.5V10\" \/>\n\t<path d=\"M4 0.5H13.5V8\" \/>\n<\/svg>\n\t<\/a>\n<\/span>\n<\/div>\n\t\t<div class=\"tribe-events-calendar-month__calendar-event-tooltip-title tribe-common-h7\">\n\t<a\n\t\thref=\"https:\/\/formakunde.eus\/es\/event\/matriculacion-igualdad-de-mujeres-y-hombres-conceptos-basicos\/2026-09-24\/\"\n\t\ttitle=\"Matriculaci\u00f3n: Igualdad de mujeres y hombres. Conceptos b\u00e1sicos.\"\n\t\trel=\"bookmark\"\n\t\tclass=\"tribe-events-calendar-month__calendar-event-tooltip-title-link tribe-common-anchor-thin\"\n\t>\n\t\tMatriculaci\u00f3n: Igualdad de mujeres y hombres. Conceptos b\u00e1sicos.\t<\/a>\n<\/div>\n\t\t<div class=\"tribe-events-calendar-month__calendar-event-tooltip-description tribe-common-b3\">\n\t<p>Una de las mayores transformaciones sociales ha sido el acceso de las mujeres a la igualdad formal, fruto de la lucha de muchas mujeres y algunos hombres dispuestos a poner [&hellip;]<\/p>\n<\/div>\n\t\t\t<\/div>\n<\/div>\n\t<\/article>\n<\/div>\n\n\n\t\t\t<\/div>\n\n\t\n<\/div>\n<\/td>\n\n\t\t\t\n\t\t\t\t<td\n\t class=\"tribe-events-calendar-month__day\" \taria-labelledby=\"tribe-events-calendar-day-2026-09-25\"\n\tdata-js=\"tribe-events-month-grid-cell\"\n>\n\t<button\n\taria-expanded=\"false\"\n\taria-controls=\"tribe-events-calendar-mobile-day-2026-09-25\"\n\taria-label=\"Septiembre 25, 2 eventos, pr\u00f3ximo d\u00eda\"\n\t class=\"tribe-events-calendar-month__day-cell tribe-events-calendar-month__day-cell--mobile\" \tdata-js=\"tribe-events-calendar-month-day-cell-mobile\"\n>\n\t<h3 class=\"tribe-events-calendar-month__day-date tribe-common-h6 tribe-common-h--alt\">\n\t\t<span class=\"tribe-common-a11y-visual-hide\">\n\t\t\t2 eventos\t\t<\/span>\n\t\t<time\n\t\t\tclass=\"tribe-events-calendar-month__day-date-daynum\"\n\t\t\tdatetime=\"2026-09-25\"\n\t\t>\n\t\t\t25\t\t<\/time>\n\t<\/h3>\n\t\n\t<span class=\"tribe-events-calendar-month__mobile-events-icon tribe-events-calendar-month__mobile-events-icon--event\" >\n\t<\/span>\n<\/button>\n\t\n<div\n\tid=\"tribe-events-calendar-day-2026-09-25\"\n\tclass=\"tribe-events-calendar-month__day-cell tribe-events-calendar-month__day-cell--desktop tribe-common-a11y-hidden\"\n>\n\t\n<h3 class=\"tribe-events-calendar-month__day-date tribe-common-h4\">\n\t<span class=\"tribe-common-a11y-visual-hide\">\n\t\t2 eventos,\n\t<\/span>\n\t<time\n\t\tclass=\"tribe-events-calendar-month__day-date-daynum\"\n\t\tdatetime=\"2026-09-25\"\n\t>\n\t\t\t\t\t<a\n\t\t\t\thref=\"https:\/\/formakunde.eus\/es\/(\/?:events|eventos|ekitaldiak)\/2026-09-25\/&#038;shortcode=tribe-widget-events-month--1\"\n\t\t\t\tclass=\"tribe-events-calendar-month__day-date-link\"\n\t\t\t\tdata-js=\"tribe-events-view-link\"\n\t\t\t\taria-label=\"Septiembre 25\"\n\t\t\t>\n\t\t\t\t25\t\t\t<\/a>\n\t\t\t<\/time>\n<\/h3>\n\n\t<div class=\"tribe-events-calendar-month__events\">\n\t\t\n\t<div class=\"tribe-events-calendar-month__multiday-event-wrapper\">\n\t<article  class=\"tribe-events-calendar-month__multiday-event post-10000227 tribe_events type-tribe_events status-publish has-post-thumbnail hentry tribe_events_cat-matriculacion cat_matriculacion tribe-recurring-event tribe-recurring-event-parent tribe-events-calendar-month__multiday-event--width-1 tribe-events-calendar-month__multiday-event--display tribe-events-calendar-month__multiday-event--start tribe-events-calendar-month__multiday-event--end\"  data-event-id=\"10000227\">\n\t\t<div class=\"tribe-events-calendar-month__multiday-event-hidden\">\n\t<time\n\tdatetime=\"2026-09-25\"\n\tclass=\"tribe-common-a11y-visual-hide\"\n>\n\t2026-09-25<\/time>\n\t<a\n\thref=\"https:\/\/formakunde.eus\/es\/event\/matriculacion-masculinidades-hombres-e-igualdad-retos-y-resistencias\/2026-09-25\/\"\n\tclass=\"tribe-events-calendar-month__multiday-event-hidden-link\"\n\tdata-js=\"tribe-events-tooltip\"\n\tdata-tooltip-content=\"#tribe-events-tooltip-content-10000227\"\n\taria-describedby=\"tribe-events-tooltip-content-10000227\"\n>\n\t\t<div class=\"tribe-events-calendar-month__multiday-event-hidden-title tribe-common-h8\">\n\tMatriculaci\u00f3n: Masculinidades. Hombres e igualdad: retos y resistencias<\/div>\n<\/a>\n<\/div>\n\t\t<div class=\"tribe-events-calendar-month__multiday-event-bar\">\n\t<div class=\"tribe-events-calendar-month__multiday-event-bar-inner\">\n\t\t\t\t<div class=\"tribe-events-calendar-month__multiday-event-bar-title tribe-common-h8\">\n\tMatriculaci\u00f3n: Masculinidades. Hombres e igualdad: retos y resistencias<\/div>\n\n<span class=\"tribe-events-calendar-series-archive__container\">\n\t\n<svg  class=\"tribe-common-c-svgicon tribe-common-c-svgicon--series tribe-events-series-archive__icon\"  width=\"14\" height=\"12\" viewBox=\"0 0 14 12\" fill=\"none\" xmlns=\"http:\/\/www.w3.org\/2000\/svg\" aria-hidden=\"true\">\n\t<rect x=\"0.5\" y=\"4.5\" width=\"9\" height=\"7\" \/>\n\t<path d=\"M2 2.5H11.5V10\" \/>\n\t<path d=\"M4 0.5H13.5V8\" \/>\n<\/svg>\n<\/span>\n\t<\/div>\n<\/div>\n<div class=\"tribe-events-calendar-month__calendar-event-tooltip-template tribe-common-a11y-hidden\">\n\t<div\n\t\tclass=\"tribe-events-calendar-month__calendar-event-tooltip\"\n\t\tid=\"tribe-events-tooltip-content-10000227\"\n\t\trole=\"tooltip\"\n\t>\n\t\t<div class=\"tribe-events-calendar-month__calendar-event-tooltip-featured-image-wrapper\">\n\t<img\n\t\tclass=\"tribe-events-calendar-month__calendar-event-tooltip-featured-image\"\n\t\tsrc=\"https:\/\/formakunde.eus\/wp-content\/uploads\/2025\/04\/MASCULINIDADES_caratula-curso-online_Emakunde.jpg\"\n\t\t\t\t\tsrcset=\"https:\/\/formakunde.eus\/wp-content\/uploads\/2025\/04\/MASCULINIDADES_caratula-curso-online_Emakunde-300x215.jpg 300w, https:\/\/formakunde.eus\/wp-content\/uploads\/2025\/04\/MASCULINIDADES_caratula-curso-online_Emakunde.jpg 694w\"\n\t\t\t\t\t\t\talt=\"\"\n\t\t\t\/>\n<\/div>\n\t\t<div class=\"tribe-events-calendar-month__calendar-event-tooltip-datetime\">\n\t\t<time datetime=\"2026-09-25\">\n\t\t<span class=\"tribe-event-date-start\">Septiembre 25<\/span>\t<\/time>\n\t\n<span class=\"tribe-events-calendar-series-archive__container\">\n\t<a\n\t\thref=\"https:\/\/formakunde.eus\/es\/series\/matriculacion-masculinidades-hombres-e-igualdad-retos-y-resistencias\/\"\n\t\taria-label=\"Event series: Matriculaci\u00f3n: Masculinidades. Hombres e igualdad: retos y resistencias\"\n\t\tclass=\"tribe-events-calendar-series-archive__link\"\n\t>\n\t\t\n<svg  class=\"tribe-common-c-svgicon tribe-common-c-svgicon--series tribe-events-series-archive__icon\"  width=\"14\" height=\"12\" viewBox=\"0 0 14 12\" fill=\"none\" xmlns=\"http:\/\/www.w3.org\/2000\/svg\" aria-hidden=\"true\">\n\t<rect x=\"0.5\" y=\"4.5\" width=\"9\" height=\"7\" \/>\n\t<path d=\"M2 2.5H11.5V10\" \/>\n\t<path d=\"M4 0.5H13.5V8\" \/>\n<\/svg>\n\t<\/a>\n<\/span>\n<\/div>\n\t\t<div class=\"tribe-events-calendar-month__calendar-event-tooltip-title tribe-common-h7\">\n\t<a\n\t\thref=\"https:\/\/formakunde.eus\/es\/event\/matriculacion-masculinidades-hombres-e-igualdad-retos-y-resistencias\/2026-09-25\/\"\n\t\ttitle=\"Matriculaci\u00f3n: Masculinidades. Hombres e igualdad: retos y resistencias\"\n\t\trel=\"bookmark\"\n\t\tclass=\"tribe-events-calendar-month__calendar-event-tooltip-title-link tribe-common-anchor-thin\"\n\t>\n\t\tMatriculaci\u00f3n: Masculinidades. Hombres e igualdad: retos y resistencias\t<\/a>\n<\/div>\n\t\t<div class=\"tribe-events-calendar-month__calendar-event-tooltip-description tribe-common-b3\">\n\t<p>En este curso se abordar\u00e1n las diferentes expresiones de masculinidades que existen en nuestras sociedades y las consecuencias que ello implica para las mujeres y para los propios hombres. A [&hellip;]<\/p>\n<\/div>\n\t\t\t<\/div>\n<\/div>\n\t<\/article>\n<\/div>\n\n\t<div class=\"tribe-events-calendar-month__multiday-event-wrapper\">\n\t<article  class=\"tribe-events-calendar-month__multiday-event post-10000618 tribe_events type-tribe_events status-publish has-post-thumbnail hentry tribe_events_cat-matriculacion-2 cat_matriculacion-2 tribe-recurring-event tribe-recurring-event-parent tribe-events-calendar-month__multiday-event--width-1 tribe-events-calendar-month__multiday-event--display tribe-events-calendar-month__multiday-event--start tribe-events-calendar-month__multiday-event--end\"  data-event-id=\"10000618\">\n\t\t<div class=\"tribe-events-calendar-month__multiday-event-hidden\">\n\t<time\n\tdatetime=\"2026-09-25\"\n\tclass=\"tribe-common-a11y-visual-hide\"\n>\n\t2026-09-25<\/time>\n\t<a\n\thref=\"https:\/\/formakunde.eus\/es\/event\/matriculacion-igualdad-de-mujeres-y-hombres-conceptos-basicos\/2026-09-25\/\"\n\tclass=\"tribe-events-calendar-month__multiday-event-hidden-link\"\n\tdata-js=\"tribe-events-tooltip\"\n\tdata-tooltip-content=\"#tribe-events-tooltip-content-10000618\"\n\taria-describedby=\"tribe-events-tooltip-content-10000618\"\n>\n\t\t<div class=\"tribe-events-calendar-month__multiday-event-hidden-title tribe-common-h8\">\n\tMatriculaci\u00f3n: Igualdad de mujeres y hombres. Conceptos b\u00e1sicos.<\/div>\n<\/a>\n<\/div>\n\t\t<div class=\"tribe-events-calendar-month__multiday-event-bar\">\n\t<div class=\"tribe-events-calendar-month__multiday-event-bar-inner\">\n\t\t\t\t<div class=\"tribe-events-calendar-month__multiday-event-bar-title tribe-common-h8\">\n\tMatriculaci\u00f3n: Igualdad de mujeres y hombres. Conceptos b\u00e1sicos.<\/div>\n\n<span class=\"tribe-events-calendar-series-archive__container\">\n\t\n<svg  class=\"tribe-common-c-svgicon tribe-common-c-svgicon--series tribe-events-series-archive__icon\"  width=\"14\" height=\"12\" viewBox=\"0 0 14 12\" fill=\"none\" xmlns=\"http:\/\/www.w3.org\/2000\/svg\" aria-hidden=\"true\">\n\t<rect x=\"0.5\" y=\"4.5\" width=\"9\" height=\"7\" \/>\n\t<path d=\"M2 2.5H11.5V10\" \/>\n\t<path d=\"M4 0.5H13.5V8\" \/>\n<\/svg>\n<\/span>\n\t<\/div>\n<\/div>\n<div class=\"tribe-events-calendar-month__calendar-event-tooltip-template tribe-common-a11y-hidden\">\n\t<div\n\t\tclass=\"tribe-events-calendar-month__calendar-event-tooltip\"\n\t\tid=\"tribe-events-tooltip-content-10000618\"\n\t\trole=\"tooltip\"\n\t>\n\t\t<div class=\"tribe-events-calendar-month__calendar-event-tooltip-featured-image-wrapper\">\n\t<img\n\t\tclass=\"tribe-events-calendar-month__calendar-event-tooltip-featured-image\"\n\t\tsrc=\"https:\/\/formakunde.eus\/wp-content\/uploads\/2025\/04\/IGUALDAD_caratula-curso-online_Emakunde-1.jpg\"\n\t\t\t\t\tsrcset=\"https:\/\/formakunde.eus\/wp-content\/uploads\/2025\/04\/IGUALDAD_caratula-curso-online_Emakunde-1-300x215.jpg 300w, https:\/\/formakunde.eus\/wp-content\/uploads\/2025\/04\/IGUALDAD_caratula-curso-online_Emakunde-1.jpg 694w\"\n\t\t\t\t\t\t\talt=\"\"\n\t\t\t\/>\n<\/div>\n\t\t<div class=\"tribe-events-calendar-month__calendar-event-tooltip-datetime\">\n\t\t<time datetime=\"2026-09-25\">\n\t\t<span class=\"tribe-event-date-start\">Septiembre 25<\/span>\t<\/time>\n\t\n<span class=\"tribe-events-calendar-series-archive__container\">\n\t<a\n\t\thref=\"https:\/\/formakunde.eus\/es\/series\/matriculacion-igualdad-de-mujeres-y-hombres-conceptos-basicos\/\"\n\t\taria-label=\"Event series: Matriculaci\u00f3n: Igualdad de mujeres y hombres. Conceptos b\u00e1sicos.\"\n\t\tclass=\"tribe-events-calendar-series-archive__link\"\n\t>\n\t\t\n<svg  class=\"tribe-common-c-svgicon tribe-common-c-svgicon--series tribe-events-series-archive__icon\"  width=\"14\" height=\"12\" viewBox=\"0 0 14 12\" fill=\"none\" xmlns=\"http:\/\/www.w3.org\/2000\/svg\" aria-hidden=\"true\">\n\t<rect x=\"0.5\" y=\"4.5\" width=\"9\" height=\"7\" \/>\n\t<path d=\"M2 2.5H11.5V10\" \/>\n\t<path d=\"M4 0.5H13.5V8\" \/>\n<\/svg>\n\t<\/a>\n<\/span>\n<\/div>\n\t\t<div class=\"tribe-events-calendar-month__calendar-event-tooltip-title tribe-common-h7\">\n\t<a\n\t\thref=\"https:\/\/formakunde.eus\/es\/event\/matriculacion-igualdad-de-mujeres-y-hombres-conceptos-basicos\/2026-09-25\/\"\n\t\ttitle=\"Matriculaci\u00f3n: Igualdad de mujeres y hombres. Conceptos b\u00e1sicos.\"\n\t\trel=\"bookmark\"\n\t\tclass=\"tribe-events-calendar-month__calendar-event-tooltip-title-link tribe-common-anchor-thin\"\n\t>\n\t\tMatriculaci\u00f3n: Igualdad de mujeres y hombres. Conceptos b\u00e1sicos.\t<\/a>\n<\/div>\n\t\t<div class=\"tribe-events-calendar-month__calendar-event-tooltip-description tribe-common-b3\">\n\t<p>Una de las mayores transformaciones sociales ha sido el acceso de las mujeres a la igualdad formal, fruto de la lucha de muchas mujeres y algunos hombres dispuestos a poner [&hellip;]<\/p>\n<\/div>\n\t\t\t<\/div>\n<\/div>\n\t<\/article>\n<\/div>\n\n\n\t\t\t<\/div>\n\n\t\n<\/div>\n<\/td>\n\n\t\t\t\n\t\t\t\t<td\n\t class=\"tribe-events-calendar-month__day\" \taria-labelledby=\"tribe-events-calendar-day-2026-09-26\"\n\tdata-js=\"tribe-events-month-grid-cell\"\n>\n\t<button\n\taria-expanded=\"false\"\n\taria-controls=\"tribe-events-calendar-mobile-day-2026-09-26\"\n\taria-label=\"Septiembre 26, 2 eventos, pr\u00f3ximo d\u00eda\"\n\t class=\"tribe-events-calendar-month__day-cell tribe-events-calendar-month__day-cell--mobile\" \tdata-js=\"tribe-events-calendar-month-day-cell-mobile\"\n>\n\t<h3 class=\"tribe-events-calendar-month__day-date tribe-common-h6 tribe-common-h--alt\">\n\t\t<span class=\"tribe-common-a11y-visual-hide\">\n\t\t\t2 eventos\t\t<\/span>\n\t\t<time\n\t\t\tclass=\"tribe-events-calendar-month__day-date-daynum\"\n\t\t\tdatetime=\"2026-09-26\"\n\t\t>\n\t\t\t26\t\t<\/time>\n\t<\/h3>\n\t\n\t<span class=\"tribe-events-calendar-month__mobile-events-icon tribe-events-calendar-month__mobile-events-icon--event\" >\n\t<\/span>\n<\/button>\n\t\n<div\n\tid=\"tribe-events-calendar-day-2026-09-26\"\n\tclass=\"tribe-events-calendar-month__day-cell tribe-events-calendar-month__day-cell--desktop tribe-common-a11y-hidden\"\n>\n\t\n<h3 class=\"tribe-events-calendar-month__day-date tribe-common-h4\">\n\t<span class=\"tribe-common-a11y-visual-hide\">\n\t\t2 eventos,\n\t<\/span>\n\t<time\n\t\tclass=\"tribe-events-calendar-month__day-date-daynum\"\n\t\tdatetime=\"2026-09-26\"\n\t>\n\t\t\t\t\t<a\n\t\t\t\thref=\"https:\/\/formakunde.eus\/es\/(\/?:events|eventos|ekitaldiak)\/2026-09-26\/&#038;shortcode=tribe-widget-events-month--1\"\n\t\t\t\tclass=\"tribe-events-calendar-month__day-date-link\"\n\t\t\t\tdata-js=\"tribe-events-view-link\"\n\t\t\t\taria-label=\"Septiembre 26\"\n\t\t\t>\n\t\t\t\t26\t\t\t<\/a>\n\t\t\t<\/time>\n<\/h3>\n\n\t<div class=\"tribe-events-calendar-month__events\">\n\t\t\n\t<div class=\"tribe-events-calendar-month__multiday-event-wrapper\">\n\t<article  class=\"tribe-events-calendar-month__multiday-event post-10000228 tribe_events type-tribe_events status-publish has-post-thumbnail hentry tribe_events_cat-matriculacion cat_matriculacion tribe-recurring-event tribe-recurring-event-parent tribe-events-calendar-month__multiday-event--width-1 tribe-events-calendar-month__multiday-event--display tribe-events-calendar-month__multiday-event--start tribe-events-calendar-month__multiday-event--end\"  data-event-id=\"10000228\">\n\t\t<div class=\"tribe-events-calendar-month__multiday-event-hidden\">\n\t<time\n\tdatetime=\"2026-09-26\"\n\tclass=\"tribe-common-a11y-visual-hide\"\n>\n\t2026-09-26<\/time>\n\t<a\n\thref=\"https:\/\/formakunde.eus\/es\/event\/matriculacion-masculinidades-hombres-e-igualdad-retos-y-resistencias\/2026-09-26\/\"\n\tclass=\"tribe-events-calendar-month__multiday-event-hidden-link\"\n\tdata-js=\"tribe-events-tooltip\"\n\tdata-tooltip-content=\"#tribe-events-tooltip-content-10000228\"\n\taria-describedby=\"tribe-events-tooltip-content-10000228\"\n>\n\t\t<div class=\"tribe-events-calendar-month__multiday-event-hidden-title tribe-common-h8\">\n\tMatriculaci\u00f3n: Masculinidades. Hombres e igualdad: retos y resistencias<\/div>\n<\/a>\n<\/div>\n\t\t<div class=\"tribe-events-calendar-month__multiday-event-bar\">\n\t<div class=\"tribe-events-calendar-month__multiday-event-bar-inner\">\n\t\t\t\t<div class=\"tribe-events-calendar-month__multiday-event-bar-title tribe-common-h8\">\n\tMatriculaci\u00f3n: Masculinidades. Hombres e igualdad: retos y resistencias<\/div>\n\n<span class=\"tribe-events-calendar-series-archive__container\">\n\t\n<svg  class=\"tribe-common-c-svgicon tribe-common-c-svgicon--series tribe-events-series-archive__icon\"  width=\"14\" height=\"12\" viewBox=\"0 0 14 12\" fill=\"none\" xmlns=\"http:\/\/www.w3.org\/2000\/svg\" aria-hidden=\"true\">\n\t<rect x=\"0.5\" y=\"4.5\" width=\"9\" height=\"7\" \/>\n\t<path d=\"M2 2.5H11.5V10\" \/>\n\t<path d=\"M4 0.5H13.5V8\" \/>\n<\/svg>\n<\/span>\n\t<\/div>\n<\/div>\n<div class=\"tribe-events-calendar-month__calendar-event-tooltip-template tribe-common-a11y-hidden\">\n\t<div\n\t\tclass=\"tribe-events-calendar-month__calendar-event-tooltip\"\n\t\tid=\"tribe-events-tooltip-content-10000228\"\n\t\trole=\"tooltip\"\n\t>\n\t\t<div class=\"tribe-events-calendar-month__calendar-event-tooltip-featured-image-wrapper\">\n\t<img\n\t\tclass=\"tribe-events-calendar-month__calendar-event-tooltip-featured-image\"\n\t\tsrc=\"https:\/\/formakunde.eus\/wp-content\/uploads\/2025\/04\/MASCULINIDADES_caratula-curso-online_Emakunde.jpg\"\n\t\t\t\t\tsrcset=\"https:\/\/formakunde.eus\/wp-content\/uploads\/2025\/04\/MASCULINIDADES_caratula-curso-online_Emakunde-300x215.jpg 300w, https:\/\/formakunde.eus\/wp-content\/uploads\/2025\/04\/MASCULINIDADES_caratula-curso-online_Emakunde.jpg 694w\"\n\t\t\t\t\t\t\talt=\"\"\n\t\t\t\/>\n<\/div>\n\t\t<div class=\"tribe-events-calendar-month__calendar-event-tooltip-datetime\">\n\t\t<time datetime=\"2026-09-26\">\n\t\t<span class=\"tribe-event-date-start\">Septiembre 26<\/span>\t<\/time>\n\t\n<span class=\"tribe-events-calendar-series-archive__container\">\n\t<a\n\t\thref=\"https:\/\/formakunde.eus\/es\/series\/matriculacion-masculinidades-hombres-e-igualdad-retos-y-resistencias\/\"\n\t\taria-label=\"Event series: Matriculaci\u00f3n: Masculinidades. Hombres e igualdad: retos y resistencias\"\n\t\tclass=\"tribe-events-calendar-series-archive__link\"\n\t>\n\t\t\n<svg  class=\"tribe-common-c-svgicon tribe-common-c-svgicon--series tribe-events-series-archive__icon\"  width=\"14\" height=\"12\" viewBox=\"0 0 14 12\" fill=\"none\" xmlns=\"http:\/\/www.w3.org\/2000\/svg\" aria-hidden=\"true\">\n\t<rect x=\"0.5\" y=\"4.5\" width=\"9\" height=\"7\" \/>\n\t<path d=\"M2 2.5H11.5V10\" \/>\n\t<path d=\"M4 0.5H13.5V8\" \/>\n<\/svg>\n\t<\/a>\n<\/span>\n<\/div>\n\t\t<div class=\"tribe-events-calendar-month__calendar-event-tooltip-title tribe-common-h7\">\n\t<a\n\t\thref=\"https:\/\/formakunde.eus\/es\/event\/matriculacion-masculinidades-hombres-e-igualdad-retos-y-resistencias\/2026-09-26\/\"\n\t\ttitle=\"Matriculaci\u00f3n: Masculinidades. Hombres e igualdad: retos y resistencias\"\n\t\trel=\"bookmark\"\n\t\tclass=\"tribe-events-calendar-month__calendar-event-tooltip-title-link tribe-common-anchor-thin\"\n\t>\n\t\tMatriculaci\u00f3n: Masculinidades. Hombres e igualdad: retos y resistencias\t<\/a>\n<\/div>\n\t\t<div class=\"tribe-events-calendar-month__calendar-event-tooltip-description tribe-common-b3\">\n\t<p>En este curso se abordar\u00e1n las diferentes expresiones de masculinidades que existen en nuestras sociedades y las consecuencias que ello implica para las mujeres y para los propios hombres. A [&hellip;]<\/p>\n<\/div>\n\t\t\t<\/div>\n<\/div>\n\t<\/article>\n<\/div>\n\n\t<div class=\"tribe-events-calendar-month__multiday-event-wrapper\">\n\t<article  class=\"tribe-events-calendar-month__multiday-event post-10000619 tribe_events type-tribe_events status-publish has-post-thumbnail hentry tribe_events_cat-matriculacion-2 cat_matriculacion-2 tribe-recurring-event tribe-recurring-event-parent tribe-events-calendar-month__multiday-event--width-1 tribe-events-calendar-month__multiday-event--display tribe-events-calendar-month__multiday-event--start tribe-events-calendar-month__multiday-event--end\"  data-event-id=\"10000619\">\n\t\t<div class=\"tribe-events-calendar-month__multiday-event-hidden\">\n\t<time\n\tdatetime=\"2026-09-26\"\n\tclass=\"tribe-common-a11y-visual-hide\"\n>\n\t2026-09-26<\/time>\n\t<a\n\thref=\"https:\/\/formakunde.eus\/es\/event\/matriculacion-igualdad-de-mujeres-y-hombres-conceptos-basicos\/2026-09-26\/\"\n\tclass=\"tribe-events-calendar-month__multiday-event-hidden-link\"\n\tdata-js=\"tribe-events-tooltip\"\n\tdata-tooltip-content=\"#tribe-events-tooltip-content-10000619\"\n\taria-describedby=\"tribe-events-tooltip-content-10000619\"\n>\n\t\t<div class=\"tribe-events-calendar-month__multiday-event-hidden-title tribe-common-h8\">\n\tMatriculaci\u00f3n: Igualdad de mujeres y hombres. Conceptos b\u00e1sicos.<\/div>\n<\/a>\n<\/div>\n\t\t<div class=\"tribe-events-calendar-month__multiday-event-bar\">\n\t<div class=\"tribe-events-calendar-month__multiday-event-bar-inner\">\n\t\t\t\t<div class=\"tribe-events-calendar-month__multiday-event-bar-title tribe-common-h8\">\n\tMatriculaci\u00f3n: Igualdad de mujeres y hombres. Conceptos b\u00e1sicos.<\/div>\n\n<span class=\"tribe-events-calendar-series-archive__container\">\n\t\n<svg  class=\"tribe-common-c-svgicon tribe-common-c-svgicon--series tribe-events-series-archive__icon\"  width=\"14\" height=\"12\" viewBox=\"0 0 14 12\" fill=\"none\" xmlns=\"http:\/\/www.w3.org\/2000\/svg\" aria-hidden=\"true\">\n\t<rect x=\"0.5\" y=\"4.5\" width=\"9\" height=\"7\" \/>\n\t<path d=\"M2 2.5H11.5V10\" \/>\n\t<path d=\"M4 0.5H13.5V8\" \/>\n<\/svg>\n<\/span>\n\t<\/div>\n<\/div>\n<div class=\"tribe-events-calendar-month__calendar-event-tooltip-template tribe-common-a11y-hidden\">\n\t<div\n\t\tclass=\"tribe-events-calendar-month__calendar-event-tooltip\"\n\t\tid=\"tribe-events-tooltip-content-10000619\"\n\t\trole=\"tooltip\"\n\t>\n\t\t<div class=\"tribe-events-calendar-month__calendar-event-tooltip-featured-image-wrapper\">\n\t<img\n\t\tclass=\"tribe-events-calendar-month__calendar-event-tooltip-featured-image\"\n\t\tsrc=\"https:\/\/formakunde.eus\/wp-content\/uploads\/2025\/04\/IGUALDAD_caratula-curso-online_Emakunde-1.jpg\"\n\t\t\t\t\tsrcset=\"https:\/\/formakunde.eus\/wp-content\/uploads\/2025\/04\/IGUALDAD_caratula-curso-online_Emakunde-1-300x215.jpg 300w, https:\/\/formakunde.eus\/wp-content\/uploads\/2025\/04\/IGUALDAD_caratula-curso-online_Emakunde-1.jpg 694w\"\n\t\t\t\t\t\t\talt=\"\"\n\t\t\t\/>\n<\/div>\n\t\t<div class=\"tribe-events-calendar-month__calendar-event-tooltip-datetime\">\n\t\t<time datetime=\"2026-09-26\">\n\t\t<span class=\"tribe-event-date-start\">Septiembre 26<\/span>\t<\/time>\n\t\n<span class=\"tribe-events-calendar-series-archive__container\">\n\t<a\n\t\thref=\"https:\/\/formakunde.eus\/es\/series\/matriculacion-igualdad-de-mujeres-y-hombres-conceptos-basicos\/\"\n\t\taria-label=\"Event series: Matriculaci\u00f3n: Igualdad de mujeres y hombres. Conceptos b\u00e1sicos.\"\n\t\tclass=\"tribe-events-calendar-series-archive__link\"\n\t>\n\t\t\n<svg  class=\"tribe-common-c-svgicon tribe-common-c-svgicon--series tribe-events-series-archive__icon\"  width=\"14\" height=\"12\" viewBox=\"0 0 14 12\" fill=\"none\" xmlns=\"http:\/\/www.w3.org\/2000\/svg\" aria-hidden=\"true\">\n\t<rect x=\"0.5\" y=\"4.5\" width=\"9\" height=\"7\" \/>\n\t<path d=\"M2 2.5H11.5V10\" \/>\n\t<path d=\"M4 0.5H13.5V8\" \/>\n<\/svg>\n\t<\/a>\n<\/span>\n<\/div>\n\t\t<div class=\"tribe-events-calendar-month__calendar-event-tooltip-title tribe-common-h7\">\n\t<a\n\t\thref=\"https:\/\/formakunde.eus\/es\/event\/matriculacion-igualdad-de-mujeres-y-hombres-conceptos-basicos\/2026-09-26\/\"\n\t\ttitle=\"Matriculaci\u00f3n: Igualdad de mujeres y hombres. Conceptos b\u00e1sicos.\"\n\t\trel=\"bookmark\"\n\t\tclass=\"tribe-events-calendar-month__calendar-event-tooltip-title-link tribe-common-anchor-thin\"\n\t>\n\t\tMatriculaci\u00f3n: Igualdad de mujeres y hombres. Conceptos b\u00e1sicos.\t<\/a>\n<\/div>\n\t\t<div class=\"tribe-events-calendar-month__calendar-event-tooltip-description tribe-common-b3\">\n\t<p>Una de las mayores transformaciones sociales ha sido el acceso de las mujeres a la igualdad formal, fruto de la lucha de muchas mujeres y algunos hombres dispuestos a poner [&hellip;]<\/p>\n<\/div>\n\t\t\t<\/div>\n<\/div>\n\t<\/article>\n<\/div>\n\n\n\t\t\t<\/div>\n\n\t\n<\/div>\n<\/td>\n\n\t\t\t\n\t\t\t\t<td\n\t class=\"tribe-events-calendar-month__day\" \taria-labelledby=\"tribe-events-calendar-day-2026-09-27\"\n\tdata-js=\"tribe-events-month-grid-cell\"\n>\n\t<button\n\taria-expanded=\"false\"\n\taria-controls=\"tribe-events-calendar-mobile-day-2026-09-27\"\n\taria-label=\"Septiembre 27, 2 eventos, pr\u00f3ximo d\u00eda\"\n\t class=\"tribe-events-calendar-month__day-cell tribe-events-calendar-month__day-cell--mobile\" \tdata-js=\"tribe-events-calendar-month-day-cell-mobile\"\n>\n\t<h3 class=\"tribe-events-calendar-month__day-date tribe-common-h6 tribe-common-h--alt\">\n\t\t<span class=\"tribe-common-a11y-visual-hide\">\n\t\t\t2 eventos\t\t<\/span>\n\t\t<time\n\t\t\tclass=\"tribe-events-calendar-month__day-date-daynum\"\n\t\t\tdatetime=\"2026-09-27\"\n\t\t>\n\t\t\t27\t\t<\/time>\n\t<\/h3>\n\t\n\t<span class=\"tribe-events-calendar-month__mobile-events-icon tribe-events-calendar-month__mobile-events-icon--event\" >\n\t<\/span>\n<\/button>\n\t\n<div\n\tid=\"tribe-events-calendar-day-2026-09-27\"\n\tclass=\"tribe-events-calendar-month__day-cell tribe-events-calendar-month__day-cell--desktop tribe-common-a11y-hidden\"\n>\n\t\n<h3 class=\"tribe-events-calendar-month__day-date tribe-common-h4\">\n\t<span class=\"tribe-common-a11y-visual-hide\">\n\t\t2 eventos,\n\t<\/span>\n\t<time\n\t\tclass=\"tribe-events-calendar-month__day-date-daynum\"\n\t\tdatetime=\"2026-09-27\"\n\t>\n\t\t\t\t\t<a\n\t\t\t\thref=\"https:\/\/formakunde.eus\/es\/(\/?:events|eventos|ekitaldiak)\/2026-09-27\/&#038;shortcode=tribe-widget-events-month--1\"\n\t\t\t\tclass=\"tribe-events-calendar-month__day-date-link\"\n\t\t\t\tdata-js=\"tribe-events-view-link\"\n\t\t\t\taria-label=\"Septiembre 27\"\n\t\t\t>\n\t\t\t\t27\t\t\t<\/a>\n\t\t\t<\/time>\n<\/h3>\n\n\t<div class=\"tribe-events-calendar-month__events\">\n\t\t\n\t<div class=\"tribe-events-calendar-month__multiday-event-wrapper\">\n\t<article  class=\"tribe-events-calendar-month__multiday-event post-10000229 tribe_events type-tribe_events status-publish has-post-thumbnail hentry tribe_events_cat-matriculacion cat_matriculacion tribe-recurring-event tribe-recurring-event-parent tribe-events-calendar-month__multiday-event--width-1 tribe-events-calendar-month__multiday-event--display tribe-events-calendar-month__multiday-event--start tribe-events-calendar-month__multiday-event--end\"  data-event-id=\"10000229\">\n\t\t<div class=\"tribe-events-calendar-month__multiday-event-hidden\">\n\t<time\n\tdatetime=\"2026-09-27\"\n\tclass=\"tribe-common-a11y-visual-hide\"\n>\n\t2026-09-27<\/time>\n\t<a\n\thref=\"https:\/\/formakunde.eus\/es\/event\/matriculacion-masculinidades-hombres-e-igualdad-retos-y-resistencias\/2026-09-27\/\"\n\tclass=\"tribe-events-calendar-month__multiday-event-hidden-link\"\n\tdata-js=\"tribe-events-tooltip\"\n\tdata-tooltip-content=\"#tribe-events-tooltip-content-10000229\"\n\taria-describedby=\"tribe-events-tooltip-content-10000229\"\n>\n\t\t<div class=\"tribe-events-calendar-month__multiday-event-hidden-title tribe-common-h8\">\n\tMatriculaci\u00f3n: Masculinidades. Hombres e igualdad: retos y resistencias<\/div>\n<\/a>\n<\/div>\n\t\t<div class=\"tribe-events-calendar-month__multiday-event-bar\">\n\t<div class=\"tribe-events-calendar-month__multiday-event-bar-inner\">\n\t\t\t\t<div class=\"tribe-events-calendar-month__multiday-event-bar-title tribe-common-h8\">\n\tMatriculaci\u00f3n: Masculinidades. Hombres e igualdad: retos y resistencias<\/div>\n\n<span class=\"tribe-events-calendar-series-archive__container\">\n\t\n<svg  class=\"tribe-common-c-svgicon tribe-common-c-svgicon--series tribe-events-series-archive__icon\"  width=\"14\" height=\"12\" viewBox=\"0 0 14 12\" fill=\"none\" xmlns=\"http:\/\/www.w3.org\/2000\/svg\" aria-hidden=\"true\">\n\t<rect x=\"0.5\" y=\"4.5\" width=\"9\" height=\"7\" \/>\n\t<path d=\"M2 2.5H11.5V10\" \/>\n\t<path d=\"M4 0.5H13.5V8\" \/>\n<\/svg>\n<\/span>\n\t<\/div>\n<\/div>\n<div class=\"tribe-events-calendar-month__calendar-event-tooltip-template tribe-common-a11y-hidden\">\n\t<div\n\t\tclass=\"tribe-events-calendar-month__calendar-event-tooltip\"\n\t\tid=\"tribe-events-tooltip-content-10000229\"\n\t\trole=\"tooltip\"\n\t>\n\t\t<div class=\"tribe-events-calendar-month__calendar-event-tooltip-featured-image-wrapper\">\n\t<img\n\t\tclass=\"tribe-events-calendar-month__calendar-event-tooltip-featured-image\"\n\t\tsrc=\"https:\/\/formakunde.eus\/wp-content\/uploads\/2025\/04\/MASCULINIDADES_caratula-curso-online_Emakunde.jpg\"\n\t\t\t\t\tsrcset=\"https:\/\/formakunde.eus\/wp-content\/uploads\/2025\/04\/MASCULINIDADES_caratula-curso-online_Emakunde-300x215.jpg 300w, https:\/\/formakunde.eus\/wp-content\/uploads\/2025\/04\/MASCULINIDADES_caratula-curso-online_Emakunde.jpg 694w\"\n\t\t\t\t\t\t\talt=\"\"\n\t\t\t\/>\n<\/div>\n\t\t<div class=\"tribe-events-calendar-month__calendar-event-tooltip-datetime\">\n\t\t<time datetime=\"2026-09-27\">\n\t\t<span class=\"tribe-event-date-start\">Septiembre 27<\/span>\t<\/time>\n\t\n<span class=\"tribe-events-calendar-series-archive__container\">\n\t<a\n\t\thref=\"https:\/\/formakunde.eus\/es\/series\/matriculacion-masculinidades-hombres-e-igualdad-retos-y-resistencias\/\"\n\t\taria-label=\"Event series: Matriculaci\u00f3n: Masculinidades. Hombres e igualdad: retos y resistencias\"\n\t\tclass=\"tribe-events-calendar-series-archive__link\"\n\t>\n\t\t\n<svg  class=\"tribe-common-c-svgicon tribe-common-c-svgicon--series tribe-events-series-archive__icon\"  width=\"14\" height=\"12\" viewBox=\"0 0 14 12\" fill=\"none\" xmlns=\"http:\/\/www.w3.org\/2000\/svg\" aria-hidden=\"true\">\n\t<rect x=\"0.5\" y=\"4.5\" width=\"9\" height=\"7\" \/>\n\t<path d=\"M2 2.5H11.5V10\" \/>\n\t<path d=\"M4 0.5H13.5V8\" \/>\n<\/svg>\n\t<\/a>\n<\/span>\n<\/div>\n\t\t<div class=\"tribe-events-calendar-month__calendar-event-tooltip-title tribe-common-h7\">\n\t<a\n\t\thref=\"https:\/\/formakunde.eus\/es\/event\/matriculacion-masculinidades-hombres-e-igualdad-retos-y-resistencias\/2026-09-27\/\"\n\t\ttitle=\"Matriculaci\u00f3n: Masculinidades. Hombres e igualdad: retos y resistencias\"\n\t\trel=\"bookmark\"\n\t\tclass=\"tribe-events-calendar-month__calendar-event-tooltip-title-link tribe-common-anchor-thin\"\n\t>\n\t\tMatriculaci\u00f3n: Masculinidades. Hombres e igualdad: retos y resistencias\t<\/a>\n<\/div>\n\t\t<div class=\"tribe-events-calendar-month__calendar-event-tooltip-description tribe-common-b3\">\n\t<p>En este curso se abordar\u00e1n las diferentes expresiones de masculinidades que existen en nuestras sociedades y las consecuencias que ello implica para las mujeres y para los propios hombres. A [&hellip;]<\/p>\n<\/div>\n\t\t\t<\/div>\n<\/div>\n\t<\/article>\n<\/div>\n\n\t<div class=\"tribe-events-calendar-month__multiday-event-wrapper\">\n\t<article  class=\"tribe-events-calendar-month__multiday-event post-10000620 tribe_events type-tribe_events status-publish has-post-thumbnail hentry tribe_events_cat-matriculacion-2 cat_matriculacion-2 tribe-recurring-event tribe-recurring-event-parent tribe-events-calendar-month__multiday-event--width-1 tribe-events-calendar-month__multiday-event--display tribe-events-calendar-month__multiday-event--start tribe-events-calendar-month__multiday-event--end\"  data-event-id=\"10000620\">\n\t\t<div class=\"tribe-events-calendar-month__multiday-event-hidden\">\n\t<time\n\tdatetime=\"2026-09-27\"\n\tclass=\"tribe-common-a11y-visual-hide\"\n>\n\t2026-09-27<\/time>\n\t<a\n\thref=\"https:\/\/formakunde.eus\/es\/event\/matriculacion-igualdad-de-mujeres-y-hombres-conceptos-basicos\/2026-09-27\/\"\n\tclass=\"tribe-events-calendar-month__multiday-event-hidden-link\"\n\tdata-js=\"tribe-events-tooltip\"\n\tdata-tooltip-content=\"#tribe-events-tooltip-content-10000620\"\n\taria-describedby=\"tribe-events-tooltip-content-10000620\"\n>\n\t\t<div class=\"tribe-events-calendar-month__multiday-event-hidden-title tribe-common-h8\">\n\tMatriculaci\u00f3n: Igualdad de mujeres y hombres. Conceptos b\u00e1sicos.<\/div>\n<\/a>\n<\/div>\n\t\t<div class=\"tribe-events-calendar-month__multiday-event-bar\">\n\t<div class=\"tribe-events-calendar-month__multiday-event-bar-inner\">\n\t\t\t\t<div class=\"tribe-events-calendar-month__multiday-event-bar-title tribe-common-h8\">\n\tMatriculaci\u00f3n: Igualdad de mujeres y hombres. Conceptos b\u00e1sicos.<\/div>\n\n<span class=\"tribe-events-calendar-series-archive__container\">\n\t\n<svg  class=\"tribe-common-c-svgicon tribe-common-c-svgicon--series tribe-events-series-archive__icon\"  width=\"14\" height=\"12\" viewBox=\"0 0 14 12\" fill=\"none\" xmlns=\"http:\/\/www.w3.org\/2000\/svg\" aria-hidden=\"true\">\n\t<rect x=\"0.5\" y=\"4.5\" width=\"9\" height=\"7\" \/>\n\t<path d=\"M2 2.5H11.5V10\" \/>\n\t<path d=\"M4 0.5H13.5V8\" \/>\n<\/svg>\n<\/span>\n\t<\/div>\n<\/div>\n<div class=\"tribe-events-calendar-month__calendar-event-tooltip-template tribe-common-a11y-hidden\">\n\t<div\n\t\tclass=\"tribe-events-calendar-month__calendar-event-tooltip\"\n\t\tid=\"tribe-events-tooltip-content-10000620\"\n\t\trole=\"tooltip\"\n\t>\n\t\t<div class=\"tribe-events-calendar-month__calendar-event-tooltip-featured-image-wrapper\">\n\t<img\n\t\tclass=\"tribe-events-calendar-month__calendar-event-tooltip-featured-image\"\n\t\tsrc=\"https:\/\/formakunde.eus\/wp-content\/uploads\/2025\/04\/IGUALDAD_caratula-curso-online_Emakunde-1.jpg\"\n\t\t\t\t\tsrcset=\"https:\/\/formakunde.eus\/wp-content\/uploads\/2025\/04\/IGUALDAD_caratula-curso-online_Emakunde-1-300x215.jpg 300w, https:\/\/formakunde.eus\/wp-content\/uploads\/2025\/04\/IGUALDAD_caratula-curso-online_Emakunde-1.jpg 694w\"\n\t\t\t\t\t\t\talt=\"\"\n\t\t\t\/>\n<\/div>\n\t\t<div class=\"tribe-events-calendar-month__calendar-event-tooltip-datetime\">\n\t\t<time datetime=\"2026-09-27\">\n\t\t<span class=\"tribe-event-date-start\">Septiembre 27<\/span>\t<\/time>\n\t\n<span class=\"tribe-events-calendar-series-archive__container\">\n\t<a\n\t\thref=\"https:\/\/formakunde.eus\/es\/series\/matriculacion-igualdad-de-mujeres-y-hombres-conceptos-basicos\/\"\n\t\taria-label=\"Event series: Matriculaci\u00f3n: Igualdad de mujeres y hombres. Conceptos b\u00e1sicos.\"\n\t\tclass=\"tribe-events-calendar-series-archive__link\"\n\t>\n\t\t\n<svg  class=\"tribe-common-c-svgicon tribe-common-c-svgicon--series tribe-events-series-archive__icon\"  width=\"14\" height=\"12\" viewBox=\"0 0 14 12\" fill=\"none\" xmlns=\"http:\/\/www.w3.org\/2000\/svg\" aria-hidden=\"true\">\n\t<rect x=\"0.5\" y=\"4.5\" width=\"9\" height=\"7\" \/>\n\t<path d=\"M2 2.5H11.5V10\" \/>\n\t<path d=\"M4 0.5H13.5V8\" \/>\n<\/svg>\n\t<\/a>\n<\/span>\n<\/div>\n\t\t<div class=\"tribe-events-calendar-month__calendar-event-tooltip-title tribe-common-h7\">\n\t<a\n\t\thref=\"https:\/\/formakunde.eus\/es\/event\/matriculacion-igualdad-de-mujeres-y-hombres-conceptos-basicos\/2026-09-27\/\"\n\t\ttitle=\"Matriculaci\u00f3n: Igualdad de mujeres y hombres. Conceptos b\u00e1sicos.\"\n\t\trel=\"bookmark\"\n\t\tclass=\"tribe-events-calendar-month__calendar-event-tooltip-title-link tribe-common-anchor-thin\"\n\t>\n\t\tMatriculaci\u00f3n: Igualdad de mujeres y hombres. Conceptos b\u00e1sicos.\t<\/a>\n<\/div>\n\t\t<div class=\"tribe-events-calendar-month__calendar-event-tooltip-description tribe-common-b3\">\n\t<p>Una de las mayores transformaciones sociales ha sido el acceso de las mujeres a la igualdad formal, fruto de la lucha de muchas mujeres y algunos hombres dispuestos a poner [&hellip;]<\/p>\n<\/div>\n\t\t\t<\/div>\n<\/div>\n\t<\/article>\n<\/div>\n\n\n\t\t\t<\/div>\n\n\t\n<\/div>\n<\/td>\n\n\t\t\t\t\t<\/tr>\n\t\t\t<tr class=\"tribe-events-calendar-month__week\" data-js=\"tribe-events-month-grid-row\">\n\t\t\t\n\t\t\t\t<td\n\t class=\"tribe-events-calendar-month__day\" \taria-labelledby=\"tribe-events-calendar-day-2026-09-28\"\n\tdata-js=\"tribe-events-month-grid-cell\"\n>\n\t<button\n\taria-expanded=\"false\"\n\taria-controls=\"tribe-events-calendar-mobile-day-2026-09-28\"\n\taria-label=\"Septiembre 28, 2 eventos, pr\u00f3ximo d\u00eda\"\n\t class=\"tribe-events-calendar-month__day-cell tribe-events-calendar-month__day-cell--mobile\" \tdata-js=\"tribe-events-calendar-month-day-cell-mobile\"\n>\n\t<h3 class=\"tribe-events-calendar-month__day-date tribe-common-h6 tribe-common-h--alt\">\n\t\t<span class=\"tribe-common-a11y-visual-hide\">\n\t\t\t2 eventos\t\t<\/span>\n\t\t<time\n\t\t\tclass=\"tribe-events-calendar-month__day-date-daynum\"\n\t\t\tdatetime=\"2026-09-28\"\n\t\t>\n\t\t\t28\t\t<\/time>\n\t<\/h3>\n\t\n\t<span class=\"tribe-events-calendar-month__mobile-events-icon tribe-events-calendar-month__mobile-events-icon--event\" >\n\t<\/span>\n<\/button>\n\t\n<div\n\tid=\"tribe-events-calendar-day-2026-09-28\"\n\tclass=\"tribe-events-calendar-month__day-cell tribe-events-calendar-month__day-cell--desktop tribe-common-a11y-hidden\"\n>\n\t\n<h3 class=\"tribe-events-calendar-month__day-date tribe-common-h4\">\n\t<span class=\"tribe-common-a11y-visual-hide\">\n\t\t2 eventos,\n\t<\/span>\n\t<time\n\t\tclass=\"tribe-events-calendar-month__day-date-daynum\"\n\t\tdatetime=\"2026-09-28\"\n\t>\n\t\t\t\t\t<a\n\t\t\t\thref=\"https:\/\/formakunde.eus\/es\/(\/?:events|eventos|ekitaldiak)\/2026-09-28\/&#038;shortcode=tribe-widget-events-month--1\"\n\t\t\t\tclass=\"tribe-events-calendar-month__day-date-link\"\n\t\t\t\tdata-js=\"tribe-events-view-link\"\n\t\t\t\taria-label=\"Septiembre 28\"\n\t\t\t>\n\t\t\t\t28\t\t\t<\/a>\n\t\t\t<\/time>\n<\/h3>\n\n\t<div class=\"tribe-events-calendar-month__events\">\n\t\t\n\t<div class=\"tribe-events-calendar-month__multiday-event-wrapper\">\n\t<article  class=\"tribe-events-calendar-month__multiday-event post-10000230 tribe_events type-tribe_events status-publish has-post-thumbnail hentry tribe_events_cat-matriculacion cat_matriculacion tribe-recurring-event tribe-recurring-event-parent tribe-events-calendar-month__multiday-event--width-1 tribe-events-calendar-month__multiday-event--display tribe-events-calendar-month__multiday-event--start tribe-events-calendar-month__multiday-event--end\"  data-event-id=\"10000230\">\n\t\t<div class=\"tribe-events-calendar-month__multiday-event-hidden\">\n\t<time\n\tdatetime=\"2026-09-28\"\n\tclass=\"tribe-common-a11y-visual-hide\"\n>\n\t2026-09-28<\/time>\n\t<a\n\thref=\"https:\/\/formakunde.eus\/es\/event\/matriculacion-masculinidades-hombres-e-igualdad-retos-y-resistencias\/2026-09-28\/\"\n\tclass=\"tribe-events-calendar-month__multiday-event-hidden-link\"\n\tdata-js=\"tribe-events-tooltip\"\n\tdata-tooltip-content=\"#tribe-events-tooltip-content-10000230\"\n\taria-describedby=\"tribe-events-tooltip-content-10000230\"\n>\n\t\t<div class=\"tribe-events-calendar-month__multiday-event-hidden-title tribe-common-h8\">\n\tMatriculaci\u00f3n: Masculinidades. Hombres e igualdad: retos y resistencias<\/div>\n<\/a>\n<\/div>\n\t\t<div class=\"tribe-events-calendar-month__multiday-event-bar\">\n\t<div class=\"tribe-events-calendar-month__multiday-event-bar-inner\">\n\t\t\t\t<div class=\"tribe-events-calendar-month__multiday-event-bar-title tribe-common-h8\">\n\tMatriculaci\u00f3n: Masculinidades. Hombres e igualdad: retos y resistencias<\/div>\n\n<span class=\"tribe-events-calendar-series-archive__container\">\n\t\n<svg  class=\"tribe-common-c-svgicon tribe-common-c-svgicon--series tribe-events-series-archive__icon\"  width=\"14\" height=\"12\" viewBox=\"0 0 14 12\" fill=\"none\" xmlns=\"http:\/\/www.w3.org\/2000\/svg\" aria-hidden=\"true\">\n\t<rect x=\"0.5\" y=\"4.5\" width=\"9\" height=\"7\" \/>\n\t<path d=\"M2 2.5H11.5V10\" \/>\n\t<path d=\"M4 0.5H13.5V8\" \/>\n<\/svg>\n<\/span>\n\t<\/div>\n<\/div>\n<div class=\"tribe-events-calendar-month__calendar-event-tooltip-template tribe-common-a11y-hidden\">\n\t<div\n\t\tclass=\"tribe-events-calendar-month__calendar-event-tooltip\"\n\t\tid=\"tribe-events-tooltip-content-10000230\"\n\t\trole=\"tooltip\"\n\t>\n\t\t<div class=\"tribe-events-calendar-month__calendar-event-tooltip-featured-image-wrapper\">\n\t<img\n\t\tclass=\"tribe-events-calendar-month__calendar-event-tooltip-featured-image\"\n\t\tsrc=\"https:\/\/formakunde.eus\/wp-content\/uploads\/2025\/04\/MASCULINIDADES_caratula-curso-online_Emakunde.jpg\"\n\t\t\t\t\tsrcset=\"https:\/\/formakunde.eus\/wp-content\/uploads\/2025\/04\/MASCULINIDADES_caratula-curso-online_Emakunde-300x215.jpg 300w, https:\/\/formakunde.eus\/wp-content\/uploads\/2025\/04\/MASCULINIDADES_caratula-curso-online_Emakunde.jpg 694w\"\n\t\t\t\t\t\t\talt=\"\"\n\t\t\t\/>\n<\/div>\n\t\t<div class=\"tribe-events-calendar-month__calendar-event-tooltip-datetime\">\n\t\t<time datetime=\"2026-09-28\">\n\t\t<span class=\"tribe-event-date-start\">Septiembre 28<\/span>\t<\/time>\n\t\n<span class=\"tribe-events-calendar-series-archive__container\">\n\t<a\n\t\thref=\"https:\/\/formakunde.eus\/es\/series\/matriculacion-masculinidades-hombres-e-igualdad-retos-y-resistencias\/\"\n\t\taria-label=\"Event series: Matriculaci\u00f3n: Masculinidades. Hombres e igualdad: retos y resistencias\"\n\t\tclass=\"tribe-events-calendar-series-archive__link\"\n\t>\n\t\t\n<svg  class=\"tribe-common-c-svgicon tribe-common-c-svgicon--series tribe-events-series-archive__icon\"  width=\"14\" height=\"12\" viewBox=\"0 0 14 12\" fill=\"none\" xmlns=\"http:\/\/www.w3.org\/2000\/svg\" aria-hidden=\"true\">\n\t<rect x=\"0.5\" y=\"4.5\" width=\"9\" height=\"7\" \/>\n\t<path d=\"M2 2.5H11.5V10\" \/>\n\t<path d=\"M4 0.5H13.5V8\" \/>\n<\/svg>\n\t<\/a>\n<\/span>\n<\/div>\n\t\t<div class=\"tribe-events-calendar-month__calendar-event-tooltip-title tribe-common-h7\">\n\t<a\n\t\thref=\"https:\/\/formakunde.eus\/es\/event\/matriculacion-masculinidades-hombres-e-igualdad-retos-y-resistencias\/2026-09-28\/\"\n\t\ttitle=\"Matriculaci\u00f3n: Masculinidades. Hombres e igualdad: retos y resistencias\"\n\t\trel=\"bookmark\"\n\t\tclass=\"tribe-events-calendar-month__calendar-event-tooltip-title-link tribe-common-anchor-thin\"\n\t>\n\t\tMatriculaci\u00f3n: Masculinidades. Hombres e igualdad: retos y resistencias\t<\/a>\n<\/div>\n\t\t<div class=\"tribe-events-calendar-month__calendar-event-tooltip-description tribe-common-b3\">\n\t<p>En este curso se abordar\u00e1n las diferentes expresiones de masculinidades que existen en nuestras sociedades y las consecuencias que ello implica para las mujeres y para los propios hombres. A [&hellip;]<\/p>\n<\/div>\n\t\t\t<\/div>\n<\/div>\n\t<\/article>\n<\/div>\n\n\t<div class=\"tribe-events-calendar-month__multiday-event-wrapper\">\n\t<article  class=\"tribe-events-calendar-month__multiday-event post-10000621 tribe_events type-tribe_events status-publish has-post-thumbnail hentry tribe_events_cat-matriculacion-2 cat_matriculacion-2 tribe-recurring-event tribe-recurring-event-parent tribe-events-calendar-month__multiday-event--width-1 tribe-events-calendar-month__multiday-event--display tribe-events-calendar-month__multiday-event--start tribe-events-calendar-month__multiday-event--end\"  data-event-id=\"10000621\">\n\t\t<div class=\"tribe-events-calendar-month__multiday-event-hidden\">\n\t<time\n\tdatetime=\"2026-09-28\"\n\tclass=\"tribe-common-a11y-visual-hide\"\n>\n\t2026-09-28<\/time>\n\t<a\n\thref=\"https:\/\/formakunde.eus\/es\/event\/matriculacion-igualdad-de-mujeres-y-hombres-conceptos-basicos\/2026-09-28\/\"\n\tclass=\"tribe-events-calendar-month__multiday-event-hidden-link\"\n\tdata-js=\"tribe-events-tooltip\"\n\tdata-tooltip-content=\"#tribe-events-tooltip-content-10000621\"\n\taria-describedby=\"tribe-events-tooltip-content-10000621\"\n>\n\t\t<div class=\"tribe-events-calendar-month__multiday-event-hidden-title tribe-common-h8\">\n\tMatriculaci\u00f3n: Igualdad de mujeres y hombres. Conceptos b\u00e1sicos.<\/div>\n<\/a>\n<\/div>\n\t\t<div class=\"tribe-events-calendar-month__multiday-event-bar\">\n\t<div class=\"tribe-events-calendar-month__multiday-event-bar-inner\">\n\t\t\t\t<div class=\"tribe-events-calendar-month__multiday-event-bar-title tribe-common-h8\">\n\tMatriculaci\u00f3n: Igualdad de mujeres y hombres. Conceptos b\u00e1sicos.<\/div>\n\n<span class=\"tribe-events-calendar-series-archive__container\">\n\t\n<svg  class=\"tribe-common-c-svgicon tribe-common-c-svgicon--series tribe-events-series-archive__icon\"  width=\"14\" height=\"12\" viewBox=\"0 0 14 12\" fill=\"none\" xmlns=\"http:\/\/www.w3.org\/2000\/svg\" aria-hidden=\"true\">\n\t<rect x=\"0.5\" y=\"4.5\" width=\"9\" height=\"7\" \/>\n\t<path d=\"M2 2.5H11.5V10\" \/>\n\t<path d=\"M4 0.5H13.5V8\" \/>\n<\/svg>\n<\/span>\n\t<\/div>\n<\/div>\n<div class=\"tribe-events-calendar-month__calendar-event-tooltip-template tribe-common-a11y-hidden\">\n\t<div\n\t\tclass=\"tribe-events-calendar-month__calendar-event-tooltip\"\n\t\tid=\"tribe-events-tooltip-content-10000621\"\n\t\trole=\"tooltip\"\n\t>\n\t\t<div class=\"tribe-events-calendar-month__calendar-event-tooltip-featured-image-wrapper\">\n\t<img\n\t\tclass=\"tribe-events-calendar-month__calendar-event-tooltip-featured-image\"\n\t\tsrc=\"https:\/\/formakunde.eus\/wp-content\/uploads\/2025\/04\/IGUALDAD_caratula-curso-online_Emakunde-1.jpg\"\n\t\t\t\t\tsrcset=\"https:\/\/formakunde.eus\/wp-content\/uploads\/2025\/04\/IGUALDAD_caratula-curso-online_Emakunde-1-300x215.jpg 300w, https:\/\/formakunde.eus\/wp-content\/uploads\/2025\/04\/IGUALDAD_caratula-curso-online_Emakunde-1.jpg 694w\"\n\t\t\t\t\t\t\talt=\"\"\n\t\t\t\/>\n<\/div>\n\t\t<div class=\"tribe-events-calendar-month__calendar-event-tooltip-datetime\">\n\t\t<time datetime=\"2026-09-28\">\n\t\t<span class=\"tribe-event-date-start\">Septiembre 28<\/span>\t<\/time>\n\t\n<span class=\"tribe-events-calendar-series-archive__container\">\n\t<a\n\t\thref=\"https:\/\/formakunde.eus\/es\/series\/matriculacion-igualdad-de-mujeres-y-hombres-conceptos-basicos\/\"\n\t\taria-label=\"Event series: Matriculaci\u00f3n: Igualdad de mujeres y hombres. Conceptos b\u00e1sicos.\"\n\t\tclass=\"tribe-events-calendar-series-archive__link\"\n\t>\n\t\t\n<svg  class=\"tribe-common-c-svgicon tribe-common-c-svgicon--series tribe-events-series-archive__icon\"  width=\"14\" height=\"12\" viewBox=\"0 0 14 12\" fill=\"none\" xmlns=\"http:\/\/www.w3.org\/2000\/svg\" aria-hidden=\"true\">\n\t<rect x=\"0.5\" y=\"4.5\" width=\"9\" height=\"7\" \/>\n\t<path d=\"M2 2.5H11.5V10\" \/>\n\t<path d=\"M4 0.5H13.5V8\" \/>\n<\/svg>\n\t<\/a>\n<\/span>\n<\/div>\n\t\t<div class=\"tribe-events-calendar-month__calendar-event-tooltip-title tribe-common-h7\">\n\t<a\n\t\thref=\"https:\/\/formakunde.eus\/es\/event\/matriculacion-igualdad-de-mujeres-y-hombres-conceptos-basicos\/2026-09-28\/\"\n\t\ttitle=\"Matriculaci\u00f3n: Igualdad de mujeres y hombres. Conceptos b\u00e1sicos.\"\n\t\trel=\"bookmark\"\n\t\tclass=\"tribe-events-calendar-month__calendar-event-tooltip-title-link tribe-common-anchor-thin\"\n\t>\n\t\tMatriculaci\u00f3n: Igualdad de mujeres y hombres. Conceptos b\u00e1sicos.\t<\/a>\n<\/div>\n\t\t<div class=\"tribe-events-calendar-month__calendar-event-tooltip-description tribe-common-b3\">\n\t<p>Una de las mayores transformaciones sociales ha sido el acceso de las mujeres a la igualdad formal, fruto de la lucha de muchas mujeres y algunos hombres dispuestos a poner [&hellip;]<\/p>\n<\/div>\n\t\t\t<\/div>\n<\/div>\n\t<\/article>\n<\/div>\n\n\n\t\t\t<\/div>\n\n\t\n<\/div>\n<\/td>\n\n\t\t\t\n\t\t\t\t<td\n\t class=\"tribe-events-calendar-month__day\" \taria-labelledby=\"tribe-events-calendar-day-2026-09-29\"\n\tdata-js=\"tribe-events-month-grid-cell\"\n>\n\t<button\n\taria-expanded=\"false\"\n\taria-controls=\"tribe-events-calendar-mobile-day-2026-09-29\"\n\taria-label=\"Septiembre 29, 2 eventos, pr\u00f3ximo d\u00eda\"\n\t class=\"tribe-events-calendar-month__day-cell tribe-events-calendar-month__day-cell--mobile\" \tdata-js=\"tribe-events-calendar-month-day-cell-mobile\"\n>\n\t<h3 class=\"tribe-events-calendar-month__day-date tribe-common-h6 tribe-common-h--alt\">\n\t\t<span class=\"tribe-common-a11y-visual-hide\">\n\t\t\t2 eventos\t\t<\/span>\n\t\t<time\n\t\t\tclass=\"tribe-events-calendar-month__day-date-daynum\"\n\t\t\tdatetime=\"2026-09-29\"\n\t\t>\n\t\t\t29\t\t<\/time>\n\t<\/h3>\n\t\n\t<span class=\"tribe-events-calendar-month__mobile-events-icon tribe-events-calendar-month__mobile-events-icon--event\" >\n\t<\/span>\n<\/button>\n\t\n<div\n\tid=\"tribe-events-calendar-day-2026-09-29\"\n\tclass=\"tribe-events-calendar-month__day-cell tribe-events-calendar-month__day-cell--desktop tribe-common-a11y-hidden\"\n>\n\t\n<h3 class=\"tribe-events-calendar-month__day-date tribe-common-h4\">\n\t<span class=\"tribe-common-a11y-visual-hide\">\n\t\t2 eventos,\n\t<\/span>\n\t<time\n\t\tclass=\"tribe-events-calendar-month__day-date-daynum\"\n\t\tdatetime=\"2026-09-29\"\n\t>\n\t\t\t\t\t<a\n\t\t\t\thref=\"https:\/\/formakunde.eus\/es\/(\/?:events|eventos|ekitaldiak)\/2026-09-29\/&#038;shortcode=tribe-widget-events-month--1\"\n\t\t\t\tclass=\"tribe-events-calendar-month__day-date-link\"\n\t\t\t\tdata-js=\"tribe-events-view-link\"\n\t\t\t\taria-label=\"Septiembre 29\"\n\t\t\t>\n\t\t\t\t29\t\t\t<\/a>\n\t\t\t<\/time>\n<\/h3>\n\n\t<div class=\"tribe-events-calendar-month__events\">\n\t\t\n\t<div class=\"tribe-events-calendar-month__multiday-event-wrapper\">\n\t<article  class=\"tribe-events-calendar-month__multiday-event post-10000231 tribe_events type-tribe_events status-publish has-post-thumbnail hentry tribe_events_cat-matriculacion cat_matriculacion tribe-recurring-event tribe-recurring-event-parent tribe-events-calendar-month__multiday-event--width-1 tribe-events-calendar-month__multiday-event--display tribe-events-calendar-month__multiday-event--start tribe-events-calendar-month__multiday-event--end\"  data-event-id=\"10000231\">\n\t\t<div class=\"tribe-events-calendar-month__multiday-event-hidden\">\n\t<time\n\tdatetime=\"2026-09-29\"\n\tclass=\"tribe-common-a11y-visual-hide\"\n>\n\t2026-09-29<\/time>\n\t<a\n\thref=\"https:\/\/formakunde.eus\/es\/event\/matriculacion-masculinidades-hombres-e-igualdad-retos-y-resistencias\/2026-09-29\/\"\n\tclass=\"tribe-events-calendar-month__multiday-event-hidden-link\"\n\tdata-js=\"tribe-events-tooltip\"\n\tdata-tooltip-content=\"#tribe-events-tooltip-content-10000231\"\n\taria-describedby=\"tribe-events-tooltip-content-10000231\"\n>\n\t\t<div class=\"tribe-events-calendar-month__multiday-event-hidden-title tribe-common-h8\">\n\tMatriculaci\u00f3n: Masculinidades. Hombres e igualdad: retos y resistencias<\/div>\n<\/a>\n<\/div>\n\t\t<div class=\"tribe-events-calendar-month__multiday-event-bar\">\n\t<div class=\"tribe-events-calendar-month__multiday-event-bar-inner\">\n\t\t\t\t<div class=\"tribe-events-calendar-month__multiday-event-bar-title tribe-common-h8\">\n\tMatriculaci\u00f3n: Masculinidades. Hombres e igualdad: retos y resistencias<\/div>\n\n<span class=\"tribe-events-calendar-series-archive__container\">\n\t\n<svg  class=\"tribe-common-c-svgicon tribe-common-c-svgicon--series tribe-events-series-archive__icon\"  width=\"14\" height=\"12\" viewBox=\"0 0 14 12\" fill=\"none\" xmlns=\"http:\/\/www.w3.org\/2000\/svg\" aria-hidden=\"true\">\n\t<rect x=\"0.5\" y=\"4.5\" width=\"9\" height=\"7\" \/>\n\t<path d=\"M2 2.5H11.5V10\" \/>\n\t<path d=\"M4 0.5H13.5V8\" \/>\n<\/svg>\n<\/span>\n\t<\/div>\n<\/div>\n<div class=\"tribe-events-calendar-month__calendar-event-tooltip-template tribe-common-a11y-hidden\">\n\t<div\n\t\tclass=\"tribe-events-calendar-month__calendar-event-tooltip\"\n\t\tid=\"tribe-events-tooltip-content-10000231\"\n\t\trole=\"tooltip\"\n\t>\n\t\t<div class=\"tribe-events-calendar-month__calendar-event-tooltip-featured-image-wrapper\">\n\t<img\n\t\tclass=\"tribe-events-calendar-month__calendar-event-tooltip-featured-image\"\n\t\tsrc=\"https:\/\/formakunde.eus\/wp-content\/uploads\/2025\/04\/MASCULINIDADES_caratula-curso-online_Emakunde.jpg\"\n\t\t\t\t\tsrcset=\"https:\/\/formakunde.eus\/wp-content\/uploads\/2025\/04\/MASCULINIDADES_caratula-curso-online_Emakunde-300x215.jpg 300w, https:\/\/formakunde.eus\/wp-content\/uploads\/2025\/04\/MASCULINIDADES_caratula-curso-online_Emakunde.jpg 694w\"\n\t\t\t\t\t\t\talt=\"\"\n\t\t\t\/>\n<\/div>\n\t\t<div class=\"tribe-events-calendar-month__calendar-event-tooltip-datetime\">\n\t\t<time datetime=\"2026-09-29\">\n\t\t<span class=\"tribe-event-date-start\">Septiembre 29<\/span>\t<\/time>\n\t\n<span class=\"tribe-events-calendar-series-archive__container\">\n\t<a\n\t\thref=\"https:\/\/formakunde.eus\/es\/series\/matriculacion-masculinidades-hombres-e-igualdad-retos-y-resistencias\/\"\n\t\taria-label=\"Event series: Matriculaci\u00f3n: Masculinidades. Hombres e igualdad: retos y resistencias\"\n\t\tclass=\"tribe-events-calendar-series-archive__link\"\n\t>\n\t\t\n<svg  class=\"tribe-common-c-svgicon tribe-common-c-svgicon--series tribe-events-series-archive__icon\"  width=\"14\" height=\"12\" viewBox=\"0 0 14 12\" fill=\"none\" xmlns=\"http:\/\/www.w3.org\/2000\/svg\" aria-hidden=\"true\">\n\t<rect x=\"0.5\" y=\"4.5\" width=\"9\" height=\"7\" \/>\n\t<path d=\"M2 2.5H11.5V10\" \/>\n\t<path d=\"M4 0.5H13.5V8\" \/>\n<\/svg>\n\t<\/a>\n<\/span>\n<\/div>\n\t\t<div class=\"tribe-events-calendar-month__calendar-event-tooltip-title tribe-common-h7\">\n\t<a\n\t\thref=\"https:\/\/formakunde.eus\/es\/event\/matriculacion-masculinidades-hombres-e-igualdad-retos-y-resistencias\/2026-09-29\/\"\n\t\ttitle=\"Matriculaci\u00f3n: Masculinidades. Hombres e igualdad: retos y resistencias\"\n\t\trel=\"bookmark\"\n\t\tclass=\"tribe-events-calendar-month__calendar-event-tooltip-title-link tribe-common-anchor-thin\"\n\t>\n\t\tMatriculaci\u00f3n: Masculinidades. Hombres e igualdad: retos y resistencias\t<\/a>\n<\/div>\n\t\t<div class=\"tribe-events-calendar-month__calendar-event-tooltip-description tribe-common-b3\">\n\t<p>En este curso se abordar\u00e1n las diferentes expresiones de masculinidades que existen en nuestras sociedades y las consecuencias que ello implica para las mujeres y para los propios hombres. A [&hellip;]<\/p>\n<\/div>\n\t\t\t<\/div>\n<\/div>\n\t<\/article>\n<\/div>\n\n\t<div class=\"tribe-events-calendar-month__multiday-event-wrapper\">\n\t<article  class=\"tribe-events-calendar-month__multiday-event post-10000622 tribe_events type-tribe_events status-publish has-post-thumbnail hentry tribe_events_cat-matriculacion-2 cat_matriculacion-2 tribe-recurring-event tribe-recurring-event-parent tribe-events-calendar-month__multiday-event--width-1 tribe-events-calendar-month__multiday-event--display tribe-events-calendar-month__multiday-event--start tribe-events-calendar-month__multiday-event--end\"  data-event-id=\"10000622\">\n\t\t<div class=\"tribe-events-calendar-month__multiday-event-hidden\">\n\t<time\n\tdatetime=\"2026-09-29\"\n\tclass=\"tribe-common-a11y-visual-hide\"\n>\n\t2026-09-29<\/time>\n\t<a\n\thref=\"https:\/\/formakunde.eus\/es\/event\/matriculacion-igualdad-de-mujeres-y-hombres-conceptos-basicos\/2026-09-29\/\"\n\tclass=\"tribe-events-calendar-month__multiday-event-hidden-link\"\n\tdata-js=\"tribe-events-tooltip\"\n\tdata-tooltip-content=\"#tribe-events-tooltip-content-10000622\"\n\taria-describedby=\"tribe-events-tooltip-content-10000622\"\n>\n\t\t<div class=\"tribe-events-calendar-month__multiday-event-hidden-title tribe-common-h8\">\n\tMatriculaci\u00f3n: Igualdad de mujeres y hombres. Conceptos b\u00e1sicos.<\/div>\n<\/a>\n<\/div>\n\t\t<div class=\"tribe-events-calendar-month__multiday-event-bar\">\n\t<div class=\"tribe-events-calendar-month__multiday-event-bar-inner\">\n\t\t\t\t<div class=\"tribe-events-calendar-month__multiday-event-bar-title tribe-common-h8\">\n\tMatriculaci\u00f3n: Igualdad de mujeres y hombres. Conceptos b\u00e1sicos.<\/div>\n\n<span class=\"tribe-events-calendar-series-archive__container\">\n\t\n<svg  class=\"tribe-common-c-svgicon tribe-common-c-svgicon--series tribe-events-series-archive__icon\"  width=\"14\" height=\"12\" viewBox=\"0 0 14 12\" fill=\"none\" xmlns=\"http:\/\/www.w3.org\/2000\/svg\" aria-hidden=\"true\">\n\t<rect x=\"0.5\" y=\"4.5\" width=\"9\" height=\"7\" \/>\n\t<path d=\"M2 2.5H11.5V10\" \/>\n\t<path d=\"M4 0.5H13.5V8\" \/>\n<\/svg>\n<\/span>\n\t<\/div>\n<\/div>\n<div class=\"tribe-events-calendar-month__calendar-event-tooltip-template tribe-common-a11y-hidden\">\n\t<div\n\t\tclass=\"tribe-events-calendar-month__calendar-event-tooltip\"\n\t\tid=\"tribe-events-tooltip-content-10000622\"\n\t\trole=\"tooltip\"\n\t>\n\t\t<div class=\"tribe-events-calendar-month__calendar-event-tooltip-featured-image-wrapper\">\n\t<img\n\t\tclass=\"tribe-events-calendar-month__calendar-event-tooltip-featured-image\"\n\t\tsrc=\"https:\/\/formakunde.eus\/wp-content\/uploads\/2025\/04\/IGUALDAD_caratula-curso-online_Emakunde-1.jpg\"\n\t\t\t\t\tsrcset=\"https:\/\/formakunde.eus\/wp-content\/uploads\/2025\/04\/IGUALDAD_caratula-curso-online_Emakunde-1-300x215.jpg 300w, https:\/\/formakunde.eus\/wp-content\/uploads\/2025\/04\/IGUALDAD_caratula-curso-online_Emakunde-1.jpg 694w\"\n\t\t\t\t\t\t\talt=\"\"\n\t\t\t\/>\n<\/div>\n\t\t<div class=\"tribe-events-calendar-month__calendar-event-tooltip-datetime\">\n\t\t<time datetime=\"2026-09-29\">\n\t\t<span class=\"tribe-event-date-start\">Septiembre 29<\/span>\t<\/time>\n\t\n<span class=\"tribe-events-calendar-series-archive__container\">\n\t<a\n\t\thref=\"https:\/\/formakunde.eus\/es\/series\/matriculacion-igualdad-de-mujeres-y-hombres-conceptos-basicos\/\"\n\t\taria-label=\"Event series: Matriculaci\u00f3n: Igualdad de mujeres y hombres. Conceptos b\u00e1sicos.\"\n\t\tclass=\"tribe-events-calendar-series-archive__link\"\n\t>\n\t\t\n<svg  class=\"tribe-common-c-svgicon tribe-common-c-svgicon--series tribe-events-series-archive__icon\"  width=\"14\" height=\"12\" viewBox=\"0 0 14 12\" fill=\"none\" xmlns=\"http:\/\/www.w3.org\/2000\/svg\" aria-hidden=\"true\">\n\t<rect x=\"0.5\" y=\"4.5\" width=\"9\" height=\"7\" \/>\n\t<path d=\"M2 2.5H11.5V10\" \/>\n\t<path d=\"M4 0.5H13.5V8\" \/>\n<\/svg>\n\t<\/a>\n<\/span>\n<\/div>\n\t\t<div class=\"tribe-events-calendar-month__calendar-event-tooltip-title tribe-common-h7\">\n\t<a\n\t\thref=\"https:\/\/formakunde.eus\/es\/event\/matriculacion-igualdad-de-mujeres-y-hombres-conceptos-basicos\/2026-09-29\/\"\n\t\ttitle=\"Matriculaci\u00f3n: Igualdad de mujeres y hombres. Conceptos b\u00e1sicos.\"\n\t\trel=\"bookmark\"\n\t\tclass=\"tribe-events-calendar-month__calendar-event-tooltip-title-link tribe-common-anchor-thin\"\n\t>\n\t\tMatriculaci\u00f3n: Igualdad de mujeres y hombres. Conceptos b\u00e1sicos.\t<\/a>\n<\/div>\n\t\t<div class=\"tribe-events-calendar-month__calendar-event-tooltip-description tribe-common-b3\">\n\t<p>Una de las mayores transformaciones sociales ha sido el acceso de las mujeres a la igualdad formal, fruto de la lucha de muchas mujeres y algunos hombres dispuestos a poner [&hellip;]<\/p>\n<\/div>\n\t\t\t<\/div>\n<\/div>\n\t<\/article>\n<\/div>\n\n\n\t\t\t<\/div>\n\n\t\n<\/div>\n<\/td>\n\n\t\t\t\n\t\t\t\t<td\n\t class=\"tribe-events-calendar-month__day\" \taria-labelledby=\"tribe-events-calendar-day-2026-09-30\"\n\tdata-js=\"tribe-events-month-grid-cell\"\n>\n\t<button\n\taria-expanded=\"false\"\n\taria-controls=\"tribe-events-calendar-mobile-day-2026-09-30\"\n\taria-label=\"Septiembre 30, 2 eventos, pr\u00f3ximo d\u00eda\"\n\t class=\"tribe-events-calendar-month__day-cell tribe-events-calendar-month__day-cell--mobile\" \tdata-js=\"tribe-events-calendar-month-day-cell-mobile\"\n>\n\t<h3 class=\"tribe-events-calendar-month__day-date tribe-common-h6 tribe-common-h--alt\">\n\t\t<span class=\"tribe-common-a11y-visual-hide\">\n\t\t\t2 eventos\t\t<\/span>\n\t\t<time\n\t\t\tclass=\"tribe-events-calendar-month__day-date-daynum\"\n\t\t\tdatetime=\"2026-09-30\"\n\t\t>\n\t\t\t30\t\t<\/time>\n\t<\/h3>\n\t\n\t<span class=\"tribe-events-calendar-month__mobile-events-icon tribe-events-calendar-month__mobile-events-icon--event\" >\n\t<\/span>\n<\/button>\n\t\n<div\n\tid=\"tribe-events-calendar-day-2026-09-30\"\n\tclass=\"tribe-events-calendar-month__day-cell tribe-events-calendar-month__day-cell--desktop tribe-common-a11y-hidden\"\n>\n\t\n<h3 class=\"tribe-events-calendar-month__day-date tribe-common-h4\">\n\t<span class=\"tribe-common-a11y-visual-hide\">\n\t\t2 eventos,\n\t<\/span>\n\t<time\n\t\tclass=\"tribe-events-calendar-month__day-date-daynum\"\n\t\tdatetime=\"2026-09-30\"\n\t>\n\t\t\t\t\t<a\n\t\t\t\thref=\"https:\/\/formakunde.eus\/es\/(\/?:events|eventos|ekitaldiak)\/2026-09-30\/&#038;shortcode=tribe-widget-events-month--1\"\n\t\t\t\tclass=\"tribe-events-calendar-month__day-date-link\"\n\t\t\t\tdata-js=\"tribe-events-view-link\"\n\t\t\t\taria-label=\"Septiembre 30\"\n\t\t\t>\n\t\t\t\t30\t\t\t<\/a>\n\t\t\t<\/time>\n<\/h3>\n\n\t<div class=\"tribe-events-calendar-month__events\">\n\t\t\n\t<div class=\"tribe-events-calendar-month__multiday-event-wrapper\">\n\t<article  class=\"tribe-events-calendar-month__multiday-event post-10000232 tribe_events type-tribe_events status-publish has-post-thumbnail hentry tribe_events_cat-matriculacion cat_matriculacion tribe-recurring-event tribe-recurring-event-parent tribe-events-calendar-month__multiday-event--width-1 tribe-events-calendar-month__multiday-event--display tribe-events-calendar-month__multiday-event--start tribe-events-calendar-month__multiday-event--end\"  data-event-id=\"10000232\">\n\t\t<div class=\"tribe-events-calendar-month__multiday-event-hidden\">\n\t<time\n\tdatetime=\"2026-09-30\"\n\tclass=\"tribe-common-a11y-visual-hide\"\n>\n\t2026-09-30<\/time>\n\t<a\n\thref=\"https:\/\/formakunde.eus\/es\/event\/matriculacion-masculinidades-hombres-e-igualdad-retos-y-resistencias\/2026-09-30\/\"\n\tclass=\"tribe-events-calendar-month__multiday-event-hidden-link\"\n\tdata-js=\"tribe-events-tooltip\"\n\tdata-tooltip-content=\"#tribe-events-tooltip-content-10000232\"\n\taria-describedby=\"tribe-events-tooltip-content-10000232\"\n>\n\t\t<div class=\"tribe-events-calendar-month__multiday-event-hidden-title tribe-common-h8\">\n\tMatriculaci\u00f3n: Masculinidades. Hombres e igualdad: retos y resistencias<\/div>\n<\/a>\n<\/div>\n\t\t<div class=\"tribe-events-calendar-month__multiday-event-bar\">\n\t<div class=\"tribe-events-calendar-month__multiday-event-bar-inner\">\n\t\t\t\t<div class=\"tribe-events-calendar-month__multiday-event-bar-title tribe-common-h8\">\n\tMatriculaci\u00f3n: Masculinidades. Hombres e igualdad: retos y resistencias<\/div>\n\n<span class=\"tribe-events-calendar-series-archive__container\">\n\t\n<svg  class=\"tribe-common-c-svgicon tribe-common-c-svgicon--series tribe-events-series-archive__icon\"  width=\"14\" height=\"12\" viewBox=\"0 0 14 12\" fill=\"none\" xmlns=\"http:\/\/www.w3.org\/2000\/svg\" aria-hidden=\"true\">\n\t<rect x=\"0.5\" y=\"4.5\" width=\"9\" height=\"7\" \/>\n\t<path d=\"M2 2.5H11.5V10\" \/>\n\t<path d=\"M4 0.5H13.5V8\" \/>\n<\/svg>\n<\/span>\n\t<\/div>\n<\/div>\n<div class=\"tribe-events-calendar-month__calendar-event-tooltip-template tribe-common-a11y-hidden\">\n\t<div\n\t\tclass=\"tribe-events-calendar-month__calendar-event-tooltip\"\n\t\tid=\"tribe-events-tooltip-content-10000232\"\n\t\trole=\"tooltip\"\n\t>\n\t\t<div class=\"tribe-events-calendar-month__calendar-event-tooltip-featured-image-wrapper\">\n\t<img\n\t\tclass=\"tribe-events-calendar-month__calendar-event-tooltip-featured-image\"\n\t\tsrc=\"https:\/\/formakunde.eus\/wp-content\/uploads\/2025\/04\/MASCULINIDADES_caratula-curso-online_Emakunde.jpg\"\n\t\t\t\t\tsrcset=\"https:\/\/formakunde.eus\/wp-content\/uploads\/2025\/04\/MASCULINIDADES_caratula-curso-online_Emakunde-300x215.jpg 300w, https:\/\/formakunde.eus\/wp-content\/uploads\/2025\/04\/MASCULINIDADES_caratula-curso-online_Emakunde.jpg 694w\"\n\t\t\t\t\t\t\talt=\"\"\n\t\t\t\/>\n<\/div>\n\t\t<div class=\"tribe-events-calendar-month__calendar-event-tooltip-datetime\">\n\t\t<time datetime=\"2026-09-30\">\n\t\t<span class=\"tribe-event-date-start\">Septiembre 30<\/span>\t<\/time>\n\t\n<span class=\"tribe-events-calendar-series-archive__container\">\n\t<a\n\t\thref=\"https:\/\/formakunde.eus\/es\/series\/matriculacion-masculinidades-hombres-e-igualdad-retos-y-resistencias\/\"\n\t\taria-label=\"Event series: Matriculaci\u00f3n: Masculinidades. Hombres e igualdad: retos y resistencias\"\n\t\tclass=\"tribe-events-calendar-series-archive__link\"\n\t>\n\t\t\n<svg  class=\"tribe-common-c-svgicon tribe-common-c-svgicon--series tribe-events-series-archive__icon\"  width=\"14\" height=\"12\" viewBox=\"0 0 14 12\" fill=\"none\" xmlns=\"http:\/\/www.w3.org\/2000\/svg\" aria-hidden=\"true\">\n\t<rect x=\"0.5\" y=\"4.5\" width=\"9\" height=\"7\" \/>\n\t<path d=\"M2 2.5H11.5V10\" \/>\n\t<path d=\"M4 0.5H13.5V8\" \/>\n<\/svg>\n\t<\/a>\n<\/span>\n<\/div>\n\t\t<div class=\"tribe-events-calendar-month__calendar-event-tooltip-title tribe-common-h7\">\n\t<a\n\t\thref=\"https:\/\/formakunde.eus\/es\/event\/matriculacion-masculinidades-hombres-e-igualdad-retos-y-resistencias\/2026-09-30\/\"\n\t\ttitle=\"Matriculaci\u00f3n: Masculinidades. Hombres e igualdad: retos y resistencias\"\n\t\trel=\"bookmark\"\n\t\tclass=\"tribe-events-calendar-month__calendar-event-tooltip-title-link tribe-common-anchor-thin\"\n\t>\n\t\tMatriculaci\u00f3n: Masculinidades. Hombres e igualdad: retos y resistencias\t<\/a>\n<\/div>\n\t\t<div class=\"tribe-events-calendar-month__calendar-event-tooltip-description tribe-common-b3\">\n\t<p>En este curso se abordar\u00e1n las diferentes expresiones de masculinidades que existen en nuestras sociedades y las consecuencias que ello implica para las mujeres y para los propios hombres. A [&hellip;]<\/p>\n<\/div>\n\t\t\t<\/div>\n<\/div>\n\t<\/article>\n<\/div>\n\n\t<div class=\"tribe-events-calendar-month__multiday-event-wrapper\">\n\t<article  class=\"tribe-events-calendar-month__multiday-event post-10000623 tribe_events type-tribe_events status-publish has-post-thumbnail hentry tribe_events_cat-matriculacion-2 cat_matriculacion-2 tribe-recurring-event tribe-recurring-event-parent tribe-events-calendar-month__multiday-event--width-1 tribe-events-calendar-month__multiday-event--display tribe-events-calendar-month__multiday-event--start tribe-events-calendar-month__multiday-event--end\"  data-event-id=\"10000623\">\n\t\t<div class=\"tribe-events-calendar-month__multiday-event-hidden\">\n\t<time\n\tdatetime=\"2026-09-30\"\n\tclass=\"tribe-common-a11y-visual-hide\"\n>\n\t2026-09-30<\/time>\n\t<a\n\thref=\"https:\/\/formakunde.eus\/es\/event\/matriculacion-igualdad-de-mujeres-y-hombres-conceptos-basicos\/2026-09-30\/\"\n\tclass=\"tribe-events-calendar-month__multiday-event-hidden-link\"\n\tdata-js=\"tribe-events-tooltip\"\n\tdata-tooltip-content=\"#tribe-events-tooltip-content-10000623\"\n\taria-describedby=\"tribe-events-tooltip-content-10000623\"\n>\n\t\t<div class=\"tribe-events-calendar-month__multiday-event-hidden-title tribe-common-h8\">\n\tMatriculaci\u00f3n: Igualdad de mujeres y hombres. Conceptos b\u00e1sicos.<\/div>\n<\/a>\n<\/div>\n\t\t<div class=\"tribe-events-calendar-month__multiday-event-bar\">\n\t<div class=\"tribe-events-calendar-month__multiday-event-bar-inner\">\n\t\t\t\t<div class=\"tribe-events-calendar-month__multiday-event-bar-title tribe-common-h8\">\n\tMatriculaci\u00f3n: Igualdad de mujeres y hombres. Conceptos b\u00e1sicos.<\/div>\n\n<span class=\"tribe-events-calendar-series-archive__container\">\n\t\n<svg  class=\"tribe-common-c-svgicon tribe-common-c-svgicon--series tribe-events-series-archive__icon\"  width=\"14\" height=\"12\" viewBox=\"0 0 14 12\" fill=\"none\" xmlns=\"http:\/\/www.w3.org\/2000\/svg\" aria-hidden=\"true\">\n\t<rect x=\"0.5\" y=\"4.5\" width=\"9\" height=\"7\" \/>\n\t<path d=\"M2 2.5H11.5V10\" \/>\n\t<path d=\"M4 0.5H13.5V8\" \/>\n<\/svg>\n<\/span>\n\t<\/div>\n<\/div>\n<div class=\"tribe-events-calendar-month__calendar-event-tooltip-template tribe-common-a11y-hidden\">\n\t<div\n\t\tclass=\"tribe-events-calendar-month__calendar-event-tooltip\"\n\t\tid=\"tribe-events-tooltip-content-10000623\"\n\t\trole=\"tooltip\"\n\t>\n\t\t<div class=\"tribe-events-calendar-month__calendar-event-tooltip-featured-image-wrapper\">\n\t<img\n\t\tclass=\"tribe-events-calendar-month__calendar-event-tooltip-featured-image\"\n\t\tsrc=\"https:\/\/formakunde.eus\/wp-content\/uploads\/2025\/04\/IGUALDAD_caratula-curso-online_Emakunde-1.jpg\"\n\t\t\t\t\tsrcset=\"https:\/\/formakunde.eus\/wp-content\/uploads\/2025\/04\/IGUALDAD_caratula-curso-online_Emakunde-1-300x215.jpg 300w, https:\/\/formakunde.eus\/wp-content\/uploads\/2025\/04\/IGUALDAD_caratula-curso-online_Emakunde-1.jpg 694w\"\n\t\t\t\t\t\t\talt=\"\"\n\t\t\t\/>\n<\/div>\n\t\t<div class=\"tribe-events-calendar-month__calendar-event-tooltip-datetime\">\n\t\t<time datetime=\"2026-09-30\">\n\t\t<span class=\"tribe-event-date-start\">Septiembre 30<\/span>\t<\/time>\n\t\n<span class=\"tribe-events-calendar-series-archive__container\">\n\t<a\n\t\thref=\"https:\/\/formakunde.eus\/es\/series\/matriculacion-igualdad-de-mujeres-y-hombres-conceptos-basicos\/\"\n\t\taria-label=\"Event series: Matriculaci\u00f3n: Igualdad de mujeres y hombres. Conceptos b\u00e1sicos.\"\n\t\tclass=\"tribe-events-calendar-series-archive__link\"\n\t>\n\t\t\n<svg  class=\"tribe-common-c-svgicon tribe-common-c-svgicon--series tribe-events-series-archive__icon\"  width=\"14\" height=\"12\" viewBox=\"0 0 14 12\" fill=\"none\" xmlns=\"http:\/\/www.w3.org\/2000\/svg\" aria-hidden=\"true\">\n\t<rect x=\"0.5\" y=\"4.5\" width=\"9\" height=\"7\" \/>\n\t<path d=\"M2 2.5H11.5V10\" \/>\n\t<path d=\"M4 0.5H13.5V8\" \/>\n<\/svg>\n\t<\/a>\n<\/span>\n<\/div>\n\t\t<div class=\"tribe-events-calendar-month__calendar-event-tooltip-title tribe-common-h7\">\n\t<a\n\t\thref=\"https:\/\/formakunde.eus\/es\/event\/matriculacion-igualdad-de-mujeres-y-hombres-conceptos-basicos\/2026-09-30\/\"\n\t\ttitle=\"Matriculaci\u00f3n: Igualdad de mujeres y hombres. Conceptos b\u00e1sicos.\"\n\t\trel=\"bookmark\"\n\t\tclass=\"tribe-events-calendar-month__calendar-event-tooltip-title-link tribe-common-anchor-thin\"\n\t>\n\t\tMatriculaci\u00f3n: Igualdad de mujeres y hombres. Conceptos b\u00e1sicos.\t<\/a>\n<\/div>\n\t\t<div class=\"tribe-events-calendar-month__calendar-event-tooltip-description tribe-common-b3\">\n\t<p>Una de las mayores transformaciones sociales ha sido el acceso de las mujeres a la igualdad formal, fruto de la lucha de muchas mujeres y algunos hombres dispuestos a poner [&hellip;]<\/p>\n<\/div>\n\t\t\t<\/div>\n<\/div>\n\t<\/article>\n<\/div>\n\n\n\t\t\t<\/div>\n\n\t\n<\/div>\n<\/td>\n\n\t\t\t\n\t\t\t\t<td\n\t class=\"tribe-events-calendar-month__day tribe-events-calendar-month__day--other-month tribe-events-calendar-month__day--next-month\" \taria-labelledby=\"tribe-events-calendar-day-2026-10-01\"\n\tdata-js=\"tribe-events-month-grid-cell\"\n>\n\t<button\n\taria-expanded=\"false\"\n\taria-controls=\"tribe-events-calendar-mobile-day-2026-10-1\"\n\taria-label=\"Octubre 1, 2 eventos, pr\u00f3ximo d\u00eda\"\n\t class=\"tribe-events-calendar-month__day-cell tribe-events-calendar-month__day-cell--mobile\" \tdata-js=\"tribe-events-calendar-month-day-cell-mobile\"\n>\n\t<h3 class=\"tribe-events-calendar-month__day-date tribe-common-h6 tribe-common-h--alt\">\n\t\t<span class=\"tribe-common-a11y-visual-hide\">\n\t\t\t2 eventos\t\t<\/span>\n\t\t<time\n\t\t\tclass=\"tribe-events-calendar-month__day-date-daynum\"\n\t\t\tdatetime=\"2026-10-01\"\n\t\t>\n\t\t\t1\t\t<\/time>\n\t<\/h3>\n\t\n\t<span class=\"tribe-events-calendar-month__mobile-events-icon tribe-events-calendar-month__mobile-events-icon--event\" >\n\t<\/span>\n<\/button>\n\t\n<div\n\tid=\"tribe-events-calendar-day-2026-10-01\"\n\tclass=\"tribe-events-calendar-month__day-cell tribe-events-calendar-month__day-cell--desktop tribe-common-a11y-hidden\"\n>\n\t\n<h3 class=\"tribe-events-calendar-month__day-date tribe-common-h4\">\n\t<span class=\"tribe-common-a11y-visual-hide\">\n\t\t2 eventos,\n\t<\/span>\n\t<time\n\t\tclass=\"tribe-events-calendar-month__day-date-daynum\"\n\t\tdatetime=\"2026-10-01\"\n\t>\n\t\t\t\t\t<a\n\t\t\t\thref=\"https:\/\/formakunde.eus\/es\/(\/?:events|eventos|ekitaldiak)\/2026-10-01\/&#038;shortcode=tribe-widget-events-month--1\"\n\t\t\t\tclass=\"tribe-events-calendar-month__day-date-link\"\n\t\t\t\tdata-js=\"tribe-events-view-link\"\n\t\t\t\taria-label=\"Octubre 1\"\n\t\t\t>\n\t\t\t\t1\t\t\t<\/a>\n\t\t\t<\/time>\n<\/h3>\n\n\t<div class=\"tribe-events-calendar-month__events\">\n\t\t\n\t<div class=\"tribe-events-calendar-month__multiday-event-wrapper\">\n\t<article  class=\"tribe-events-calendar-month__multiday-event post-10000233 tribe_events type-tribe_events status-publish has-post-thumbnail hentry tribe_events_cat-matriculacion cat_matriculacion tribe-recurring-event tribe-recurring-event-parent tribe-events-calendar-month__multiday-event--width-1 tribe-events-calendar-month__multiday-event--display tribe-events-calendar-month__multiday-event--start tribe-events-calendar-month__multiday-event--end\"  data-event-id=\"10000233\">\n\t\t<div class=\"tribe-events-calendar-month__multiday-event-hidden\">\n\t<time\n\tdatetime=\"2026-10-01\"\n\tclass=\"tribe-common-a11y-visual-hide\"\n>\n\t2026-10-01<\/time>\n\t<a\n\thref=\"https:\/\/formakunde.eus\/es\/event\/matriculacion-masculinidades-hombres-e-igualdad-retos-y-resistencias\/2026-10-01\/\"\n\tclass=\"tribe-events-calendar-month__multiday-event-hidden-link\"\n\tdata-js=\"tribe-events-tooltip\"\n\tdata-tooltip-content=\"#tribe-events-tooltip-content-10000233\"\n\taria-describedby=\"tribe-events-tooltip-content-10000233\"\n>\n\t\t<div class=\"tribe-events-calendar-month__multiday-event-hidden-title tribe-common-h8\">\n\tMatriculaci\u00f3n: Masculinidades. Hombres e igualdad: retos y resistencias<\/div>\n<\/a>\n<\/div>\n\t\t<div class=\"tribe-events-calendar-month__multiday-event-bar\">\n\t<div class=\"tribe-events-calendar-month__multiday-event-bar-inner\">\n\t\t\t\t<div class=\"tribe-events-calendar-month__multiday-event-bar-title tribe-common-h8\">\n\tMatriculaci\u00f3n: Masculinidades. Hombres e igualdad: retos y resistencias<\/div>\n\n<span class=\"tribe-events-calendar-series-archive__container\">\n\t\n<svg  class=\"tribe-common-c-svgicon tribe-common-c-svgicon--series tribe-events-series-archive__icon\"  width=\"14\" height=\"12\" viewBox=\"0 0 14 12\" fill=\"none\" xmlns=\"http:\/\/www.w3.org\/2000\/svg\" aria-hidden=\"true\">\n\t<rect x=\"0.5\" y=\"4.5\" width=\"9\" height=\"7\" \/>\n\t<path d=\"M2 2.5H11.5V10\" \/>\n\t<path d=\"M4 0.5H13.5V8\" \/>\n<\/svg>\n<\/span>\n\t<\/div>\n<\/div>\n<div class=\"tribe-events-calendar-month__calendar-event-tooltip-template tribe-common-a11y-hidden\">\n\t<div\n\t\tclass=\"tribe-events-calendar-month__calendar-event-tooltip\"\n\t\tid=\"tribe-events-tooltip-content-10000233\"\n\t\trole=\"tooltip\"\n\t>\n\t\t<div class=\"tribe-events-calendar-month__calendar-event-tooltip-featured-image-wrapper\">\n\t<img\n\t\tclass=\"tribe-events-calendar-month__calendar-event-tooltip-featured-image\"\n\t\tsrc=\"https:\/\/formakunde.eus\/wp-content\/uploads\/2025\/04\/MASCULINIDADES_caratula-curso-online_Emakunde.jpg\"\n\t\t\t\t\tsrcset=\"https:\/\/formakunde.eus\/wp-content\/uploads\/2025\/04\/MASCULINIDADES_caratula-curso-online_Emakunde-300x215.jpg 300w, https:\/\/formakunde.eus\/wp-content\/uploads\/2025\/04\/MASCULINIDADES_caratula-curso-online_Emakunde.jpg 694w\"\n\t\t\t\t\t\t\talt=\"\"\n\t\t\t\/>\n<\/div>\n\t\t<div class=\"tribe-events-calendar-month__calendar-event-tooltip-datetime\">\n\t\t<time datetime=\"2026-10-01\">\n\t\t<span class=\"tribe-event-date-start\">Octubre 1<\/span>\t<\/time>\n\t\n<span class=\"tribe-events-calendar-series-archive__container\">\n\t<a\n\t\thref=\"https:\/\/formakunde.eus\/es\/series\/matriculacion-masculinidades-hombres-e-igualdad-retos-y-resistencias\/\"\n\t\taria-label=\"Event series: Matriculaci\u00f3n: Masculinidades. Hombres e igualdad: retos y resistencias\"\n\t\tclass=\"tribe-events-calendar-series-archive__link\"\n\t>\n\t\t\n<svg  class=\"tribe-common-c-svgicon tribe-common-c-svgicon--series tribe-events-series-archive__icon\"  width=\"14\" height=\"12\" viewBox=\"0 0 14 12\" fill=\"none\" xmlns=\"http:\/\/www.w3.org\/2000\/svg\" aria-hidden=\"true\">\n\t<rect x=\"0.5\" y=\"4.5\" width=\"9\" height=\"7\" \/>\n\t<path d=\"M2 2.5H11.5V10\" \/>\n\t<path d=\"M4 0.5H13.5V8\" \/>\n<\/svg>\n\t<\/a>\n<\/span>\n<\/div>\n\t\t<div class=\"tribe-events-calendar-month__calendar-event-tooltip-title tribe-common-h7\">\n\t<a\n\t\thref=\"https:\/\/formakunde.eus\/es\/event\/matriculacion-masculinidades-hombres-e-igualdad-retos-y-resistencias\/2026-10-01\/\"\n\t\ttitle=\"Matriculaci\u00f3n: Masculinidades. Hombres e igualdad: retos y resistencias\"\n\t\trel=\"bookmark\"\n\t\tclass=\"tribe-events-calendar-month__calendar-event-tooltip-title-link tribe-common-anchor-thin\"\n\t>\n\t\tMatriculaci\u00f3n: Masculinidades. Hombres e igualdad: retos y resistencias\t<\/a>\n<\/div>\n\t\t<div class=\"tribe-events-calendar-month__calendar-event-tooltip-description tribe-common-b3\">\n\t<p>En este curso se abordar\u00e1n las diferentes expresiones de masculinidades que existen en nuestras sociedades y las consecuencias que ello implica para las mujeres y para los propios hombres. A [&hellip;]<\/p>\n<\/div>\n\t\t\t<\/div>\n<\/div>\n\t<\/article>\n<\/div>\n\n\t<div class=\"tribe-events-calendar-month__multiday-event-wrapper\">\n\t<article  class=\"tribe-events-calendar-month__multiday-event post-10000624 tribe_events type-tribe_events status-publish has-post-thumbnail hentry tribe_events_cat-matriculacion-2 cat_matriculacion-2 tribe-recurring-event tribe-recurring-event-parent tribe-events-calendar-month__multiday-event--width-1 tribe-events-calendar-month__multiday-event--display tribe-events-calendar-month__multiday-event--start tribe-events-calendar-month__multiday-event--end\"  data-event-id=\"10000624\">\n\t\t<div class=\"tribe-events-calendar-month__multiday-event-hidden\">\n\t<time\n\tdatetime=\"2026-10-01\"\n\tclass=\"tribe-common-a11y-visual-hide\"\n>\n\t2026-10-01<\/time>\n\t<a\n\thref=\"https:\/\/formakunde.eus\/es\/event\/matriculacion-igualdad-de-mujeres-y-hombres-conceptos-basicos\/2026-10-01\/\"\n\tclass=\"tribe-events-calendar-month__multiday-event-hidden-link\"\n\tdata-js=\"tribe-events-tooltip\"\n\tdata-tooltip-content=\"#tribe-events-tooltip-content-10000624\"\n\taria-describedby=\"tribe-events-tooltip-content-10000624\"\n>\n\t\t<div class=\"tribe-events-calendar-month__multiday-event-hidden-title tribe-common-h8\">\n\tMatriculaci\u00f3n: Igualdad de mujeres y hombres. Conceptos b\u00e1sicos.<\/div>\n<\/a>\n<\/div>\n\t\t<div class=\"tribe-events-calendar-month__multiday-event-bar\">\n\t<div class=\"tribe-events-calendar-month__multiday-event-bar-inner\">\n\t\t\t\t<div class=\"tribe-events-calendar-month__multiday-event-bar-title tribe-common-h8\">\n\tMatriculaci\u00f3n: Igualdad de mujeres y hombres. Conceptos b\u00e1sicos.<\/div>\n\n<span class=\"tribe-events-calendar-series-archive__container\">\n\t\n<svg  class=\"tribe-common-c-svgicon tribe-common-c-svgicon--series tribe-events-series-archive__icon\"  width=\"14\" height=\"12\" viewBox=\"0 0 14 12\" fill=\"none\" xmlns=\"http:\/\/www.w3.org\/2000\/svg\" aria-hidden=\"true\">\n\t<rect x=\"0.5\" y=\"4.5\" width=\"9\" height=\"7\" \/>\n\t<path d=\"M2 2.5H11.5V10\" \/>\n\t<path d=\"M4 0.5H13.5V8\" \/>\n<\/svg>\n<\/span>\n\t<\/div>\n<\/div>\n<div class=\"tribe-events-calendar-month__calendar-event-tooltip-template tribe-common-a11y-hidden\">\n\t<div\n\t\tclass=\"tribe-events-calendar-month__calendar-event-tooltip\"\n\t\tid=\"tribe-events-tooltip-content-10000624\"\n\t\trole=\"tooltip\"\n\t>\n\t\t<div class=\"tribe-events-calendar-month__calendar-event-tooltip-featured-image-wrapper\">\n\t<img\n\t\tclass=\"tribe-events-calendar-month__calendar-event-tooltip-featured-image\"\n\t\tsrc=\"https:\/\/formakunde.eus\/wp-content\/uploads\/2025\/04\/IGUALDAD_caratula-curso-online_Emakunde-1.jpg\"\n\t\t\t\t\tsrcset=\"https:\/\/formakunde.eus\/wp-content\/uploads\/2025\/04\/IGUALDAD_caratula-curso-online_Emakunde-1-300x215.jpg 300w, https:\/\/formakunde.eus\/wp-content\/uploads\/2025\/04\/IGUALDAD_caratula-curso-online_Emakunde-1.jpg 694w\"\n\t\t\t\t\t\t\talt=\"\"\n\t\t\t\/>\n<\/div>\n\t\t<div class=\"tribe-events-calendar-month__calendar-event-tooltip-datetime\">\n\t\t<time datetime=\"2026-10-01\">\n\t\t<span class=\"tribe-event-date-start\">Octubre 1<\/span>\t<\/time>\n\t\n<span class=\"tribe-events-calendar-series-archive__container\">\n\t<a\n\t\thref=\"https:\/\/formakunde.eus\/es\/series\/matriculacion-igualdad-de-mujeres-y-hombres-conceptos-basicos\/\"\n\t\taria-label=\"Event series: Matriculaci\u00f3n: Igualdad de mujeres y hombres. Conceptos b\u00e1sicos.\"\n\t\tclass=\"tribe-events-calendar-series-archive__link\"\n\t>\n\t\t\n<svg  class=\"tribe-common-c-svgicon tribe-common-c-svgicon--series tribe-events-series-archive__icon\"  width=\"14\" height=\"12\" viewBox=\"0 0 14 12\" fill=\"none\" xmlns=\"http:\/\/www.w3.org\/2000\/svg\" aria-hidden=\"true\">\n\t<rect x=\"0.5\" y=\"4.5\" width=\"9\" height=\"7\" \/>\n\t<path d=\"M2 2.5H11.5V10\" \/>\n\t<path d=\"M4 0.5H13.5V8\" \/>\n<\/svg>\n\t<\/a>\n<\/span>\n<\/div>\n\t\t<div class=\"tribe-events-calendar-month__calendar-event-tooltip-title tribe-common-h7\">\n\t<a\n\t\thref=\"https:\/\/formakunde.eus\/es\/event\/matriculacion-igualdad-de-mujeres-y-hombres-conceptos-basicos\/2026-10-01\/\"\n\t\ttitle=\"Matriculaci\u00f3n: Igualdad de mujeres y hombres. Conceptos b\u00e1sicos.\"\n\t\trel=\"bookmark\"\n\t\tclass=\"tribe-events-calendar-month__calendar-event-tooltip-title-link tribe-common-anchor-thin\"\n\t>\n\t\tMatriculaci\u00f3n: Igualdad de mujeres y hombres. Conceptos b\u00e1sicos.\t<\/a>\n<\/div>\n\t\t<div class=\"tribe-events-calendar-month__calendar-event-tooltip-description tribe-common-b3\">\n\t<p>Una de las mayores transformaciones sociales ha sido el acceso de las mujeres a la igualdad formal, fruto de la lucha de muchas mujeres y algunos hombres dispuestos a poner [&hellip;]<\/p>\n<\/div>\n\t\t\t<\/div>\n<\/div>\n\t<\/article>\n<\/div>\n\n\n\t\t\t<\/div>\n\n\t\n<\/div>\n<\/td>\n\n\t\t\t\n\t\t\t\t<td\n\t class=\"tribe-events-calendar-month__day tribe-events-calendar-month__day--other-month tribe-events-calendar-month__day--next-month\" \taria-labelledby=\"tribe-events-calendar-day-2026-10-02\"\n\tdata-js=\"tribe-events-month-grid-cell\"\n>\n\t<button\n\taria-expanded=\"false\"\n\taria-controls=\"tribe-events-calendar-mobile-day-2026-10-2\"\n\taria-label=\"Octubre 2, 2 eventos, pr\u00f3ximo d\u00eda\"\n\t class=\"tribe-events-calendar-month__day-cell tribe-events-calendar-month__day-cell--mobile\" \tdata-js=\"tribe-events-calendar-month-day-cell-mobile\"\n>\n\t<h3 class=\"tribe-events-calendar-month__day-date tribe-common-h6 tribe-common-h--alt\">\n\t\t<span class=\"tribe-common-a11y-visual-hide\">\n\t\t\t2 eventos\t\t<\/span>\n\t\t<time\n\t\t\tclass=\"tribe-events-calendar-month__day-date-daynum\"\n\t\t\tdatetime=\"2026-10-02\"\n\t\t>\n\t\t\t2\t\t<\/time>\n\t<\/h3>\n\t\n\t<span class=\"tribe-events-calendar-month__mobile-events-icon tribe-events-calendar-month__mobile-events-icon--event\" >\n\t<\/span>\n<\/button>\n\t\n<div\n\tid=\"tribe-events-calendar-day-2026-10-02\"\n\tclass=\"tribe-events-calendar-month__day-cell tribe-events-calendar-month__day-cell--desktop tribe-common-a11y-hidden\"\n>\n\t\n<h3 class=\"tribe-events-calendar-month__day-date tribe-common-h4\">\n\t<span class=\"tribe-common-a11y-visual-hide\">\n\t\t2 eventos,\n\t<\/span>\n\t<time\n\t\tclass=\"tribe-events-calendar-month__day-date-daynum\"\n\t\tdatetime=\"2026-10-02\"\n\t>\n\t\t\t\t\t<a\n\t\t\t\thref=\"https:\/\/formakunde.eus\/es\/(\/?:events|eventos|ekitaldiak)\/2026-10-02\/&#038;shortcode=tribe-widget-events-month--1\"\n\t\t\t\tclass=\"tribe-events-calendar-month__day-date-link\"\n\t\t\t\tdata-js=\"tribe-events-view-link\"\n\t\t\t\taria-label=\"Octubre 2\"\n\t\t\t>\n\t\t\t\t2\t\t\t<\/a>\n\t\t\t<\/time>\n<\/h3>\n\n\t<div class=\"tribe-events-calendar-month__events\">\n\t\t\n\t<div class=\"tribe-events-calendar-month__multiday-event-wrapper\">\n\t<article  class=\"tribe-events-calendar-month__multiday-event post-10000234 tribe_events type-tribe_events status-publish has-post-thumbnail hentry tribe_events_cat-matriculacion cat_matriculacion tribe-recurring-event tribe-recurring-event-parent tribe-events-calendar-month__multiday-event--width-1 tribe-events-calendar-month__multiday-event--display tribe-events-calendar-month__multiday-event--start tribe-events-calendar-month__multiday-event--end\"  data-event-id=\"10000234\">\n\t\t<div class=\"tribe-events-calendar-month__multiday-event-hidden\">\n\t<time\n\tdatetime=\"2026-10-02\"\n\tclass=\"tribe-common-a11y-visual-hide\"\n>\n\t2026-10-02<\/time>\n\t<a\n\thref=\"https:\/\/formakunde.eus\/es\/event\/matriculacion-masculinidades-hombres-e-igualdad-retos-y-resistencias\/2026-10-02\/\"\n\tclass=\"tribe-events-calendar-month__multiday-event-hidden-link\"\n\tdata-js=\"tribe-events-tooltip\"\n\tdata-tooltip-content=\"#tribe-events-tooltip-content-10000234\"\n\taria-describedby=\"tribe-events-tooltip-content-10000234\"\n>\n\t\t<div class=\"tribe-events-calendar-month__multiday-event-hidden-title tribe-common-h8\">\n\tMatriculaci\u00f3n: Masculinidades. Hombres e igualdad: retos y resistencias<\/div>\n<\/a>\n<\/div>\n\t\t<div class=\"tribe-events-calendar-month__multiday-event-bar\">\n\t<div class=\"tribe-events-calendar-month__multiday-event-bar-inner\">\n\t\t\t\t<div class=\"tribe-events-calendar-month__multiday-event-bar-title tribe-common-h8\">\n\tMatriculaci\u00f3n: Masculinidades. Hombres e igualdad: retos y resistencias<\/div>\n\n<span class=\"tribe-events-calendar-series-archive__container\">\n\t\n<svg  class=\"tribe-common-c-svgicon tribe-common-c-svgicon--series tribe-events-series-archive__icon\"  width=\"14\" height=\"12\" viewBox=\"0 0 14 12\" fill=\"none\" xmlns=\"http:\/\/www.w3.org\/2000\/svg\" aria-hidden=\"true\">\n\t<rect x=\"0.5\" y=\"4.5\" width=\"9\" height=\"7\" \/>\n\t<path d=\"M2 2.5H11.5V10\" \/>\n\t<path d=\"M4 0.5H13.5V8\" \/>\n<\/svg>\n<\/span>\n\t<\/div>\n<\/div>\n<div class=\"tribe-events-calendar-month__calendar-event-tooltip-template tribe-common-a11y-hidden\">\n\t<div\n\t\tclass=\"tribe-events-calendar-month__calendar-event-tooltip\"\n\t\tid=\"tribe-events-tooltip-content-10000234\"\n\t\trole=\"tooltip\"\n\t>\n\t\t<div class=\"tribe-events-calendar-month__calendar-event-tooltip-featured-image-wrapper\">\n\t<img\n\t\tclass=\"tribe-events-calendar-month__calendar-event-tooltip-featured-image\"\n\t\tsrc=\"https:\/\/formakunde.eus\/wp-content\/uploads\/2025\/04\/MASCULINIDADES_caratula-curso-online_Emakunde.jpg\"\n\t\t\t\t\tsrcset=\"https:\/\/formakunde.eus\/wp-content\/uploads\/2025\/04\/MASCULINIDADES_caratula-curso-online_Emakunde-300x215.jpg 300w, https:\/\/formakunde.eus\/wp-content\/uploads\/2025\/04\/MASCULINIDADES_caratula-curso-online_Emakunde.jpg 694w\"\n\t\t\t\t\t\t\talt=\"\"\n\t\t\t\/>\n<\/div>\n\t\t<div class=\"tribe-events-calendar-month__calendar-event-tooltip-datetime\">\n\t\t<time datetime=\"2026-10-02\">\n\t\t<span class=\"tribe-event-date-start\">Octubre 2<\/span>\t<\/time>\n\t\n<span class=\"tribe-events-calendar-series-archive__container\">\n\t<a\n\t\thref=\"https:\/\/formakunde.eus\/es\/series\/matriculacion-masculinidades-hombres-e-igualdad-retos-y-resistencias\/\"\n\t\taria-label=\"Event series: Matriculaci\u00f3n: Masculinidades. Hombres e igualdad: retos y resistencias\"\n\t\tclass=\"tribe-events-calendar-series-archive__link\"\n\t>\n\t\t\n<svg  class=\"tribe-common-c-svgicon tribe-common-c-svgicon--series tribe-events-series-archive__icon\"  width=\"14\" height=\"12\" viewBox=\"0 0 14 12\" fill=\"none\" xmlns=\"http:\/\/www.w3.org\/2000\/svg\" aria-hidden=\"true\">\n\t<rect x=\"0.5\" y=\"4.5\" width=\"9\" height=\"7\" \/>\n\t<path d=\"M2 2.5H11.5V10\" \/>\n\t<path d=\"M4 0.5H13.5V8\" \/>\n<\/svg>\n\t<\/a>\n<\/span>\n<\/div>\n\t\t<div class=\"tribe-events-calendar-month__calendar-event-tooltip-title tribe-common-h7\">\n\t<a\n\t\thref=\"https:\/\/formakunde.eus\/es\/event\/matriculacion-masculinidades-hombres-e-igualdad-retos-y-resistencias\/2026-10-02\/\"\n\t\ttitle=\"Matriculaci\u00f3n: Masculinidades. Hombres e igualdad: retos y resistencias\"\n\t\trel=\"bookmark\"\n\t\tclass=\"tribe-events-calendar-month__calendar-event-tooltip-title-link tribe-common-anchor-thin\"\n\t>\n\t\tMatriculaci\u00f3n: Masculinidades. Hombres e igualdad: retos y resistencias\t<\/a>\n<\/div>\n\t\t<div class=\"tribe-events-calendar-month__calendar-event-tooltip-description tribe-common-b3\">\n\t<p>En este curso se abordar\u00e1n las diferentes expresiones de masculinidades que existen en nuestras sociedades y las consecuencias que ello implica para las mujeres y para los propios hombres. A [&hellip;]<\/p>\n<\/div>\n\t\t\t<\/div>\n<\/div>\n\t<\/article>\n<\/div>\n\n\t<div class=\"tribe-events-calendar-month__multiday-event-wrapper\">\n\t<article  class=\"tribe-events-calendar-month__multiday-event post-10000625 tribe_events type-tribe_events status-publish has-post-thumbnail hentry tribe_events_cat-matriculacion-2 cat_matriculacion-2 tribe-recurring-event tribe-recurring-event-parent tribe-events-calendar-month__multiday-event--width-1 tribe-events-calendar-month__multiday-event--display tribe-events-calendar-month__multiday-event--start tribe-events-calendar-month__multiday-event--end\"  data-event-id=\"10000625\">\n\t\t<div class=\"tribe-events-calendar-month__multiday-event-hidden\">\n\t<time\n\tdatetime=\"2026-10-02\"\n\tclass=\"tribe-common-a11y-visual-hide\"\n>\n\t2026-10-02<\/time>\n\t<a\n\thref=\"https:\/\/formakunde.eus\/es\/event\/matriculacion-igualdad-de-mujeres-y-hombres-conceptos-basicos\/2026-10-02\/\"\n\tclass=\"tribe-events-calendar-month__multiday-event-hidden-link\"\n\tdata-js=\"tribe-events-tooltip\"\n\tdata-tooltip-content=\"#tribe-events-tooltip-content-10000625\"\n\taria-describedby=\"tribe-events-tooltip-content-10000625\"\n>\n\t\t<div class=\"tribe-events-calendar-month__multiday-event-hidden-title tribe-common-h8\">\n\tMatriculaci\u00f3n: Igualdad de mujeres y hombres. Conceptos b\u00e1sicos.<\/div>\n<\/a>\n<\/div>\n\t\t<div class=\"tribe-events-calendar-month__multiday-event-bar\">\n\t<div class=\"tribe-events-calendar-month__multiday-event-bar-inner\">\n\t\t\t\t<div class=\"tribe-events-calendar-month__multiday-event-bar-title tribe-common-h8\">\n\tMatriculaci\u00f3n: Igualdad de mujeres y hombres. Conceptos b\u00e1sicos.<\/div>\n\n<span class=\"tribe-events-calendar-series-archive__container\">\n\t\n<svg  class=\"tribe-common-c-svgicon tribe-common-c-svgicon--series tribe-events-series-archive__icon\"  width=\"14\" height=\"12\" viewBox=\"0 0 14 12\" fill=\"none\" xmlns=\"http:\/\/www.w3.org\/2000\/svg\" aria-hidden=\"true\">\n\t<rect x=\"0.5\" y=\"4.5\" width=\"9\" height=\"7\" \/>\n\t<path d=\"M2 2.5H11.5V10\" \/>\n\t<path d=\"M4 0.5H13.5V8\" \/>\n<\/svg>\n<\/span>\n\t<\/div>\n<\/div>\n<div class=\"tribe-events-calendar-month__calendar-event-tooltip-template tribe-common-a11y-hidden\">\n\t<div\n\t\tclass=\"tribe-events-calendar-month__calendar-event-tooltip\"\n\t\tid=\"tribe-events-tooltip-content-10000625\"\n\t\trole=\"tooltip\"\n\t>\n\t\t<div class=\"tribe-events-calendar-month__calendar-event-tooltip-featured-image-wrapper\">\n\t<img\n\t\tclass=\"tribe-events-calendar-month__calendar-event-tooltip-featured-image\"\n\t\tsrc=\"https:\/\/formakunde.eus\/wp-content\/uploads\/2025\/04\/IGUALDAD_caratula-curso-online_Emakunde-1.jpg\"\n\t\t\t\t\tsrcset=\"https:\/\/formakunde.eus\/wp-content\/uploads\/2025\/04\/IGUALDAD_caratula-curso-online_Emakunde-1-300x215.jpg 300w, https:\/\/formakunde.eus\/wp-content\/uploads\/2025\/04\/IGUALDAD_caratula-curso-online_Emakunde-1.jpg 694w\"\n\t\t\t\t\t\t\talt=\"\"\n\t\t\t\/>\n<\/div>\n\t\t<div class=\"tribe-events-calendar-month__calendar-event-tooltip-datetime\">\n\t\t<time datetime=\"2026-10-02\">\n\t\t<span class=\"tribe-event-date-start\">Octubre 2<\/span>\t<\/time>\n\t\n<span class=\"tribe-events-calendar-series-archive__container\">\n\t<a\n\t\thref=\"https:\/\/formakunde.eus\/es\/series\/matriculacion-igualdad-de-mujeres-y-hombres-conceptos-basicos\/\"\n\t\taria-label=\"Event series: Matriculaci\u00f3n: Igualdad de mujeres y hombres. Conceptos b\u00e1sicos.\"\n\t\tclass=\"tribe-events-calendar-series-archive__link\"\n\t>\n\t\t\n<svg  class=\"tribe-common-c-svgicon tribe-common-c-svgicon--series tribe-events-series-archive__icon\"  width=\"14\" height=\"12\" viewBox=\"0 0 14 12\" fill=\"none\" xmlns=\"http:\/\/www.w3.org\/2000\/svg\" aria-hidden=\"true\">\n\t<rect x=\"0.5\" y=\"4.5\" width=\"9\" height=\"7\" \/>\n\t<path d=\"M2 2.5H11.5V10\" \/>\n\t<path d=\"M4 0.5H13.5V8\" \/>\n<\/svg>\n\t<\/a>\n<\/span>\n<\/div>\n\t\t<div class=\"tribe-events-calendar-month__calendar-event-tooltip-title tribe-common-h7\">\n\t<a\n\t\thref=\"https:\/\/formakunde.eus\/es\/event\/matriculacion-igualdad-de-mujeres-y-hombres-conceptos-basicos\/2026-10-02\/\"\n\t\ttitle=\"Matriculaci\u00f3n: Igualdad de mujeres y hombres. Conceptos b\u00e1sicos.\"\n\t\trel=\"bookmark\"\n\t\tclass=\"tribe-events-calendar-month__calendar-event-tooltip-title-link tribe-common-anchor-thin\"\n\t>\n\t\tMatriculaci\u00f3n: Igualdad de mujeres y hombres. Conceptos b\u00e1sicos.\t<\/a>\n<\/div>\n\t\t<div class=\"tribe-events-calendar-month__calendar-event-tooltip-description tribe-common-b3\">\n\t<p>Una de las mayores transformaciones sociales ha sido el acceso de las mujeres a la igualdad formal, fruto de la lucha de muchas mujeres y algunos hombres dispuestos a poner [&hellip;]<\/p>\n<\/div>\n\t\t\t<\/div>\n<\/div>\n\t<\/article>\n<\/div>\n\n\n\t\t\t<\/div>\n\n\t\n<\/div>\n<\/td>\n\n\t\t\t\n\t\t\t\t<td\n\t class=\"tribe-events-calendar-month__day tribe-events-calendar-month__day--other-month tribe-events-calendar-month__day--next-month\" \taria-labelledby=\"tribe-events-calendar-day-2026-10-03\"\n\tdata-js=\"tribe-events-month-grid-cell\"\n>\n\t<button\n\taria-expanded=\"false\"\n\taria-controls=\"tribe-events-calendar-mobile-day-2026-10-3\"\n\taria-label=\"Octubre 3, 2 eventos, pr\u00f3ximo d\u00eda\"\n\t class=\"tribe-events-calendar-month__day-cell tribe-events-calendar-month__day-cell--mobile\" \tdata-js=\"tribe-events-calendar-month-day-cell-mobile\"\n>\n\t<h3 class=\"tribe-events-calendar-month__day-date tribe-common-h6 tribe-common-h--alt\">\n\t\t<span class=\"tribe-common-a11y-visual-hide\">\n\t\t\t2 eventos\t\t<\/span>\n\t\t<time\n\t\t\tclass=\"tribe-events-calendar-month__day-date-daynum\"\n\t\t\tdatetime=\"2026-10-03\"\n\t\t>\n\t\t\t3\t\t<\/time>\n\t<\/h3>\n\t\n\t<span class=\"tribe-events-calendar-month__mobile-events-icon tribe-events-calendar-month__mobile-events-icon--event\" >\n\t<\/span>\n<\/button>\n\t\n<div\n\tid=\"tribe-events-calendar-day-2026-10-03\"\n\tclass=\"tribe-events-calendar-month__day-cell tribe-events-calendar-month__day-cell--desktop tribe-common-a11y-hidden\"\n>\n\t\n<h3 class=\"tribe-events-calendar-month__day-date tribe-common-h4\">\n\t<span class=\"tribe-common-a11y-visual-hide\">\n\t\t2 eventos,\n\t<\/span>\n\t<time\n\t\tclass=\"tribe-events-calendar-month__day-date-daynum\"\n\t\tdatetime=\"2026-10-03\"\n\t>\n\t\t\t\t\t<a\n\t\t\t\thref=\"https:\/\/formakunde.eus\/es\/(\/?:events|eventos|ekitaldiak)\/2026-10-03\/&#038;shortcode=tribe-widget-events-month--1\"\n\t\t\t\tclass=\"tribe-events-calendar-month__day-date-link\"\n\t\t\t\tdata-js=\"tribe-events-view-link\"\n\t\t\t\taria-label=\"Octubre 3\"\n\t\t\t>\n\t\t\t\t3\t\t\t<\/a>\n\t\t\t<\/time>\n<\/h3>\n\n\t<div class=\"tribe-events-calendar-month__events\">\n\t\t\n\t<div class=\"tribe-events-calendar-month__multiday-event-wrapper\">\n\t<article  class=\"tribe-events-calendar-month__multiday-event post-10000235 tribe_events type-tribe_events status-publish has-post-thumbnail hentry tribe_events_cat-matriculacion cat_matriculacion tribe-recurring-event tribe-recurring-event-parent tribe-events-calendar-month__multiday-event--width-1 tribe-events-calendar-month__multiday-event--display tribe-events-calendar-month__multiday-event--start tribe-events-calendar-month__multiday-event--end\"  data-event-id=\"10000235\">\n\t\t<div class=\"tribe-events-calendar-month__multiday-event-hidden\">\n\t<time\n\tdatetime=\"2026-10-03\"\n\tclass=\"tribe-common-a11y-visual-hide\"\n>\n\t2026-10-03<\/time>\n\t<a\n\thref=\"https:\/\/formakunde.eus\/es\/event\/matriculacion-masculinidades-hombres-e-igualdad-retos-y-resistencias\/2026-10-03\/\"\n\tclass=\"tribe-events-calendar-month__multiday-event-hidden-link\"\n\tdata-js=\"tribe-events-tooltip\"\n\tdata-tooltip-content=\"#tribe-events-tooltip-content-10000235\"\n\taria-describedby=\"tribe-events-tooltip-content-10000235\"\n>\n\t\t<div class=\"tribe-events-calendar-month__multiday-event-hidden-title tribe-common-h8\">\n\tMatriculaci\u00f3n: Masculinidades. Hombres e igualdad: retos y resistencias<\/div>\n<\/a>\n<\/div>\n\t\t<div class=\"tribe-events-calendar-month__multiday-event-bar\">\n\t<div class=\"tribe-events-calendar-month__multiday-event-bar-inner\">\n\t\t\t\t<div class=\"tribe-events-calendar-month__multiday-event-bar-title tribe-common-h8\">\n\tMatriculaci\u00f3n: Masculinidades. Hombres e igualdad: retos y resistencias<\/div>\n\n<span class=\"tribe-events-calendar-series-archive__container\">\n\t\n<svg  class=\"tribe-common-c-svgicon tribe-common-c-svgicon--series tribe-events-series-archive__icon\"  width=\"14\" height=\"12\" viewBox=\"0 0 14 12\" fill=\"none\" xmlns=\"http:\/\/www.w3.org\/2000\/svg\" aria-hidden=\"true\">\n\t<rect x=\"0.5\" y=\"4.5\" width=\"9\" height=\"7\" \/>\n\t<path d=\"M2 2.5H11.5V10\" \/>\n\t<path d=\"M4 0.5H13.5V8\" \/>\n<\/svg>\n<\/span>\n\t<\/div>\n<\/div>\n<div class=\"tribe-events-calendar-month__calendar-event-tooltip-template tribe-common-a11y-hidden\">\n\t<div\n\t\tclass=\"tribe-events-calendar-month__calendar-event-tooltip\"\n\t\tid=\"tribe-events-tooltip-content-10000235\"\n\t\trole=\"tooltip\"\n\t>\n\t\t<div class=\"tribe-events-calendar-month__calendar-event-tooltip-featured-image-wrapper\">\n\t<img\n\t\tclass=\"tribe-events-calendar-month__calendar-event-tooltip-featured-image\"\n\t\tsrc=\"https:\/\/formakunde.eus\/wp-content\/uploads\/2025\/04\/MASCULINIDADES_caratula-curso-online_Emakunde.jpg\"\n\t\t\t\t\tsrcset=\"https:\/\/formakunde.eus\/wp-content\/uploads\/2025\/04\/MASCULINIDADES_caratula-curso-online_Emakunde-300x215.jpg 300w, https:\/\/formakunde.eus\/wp-content\/uploads\/2025\/04\/MASCULINIDADES_caratula-curso-online_Emakunde.jpg 694w\"\n\t\t\t\t\t\t\talt=\"\"\n\t\t\t\/>\n<\/div>\n\t\t<div class=\"tribe-events-calendar-month__calendar-event-tooltip-datetime\">\n\t\t<time datetime=\"2026-10-03\">\n\t\t<span class=\"tribe-event-date-start\">Octubre 3<\/span>\t<\/time>\n\t\n<span class=\"tribe-events-calendar-series-archive__container\">\n\t<a\n\t\thref=\"https:\/\/formakunde.eus\/es\/series\/matriculacion-masculinidades-hombres-e-igualdad-retos-y-resistencias\/\"\n\t\taria-label=\"Event series: Matriculaci\u00f3n: Masculinidades. Hombres e igualdad: retos y resistencias\"\n\t\tclass=\"tribe-events-calendar-series-archive__link\"\n\t>\n\t\t\n<svg  class=\"tribe-common-c-svgicon tribe-common-c-svgicon--series tribe-events-series-archive__icon\"  width=\"14\" height=\"12\" viewBox=\"0 0 14 12\" fill=\"none\" xmlns=\"http:\/\/www.w3.org\/2000\/svg\" aria-hidden=\"true\">\n\t<rect x=\"0.5\" y=\"4.5\" width=\"9\" height=\"7\" \/>\n\t<path d=\"M2 2.5H11.5V10\" \/>\n\t<path d=\"M4 0.5H13.5V8\" \/>\n<\/svg>\n\t<\/a>\n<\/span>\n<\/div>\n\t\t<div class=\"tribe-events-calendar-month__calendar-event-tooltip-title tribe-common-h7\">\n\t<a\n\t\thref=\"https:\/\/formakunde.eus\/es\/event\/matriculacion-masculinidades-hombres-e-igualdad-retos-y-resistencias\/2026-10-03\/\"\n\t\ttitle=\"Matriculaci\u00f3n: Masculinidades. Hombres e igualdad: retos y resistencias\"\n\t\trel=\"bookmark\"\n\t\tclass=\"tribe-events-calendar-month__calendar-event-tooltip-title-link tribe-common-anchor-thin\"\n\t>\n\t\tMatriculaci\u00f3n: Masculinidades. Hombres e igualdad: retos y resistencias\t<\/a>\n<\/div>\n\t\t<div class=\"tribe-events-calendar-month__calendar-event-tooltip-description tribe-common-b3\">\n\t<p>En este curso se abordar\u00e1n las diferentes expresiones de masculinidades que existen en nuestras sociedades y las consecuencias que ello implica para las mujeres y para los propios hombres. A [&hellip;]<\/p>\n<\/div>\n\t\t\t<\/div>\n<\/div>\n\t<\/article>\n<\/div>\n\n\t<div class=\"tribe-events-calendar-month__multiday-event-wrapper\">\n\t<article  class=\"tribe-events-calendar-month__multiday-event post-10000626 tribe_events type-tribe_events status-publish has-post-thumbnail hentry tribe_events_cat-matriculacion-2 cat_matriculacion-2 tribe-recurring-event tribe-recurring-event-parent tribe-events-calendar-month__multiday-event--width-1 tribe-events-calendar-month__multiday-event--display tribe-events-calendar-month__multiday-event--start tribe-events-calendar-month__multiday-event--end\"  data-event-id=\"10000626\">\n\t\t<div class=\"tribe-events-calendar-month__multiday-event-hidden\">\n\t<time\n\tdatetime=\"2026-10-03\"\n\tclass=\"tribe-common-a11y-visual-hide\"\n>\n\t2026-10-03<\/time>\n\t<a\n\thref=\"https:\/\/formakunde.eus\/es\/event\/matriculacion-igualdad-de-mujeres-y-hombres-conceptos-basicos\/2026-10-03\/\"\n\tclass=\"tribe-events-calendar-month__multiday-event-hidden-link\"\n\tdata-js=\"tribe-events-tooltip\"\n\tdata-tooltip-content=\"#tribe-events-tooltip-content-10000626\"\n\taria-describedby=\"tribe-events-tooltip-content-10000626\"\n>\n\t\t<div class=\"tribe-events-calendar-month__multiday-event-hidden-title tribe-common-h8\">\n\tMatriculaci\u00f3n: Igualdad de mujeres y hombres. Conceptos b\u00e1sicos.<\/div>\n<\/a>\n<\/div>\n\t\t<div class=\"tribe-events-calendar-month__multiday-event-bar\">\n\t<div class=\"tribe-events-calendar-month__multiday-event-bar-inner\">\n\t\t\t\t<div class=\"tribe-events-calendar-month__multiday-event-bar-title tribe-common-h8\">\n\tMatriculaci\u00f3n: Igualdad de mujeres y hombres. Conceptos b\u00e1sicos.<\/div>\n\n<span class=\"tribe-events-calendar-series-archive__container\">\n\t\n<svg  class=\"tribe-common-c-svgicon tribe-common-c-svgicon--series tribe-events-series-archive__icon\"  width=\"14\" height=\"12\" viewBox=\"0 0 14 12\" fill=\"none\" xmlns=\"http:\/\/www.w3.org\/2000\/svg\" aria-hidden=\"true\">\n\t<rect x=\"0.5\" y=\"4.5\" width=\"9\" height=\"7\" \/>\n\t<path d=\"M2 2.5H11.5V10\" \/>\n\t<path d=\"M4 0.5H13.5V8\" \/>\n<\/svg>\n<\/span>\n\t<\/div>\n<\/div>\n<div class=\"tribe-events-calendar-month__calendar-event-tooltip-template tribe-common-a11y-hidden\">\n\t<div\n\t\tclass=\"tribe-events-calendar-month__calendar-event-tooltip\"\n\t\tid=\"tribe-events-tooltip-content-10000626\"\n\t\trole=\"tooltip\"\n\t>\n\t\t<div class=\"tribe-events-calendar-month__calendar-event-tooltip-featured-image-wrapper\">\n\t<img\n\t\tclass=\"tribe-events-calendar-month__calendar-event-tooltip-featured-image\"\n\t\tsrc=\"https:\/\/formakunde.eus\/wp-content\/uploads\/2025\/04\/IGUALDAD_caratula-curso-online_Emakunde-1.jpg\"\n\t\t\t\t\tsrcset=\"https:\/\/formakunde.eus\/wp-content\/uploads\/2025\/04\/IGUALDAD_caratula-curso-online_Emakunde-1-300x215.jpg 300w, https:\/\/formakunde.eus\/wp-content\/uploads\/2025\/04\/IGUALDAD_caratula-curso-online_Emakunde-1.jpg 694w\"\n\t\t\t\t\t\t\talt=\"\"\n\t\t\t\/>\n<\/div>\n\t\t<div class=\"tribe-events-calendar-month__calendar-event-tooltip-datetime\">\n\t\t<time datetime=\"2026-10-03\">\n\t\t<span class=\"tribe-event-date-start\">Octubre 3<\/span>\t<\/time>\n\t\n<span class=\"tribe-events-calendar-series-archive__container\">\n\t<a\n\t\thref=\"https:\/\/formakunde.eus\/es\/series\/matriculacion-igualdad-de-mujeres-y-hombres-conceptos-basicos\/\"\n\t\taria-label=\"Event series: Matriculaci\u00f3n: Igualdad de mujeres y hombres. Conceptos b\u00e1sicos.\"\n\t\tclass=\"tribe-events-calendar-series-archive__link\"\n\t>\n\t\t\n<svg  class=\"tribe-common-c-svgicon tribe-common-c-svgicon--series tribe-events-series-archive__icon\"  width=\"14\" height=\"12\" viewBox=\"0 0 14 12\" fill=\"none\" xmlns=\"http:\/\/www.w3.org\/2000\/svg\" aria-hidden=\"true\">\n\t<rect x=\"0.5\" y=\"4.5\" width=\"9\" height=\"7\" \/>\n\t<path d=\"M2 2.5H11.5V10\" \/>\n\t<path d=\"M4 0.5H13.5V8\" \/>\n<\/svg>\n\t<\/a>\n<\/span>\n<\/div>\n\t\t<div class=\"tribe-events-calendar-month__calendar-event-tooltip-title tribe-common-h7\">\n\t<a\n\t\thref=\"https:\/\/formakunde.eus\/es\/event\/matriculacion-igualdad-de-mujeres-y-hombres-conceptos-basicos\/2026-10-03\/\"\n\t\ttitle=\"Matriculaci\u00f3n: Igualdad de mujeres y hombres. Conceptos b\u00e1sicos.\"\n\t\trel=\"bookmark\"\n\t\tclass=\"tribe-events-calendar-month__calendar-event-tooltip-title-link tribe-common-anchor-thin\"\n\t>\n\t\tMatriculaci\u00f3n: Igualdad de mujeres y hombres. Conceptos b\u00e1sicos.\t<\/a>\n<\/div>\n\t\t<div class=\"tribe-events-calendar-month__calendar-event-tooltip-description tribe-common-b3\">\n\t<p>Una de las mayores transformaciones sociales ha sido el acceso de las mujeres a la igualdad formal, fruto de la lucha de muchas mujeres y algunos hombres dispuestos a poner [&hellip;]<\/p>\n<\/div>\n\t\t\t<\/div>\n<\/div>\n\t<\/article>\n<\/div>\n\n\n\t\t\t<\/div>\n\n\t\n<\/div>\n<\/td>\n\n\t\t\t\n\t\t\t\t<td\n\t class=\"tribe-events-calendar-month__day tribe-events-calendar-month__day--other-month tribe-events-calendar-month__day--next-month\" \taria-labelledby=\"tribe-events-calendar-day-2026-10-04\"\n\tdata-js=\"tribe-events-month-grid-cell\"\n>\n\t<button\n\taria-expanded=\"false\"\n\taria-controls=\"tribe-events-calendar-mobile-day-2026-10-4\"\n\taria-label=\"Octubre 4, 2 eventos, pr\u00f3ximo d\u00eda\"\n\t class=\"tribe-events-calendar-month__day-cell tribe-events-calendar-month__day-cell--mobile\" \tdata-js=\"tribe-events-calendar-month-day-cell-mobile\"\n>\n\t<h3 class=\"tribe-events-calendar-month__day-date tribe-common-h6 tribe-common-h--alt\">\n\t\t<span class=\"tribe-common-a11y-visual-hide\">\n\t\t\t2 eventos\t\t<\/span>\n\t\t<time\n\t\t\tclass=\"tribe-events-calendar-month__day-date-daynum\"\n\t\t\tdatetime=\"2026-10-04\"\n\t\t>\n\t\t\t4\t\t<\/time>\n\t<\/h3>\n\t\n\t<span class=\"tribe-events-calendar-month__mobile-events-icon tribe-events-calendar-month__mobile-events-icon--event\" >\n\t<\/span>\n<\/button>\n\t\n<div\n\tid=\"tribe-events-calendar-day-2026-10-04\"\n\tclass=\"tribe-events-calendar-month__day-cell tribe-events-calendar-month__day-cell--desktop tribe-common-a11y-hidden\"\n>\n\t\n<h3 class=\"tribe-events-calendar-month__day-date tribe-common-h4\">\n\t<span class=\"tribe-common-a11y-visual-hide\">\n\t\t2 eventos,\n\t<\/span>\n\t<time\n\t\tclass=\"tribe-events-calendar-month__day-date-daynum\"\n\t\tdatetime=\"2026-10-04\"\n\t>\n\t\t\t\t\t<a\n\t\t\t\thref=\"https:\/\/formakunde.eus\/es\/(\/?:events|eventos|ekitaldiak)\/2026-10-04\/&#038;shortcode=tribe-widget-events-month--1\"\n\t\t\t\tclass=\"tribe-events-calendar-month__day-date-link\"\n\t\t\t\tdata-js=\"tribe-events-view-link\"\n\t\t\t\taria-label=\"Octubre 4\"\n\t\t\t>\n\t\t\t\t4\t\t\t<\/a>\n\t\t\t<\/time>\n<\/h3>\n\n\t<div class=\"tribe-events-calendar-month__events\">\n\t\t\n\t<div class=\"tribe-events-calendar-month__multiday-event-wrapper\">\n\t<article  class=\"tribe-events-calendar-month__multiday-event post-10000236 tribe_events type-tribe_events status-publish has-post-thumbnail hentry tribe_events_cat-matriculacion cat_matriculacion tribe-recurring-event tribe-recurring-event-parent tribe-events-calendar-month__multiday-event--width-1 tribe-events-calendar-month__multiday-event--display tribe-events-calendar-month__multiday-event--start tribe-events-calendar-month__multiday-event--end\"  data-event-id=\"10000236\">\n\t\t<div class=\"tribe-events-calendar-month__multiday-event-hidden\">\n\t<time\n\tdatetime=\"2026-10-04\"\n\tclass=\"tribe-common-a11y-visual-hide\"\n>\n\t2026-10-04<\/time>\n\t<a\n\thref=\"https:\/\/formakunde.eus\/es\/event\/matriculacion-masculinidades-hombres-e-igualdad-retos-y-resistencias\/2026-10-04\/\"\n\tclass=\"tribe-events-calendar-month__multiday-event-hidden-link\"\n\tdata-js=\"tribe-events-tooltip\"\n\tdata-tooltip-content=\"#tribe-events-tooltip-content-10000236\"\n\taria-describedby=\"tribe-events-tooltip-content-10000236\"\n>\n\t\t<div class=\"tribe-events-calendar-month__multiday-event-hidden-title tribe-common-h8\">\n\tMatriculaci\u00f3n: Masculinidades. Hombres e igualdad: retos y resistencias<\/div>\n<\/a>\n<\/div>\n\t\t<div class=\"tribe-events-calendar-month__multiday-event-bar\">\n\t<div class=\"tribe-events-calendar-month__multiday-event-bar-inner\">\n\t\t\t\t<div class=\"tribe-events-calendar-month__multiday-event-bar-title tribe-common-h8\">\n\tMatriculaci\u00f3n: Masculinidades. Hombres e igualdad: retos y resistencias<\/div>\n\n<span class=\"tribe-events-calendar-series-archive__container\">\n\t\n<svg  class=\"tribe-common-c-svgicon tribe-common-c-svgicon--series tribe-events-series-archive__icon\"  width=\"14\" height=\"12\" viewBox=\"0 0 14 12\" fill=\"none\" xmlns=\"http:\/\/www.w3.org\/2000\/svg\" aria-hidden=\"true\">\n\t<rect x=\"0.5\" y=\"4.5\" width=\"9\" height=\"7\" \/>\n\t<path d=\"M2 2.5H11.5V10\" \/>\n\t<path d=\"M4 0.5H13.5V8\" \/>\n<\/svg>\n<\/span>\n\t<\/div>\n<\/div>\n<div class=\"tribe-events-calendar-month__calendar-event-tooltip-template tribe-common-a11y-hidden\">\n\t<div\n\t\tclass=\"tribe-events-calendar-month__calendar-event-tooltip\"\n\t\tid=\"tribe-events-tooltip-content-10000236\"\n\t\trole=\"tooltip\"\n\t>\n\t\t<div class=\"tribe-events-calendar-month__calendar-event-tooltip-featured-image-wrapper\">\n\t<img\n\t\tclass=\"tribe-events-calendar-month__calendar-event-tooltip-featured-image\"\n\t\tsrc=\"https:\/\/formakunde.eus\/wp-content\/uploads\/2025\/04\/MASCULINIDADES_caratula-curso-online_Emakunde.jpg\"\n\t\t\t\t\tsrcset=\"https:\/\/formakunde.eus\/wp-content\/uploads\/2025\/04\/MASCULINIDADES_caratula-curso-online_Emakunde-300x215.jpg 300w, https:\/\/formakunde.eus\/wp-content\/uploads\/2025\/04\/MASCULINIDADES_caratula-curso-online_Emakunde.jpg 694w\"\n\t\t\t\t\t\t\talt=\"\"\n\t\t\t\/>\n<\/div>\n\t\t<div class=\"tribe-events-calendar-month__calendar-event-tooltip-datetime\">\n\t\t<time datetime=\"2026-10-04\">\n\t\t<span class=\"tribe-event-date-start\">Octubre 4<\/span>\t<\/time>\n\t\n<span class=\"tribe-events-calendar-series-archive__container\">\n\t<a\n\t\thref=\"https:\/\/formakunde.eus\/es\/series\/matriculacion-masculinidades-hombres-e-igualdad-retos-y-resistencias\/\"\n\t\taria-label=\"Event series: Matriculaci\u00f3n: Masculinidades. Hombres e igualdad: retos y resistencias\"\n\t\tclass=\"tribe-events-calendar-series-archive__link\"\n\t>\n\t\t\n<svg  class=\"tribe-common-c-svgicon tribe-common-c-svgicon--series tribe-events-series-archive__icon\"  width=\"14\" height=\"12\" viewBox=\"0 0 14 12\" fill=\"none\" xmlns=\"http:\/\/www.w3.org\/2000\/svg\" aria-hidden=\"true\">\n\t<rect x=\"0.5\" y=\"4.5\" width=\"9\" height=\"7\" \/>\n\t<path d=\"M2 2.5H11.5V10\" \/>\n\t<path d=\"M4 0.5H13.5V8\" \/>\n<\/svg>\n\t<\/a>\n<\/span>\n<\/div>\n\t\t<div class=\"tribe-events-calendar-month__calendar-event-tooltip-title tribe-common-h7\">\n\t<a\n\t\thref=\"https:\/\/formakunde.eus\/es\/event\/matriculacion-masculinidades-hombres-e-igualdad-retos-y-resistencias\/2026-10-04\/\"\n\t\ttitle=\"Matriculaci\u00f3n: Masculinidades. Hombres e igualdad: retos y resistencias\"\n\t\trel=\"bookmark\"\n\t\tclass=\"tribe-events-calendar-month__calendar-event-tooltip-title-link tribe-common-anchor-thin\"\n\t>\n\t\tMatriculaci\u00f3n: Masculinidades. Hombres e igualdad: retos y resistencias\t<\/a>\n<\/div>\n\t\t<div class=\"tribe-events-calendar-month__calendar-event-tooltip-description tribe-common-b3\">\n\t<p>En este curso se abordar\u00e1n las diferentes expresiones de masculinidades que existen en nuestras sociedades y las consecuencias que ello implica para las mujeres y para los propios hombres. A [&hellip;]<\/p>\n<\/div>\n\t\t\t<\/div>\n<\/div>\n\t<\/article>\n<\/div>\n\n\t<div class=\"tribe-events-calendar-month__multiday-event-wrapper\">\n\t<article  class=\"tribe-events-calendar-month__multiday-event post-10000627 tribe_events type-tribe_events status-publish has-post-thumbnail hentry tribe_events_cat-matriculacion-2 cat_matriculacion-2 tribe-recurring-event tribe-recurring-event-parent tribe-events-calendar-month__multiday-event--width-1 tribe-events-calendar-month__multiday-event--display tribe-events-calendar-month__multiday-event--start tribe-events-calendar-month__multiday-event--end\"  data-event-id=\"10000627\">\n\t\t<div class=\"tribe-events-calendar-month__multiday-event-hidden\">\n\t<time\n\tdatetime=\"2026-10-04\"\n\tclass=\"tribe-common-a11y-visual-hide\"\n>\n\t2026-10-04<\/time>\n\t<a\n\thref=\"https:\/\/formakunde.eus\/es\/event\/matriculacion-igualdad-de-mujeres-y-hombres-conceptos-basicos\/2026-10-04\/\"\n\tclass=\"tribe-events-calendar-month__multiday-event-hidden-link\"\n\tdata-js=\"tribe-events-tooltip\"\n\tdata-tooltip-content=\"#tribe-events-tooltip-content-10000627\"\n\taria-describedby=\"tribe-events-tooltip-content-10000627\"\n>\n\t\t<div class=\"tribe-events-calendar-month__multiday-event-hidden-title tribe-common-h8\">\n\tMatriculaci\u00f3n: Igualdad de mujeres y hombres. Conceptos b\u00e1sicos.<\/div>\n<\/a>\n<\/div>\n\t\t<div class=\"tribe-events-calendar-month__multiday-event-bar\">\n\t<div class=\"tribe-events-calendar-month__multiday-event-bar-inner\">\n\t\t\t\t<div class=\"tribe-events-calendar-month__multiday-event-bar-title tribe-common-h8\">\n\tMatriculaci\u00f3n: Igualdad de mujeres y hombres. Conceptos b\u00e1sicos.<\/div>\n\n<span class=\"tribe-events-calendar-series-archive__container\">\n\t\n<svg  class=\"tribe-common-c-svgicon tribe-common-c-svgicon--series tribe-events-series-archive__icon\"  width=\"14\" height=\"12\" viewBox=\"0 0 14 12\" fill=\"none\" xmlns=\"http:\/\/www.w3.org\/2000\/svg\" aria-hidden=\"true\">\n\t<rect x=\"0.5\" y=\"4.5\" width=\"9\" height=\"7\" \/>\n\t<path d=\"M2 2.5H11.5V10\" \/>\n\t<path d=\"M4 0.5H13.5V8\" \/>\n<\/svg>\n<\/span>\n\t<\/div>\n<\/div>\n<div class=\"tribe-events-calendar-month__calendar-event-tooltip-template tribe-common-a11y-hidden\">\n\t<div\n\t\tclass=\"tribe-events-calendar-month__calendar-event-tooltip\"\n\t\tid=\"tribe-events-tooltip-content-10000627\"\n\t\trole=\"tooltip\"\n\t>\n\t\t<div class=\"tribe-events-calendar-month__calendar-event-tooltip-featured-image-wrapper\">\n\t<img\n\t\tclass=\"tribe-events-calendar-month__calendar-event-tooltip-featured-image\"\n\t\tsrc=\"https:\/\/formakunde.eus\/wp-content\/uploads\/2025\/04\/IGUALDAD_caratula-curso-online_Emakunde-1.jpg\"\n\t\t\t\t\tsrcset=\"https:\/\/formakunde.eus\/wp-content\/uploads\/2025\/04\/IGUALDAD_caratula-curso-online_Emakunde-1-300x215.jpg 300w, https:\/\/formakunde.eus\/wp-content\/uploads\/2025\/04\/IGUALDAD_caratula-curso-online_Emakunde-1.jpg 694w\"\n\t\t\t\t\t\t\talt=\"\"\n\t\t\t\/>\n<\/div>\n\t\t<div class=\"tribe-events-calendar-month__calendar-event-tooltip-datetime\">\n\t\t<time datetime=\"2026-10-04\">\n\t\t<span class=\"tribe-event-date-start\">Octubre 4<\/span>\t<\/time>\n\t\n<span class=\"tribe-events-calendar-series-archive__container\">\n\t<a\n\t\thref=\"https:\/\/formakunde.eus\/es\/series\/matriculacion-igualdad-de-mujeres-y-hombres-conceptos-basicos\/\"\n\t\taria-label=\"Event series: Matriculaci\u00f3n: Igualdad de mujeres y hombres. Conceptos b\u00e1sicos.\"\n\t\tclass=\"tribe-events-calendar-series-archive__link\"\n\t>\n\t\t\n<svg  class=\"tribe-common-c-svgicon tribe-common-c-svgicon--series tribe-events-series-archive__icon\"  width=\"14\" height=\"12\" viewBox=\"0 0 14 12\" fill=\"none\" xmlns=\"http:\/\/www.w3.org\/2000\/svg\" aria-hidden=\"true\">\n\t<rect x=\"0.5\" y=\"4.5\" width=\"9\" height=\"7\" \/>\n\t<path d=\"M2 2.5H11.5V10\" \/>\n\t<path d=\"M4 0.5H13.5V8\" \/>\n<\/svg>\n\t<\/a>\n<\/span>\n<\/div>\n\t\t<div class=\"tribe-events-calendar-month__calendar-event-tooltip-title tribe-common-h7\">\n\t<a\n\t\thref=\"https:\/\/formakunde.eus\/es\/event\/matriculacion-igualdad-de-mujeres-y-hombres-conceptos-basicos\/2026-10-04\/\"\n\t\ttitle=\"Matriculaci\u00f3n: Igualdad de mujeres y hombres. Conceptos b\u00e1sicos.\"\n\t\trel=\"bookmark\"\n\t\tclass=\"tribe-events-calendar-month__calendar-event-tooltip-title-link tribe-common-anchor-thin\"\n\t>\n\t\tMatriculaci\u00f3n: Igualdad de mujeres y hombres. Conceptos b\u00e1sicos.\t<\/a>\n<\/div>\n\t\t<div class=\"tribe-events-calendar-month__calendar-event-tooltip-description tribe-common-b3\">\n\t<p>Una de las mayores transformaciones sociales ha sido el acceso de las mujeres a la igualdad formal, fruto de la lucha de muchas mujeres y algunos hombres dispuestos a poner [&hellip;]<\/p>\n<\/div>\n\t\t\t<\/div>\n<\/div>\n\t<\/article>\n<\/div>\n\n\n\t\t\t<\/div>\n\n\t\n<\/div>\n<\/td>\n\n\t\t\t\t\t<\/tr>\n\t<\/tbody>\n\n\t\t<\/table>\n\n\t\t\n\t\t<section class=\"tribe-events-calendar-month-mobile-events\" data-js=\"tribe-events-calendar-month-mobile-events\">\n\n\t\n\t\t\n<div  class=\"tribe-events-calendar-month-mobile-events__mobile-day\"  id=\"tribe-events-calendar-mobile-day-2026-08-31\">\n\n\t\n\t\t\t\t\t\n\t\t\t<div class=\"tribe-events-c-day-marker tribe-events-calendar-month-mobile-events__day-marker\">\n\t<time\n\t\tclass=\"tribe-events-c-day-marker__date tribe-common-h7 tribe-common-h--alt\"\n\t\tdatetime=\"2026-08-31\"\n\t>\n\t\tAgosto 31\t<\/time>\n<\/div>\n\n\t\t\t\n\t\t\t\n<article  class=\"tribe-events-calendar-month-mobile-events__mobile-event post-10000202 tribe_events type-tribe_events status-publish has-post-thumbnail hentry tribe_events_cat-matriculacion cat_matriculacion tribe-recurring-event tribe-recurring-event-parent\" >\n\n\t\n\t<div class=\"tribe-events-calendar-month-mobile-events__mobile-event-details\">\n\n\t\t<div class=\"tribe-events-calendar-month-mobile-events__mobile-event-datetime tribe-common-b2\">\n\t\t\t\t<time datetime=\"2026-08-31\">\n\t\t\tTodo el d\u00eda\t\t<\/time>\n\t\t\n<span class=\"tribe-events-calendar-series-archive__container\">\n\t<a\n\t\thref=\"https:\/\/formakunde.eus\/es\/series\/matriculacion-masculinidades-hombres-e-igualdad-retos-y-resistencias\/\"\n\t\taria-label=\"Event series: Matriculaci\u00f3n: Masculinidades. Hombres e igualdad: retos y resistencias\"\n\t\tclass=\"tribe-events-calendar-series-archive__link\"\n\t>\n\t\t\n<svg  class=\"tribe-common-c-svgicon tribe-common-c-svgicon--series tribe-events-series-archive__icon\"  width=\"14\" height=\"12\" viewBox=\"0 0 14 12\" fill=\"none\" xmlns=\"http:\/\/www.w3.org\/2000\/svg\" aria-hidden=\"true\">\n\t<rect x=\"0.5\" y=\"4.5\" width=\"9\" height=\"7\" \/>\n\t<path d=\"M2 2.5H11.5V10\" \/>\n\t<path d=\"M4 0.5H13.5V8\" \/>\n<\/svg>\n\t<\/a>\n<\/span>\n<\/div>\n\t\t<h3  class=\"tribe-events-calendar-month-mobile-events__mobile-event-title tribe-common-h7\" >\n\t<a\n\t\thref=\"https:\/\/formakunde.eus\/es\/event\/matriculacion-masculinidades-hombres-e-igualdad-retos-y-resistencias\/2026-08-31\/\"\n\t\ttitle=\"Matriculaci\u00f3n: Masculinidades. Hombres e igualdad: retos y resistencias\"\n\t\trel=\"bookmark\"\n\t\tclass=\"tribe-events-calendar-month-mobile-events__mobile-event-title-link tribe-common-anchor\"\n\t>\n\t\tMatriculaci\u00f3n: Masculinidades. Hombres e igualdad: retos y resistencias\t<\/a>\n<\/h3>\n\t\t\n\t<\/div>\n<\/article>\n\n\t\t\t\t\t\n\t\t\t\n\t\t\t\n\t\t\t\n<article  class=\"tribe-events-calendar-month-mobile-events__mobile-event post-10000593 tribe_events type-tribe_events status-publish has-post-thumbnail hentry tribe_events_cat-matriculacion-2 cat_matriculacion-2 tribe-recurring-event tribe-recurring-event-parent\" >\n\n\t\n\t<div class=\"tribe-events-calendar-month-mobile-events__mobile-event-details\">\n\n\t\t<div class=\"tribe-events-calendar-month-mobile-events__mobile-event-datetime tribe-common-b2\">\n\t\t\t\t<time datetime=\"2026-08-31\">\n\t\t\tTodo el d\u00eda\t\t<\/time>\n\t\t\n<span class=\"tribe-events-calendar-series-archive__container\">\n\t<a\n\t\thref=\"https:\/\/formakunde.eus\/es\/series\/matriculacion-igualdad-de-mujeres-y-hombres-conceptos-basicos\/\"\n\t\taria-label=\"Event series: Matriculaci\u00f3n: Igualdad de mujeres y hombres. Conceptos b\u00e1sicos.\"\n\t\tclass=\"tribe-events-calendar-series-archive__link\"\n\t>\n\t\t\n<svg  class=\"tribe-common-c-svgicon tribe-common-c-svgicon--series tribe-events-series-archive__icon\"  width=\"14\" height=\"12\" viewBox=\"0 0 14 12\" fill=\"none\" xmlns=\"http:\/\/www.w3.org\/2000\/svg\" aria-hidden=\"true\">\n\t<rect x=\"0.5\" y=\"4.5\" width=\"9\" height=\"7\" \/>\n\t<path d=\"M2 2.5H11.5V10\" \/>\n\t<path d=\"M4 0.5H13.5V8\" \/>\n<\/svg>\n\t<\/a>\n<\/span>\n<\/div>\n\t\t<h3  class=\"tribe-events-calendar-month-mobile-events__mobile-event-title tribe-common-h7\" >\n\t<a\n\t\thref=\"https:\/\/formakunde.eus\/es\/event\/matriculacion-igualdad-de-mujeres-y-hombres-conceptos-basicos\/2026-08-31\/\"\n\t\ttitle=\"Matriculaci\u00f3n: Igualdad de mujeres y hombres. Conceptos b\u00e1sicos.\"\n\t\trel=\"bookmark\"\n\t\tclass=\"tribe-events-calendar-month-mobile-events__mobile-event-title-link tribe-common-anchor\"\n\t>\n\t\tMatriculaci\u00f3n: Igualdad de mujeres y hombres. Conceptos b\u00e1sicos.\t<\/a>\n<\/h3>\n\t\t\n\t<\/div>\n<\/article>\n\n\t\t\n\t\t\n\t<\/div>\n\n\t\n\t\t\n<div  class=\"tribe-events-calendar-month-mobile-events__mobile-day tribe-events-calendar-month-mobile-events__mobile-day--show\"  id=\"tribe-events-calendar-mobile-day-2026-09-1\">\n\n\t\n\t\t\t\t\t\n\t\t\t<div class=\"tribe-events-c-day-marker tribe-events-calendar-month-mobile-events__day-marker\">\n\t<time\n\t\tclass=\"tribe-events-c-day-marker__date tribe-common-h7 tribe-common-h--alt\"\n\t\tdatetime=\"2026-09-01\"\n\t>\n\t\tSeptiembre 1\t<\/time>\n<\/div>\n\n\t\t\t\n\t\t\t\n<article  class=\"tribe-events-calendar-month-mobile-events__mobile-event post-10000203 tribe_events type-tribe_events status-publish has-post-thumbnail hentry tribe_events_cat-matriculacion cat_matriculacion tribe-recurring-event tribe-recurring-event-parent\" >\n\n\t\n\t<div class=\"tribe-events-calendar-month-mobile-events__mobile-event-details\">\n\n\t\t<div class=\"tribe-events-calendar-month-mobile-events__mobile-event-datetime tribe-common-b2\">\n\t\t\t\t<time datetime=\"2026-09-01\">\n\t\t\tTodo el d\u00eda\t\t<\/time>\n\t\t\n<span class=\"tribe-events-calendar-series-archive__container\">\n\t<a\n\t\thref=\"https:\/\/formakunde.eus\/es\/series\/matriculacion-masculinidades-hombres-e-igualdad-retos-y-resistencias\/\"\n\t\taria-label=\"Event series: Matriculaci\u00f3n: Masculinidades. Hombres e igualdad: retos y resistencias\"\n\t\tclass=\"tribe-events-calendar-series-archive__link\"\n\t>\n\t\t\n<svg  class=\"tribe-common-c-svgicon tribe-common-c-svgicon--series tribe-events-series-archive__icon\"  width=\"14\" height=\"12\" viewBox=\"0 0 14 12\" fill=\"none\" xmlns=\"http:\/\/www.w3.org\/2000\/svg\" aria-hidden=\"true\">\n\t<rect x=\"0.5\" y=\"4.5\" width=\"9\" height=\"7\" \/>\n\t<path d=\"M2 2.5H11.5V10\" \/>\n\t<path d=\"M4 0.5H13.5V8\" \/>\n<\/svg>\n\t<\/a>\n<\/span>\n<\/div>\n\t\t<h3  class=\"tribe-events-calendar-month-mobile-events__mobile-event-title tribe-common-h7\" >\n\t<a\n\t\thref=\"https:\/\/formakunde.eus\/es\/event\/matriculacion-masculinidades-hombres-e-igualdad-retos-y-resistencias\/2026-09-01\/\"\n\t\ttitle=\"Matriculaci\u00f3n: Masculinidades. Hombres e igualdad: retos y resistencias\"\n\t\trel=\"bookmark\"\n\t\tclass=\"tribe-events-calendar-month-mobile-events__mobile-event-title-link tribe-common-anchor\"\n\t>\n\t\tMatriculaci\u00f3n: Masculinidades. Hombres e igualdad: retos y resistencias\t<\/a>\n<\/h3>\n\t\t\n\t<\/div>\n<\/article>\n\n\t\t\t\t\t\n\t\t\t\n\t\t\t\n\t\t\t\n<article  class=\"tribe-events-calendar-month-mobile-events__mobile-event post-10000594 tribe_events type-tribe_events status-publish has-post-thumbnail hentry tribe_events_cat-matriculacion-2 cat_matriculacion-2 tribe-recurring-event tribe-recurring-event-parent\" >\n\n\t\n\t<div class=\"tribe-events-calendar-month-mobile-events__mobile-event-details\">\n\n\t\t<div class=\"tribe-events-calendar-month-mobile-events__mobile-event-datetime tribe-common-b2\">\n\t\t\t\t<time datetime=\"2026-09-01\">\n\t\t\tTodo el d\u00eda\t\t<\/time>\n\t\t\n<span class=\"tribe-events-calendar-series-archive__container\">\n\t<a\n\t\thref=\"https:\/\/formakunde.eus\/es\/series\/matriculacion-igualdad-de-mujeres-y-hombres-conceptos-basicos\/\"\n\t\taria-label=\"Event series: Matriculaci\u00f3n: Igualdad de mujeres y hombres. Conceptos b\u00e1sicos.\"\n\t\tclass=\"tribe-events-calendar-series-archive__link\"\n\t>\n\t\t\n<svg  class=\"tribe-common-c-svgicon tribe-common-c-svgicon--series tribe-events-series-archive__icon\"  width=\"14\" height=\"12\" viewBox=\"0 0 14 12\" fill=\"none\" xmlns=\"http:\/\/www.w3.org\/2000\/svg\" aria-hidden=\"true\">\n\t<rect x=\"0.5\" y=\"4.5\" width=\"9\" height=\"7\" \/>\n\t<path d=\"M2 2.5H11.5V10\" \/>\n\t<path d=\"M4 0.5H13.5V8\" \/>\n<\/svg>\n\t<\/a>\n<\/span>\n<\/div>\n\t\t<h3  class=\"tribe-events-calendar-month-mobile-events__mobile-event-title tribe-common-h7\" >\n\t<a\n\t\thref=\"https:\/\/formakunde.eus\/es\/event\/matriculacion-igualdad-de-mujeres-y-hombres-conceptos-basicos\/2026-09-01\/\"\n\t\ttitle=\"Matriculaci\u00f3n: Igualdad de mujeres y hombres. Conceptos b\u00e1sicos.\"\n\t\trel=\"bookmark\"\n\t\tclass=\"tribe-events-calendar-month-mobile-events__mobile-event-title-link tribe-common-anchor\"\n\t>\n\t\tMatriculaci\u00f3n: Igualdad de mujeres y hombres. Conceptos b\u00e1sicos.\t<\/a>\n<\/h3>\n\t\t\n\t<\/div>\n<\/article>\n\n\t\t\n\t\t\n\t<\/div>\n\n\t\n\t\t\n<div  class=\"tribe-events-calendar-month-mobile-events__mobile-day\"  id=\"tribe-events-calendar-mobile-day-2026-09-2\">\n\n\t\n\t\t\t\t\t\n\t\t\t<div class=\"tribe-events-c-day-marker tribe-events-calendar-month-mobile-events__day-marker\">\n\t<time\n\t\tclass=\"tribe-events-c-day-marker__date tribe-common-h7 tribe-common-h--alt\"\n\t\tdatetime=\"2026-09-02\"\n\t>\n\t\tSeptiembre 2\t<\/time>\n<\/div>\n\n\t\t\t\n\t\t\t\n<article  class=\"tribe-events-calendar-month-mobile-events__mobile-event post-10000204 tribe_events type-tribe_events status-publish has-post-thumbnail hentry tribe_events_cat-matriculacion cat_matriculacion tribe-recurring-event tribe-recurring-event-parent\" >\n\n\t\n\t<div class=\"tribe-events-calendar-month-mobile-events__mobile-event-details\">\n\n\t\t<div class=\"tribe-events-calendar-month-mobile-events__mobile-event-datetime tribe-common-b2\">\n\t\t\t\t<time datetime=\"2026-09-02\">\n\t\t\tTodo el d\u00eda\t\t<\/time>\n\t\t\n<span class=\"tribe-events-calendar-series-archive__container\">\n\t<a\n\t\thref=\"https:\/\/formakunde.eus\/es\/series\/matriculacion-masculinidades-hombres-e-igualdad-retos-y-resistencias\/\"\n\t\taria-label=\"Event series: Matriculaci\u00f3n: Masculinidades. Hombres e igualdad: retos y resistencias\"\n\t\tclass=\"tribe-events-calendar-series-archive__link\"\n\t>\n\t\t\n<svg  class=\"tribe-common-c-svgicon tribe-common-c-svgicon--series tribe-events-series-archive__icon\"  width=\"14\" height=\"12\" viewBox=\"0 0 14 12\" fill=\"none\" xmlns=\"http:\/\/www.w3.org\/2000\/svg\" aria-hidden=\"true\">\n\t<rect x=\"0.5\" y=\"4.5\" width=\"9\" height=\"7\" \/>\n\t<path d=\"M2 2.5H11.5V10\" \/>\n\t<path d=\"M4 0.5H13.5V8\" \/>\n<\/svg>\n\t<\/a>\n<\/span>\n<\/div>\n\t\t<h3  class=\"tribe-events-calendar-month-mobile-events__mobile-event-title tribe-common-h7\" >\n\t<a\n\t\thref=\"https:\/\/formakunde.eus\/es\/event\/matriculacion-masculinidades-hombres-e-igualdad-retos-y-resistencias\/2026-09-02\/\"\n\t\ttitle=\"Matriculaci\u00f3n: Masculinidades. Hombres e igualdad: retos y resistencias\"\n\t\trel=\"bookmark\"\n\t\tclass=\"tribe-events-calendar-month-mobile-events__mobile-event-title-link tribe-common-anchor\"\n\t>\n\t\tMatriculaci\u00f3n: Masculinidades. Hombres e igualdad: retos y resistencias\t<\/a>\n<\/h3>\n\t\t\n\t<\/div>\n<\/article>\n\n\t\t\t\t\t\n\t\t\t\n\t\t\t\n\t\t\t\n<article  class=\"tribe-events-calendar-month-mobile-events__mobile-event post-10000595 tribe_events type-tribe_events status-publish has-post-thumbnail hentry tribe_events_cat-matriculacion-2 cat_matriculacion-2 tribe-recurring-event tribe-recurring-event-parent\" >\n\n\t\n\t<div class=\"tribe-events-calendar-month-mobile-events__mobile-event-details\">\n\n\t\t<div class=\"tribe-events-calendar-month-mobile-events__mobile-event-datetime tribe-common-b2\">\n\t\t\t\t<time datetime=\"2026-09-02\">\n\t\t\tTodo el d\u00eda\t\t<\/time>\n\t\t\n<span class=\"tribe-events-calendar-series-archive__container\">\n\t<a\n\t\thref=\"https:\/\/formakunde.eus\/es\/series\/matriculacion-igualdad-de-mujeres-y-hombres-conceptos-basicos\/\"\n\t\taria-label=\"Event series: Matriculaci\u00f3n: Igualdad de mujeres y hombres. Conceptos b\u00e1sicos.\"\n\t\tclass=\"tribe-events-calendar-series-archive__link\"\n\t>\n\t\t\n<svg  class=\"tribe-common-c-svgicon tribe-common-c-svgicon--series tribe-events-series-archive__icon\"  width=\"14\" height=\"12\" viewBox=\"0 0 14 12\" fill=\"none\" xmlns=\"http:\/\/www.w3.org\/2000\/svg\" aria-hidden=\"true\">\n\t<rect x=\"0.5\" y=\"4.5\" width=\"9\" height=\"7\" \/>\n\t<path d=\"M2 2.5H11.5V10\" \/>\n\t<path d=\"M4 0.5H13.5V8\" \/>\n<\/svg>\n\t<\/a>\n<\/span>\n<\/div>\n\t\t<h3  class=\"tribe-events-calendar-month-mobile-events__mobile-event-title tribe-common-h7\" >\n\t<a\n\t\thref=\"https:\/\/formakunde.eus\/es\/event\/matriculacion-igualdad-de-mujeres-y-hombres-conceptos-basicos\/2026-09-02\/\"\n\t\ttitle=\"Matriculaci\u00f3n: Igualdad de mujeres y hombres. Conceptos b\u00e1sicos.\"\n\t\trel=\"bookmark\"\n\t\tclass=\"tribe-events-calendar-month-mobile-events__mobile-event-title-link tribe-common-anchor\"\n\t>\n\t\tMatriculaci\u00f3n: Igualdad de mujeres y hombres. Conceptos b\u00e1sicos.\t<\/a>\n<\/h3>\n\t\t\n\t<\/div>\n<\/article>\n\n\t\t\n\t\t\n\t<\/div>\n\n\t\n\t\t\n<div  class=\"tribe-events-calendar-month-mobile-events__mobile-day\"  id=\"tribe-events-calendar-mobile-day-2026-09-3\">\n\n\t\n\t\t\t\t\t\n\t\t\t<div class=\"tribe-events-c-day-marker tribe-events-calendar-month-mobile-events__day-marker\">\n\t<time\n\t\tclass=\"tribe-events-c-day-marker__date tribe-common-h7 tribe-common-h--alt\"\n\t\tdatetime=\"2026-09-03\"\n\t>\n\t\tSeptiembre 3\t<\/time>\n<\/div>\n\n\t\t\t\n\t\t\t\n<article  class=\"tribe-events-calendar-month-mobile-events__mobile-event post-10000205 tribe_events type-tribe_events status-publish has-post-thumbnail hentry tribe_events_cat-matriculacion cat_matriculacion tribe-recurring-event tribe-recurring-event-parent\" >\n\n\t\n\t<div class=\"tribe-events-calendar-month-mobile-events__mobile-event-details\">\n\n\t\t<div class=\"tribe-events-calendar-month-mobile-events__mobile-event-datetime tribe-common-b2\">\n\t\t\t\t<time datetime=\"2026-09-03\">\n\t\t\tTodo el d\u00eda\t\t<\/time>\n\t\t\n<span class=\"tribe-events-calendar-series-archive__container\">\n\t<a\n\t\thref=\"https:\/\/formakunde.eus\/es\/series\/matriculacion-masculinidades-hombres-e-igualdad-retos-y-resistencias\/\"\n\t\taria-label=\"Event series: Matriculaci\u00f3n: Masculinidades. Hombres e igualdad: retos y resistencias\"\n\t\tclass=\"tribe-events-calendar-series-archive__link\"\n\t>\n\t\t\n<svg  class=\"tribe-common-c-svgicon tribe-common-c-svgicon--series tribe-events-series-archive__icon\"  width=\"14\" height=\"12\" viewBox=\"0 0 14 12\" fill=\"none\" xmlns=\"http:\/\/www.w3.org\/2000\/svg\" aria-hidden=\"true\">\n\t<rect x=\"0.5\" y=\"4.5\" width=\"9\" height=\"7\" \/>\n\t<path d=\"M2 2.5H11.5V10\" \/>\n\t<path d=\"M4 0.5H13.5V8\" \/>\n<\/svg>\n\t<\/a>\n<\/span>\n<\/div>\n\t\t<h3  class=\"tribe-events-calendar-month-mobile-events__mobile-event-title tribe-common-h7\" >\n\t<a\n\t\thref=\"https:\/\/formakunde.eus\/es\/event\/matriculacion-masculinidades-hombres-e-igualdad-retos-y-resistencias\/2026-09-03\/\"\n\t\ttitle=\"Matriculaci\u00f3n: Masculinidades. Hombres e igualdad: retos y resistencias\"\n\t\trel=\"bookmark\"\n\t\tclass=\"tribe-events-calendar-month-mobile-events__mobile-event-title-link tribe-common-anchor\"\n\t>\n\t\tMatriculaci\u00f3n: Masculinidades. Hombres e igualdad: retos y resistencias\t<\/a>\n<\/h3>\n\t\t\n\t<\/div>\n<\/article>\n\n\t\t\t\t\t\n\t\t\t\n\t\t\t\n\t\t\t\n<article  class=\"tribe-events-calendar-month-mobile-events__mobile-event post-10000596 tribe_events type-tribe_events status-publish has-post-thumbnail hentry tribe_events_cat-matriculacion-2 cat_matriculacion-2 tribe-recurring-event tribe-recurring-event-parent\" >\n\n\t\n\t<div class=\"tribe-events-calendar-month-mobile-events__mobile-event-details\">\n\n\t\t<div class=\"tribe-events-calendar-month-mobile-events__mobile-event-datetime tribe-common-b2\">\n\t\t\t\t<time datetime=\"2026-09-03\">\n\t\t\tTodo el d\u00eda\t\t<\/time>\n\t\t\n<span class=\"tribe-events-calendar-series-archive__container\">\n\t<a\n\t\thref=\"https:\/\/formakunde.eus\/es\/series\/matriculacion-igualdad-de-mujeres-y-hombres-conceptos-basicos\/\"\n\t\taria-label=\"Event series: Matriculaci\u00f3n: Igualdad de mujeres y hombres. Conceptos b\u00e1sicos.\"\n\t\tclass=\"tribe-events-calendar-series-archive__link\"\n\t>\n\t\t\n<svg  class=\"tribe-common-c-svgicon tribe-common-c-svgicon--series tribe-events-series-archive__icon\"  width=\"14\" height=\"12\" viewBox=\"0 0 14 12\" fill=\"none\" xmlns=\"http:\/\/www.w3.org\/2000\/svg\" aria-hidden=\"true\">\n\t<rect x=\"0.5\" y=\"4.5\" width=\"9\" height=\"7\" \/>\n\t<path d=\"M2 2.5H11.5V10\" \/>\n\t<path d=\"M4 0.5H13.5V8\" \/>\n<\/svg>\n\t<\/a>\n<\/span>\n<\/div>\n\t\t<h3  class=\"tribe-events-calendar-month-mobile-events__mobile-event-title tribe-common-h7\" >\n\t<a\n\t\thref=\"https:\/\/formakunde.eus\/es\/event\/matriculacion-igualdad-de-mujeres-y-hombres-conceptos-basicos\/2026-09-03\/\"\n\t\ttitle=\"Matriculaci\u00f3n: Igualdad de mujeres y hombres. Conceptos b\u00e1sicos.\"\n\t\trel=\"bookmark\"\n\t\tclass=\"tribe-events-calendar-month-mobile-events__mobile-event-title-link tribe-common-anchor\"\n\t>\n\t\tMatriculaci\u00f3n: Igualdad de mujeres y hombres. Conceptos b\u00e1sicos.\t<\/a>\n<\/h3>\n\t\t\n\t<\/div>\n<\/article>\n\n\t\t\n\t\t\n\t<\/div>\n\n\t\n\t\t\n<div  class=\"tribe-events-calendar-month-mobile-events__mobile-day\"  id=\"tribe-events-calendar-mobile-day-2026-09-4\">\n\n\t\n\t\t\t\t\t\n\t\t\t<div class=\"tribe-events-c-day-marker tribe-events-calendar-month-mobile-events__day-marker\">\n\t<time\n\t\tclass=\"tribe-events-c-day-marker__date tribe-common-h7 tribe-common-h--alt\"\n\t\tdatetime=\"2026-09-04\"\n\t>\n\t\tSeptiembre 4\t<\/time>\n<\/div>\n\n\t\t\t\n\t\t\t\n<article  class=\"tribe-events-calendar-month-mobile-events__mobile-event post-10000206 tribe_events type-tribe_events status-publish has-post-thumbnail hentry tribe_events_cat-matriculacion cat_matriculacion tribe-recurring-event tribe-recurring-event-parent\" >\n\n\t\n\t<div class=\"tribe-events-calendar-month-mobile-events__mobile-event-details\">\n\n\t\t<div class=\"tribe-events-calendar-month-mobile-events__mobile-event-datetime tribe-common-b2\">\n\t\t\t\t<time datetime=\"2026-09-04\">\n\t\t\tTodo el d\u00eda\t\t<\/time>\n\t\t\n<span class=\"tribe-events-calendar-series-archive__container\">\n\t<a\n\t\thref=\"https:\/\/formakunde.eus\/es\/series\/matriculacion-masculinidades-hombres-e-igualdad-retos-y-resistencias\/\"\n\t\taria-label=\"Event series: Matriculaci\u00f3n: Masculinidades. Hombres e igualdad: retos y resistencias\"\n\t\tclass=\"tribe-events-calendar-series-archive__link\"\n\t>\n\t\t\n<svg  class=\"tribe-common-c-svgicon tribe-common-c-svgicon--series tribe-events-series-archive__icon\"  width=\"14\" height=\"12\" viewBox=\"0 0 14 12\" fill=\"none\" xmlns=\"http:\/\/www.w3.org\/2000\/svg\" aria-hidden=\"true\">\n\t<rect x=\"0.5\" y=\"4.5\" width=\"9\" height=\"7\" \/>\n\t<path d=\"M2 2.5H11.5V10\" \/>\n\t<path d=\"M4 0.5H13.5V8\" \/>\n<\/svg>\n\t<\/a>\n<\/span>\n<\/div>\n\t\t<h3  class=\"tribe-events-calendar-month-mobile-events__mobile-event-title tribe-common-h7\" >\n\t<a\n\t\thref=\"https:\/\/formakunde.eus\/es\/event\/matriculacion-masculinidades-hombres-e-igualdad-retos-y-resistencias\/2026-09-04\/\"\n\t\ttitle=\"Matriculaci\u00f3n: Masculinidades. Hombres e igualdad: retos y resistencias\"\n\t\trel=\"bookmark\"\n\t\tclass=\"tribe-events-calendar-month-mobile-events__mobile-event-title-link tribe-common-anchor\"\n\t>\n\t\tMatriculaci\u00f3n: Masculinidades. Hombres e igualdad: retos y resistencias\t<\/a>\n<\/h3>\n\t\t\n\t<\/div>\n<\/article>\n\n\t\t\t\t\t\n\t\t\t\n\t\t\t\n\t\t\t\n<article  class=\"tribe-events-calendar-month-mobile-events__mobile-event post-10000597 tribe_events type-tribe_events status-publish has-post-thumbnail hentry tribe_events_cat-matriculacion-2 cat_matriculacion-2 tribe-recurring-event tribe-recurring-event-parent\" >\n\n\t\n\t<div class=\"tribe-events-calendar-month-mobile-events__mobile-event-details\">\n\n\t\t<div class=\"tribe-events-calendar-month-mobile-events__mobile-event-datetime tribe-common-b2\">\n\t\t\t\t<time datetime=\"2026-09-04\">\n\t\t\tTodo el d\u00eda\t\t<\/time>\n\t\t\n<span class=\"tribe-events-calendar-series-archive__container\">\n\t<a\n\t\thref=\"https:\/\/formakunde.eus\/es\/series\/matriculacion-igualdad-de-mujeres-y-hombres-conceptos-basicos\/\"\n\t\taria-label=\"Event series: Matriculaci\u00f3n: Igualdad de mujeres y hombres. Conceptos b\u00e1sicos.\"\n\t\tclass=\"tribe-events-calendar-series-archive__link\"\n\t>\n\t\t\n<svg  class=\"tribe-common-c-svgicon tribe-common-c-svgicon--series tribe-events-series-archive__icon\"  width=\"14\" height=\"12\" viewBox=\"0 0 14 12\" fill=\"none\" xmlns=\"http:\/\/www.w3.org\/2000\/svg\" aria-hidden=\"true\">\n\t<rect x=\"0.5\" y=\"4.5\" width=\"9\" height=\"7\" \/>\n\t<path d=\"M2 2.5H11.5V10\" \/>\n\t<path d=\"M4 0.5H13.5V8\" \/>\n<\/svg>\n\t<\/a>\n<\/span>\n<\/div>\n\t\t<h3  class=\"tribe-events-calendar-month-mobile-events__mobile-event-title tribe-common-h7\" >\n\t<a\n\t\thref=\"https:\/\/formakunde.eus\/es\/event\/matriculacion-igualdad-de-mujeres-y-hombres-conceptos-basicos\/2026-09-04\/\"\n\t\ttitle=\"Matriculaci\u00f3n: Igualdad de mujeres y hombres. Conceptos b\u00e1sicos.\"\n\t\trel=\"bookmark\"\n\t\tclass=\"tribe-events-calendar-month-mobile-events__mobile-event-title-link tribe-common-anchor\"\n\t>\n\t\tMatriculaci\u00f3n: Igualdad de mujeres y hombres. Conceptos b\u00e1sicos.\t<\/a>\n<\/h3>\n\t\t\n\t<\/div>\n<\/article>\n\n\t\t\n\t\t\n\t<\/div>\n\n\t\n\t\t\n<div  class=\"tribe-events-calendar-month-mobile-events__mobile-day\"  id=\"tribe-events-calendar-mobile-day-2026-09-5\">\n\n\t\n\t\t\t\t\t\n\t\t\t<div class=\"tribe-events-c-day-marker tribe-events-calendar-month-mobile-events__day-marker\">\n\t<time\n\t\tclass=\"tribe-events-c-day-marker__date tribe-common-h7 tribe-common-h--alt\"\n\t\tdatetime=\"2026-09-05\"\n\t>\n\t\tSeptiembre 5\t<\/time>\n<\/div>\n\n\t\t\t\n\t\t\t\n<article  class=\"tribe-events-calendar-month-mobile-events__mobile-event post-10000207 tribe_events type-tribe_events status-publish has-post-thumbnail hentry tribe_events_cat-matriculacion cat_matriculacion tribe-recurring-event tribe-recurring-event-parent\" >\n\n\t\n\t<div class=\"tribe-events-calendar-month-mobile-events__mobile-event-details\">\n\n\t\t<div class=\"tribe-events-calendar-month-mobile-events__mobile-event-datetime tribe-common-b2\">\n\t\t\t\t<time datetime=\"2026-09-05\">\n\t\t\tTodo el d\u00eda\t\t<\/time>\n\t\t\n<span class=\"tribe-events-calendar-series-archive__container\">\n\t<a\n\t\thref=\"https:\/\/formakunde.eus\/es\/series\/matriculacion-masculinidades-hombres-e-igualdad-retos-y-resistencias\/\"\n\t\taria-label=\"Event series: Matriculaci\u00f3n: Masculinidades. Hombres e igualdad: retos y resistencias\"\n\t\tclass=\"tribe-events-calendar-series-archive__link\"\n\t>\n\t\t\n<svg  class=\"tribe-common-c-svgicon tribe-common-c-svgicon--series tribe-events-series-archive__icon\"  width=\"14\" height=\"12\" viewBox=\"0 0 14 12\" fill=\"none\" xmlns=\"http:\/\/www.w3.org\/2000\/svg\" aria-hidden=\"true\">\n\t<rect x=\"0.5\" y=\"4.5\" width=\"9\" height=\"7\" \/>\n\t<path d=\"M2 2.5H11.5V10\" \/>\n\t<path d=\"M4 0.5H13.5V8\" \/>\n<\/svg>\n\t<\/a>\n<\/span>\n<\/div>\n\t\t<h3  class=\"tribe-events-calendar-month-mobile-events__mobile-event-title tribe-common-h7\" >\n\t<a\n\t\thref=\"https:\/\/formakunde.eus\/es\/event\/matriculacion-masculinidades-hombres-e-igualdad-retos-y-resistencias\/2026-09-05\/\"\n\t\ttitle=\"Matriculaci\u00f3n: Masculinidades. Hombres e igualdad: retos y resistencias\"\n\t\trel=\"bookmark\"\n\t\tclass=\"tribe-events-calendar-month-mobile-events__mobile-event-title-link tribe-common-anchor\"\n\t>\n\t\tMatriculaci\u00f3n: Masculinidades. Hombres e igualdad: retos y resistencias\t<\/a>\n<\/h3>\n\t\t\n\t<\/div>\n<\/article>\n\n\t\t\t\t\t\n\t\t\t\n\t\t\t\n\t\t\t\n<article  class=\"tribe-events-calendar-month-mobile-events__mobile-event post-10000598 tribe_events type-tribe_events status-publish has-post-thumbnail hentry tribe_events_cat-matriculacion-2 cat_matriculacion-2 tribe-recurring-event tribe-recurring-event-parent\" >\n\n\t\n\t<div class=\"tribe-events-calendar-month-mobile-events__mobile-event-details\">\n\n\t\t<div class=\"tribe-events-calendar-month-mobile-events__mobile-event-datetime tribe-common-b2\">\n\t\t\t\t<time datetime=\"2026-09-05\">\n\t\t\tTodo el d\u00eda\t\t<\/time>\n\t\t\n<span class=\"tribe-events-calendar-series-archive__container\">\n\t<a\n\t\thref=\"https:\/\/formakunde.eus\/es\/series\/matriculacion-igualdad-de-mujeres-y-hombres-conceptos-basicos\/\"\n\t\taria-label=\"Event series: Matriculaci\u00f3n: Igualdad de mujeres y hombres. Conceptos b\u00e1sicos.\"\n\t\tclass=\"tribe-events-calendar-series-archive__link\"\n\t>\n\t\t\n<svg  class=\"tribe-common-c-svgicon tribe-common-c-svgicon--series tribe-events-series-archive__icon\"  width=\"14\" height=\"12\" viewBox=\"0 0 14 12\" fill=\"none\" xmlns=\"http:\/\/www.w3.org\/2000\/svg\" aria-hidden=\"true\">\n\t<rect x=\"0.5\" y=\"4.5\" width=\"9\" height=\"7\" \/>\n\t<path d=\"M2 2.5H11.5V10\" \/>\n\t<path d=\"M4 0.5H13.5V8\" \/>\n<\/svg>\n\t<\/a>\n<\/span>\n<\/div>\n\t\t<h3  class=\"tribe-events-calendar-month-mobile-events__mobile-event-title tribe-common-h7\" >\n\t<a\n\t\thref=\"https:\/\/formakunde.eus\/es\/event\/matriculacion-igualdad-de-mujeres-y-hombres-conceptos-basicos\/2026-09-05\/\"\n\t\ttitle=\"Matriculaci\u00f3n: Igualdad de mujeres y hombres. Conceptos b\u00e1sicos.\"\n\t\trel=\"bookmark\"\n\t\tclass=\"tribe-events-calendar-month-mobile-events__mobile-event-title-link tribe-common-anchor\"\n\t>\n\t\tMatriculaci\u00f3n: Igualdad de mujeres y hombres. Conceptos b\u00e1sicos.\t<\/a>\n<\/h3>\n\t\t\n\t<\/div>\n<\/article>\n\n\t\t\n\t\t\n\t<\/div>\n\n\t\n\t\t\n<div  class=\"tribe-events-calendar-month-mobile-events__mobile-day\"  id=\"tribe-events-calendar-mobile-day-2026-09-6\">\n\n\t\n\t\t\t\t\t\n\t\t\t<div class=\"tribe-events-c-day-marker tribe-events-calendar-month-mobile-events__day-marker\">\n\t<time\n\t\tclass=\"tribe-events-c-day-marker__date tribe-common-h7 tribe-common-h--alt\"\n\t\tdatetime=\"2026-09-06\"\n\t>\n\t\tSeptiembre 6\t<\/time>\n<\/div>\n\n\t\t\t\n\t\t\t\n<article  class=\"tribe-events-calendar-month-mobile-events__mobile-event post-10000208 tribe_events type-tribe_events status-publish has-post-thumbnail hentry tribe_events_cat-matriculacion cat_matriculacion tribe-recurring-event tribe-recurring-event-parent\" >\n\n\t\n\t<div class=\"tribe-events-calendar-month-mobile-events__mobile-event-details\">\n\n\t\t<div class=\"tribe-events-calendar-month-mobile-events__mobile-event-datetime tribe-common-b2\">\n\t\t\t\t<time datetime=\"2026-09-06\">\n\t\t\tTodo el d\u00eda\t\t<\/time>\n\t\t\n<span class=\"tribe-events-calendar-series-archive__container\">\n\t<a\n\t\thref=\"https:\/\/formakunde.eus\/es\/series\/matriculacion-masculinidades-hombres-e-igualdad-retos-y-resistencias\/\"\n\t\taria-label=\"Event series: Matriculaci\u00f3n: Masculinidades. Hombres e igualdad: retos y resistencias\"\n\t\tclass=\"tribe-events-calendar-series-archive__link\"\n\t>\n\t\t\n<svg  class=\"tribe-common-c-svgicon tribe-common-c-svgicon--series tribe-events-series-archive__icon\"  width=\"14\" height=\"12\" viewBox=\"0 0 14 12\" fill=\"none\" xmlns=\"http:\/\/www.w3.org\/2000\/svg\" aria-hidden=\"true\">\n\t<rect x=\"0.5\" y=\"4.5\" width=\"9\" height=\"7\" \/>\n\t<path d=\"M2 2.5H11.5V10\" \/>\n\t<path d=\"M4 0.5H13.5V8\" \/>\n<\/svg>\n\t<\/a>\n<\/span>\n<\/div>\n\t\t<h3  class=\"tribe-events-calendar-month-mobile-events__mobile-event-title tribe-common-h7\" >\n\t<a\n\t\thref=\"https:\/\/formakunde.eus\/es\/event\/matriculacion-masculinidades-hombres-e-igualdad-retos-y-resistencias\/2026-09-06\/\"\n\t\ttitle=\"Matriculaci\u00f3n: Masculinidades. Hombres e igualdad: retos y resistencias\"\n\t\trel=\"bookmark\"\n\t\tclass=\"tribe-events-calendar-month-mobile-events__mobile-event-title-link tribe-common-anchor\"\n\t>\n\t\tMatriculaci\u00f3n: Masculinidades. Hombres e igualdad: retos y resistencias\t<\/a>\n<\/h3>\n\t\t\n\t<\/div>\n<\/article>\n\n\t\t\t\t\t\n\t\t\t\n\t\t\t\n\t\t\t\n<article  class=\"tribe-events-calendar-month-mobile-events__mobile-event post-10000599 tribe_events type-tribe_events status-publish has-post-thumbnail hentry tribe_events_cat-matriculacion-2 cat_matriculacion-2 tribe-recurring-event tribe-recurring-event-parent\" >\n\n\t\n\t<div class=\"tribe-events-calendar-month-mobile-events__mobile-event-details\">\n\n\t\t<div class=\"tribe-events-calendar-month-mobile-events__mobile-event-datetime tribe-common-b2\">\n\t\t\t\t<time datetime=\"2026-09-06\">\n\t\t\tTodo el d\u00eda\t\t<\/time>\n\t\t\n<span class=\"tribe-events-calendar-series-archive__container\">\n\t<a\n\t\thref=\"https:\/\/formakunde.eus\/es\/series\/matriculacion-igualdad-de-mujeres-y-hombres-conceptos-basicos\/\"\n\t\taria-label=\"Event series: Matriculaci\u00f3n: Igualdad de mujeres y hombres. Conceptos b\u00e1sicos.\"\n\t\tclass=\"tribe-events-calendar-series-archive__link\"\n\t>\n\t\t\n<svg  class=\"tribe-common-c-svgicon tribe-common-c-svgicon--series tribe-events-series-archive__icon\"  width=\"14\" height=\"12\" viewBox=\"0 0 14 12\" fill=\"none\" xmlns=\"http:\/\/www.w3.org\/2000\/svg\" aria-hidden=\"true\">\n\t<rect x=\"0.5\" y=\"4.5\" width=\"9\" height=\"7\" \/>\n\t<path d=\"M2 2.5H11.5V10\" \/>\n\t<path d=\"M4 0.5H13.5V8\" \/>\n<\/svg>\n\t<\/a>\n<\/span>\n<\/div>\n\t\t<h3  class=\"tribe-events-calendar-month-mobile-events__mobile-event-title tribe-common-h7\" >\n\t<a\n\t\thref=\"https:\/\/formakunde.eus\/es\/event\/matriculacion-igualdad-de-mujeres-y-hombres-conceptos-basicos\/2026-09-06\/\"\n\t\ttitle=\"Matriculaci\u00f3n: Igualdad de mujeres y hombres. Conceptos b\u00e1sicos.\"\n\t\trel=\"bookmark\"\n\t\tclass=\"tribe-events-calendar-month-mobile-events__mobile-event-title-link tribe-common-anchor\"\n\t>\n\t\tMatriculaci\u00f3n: Igualdad de mujeres y hombres. Conceptos b\u00e1sicos.\t<\/a>\n<\/h3>\n\t\t\n\t<\/div>\n<\/article>\n\n\t\t\n\t\t\n\t<\/div>\n\n\t\n\t\t\n<div  class=\"tribe-events-calendar-month-mobile-events__mobile-day\"  id=\"tribe-events-calendar-mobile-day-2026-09-7\">\n\n\t\n\t\t\t\t\t\n\t\t\t<div class=\"tribe-events-c-day-marker tribe-events-calendar-month-mobile-events__day-marker\">\n\t<time\n\t\tclass=\"tribe-events-c-day-marker__date tribe-common-h7 tribe-common-h--alt\"\n\t\tdatetime=\"2026-09-07\"\n\t>\n\t\tSeptiembre 7\t<\/time>\n<\/div>\n\n\t\t\t\n\t\t\t\n<article  class=\"tribe-events-calendar-month-mobile-events__mobile-event post-10000209 tribe_events type-tribe_events status-publish has-post-thumbnail hentry tribe_events_cat-matriculacion cat_matriculacion tribe-recurring-event tribe-recurring-event-parent\" >\n\n\t\n\t<div class=\"tribe-events-calendar-month-mobile-events__mobile-event-details\">\n\n\t\t<div class=\"tribe-events-calendar-month-mobile-events__mobile-event-datetime tribe-common-b2\">\n\t\t\t\t<time datetime=\"2026-09-07\">\n\t\t\tTodo el d\u00eda\t\t<\/time>\n\t\t\n<span class=\"tribe-events-calendar-series-archive__container\">\n\t<a\n\t\thref=\"https:\/\/formakunde.eus\/es\/series\/matriculacion-masculinidades-hombres-e-igualdad-retos-y-resistencias\/\"\n\t\taria-label=\"Event series: Matriculaci\u00f3n: Masculinidades. Hombres e igualdad: retos y resistencias\"\n\t\tclass=\"tribe-events-calendar-series-archive__link\"\n\t>\n\t\t\n<svg  class=\"tribe-common-c-svgicon tribe-common-c-svgicon--series tribe-events-series-archive__icon\"  width=\"14\" height=\"12\" viewBox=\"0 0 14 12\" fill=\"none\" xmlns=\"http:\/\/www.w3.org\/2000\/svg\" aria-hidden=\"true\">\n\t<rect x=\"0.5\" y=\"4.5\" width=\"9\" height=\"7\" \/>\n\t<path d=\"M2 2.5H11.5V10\" \/>\n\t<path d=\"M4 0.5H13.5V8\" \/>\n<\/svg>\n\t<\/a>\n<\/span>\n<\/div>\n\t\t<h3  class=\"tribe-events-calendar-month-mobile-events__mobile-event-title tribe-common-h7\" >\n\t<a\n\t\thref=\"https:\/\/formakunde.eus\/es\/event\/matriculacion-masculinidades-hombres-e-igualdad-retos-y-resistencias\/2026-09-07\/\"\n\t\ttitle=\"Matriculaci\u00f3n: Masculinidades. Hombres e igualdad: retos y resistencias\"\n\t\trel=\"bookmark\"\n\t\tclass=\"tribe-events-calendar-month-mobile-events__mobile-event-title-link tribe-common-anchor\"\n\t>\n\t\tMatriculaci\u00f3n: Masculinidades. Hombres e igualdad: retos y resistencias\t<\/a>\n<\/h3>\n\t\t\n\t<\/div>\n<\/article>\n\n\t\t\t\t\t\n\t\t\t\n\t\t\t\n\t\t\t\n<article  class=\"tribe-events-calendar-month-mobile-events__mobile-event post-10000600 tribe_events type-tribe_events status-publish has-post-thumbnail hentry tribe_events_cat-matriculacion-2 cat_matriculacion-2 tribe-recurring-event tribe-recurring-event-parent\" >\n\n\t\n\t<div class=\"tribe-events-calendar-month-mobile-events__mobile-event-details\">\n\n\t\t<div class=\"tribe-events-calendar-month-mobile-events__mobile-event-datetime tribe-common-b2\">\n\t\t\t\t<time datetime=\"2026-09-07\">\n\t\t\tTodo el d\u00eda\t\t<\/time>\n\t\t\n<span class=\"tribe-events-calendar-series-archive__container\">\n\t<a\n\t\thref=\"https:\/\/formakunde.eus\/es\/series\/matriculacion-igualdad-de-mujeres-y-hombres-conceptos-basicos\/\"\n\t\taria-label=\"Event series: Matriculaci\u00f3n: Igualdad de mujeres y hombres. Conceptos b\u00e1sicos.\"\n\t\tclass=\"tribe-events-calendar-series-archive__link\"\n\t>\n\t\t\n<svg  class=\"tribe-common-c-svgicon tribe-common-c-svgicon--series tribe-events-series-archive__icon\"  width=\"14\" height=\"12\" viewBox=\"0 0 14 12\" fill=\"none\" xmlns=\"http:\/\/www.w3.org\/2000\/svg\" aria-hidden=\"true\">\n\t<rect x=\"0.5\" y=\"4.5\" width=\"9\" height=\"7\" \/>\n\t<path d=\"M2 2.5H11.5V10\" \/>\n\t<path d=\"M4 0.5H13.5V8\" \/>\n<\/svg>\n\t<\/a>\n<\/span>\n<\/div>\n\t\t<h3  class=\"tribe-events-calendar-month-mobile-events__mobile-event-title tribe-common-h7\" >\n\t<a\n\t\thref=\"https:\/\/formakunde.eus\/es\/event\/matriculacion-igualdad-de-mujeres-y-hombres-conceptos-basicos\/2026-09-07\/\"\n\t\ttitle=\"Matriculaci\u00f3n: Igualdad de mujeres y hombres. Conceptos b\u00e1sicos.\"\n\t\trel=\"bookmark\"\n\t\tclass=\"tribe-events-calendar-month-mobile-events__mobile-event-title-link tribe-common-anchor\"\n\t>\n\t\tMatriculaci\u00f3n: Igualdad de mujeres y hombres. Conceptos b\u00e1sicos.\t<\/a>\n<\/h3>\n\t\t\n\t<\/div>\n<\/article>\n\n\t\t\n\t\t\n\t<\/div>\n\n\t\n\t\t\n<div  class=\"tribe-events-calendar-month-mobile-events__mobile-day\"  id=\"tribe-events-calendar-mobile-day-2026-09-8\">\n\n\t\n\t\t\t\t\t\n\t\t\t<div class=\"tribe-events-c-day-marker tribe-events-calendar-month-mobile-events__day-marker\">\n\t<time\n\t\tclass=\"tribe-events-c-day-marker__date tribe-common-h7 tribe-common-h--alt\"\n\t\tdatetime=\"2026-09-08\"\n\t>\n\t\tSeptiembre 8\t<\/time>\n<\/div>\n\n\t\t\t\n\t\t\t\n<article  class=\"tribe-events-calendar-month-mobile-events__mobile-event post-10000210 tribe_events type-tribe_events status-publish has-post-thumbnail hentry tribe_events_cat-matriculacion cat_matriculacion tribe-recurring-event tribe-recurring-event-parent\" >\n\n\t\n\t<div class=\"tribe-events-calendar-month-mobile-events__mobile-event-details\">\n\n\t\t<div class=\"tribe-events-calendar-month-mobile-events__mobile-event-datetime tribe-common-b2\">\n\t\t\t\t<time datetime=\"2026-09-08\">\n\t\t\tTodo el d\u00eda\t\t<\/time>\n\t\t\n<span class=\"tribe-events-calendar-series-archive__container\">\n\t<a\n\t\thref=\"https:\/\/formakunde.eus\/es\/series\/matriculacion-masculinidades-hombres-e-igualdad-retos-y-resistencias\/\"\n\t\taria-label=\"Event series: Matriculaci\u00f3n: Masculinidades. Hombres e igualdad: retos y resistencias\"\n\t\tclass=\"tribe-events-calendar-series-archive__link\"\n\t>\n\t\t\n<svg  class=\"tribe-common-c-svgicon tribe-common-c-svgicon--series tribe-events-series-archive__icon\"  width=\"14\" height=\"12\" viewBox=\"0 0 14 12\" fill=\"none\" xmlns=\"http:\/\/www.w3.org\/2000\/svg\" aria-hidden=\"true\">\n\t<rect x=\"0.5\" y=\"4.5\" width=\"9\" height=\"7\" \/>\n\t<path d=\"M2 2.5H11.5V10\" \/>\n\t<path d=\"M4 0.5H13.5V8\" \/>\n<\/svg>\n\t<\/a>\n<\/span>\n<\/div>\n\t\t<h3  class=\"tribe-events-calendar-month-mobile-events__mobile-event-title tribe-common-h7\" >\n\t<a\n\t\thref=\"https:\/\/formakunde.eus\/es\/event\/matriculacion-masculinidades-hombres-e-igualdad-retos-y-resistencias\/2026-09-08\/\"\n\t\ttitle=\"Matriculaci\u00f3n: Masculinidades. Hombres e igualdad: retos y resistencias\"\n\t\trel=\"bookmark\"\n\t\tclass=\"tribe-events-calendar-month-mobile-events__mobile-event-title-link tribe-common-anchor\"\n\t>\n\t\tMatriculaci\u00f3n: Masculinidades. Hombres e igualdad: retos y resistencias\t<\/a>\n<\/h3>\n\t\t\n\t<\/div>\n<\/article>\n\n\t\t\t\t\t\n\t\t\t\n\t\t\t\n\t\t\t\n<article  class=\"tribe-events-calendar-month-mobile-events__mobile-event post-10000601 tribe_events type-tribe_events status-publish has-post-thumbnail hentry tribe_events_cat-matriculacion-2 cat_matriculacion-2 tribe-recurring-event tribe-recurring-event-parent\" >\n\n\t\n\t<div class=\"tribe-events-calendar-month-mobile-events__mobile-event-details\">\n\n\t\t<div class=\"tribe-events-calendar-month-mobile-events__mobile-event-datetime tribe-common-b2\">\n\t\t\t\t<time datetime=\"2026-09-08\">\n\t\t\tTodo el d\u00eda\t\t<\/time>\n\t\t\n<span class=\"tribe-events-calendar-series-archive__container\">\n\t<a\n\t\thref=\"https:\/\/formakunde.eus\/es\/series\/matriculacion-igualdad-de-mujeres-y-hombres-conceptos-basicos\/\"\n\t\taria-label=\"Event series: Matriculaci\u00f3n: Igualdad de mujeres y hombres. Conceptos b\u00e1sicos.\"\n\t\tclass=\"tribe-events-calendar-series-archive__link\"\n\t>\n\t\t\n<svg  class=\"tribe-common-c-svgicon tribe-common-c-svgicon--series tribe-events-series-archive__icon\"  width=\"14\" height=\"12\" viewBox=\"0 0 14 12\" fill=\"none\" xmlns=\"http:\/\/www.w3.org\/2000\/svg\" aria-hidden=\"true\">\n\t<rect x=\"0.5\" y=\"4.5\" width=\"9\" height=\"7\" \/>\n\t<path d=\"M2 2.5H11.5V10\" \/>\n\t<path d=\"M4 0.5H13.5V8\" \/>\n<\/svg>\n\t<\/a>\n<\/span>\n<\/div>\n\t\t<h3  class=\"tribe-events-calendar-month-mobile-events__mobile-event-title tribe-common-h7\" >\n\t<a\n\t\thref=\"https:\/\/formakunde.eus\/es\/event\/matriculacion-igualdad-de-mujeres-y-hombres-conceptos-basicos\/2026-09-08\/\"\n\t\ttitle=\"Matriculaci\u00f3n: Igualdad de mujeres y hombres. Conceptos b\u00e1sicos.\"\n\t\trel=\"bookmark\"\n\t\tclass=\"tribe-events-calendar-month-mobile-events__mobile-event-title-link tribe-common-anchor\"\n\t>\n\t\tMatriculaci\u00f3n: Igualdad de mujeres y hombres. Conceptos b\u00e1sicos.\t<\/a>\n<\/h3>\n\t\t\n\t<\/div>\n<\/article>\n\n\t\t\n\t\t\n\t<\/div>\n\n\t\n\t\t\n<div  class=\"tribe-events-calendar-month-mobile-events__mobile-day\"  id=\"tribe-events-calendar-mobile-day-2026-09-9\">\n\n\t\n\t\t\t\t\t\n\t\t\t<div class=\"tribe-events-c-day-marker tribe-events-calendar-month-mobile-events__day-marker\">\n\t<time\n\t\tclass=\"tribe-events-c-day-marker__date tribe-common-h7 tribe-common-h--alt\"\n\t\tdatetime=\"2026-09-09\"\n\t>\n\t\tSeptiembre 9\t<\/time>\n<\/div>\n\n\t\t\t\n\t\t\t\n<article  class=\"tribe-events-calendar-month-mobile-events__mobile-event post-10000211 tribe_events type-tribe_events status-publish has-post-thumbnail hentry tribe_events_cat-matriculacion cat_matriculacion tribe-recurring-event tribe-recurring-event-parent\" >\n\n\t\n\t<div class=\"tribe-events-calendar-month-mobile-events__mobile-event-details\">\n\n\t\t<div class=\"tribe-events-calendar-month-mobile-events__mobile-event-datetime tribe-common-b2\">\n\t\t\t\t<time datetime=\"2026-09-09\">\n\t\t\tTodo el d\u00eda\t\t<\/time>\n\t\t\n<span class=\"tribe-events-calendar-series-archive__container\">\n\t<a\n\t\thref=\"https:\/\/formakunde.eus\/es\/series\/matriculacion-masculinidades-hombres-e-igualdad-retos-y-resistencias\/\"\n\t\taria-label=\"Event series: Matriculaci\u00f3n: Masculinidades. Hombres e igualdad: retos y resistencias\"\n\t\tclass=\"tribe-events-calendar-series-archive__link\"\n\t>\n\t\t\n<svg  class=\"tribe-common-c-svgicon tribe-common-c-svgicon--series tribe-events-series-archive__icon\"  width=\"14\" height=\"12\" viewBox=\"0 0 14 12\" fill=\"none\" xmlns=\"http:\/\/www.w3.org\/2000\/svg\" aria-hidden=\"true\">\n\t<rect x=\"0.5\" y=\"4.5\" width=\"9\" height=\"7\" \/>\n\t<path d=\"M2 2.5H11.5V10\" \/>\n\t<path d=\"M4 0.5H13.5V8\" \/>\n<\/svg>\n\t<\/a>\n<\/span>\n<\/div>\n\t\t<h3  class=\"tribe-events-calendar-month-mobile-events__mobile-event-title tribe-common-h7\" >\n\t<a\n\t\thref=\"https:\/\/formakunde.eus\/es\/event\/matriculacion-masculinidades-hombres-e-igualdad-retos-y-resistencias\/2026-09-09\/\"\n\t\ttitle=\"Matriculaci\u00f3n: Masculinidades. Hombres e igualdad: retos y resistencias\"\n\t\trel=\"bookmark\"\n\t\tclass=\"tribe-events-calendar-month-mobile-events__mobile-event-title-link tribe-common-anchor\"\n\t>\n\t\tMatriculaci\u00f3n: Masculinidades. Hombres e igualdad: retos y resistencias\t<\/a>\n<\/h3>\n\t\t\n\t<\/div>\n<\/article>\n\n\t\t\t\t\t\n\t\t\t\n\t\t\t\n\t\t\t\n<article  class=\"tribe-events-calendar-month-mobile-events__mobile-event post-10000602 tribe_events type-tribe_events status-publish has-post-thumbnail hentry tribe_events_cat-matriculacion-2 cat_matriculacion-2 tribe-recurring-event tribe-recurring-event-parent\" >\n\n\t\n\t<div class=\"tribe-events-calendar-month-mobile-events__mobile-event-details\">\n\n\t\t<div class=\"tribe-events-calendar-month-mobile-events__mobile-event-datetime tribe-common-b2\">\n\t\t\t\t<time datetime=\"2026-09-09\">\n\t\t\tTodo el d\u00eda\t\t<\/time>\n\t\t\n<span class=\"tribe-events-calendar-series-archive__container\">\n\t<a\n\t\thref=\"https:\/\/formakunde.eus\/es\/series\/matriculacion-igualdad-de-mujeres-y-hombres-conceptos-basicos\/\"\n\t\taria-label=\"Event series: Matriculaci\u00f3n: Igualdad de mujeres y hombres. Conceptos b\u00e1sicos.\"\n\t\tclass=\"tribe-events-calendar-series-archive__link\"\n\t>\n\t\t\n<svg  class=\"tribe-common-c-svgicon tribe-common-c-svgicon--series tribe-events-series-archive__icon\"  width=\"14\" height=\"12\" viewBox=\"0 0 14 12\" fill=\"none\" xmlns=\"http:\/\/www.w3.org\/2000\/svg\" aria-hidden=\"true\">\n\t<rect x=\"0.5\" y=\"4.5\" width=\"9\" height=\"7\" \/>\n\t<path d=\"M2 2.5H11.5V10\" \/>\n\t<path d=\"M4 0.5H13.5V8\" \/>\n<\/svg>\n\t<\/a>\n<\/span>\n<\/div>\n\t\t<h3  class=\"tribe-events-calendar-month-mobile-events__mobile-event-title tribe-common-h7\" >\n\t<a\n\t\thref=\"https:\/\/formakunde.eus\/es\/event\/matriculacion-igualdad-de-mujeres-y-hombres-conceptos-basicos\/2026-09-09\/\"\n\t\ttitle=\"Matriculaci\u00f3n: Igualdad de mujeres y hombres. Conceptos b\u00e1sicos.\"\n\t\trel=\"bookmark\"\n\t\tclass=\"tribe-events-calendar-month-mobile-events__mobile-event-title-link tribe-common-anchor\"\n\t>\n\t\tMatriculaci\u00f3n: Igualdad de mujeres y hombres. Conceptos b\u00e1sicos.\t<\/a>\n<\/h3>\n\t\t\n\t<\/div>\n<\/article>\n\n\t\t\n\t\t\n\t<\/div>\n\n\t\n\t\t\n<div  class=\"tribe-events-calendar-month-mobile-events__mobile-day\"  id=\"tribe-events-calendar-mobile-day-2026-09-10\">\n\n\t\n\t\t\t\t\t\n\t\t\t<div class=\"tribe-events-c-day-marker tribe-events-calendar-month-mobile-events__day-marker\">\n\t<time\n\t\tclass=\"tribe-events-c-day-marker__date tribe-common-h7 tribe-common-h--alt\"\n\t\tdatetime=\"2026-09-10\"\n\t>\n\t\tSeptiembre 10\t<\/time>\n<\/div>\n\n\t\t\t\n\t\t\t\n<article  class=\"tribe-events-calendar-month-mobile-events__mobile-event post-10000212 tribe_events type-tribe_events status-publish has-post-thumbnail hentry tribe_events_cat-matriculacion cat_matriculacion tribe-recurring-event tribe-recurring-event-parent\" >\n\n\t\n\t<div class=\"tribe-events-calendar-month-mobile-events__mobile-event-details\">\n\n\t\t<div class=\"tribe-events-calendar-month-mobile-events__mobile-event-datetime tribe-common-b2\">\n\t\t\t\t<time datetime=\"2026-09-10\">\n\t\t\tTodo el d\u00eda\t\t<\/time>\n\t\t\n<span class=\"tribe-events-calendar-series-archive__container\">\n\t<a\n\t\thref=\"https:\/\/formakunde.eus\/es\/series\/matriculacion-masculinidades-hombres-e-igualdad-retos-y-resistencias\/\"\n\t\taria-label=\"Event series: Matriculaci\u00f3n: Masculinidades. Hombres e igualdad: retos y resistencias\"\n\t\tclass=\"tribe-events-calendar-series-archive__link\"\n\t>\n\t\t\n<svg  class=\"tribe-common-c-svgicon tribe-common-c-svgicon--series tribe-events-series-archive__icon\"  width=\"14\" height=\"12\" viewBox=\"0 0 14 12\" fill=\"none\" xmlns=\"http:\/\/www.w3.org\/2000\/svg\" aria-hidden=\"true\">\n\t<rect x=\"0.5\" y=\"4.5\" width=\"9\" height=\"7\" \/>\n\t<path d=\"M2 2.5H11.5V10\" \/>\n\t<path d=\"M4 0.5H13.5V8\" \/>\n<\/svg>\n\t<\/a>\n<\/span>\n<\/div>\n\t\t<h3  class=\"tribe-events-calendar-month-mobile-events__mobile-event-title tribe-common-h7\" >\n\t<a\n\t\thref=\"https:\/\/formakunde.eus\/es\/event\/matriculacion-masculinidades-hombres-e-igualdad-retos-y-resistencias\/2026-09-10\/\"\n\t\ttitle=\"Matriculaci\u00f3n: Masculinidades. Hombres e igualdad: retos y resistencias\"\n\t\trel=\"bookmark\"\n\t\tclass=\"tribe-events-calendar-month-mobile-events__mobile-event-title-link tribe-common-anchor\"\n\t>\n\t\tMatriculaci\u00f3n: Masculinidades. Hombres e igualdad: retos y resistencias\t<\/a>\n<\/h3>\n\t\t\n\t<\/div>\n<\/article>\n\n\t\t\t\t\t\n\t\t\t\n\t\t\t\n\t\t\t\n<article  class=\"tribe-events-calendar-month-mobile-events__mobile-event post-10000603 tribe_events type-tribe_events status-publish has-post-thumbnail hentry tribe_events_cat-matriculacion-2 cat_matriculacion-2 tribe-recurring-event tribe-recurring-event-parent\" >\n\n\t\n\t<div class=\"tribe-events-calendar-month-mobile-events__mobile-event-details\">\n\n\t\t<div class=\"tribe-events-calendar-month-mobile-events__mobile-event-datetime tribe-common-b2\">\n\t\t\t\t<time datetime=\"2026-09-10\">\n\t\t\tTodo el d\u00eda\t\t<\/time>\n\t\t\n<span class=\"tribe-events-calendar-series-archive__container\">\n\t<a\n\t\thref=\"https:\/\/formakunde.eus\/es\/series\/matriculacion-igualdad-de-mujeres-y-hombres-conceptos-basicos\/\"\n\t\taria-label=\"Event series: Matriculaci\u00f3n: Igualdad de mujeres y hombres. Conceptos b\u00e1sicos.\"\n\t\tclass=\"tribe-events-calendar-series-archive__link\"\n\t>\n\t\t\n<svg  class=\"tribe-common-c-svgicon tribe-common-c-svgicon--series tribe-events-series-archive__icon\"  width=\"14\" height=\"12\" viewBox=\"0 0 14 12\" fill=\"none\" xmlns=\"http:\/\/www.w3.org\/2000\/svg\" aria-hidden=\"true\">\n\t<rect x=\"0.5\" y=\"4.5\" width=\"9\" height=\"7\" \/>\n\t<path d=\"M2 2.5H11.5V10\" \/>\n\t<path d=\"M4 0.5H13.5V8\" \/>\n<\/svg>\n\t<\/a>\n<\/span>\n<\/div>\n\t\t<h3  class=\"tribe-events-calendar-month-mobile-events__mobile-event-title tribe-common-h7\" >\n\t<a\n\t\thref=\"https:\/\/formakunde.eus\/es\/event\/matriculacion-igualdad-de-mujeres-y-hombres-conceptos-basicos\/2026-09-10\/\"\n\t\ttitle=\"Matriculaci\u00f3n: Igualdad de mujeres y hombres. Conceptos b\u00e1sicos.\"\n\t\trel=\"bookmark\"\n\t\tclass=\"tribe-events-calendar-month-mobile-events__mobile-event-title-link tribe-common-anchor\"\n\t>\n\t\tMatriculaci\u00f3n: Igualdad de mujeres y hombres. Conceptos b\u00e1sicos.\t<\/a>\n<\/h3>\n\t\t\n\t<\/div>\n<\/article>\n\n\t\t\n\t\t\n\t<\/div>\n\n\t\n\t\t\n<div  class=\"tribe-events-calendar-month-mobile-events__mobile-day\"  id=\"tribe-events-calendar-mobile-day-2026-09-11\">\n\n\t\n\t\t\t\t\t\n\t\t\t<div class=\"tribe-events-c-day-marker tribe-events-calendar-month-mobile-events__day-marker\">\n\t<time\n\t\tclass=\"tribe-events-c-day-marker__date tribe-common-h7 tribe-common-h--alt\"\n\t\tdatetime=\"2026-09-11\"\n\t>\n\t\tSeptiembre 11\t<\/time>\n<\/div>\n\n\t\t\t\n\t\t\t\n<article  class=\"tribe-events-calendar-month-mobile-events__mobile-event post-10000213 tribe_events type-tribe_events status-publish has-post-thumbnail hentry tribe_events_cat-matriculacion cat_matriculacion tribe-recurring-event tribe-recurring-event-parent\" >\n\n\t\n\t<div class=\"tribe-events-calendar-month-mobile-events__mobile-event-details\">\n\n\t\t<div class=\"tribe-events-calendar-month-mobile-events__mobile-event-datetime tribe-common-b2\">\n\t\t\t\t<time datetime=\"2026-09-11\">\n\t\t\tTodo el d\u00eda\t\t<\/time>\n\t\t\n<span class=\"tribe-events-calendar-series-archive__container\">\n\t<a\n\t\thref=\"https:\/\/formakunde.eus\/es\/series\/matriculacion-masculinidades-hombres-e-igualdad-retos-y-resistencias\/\"\n\t\taria-label=\"Event series: Matriculaci\u00f3n: Masculinidades. Hombres e igualdad: retos y resistencias\"\n\t\tclass=\"tribe-events-calendar-series-archive__link\"\n\t>\n\t\t\n<svg  class=\"tribe-common-c-svgicon tribe-common-c-svgicon--series tribe-events-series-archive__icon\"  width=\"14\" height=\"12\" viewBox=\"0 0 14 12\" fill=\"none\" xmlns=\"http:\/\/www.w3.org\/2000\/svg\" aria-hidden=\"true\">\n\t<rect x=\"0.5\" y=\"4.5\" width=\"9\" height=\"7\" \/>\n\t<path d=\"M2 2.5H11.5V10\" \/>\n\t<path d=\"M4 0.5H13.5V8\" \/>\n<\/svg>\n\t<\/a>\n<\/span>\n<\/div>\n\t\t<h3  class=\"tribe-events-calendar-month-mobile-events__mobile-event-title tribe-common-h7\" >\n\t<a\n\t\thref=\"https:\/\/formakunde.eus\/es\/event\/matriculacion-masculinidades-hombres-e-igualdad-retos-y-resistencias\/2026-09-11\/\"\n\t\ttitle=\"Matriculaci\u00f3n: Masculinidades. Hombres e igualdad: retos y resistencias\"\n\t\trel=\"bookmark\"\n\t\tclass=\"tribe-events-calendar-month-mobile-events__mobile-event-title-link tribe-common-anchor\"\n\t>\n\t\tMatriculaci\u00f3n: Masculinidades. Hombres e igualdad: retos y resistencias\t<\/a>\n<\/h3>\n\t\t\n\t<\/div>\n<\/article>\n\n\t\t\t\t\t\n\t\t\t\n\t\t\t\n\t\t\t\n<article  class=\"tribe-events-calendar-month-mobile-events__mobile-event post-10000604 tribe_events type-tribe_events status-publish has-post-thumbnail hentry tribe_events_cat-matriculacion-2 cat_matriculacion-2 tribe-recurring-event tribe-recurring-event-parent\" >\n\n\t\n\t<div class=\"tribe-events-calendar-month-mobile-events__mobile-event-details\">\n\n\t\t<div class=\"tribe-events-calendar-month-mobile-events__mobile-event-datetime tribe-common-b2\">\n\t\t\t\t<time datetime=\"2026-09-11\">\n\t\t\tTodo el d\u00eda\t\t<\/time>\n\t\t\n<span class=\"tribe-events-calendar-series-archive__container\">\n\t<a\n\t\thref=\"https:\/\/formakunde.eus\/es\/series\/matriculacion-igualdad-de-mujeres-y-hombres-conceptos-basicos\/\"\n\t\taria-label=\"Event series: Matriculaci\u00f3n: Igualdad de mujeres y hombres. Conceptos b\u00e1sicos.\"\n\t\tclass=\"tribe-events-calendar-series-archive__link\"\n\t>\n\t\t\n<svg  class=\"tribe-common-c-svgicon tribe-common-c-svgicon--series tribe-events-series-archive__icon\"  width=\"14\" height=\"12\" viewBox=\"0 0 14 12\" fill=\"none\" xmlns=\"http:\/\/www.w3.org\/2000\/svg\" aria-hidden=\"true\">\n\t<rect x=\"0.5\" y=\"4.5\" width=\"9\" height=\"7\" \/>\n\t<path d=\"M2 2.5H11.5V10\" \/>\n\t<path d=\"M4 0.5H13.5V8\" \/>\n<\/svg>\n\t<\/a>\n<\/span>\n<\/div>\n\t\t<h3  class=\"tribe-events-calendar-month-mobile-events__mobile-event-title tribe-common-h7\" >\n\t<a\n\t\thref=\"https:\/\/formakunde.eus\/es\/event\/matriculacion-igualdad-de-mujeres-y-hombres-conceptos-basicos\/2026-09-11\/\"\n\t\ttitle=\"Matriculaci\u00f3n: Igualdad de mujeres y hombres. Conceptos b\u00e1sicos.\"\n\t\trel=\"bookmark\"\n\t\tclass=\"tribe-events-calendar-month-mobile-events__mobile-event-title-link tribe-common-anchor\"\n\t>\n\t\tMatriculaci\u00f3n: Igualdad de mujeres y hombres. Conceptos b\u00e1sicos.\t<\/a>\n<\/h3>\n\t\t\n\t<\/div>\n<\/article>\n\n\t\t\n\t\t\n\t<\/div>\n\n\t\n\t\t\n<div  class=\"tribe-events-calendar-month-mobile-events__mobile-day\"  id=\"tribe-events-calendar-mobile-day-2026-09-12\">\n\n\t\n\t\t\t\t\t\n\t\t\t<div class=\"tribe-events-c-day-marker tribe-events-calendar-month-mobile-events__day-marker\">\n\t<time\n\t\tclass=\"tribe-events-c-day-marker__date tribe-common-h7 tribe-common-h--alt\"\n\t\tdatetime=\"2026-09-12\"\n\t>\n\t\tSeptiembre 12\t<\/time>\n<\/div>\n\n\t\t\t\n\t\t\t\n<article  class=\"tribe-events-calendar-month-mobile-events__mobile-event post-10000214 tribe_events type-tribe_events status-publish has-post-thumbnail hentry tribe_events_cat-matriculacion cat_matriculacion tribe-recurring-event tribe-recurring-event-parent\" >\n\n\t\n\t<div class=\"tribe-events-calendar-month-mobile-events__mobile-event-details\">\n\n\t\t<div class=\"tribe-events-calendar-month-mobile-events__mobile-event-datetime tribe-common-b2\">\n\t\t\t\t<time datetime=\"2026-09-12\">\n\t\t\tTodo el d\u00eda\t\t<\/time>\n\t\t\n<span class=\"tribe-events-calendar-series-archive__container\">\n\t<a\n\t\thref=\"https:\/\/formakunde.eus\/es\/series\/matriculacion-masculinidades-hombres-e-igualdad-retos-y-resistencias\/\"\n\t\taria-label=\"Event series: Matriculaci\u00f3n: Masculinidades. Hombres e igualdad: retos y resistencias\"\n\t\tclass=\"tribe-events-calendar-series-archive__link\"\n\t>\n\t\t\n<svg  class=\"tribe-common-c-svgicon tribe-common-c-svgicon--series tribe-events-series-archive__icon\"  width=\"14\" height=\"12\" viewBox=\"0 0 14 12\" fill=\"none\" xmlns=\"http:\/\/www.w3.org\/2000\/svg\" aria-hidden=\"true\">\n\t<rect x=\"0.5\" y=\"4.5\" width=\"9\" height=\"7\" \/>\n\t<path d=\"M2 2.5H11.5V10\" \/>\n\t<path d=\"M4 0.5H13.5V8\" \/>\n<\/svg>\n\t<\/a>\n<\/span>\n<\/div>\n\t\t<h3  class=\"tribe-events-calendar-month-mobile-events__mobile-event-title tribe-common-h7\" >\n\t<a\n\t\thref=\"https:\/\/formakunde.eus\/es\/event\/matriculacion-masculinidades-hombres-e-igualdad-retos-y-resistencias\/2026-09-12\/\"\n\t\ttitle=\"Matriculaci\u00f3n: Masculinidades. Hombres e igualdad: retos y resistencias\"\n\t\trel=\"bookmark\"\n\t\tclass=\"tribe-events-calendar-month-mobile-events__mobile-event-title-link tribe-common-anchor\"\n\t>\n\t\tMatriculaci\u00f3n: Masculinidades. Hombres e igualdad: retos y resistencias\t<\/a>\n<\/h3>\n\t\t\n\t<\/div>\n<\/article>\n\n\t\t\t\t\t\n\t\t\t\n\t\t\t\n\t\t\t\n<article  class=\"tribe-events-calendar-month-mobile-events__mobile-event post-10000605 tribe_events type-tribe_events status-publish has-post-thumbnail hentry tribe_events_cat-matriculacion-2 cat_matriculacion-2 tribe-recurring-event tribe-recurring-event-parent\" >\n\n\t\n\t<div class=\"tribe-events-calendar-month-mobile-events__mobile-event-details\">\n\n\t\t<div class=\"tribe-events-calendar-month-mobile-events__mobile-event-datetime tribe-common-b2\">\n\t\t\t\t<time datetime=\"2026-09-12\">\n\t\t\tTodo el d\u00eda\t\t<\/time>\n\t\t\n<span class=\"tribe-events-calendar-series-archive__container\">\n\t<a\n\t\thref=\"https:\/\/formakunde.eus\/es\/series\/matriculacion-igualdad-de-mujeres-y-hombres-conceptos-basicos\/\"\n\t\taria-label=\"Event series: Matriculaci\u00f3n: Igualdad de mujeres y hombres. Conceptos b\u00e1sicos.\"\n\t\tclass=\"tribe-events-calendar-series-archive__link\"\n\t>\n\t\t\n<svg  class=\"tribe-common-c-svgicon tribe-common-c-svgicon--series tribe-events-series-archive__icon\"  width=\"14\" height=\"12\" viewBox=\"0 0 14 12\" fill=\"none\" xmlns=\"http:\/\/www.w3.org\/2000\/svg\" aria-hidden=\"true\">\n\t<rect x=\"0.5\" y=\"4.5\" width=\"9\" height=\"7\" \/>\n\t<path d=\"M2 2.5H11.5V10\" \/>\n\t<path d=\"M4 0.5H13.5V8\" \/>\n<\/svg>\n\t<\/a>\n<\/span>\n<\/div>\n\t\t<h3  class=\"tribe-events-calendar-month-mobile-events__mobile-event-title tribe-common-h7\" >\n\t<a\n\t\thref=\"https:\/\/formakunde.eus\/es\/event\/matriculacion-igualdad-de-mujeres-y-hombres-conceptos-basicos\/2026-09-12\/\"\n\t\ttitle=\"Matriculaci\u00f3n: Igualdad de mujeres y hombres. Conceptos b\u00e1sicos.\"\n\t\trel=\"bookmark\"\n\t\tclass=\"tribe-events-calendar-month-mobile-events__mobile-event-title-link tribe-common-anchor\"\n\t>\n\t\tMatriculaci\u00f3n: Igualdad de mujeres y hombres. Conceptos b\u00e1sicos.\t<\/a>\n<\/h3>\n\t\t\n\t<\/div>\n<\/article>\n\n\t\t\n\t\t\n\t<\/div>\n\n\t\n\t\t\n<div  class=\"tribe-events-calendar-month-mobile-events__mobile-day\"  id=\"tribe-events-calendar-mobile-day-2026-09-13\">\n\n\t\n\t\t\t\t\t\n\t\t\t<div class=\"tribe-events-c-day-marker tribe-events-calendar-month-mobile-events__day-marker\">\n\t<time\n\t\tclass=\"tribe-events-c-day-marker__date tribe-common-h7 tribe-common-h--alt\"\n\t\tdatetime=\"2026-09-13\"\n\t>\n\t\tSeptiembre 13\t<\/time>\n<\/div>\n\n\t\t\t\n\t\t\t\n<article  class=\"tribe-events-calendar-month-mobile-events__mobile-event post-10000215 tribe_events type-tribe_events status-publish has-post-thumbnail hentry tribe_events_cat-matriculacion cat_matriculacion tribe-recurring-event tribe-recurring-event-parent\" >\n\n\t\n\t<div class=\"tribe-events-calendar-month-mobile-events__mobile-event-details\">\n\n\t\t<div class=\"tribe-events-calendar-month-mobile-events__mobile-event-datetime tribe-common-b2\">\n\t\t\t\t<time datetime=\"2026-09-13\">\n\t\t\tTodo el d\u00eda\t\t<\/time>\n\t\t\n<span class=\"tribe-events-calendar-series-archive__container\">\n\t<a\n\t\thref=\"https:\/\/formakunde.eus\/es\/series\/matriculacion-masculinidades-hombres-e-igualdad-retos-y-resistencias\/\"\n\t\taria-label=\"Event series: Matriculaci\u00f3n: Masculinidades. Hombres e igualdad: retos y resistencias\"\n\t\tclass=\"tribe-events-calendar-series-archive__link\"\n\t>\n\t\t\n<svg  class=\"tribe-common-c-svgicon tribe-common-c-svgicon--series tribe-events-series-archive__icon\"  width=\"14\" height=\"12\" viewBox=\"0 0 14 12\" fill=\"none\" xmlns=\"http:\/\/www.w3.org\/2000\/svg\" aria-hidden=\"true\">\n\t<rect x=\"0.5\" y=\"4.5\" width=\"9\" height=\"7\" \/>\n\t<path d=\"M2 2.5H11.5V10\" \/>\n\t<path d=\"M4 0.5H13.5V8\" \/>\n<\/svg>\n\t<\/a>\n<\/span>\n<\/div>\n\t\t<h3  class=\"tribe-events-calendar-month-mobile-events__mobile-event-title tribe-common-h7\" >\n\t<a\n\t\thref=\"https:\/\/formakunde.eus\/es\/event\/matriculacion-masculinidades-hombres-e-igualdad-retos-y-resistencias\/2026-09-13\/\"\n\t\ttitle=\"Matriculaci\u00f3n: Masculinidades. Hombres e igualdad: retos y resistencias\"\n\t\trel=\"bookmark\"\n\t\tclass=\"tribe-events-calendar-month-mobile-events__mobile-event-title-link tribe-common-anchor\"\n\t>\n\t\tMatriculaci\u00f3n: Masculinidades. Hombres e igualdad: retos y resistencias\t<\/a>\n<\/h3>\n\t\t\n\t<\/div>\n<\/article>\n\n\t\t\t\t\t\n\t\t\t\n\t\t\t\n\t\t\t\n<article  class=\"tribe-events-calendar-month-mobile-events__mobile-event post-10000606 tribe_events type-tribe_events status-publish has-post-thumbnail hentry tribe_events_cat-matriculacion-2 cat_matriculacion-2 tribe-recurring-event tribe-recurring-event-parent\" >\n\n\t\n\t<div class=\"tribe-events-calendar-month-mobile-events__mobile-event-details\">\n\n\t\t<div class=\"tribe-events-calendar-month-mobile-events__mobile-event-datetime tribe-common-b2\">\n\t\t\t\t<time datetime=\"2026-09-13\">\n\t\t\tTodo el d\u00eda\t\t<\/time>\n\t\t\n<span class=\"tribe-events-calendar-series-archive__container\">\n\t<a\n\t\thref=\"https:\/\/formakunde.eus\/es\/series\/matriculacion-igualdad-de-mujeres-y-hombres-conceptos-basicos\/\"\n\t\taria-label=\"Event series: Matriculaci\u00f3n: Igualdad de mujeres y hombres. Conceptos b\u00e1sicos.\"\n\t\tclass=\"tribe-events-calendar-series-archive__link\"\n\t>\n\t\t\n<svg  class=\"tribe-common-c-svgicon tribe-common-c-svgicon--series tribe-events-series-archive__icon\"  width=\"14\" height=\"12\" viewBox=\"0 0 14 12\" fill=\"none\" xmlns=\"http:\/\/www.w3.org\/2000\/svg\" aria-hidden=\"true\">\n\t<rect x=\"0.5\" y=\"4.5\" width=\"9\" height=\"7\" \/>\n\t<path d=\"M2 2.5H11.5V10\" \/>\n\t<path d=\"M4 0.5H13.5V8\" \/>\n<\/svg>\n\t<\/a>\n<\/span>\n<\/div>\n\t\t<h3  class=\"tribe-events-calendar-month-mobile-events__mobile-event-title tribe-common-h7\" >\n\t<a\n\t\thref=\"https:\/\/formakunde.eus\/es\/event\/matriculacion-igualdad-de-mujeres-y-hombres-conceptos-basicos\/2026-09-13\/\"\n\t\ttitle=\"Matriculaci\u00f3n: Igualdad de mujeres y hombres. Conceptos b\u00e1sicos.\"\n\t\trel=\"bookmark\"\n\t\tclass=\"tribe-events-calendar-month-mobile-events__mobile-event-title-link tribe-common-anchor\"\n\t>\n\t\tMatriculaci\u00f3n: Igualdad de mujeres y hombres. Conceptos b\u00e1sicos.\t<\/a>\n<\/h3>\n\t\t\n\t<\/div>\n<\/article>\n\n\t\t\n\t\t\n\t<\/div>\n\n\t\n\t\t\n<div  class=\"tribe-events-calendar-month-mobile-events__mobile-day\"  id=\"tribe-events-calendar-mobile-day-2026-09-14\">\n\n\t\n\t\t\t\t\t\n\t\t\t<div class=\"tribe-events-c-day-marker tribe-events-calendar-month-mobile-events__day-marker\">\n\t<time\n\t\tclass=\"tribe-events-c-day-marker__date tribe-common-h7 tribe-common-h--alt\"\n\t\tdatetime=\"2026-09-14\"\n\t>\n\t\tSeptiembre 14\t<\/time>\n<\/div>\n\n\t\t\t\n\t\t\t\n<article  class=\"tribe-events-calendar-month-mobile-events__mobile-event post-10000216 tribe_events type-tribe_events status-publish has-post-thumbnail hentry tribe_events_cat-matriculacion cat_matriculacion tribe-recurring-event tribe-recurring-event-parent\" >\n\n\t\n\t<div class=\"tribe-events-calendar-month-mobile-events__mobile-event-details\">\n\n\t\t<div class=\"tribe-events-calendar-month-mobile-events__mobile-event-datetime tribe-common-b2\">\n\t\t\t\t<time datetime=\"2026-09-14\">\n\t\t\tTodo el d\u00eda\t\t<\/time>\n\t\t\n<span class=\"tribe-events-calendar-series-archive__container\">\n\t<a\n\t\thref=\"https:\/\/formakunde.eus\/es\/series\/matriculacion-masculinidades-hombres-e-igualdad-retos-y-resistencias\/\"\n\t\taria-label=\"Event series: Matriculaci\u00f3n: Masculinidades. Hombres e igualdad: retos y resistencias\"\n\t\tclass=\"tribe-events-calendar-series-archive__link\"\n\t>\n\t\t\n<svg  class=\"tribe-common-c-svgicon tribe-common-c-svgicon--series tribe-events-series-archive__icon\"  width=\"14\" height=\"12\" viewBox=\"0 0 14 12\" fill=\"none\" xmlns=\"http:\/\/www.w3.org\/2000\/svg\" aria-hidden=\"true\">\n\t<rect x=\"0.5\" y=\"4.5\" width=\"9\" height=\"7\" \/>\n\t<path d=\"M2 2.5H11.5V10\" \/>\n\t<path d=\"M4 0.5H13.5V8\" \/>\n<\/svg>\n\t<\/a>\n<\/span>\n<\/div>\n\t\t<h3  class=\"tribe-events-calendar-month-mobile-events__mobile-event-title tribe-common-h7\" >\n\t<a\n\t\thref=\"https:\/\/formakunde.eus\/es\/event\/matriculacion-masculinidades-hombres-e-igualdad-retos-y-resistencias\/2026-09-14\/\"\n\t\ttitle=\"Matriculaci\u00f3n: Masculinidades. Hombres e igualdad: retos y resistencias\"\n\t\trel=\"bookmark\"\n\t\tclass=\"tribe-events-calendar-month-mobile-events__mobile-event-title-link tribe-common-anchor\"\n\t>\n\t\tMatriculaci\u00f3n: Masculinidades. Hombres e igualdad: retos y resistencias\t<\/a>\n<\/h3>\n\t\t\n\t<\/div>\n<\/article>\n\n\t\t\t\t\t\n\t\t\t\n\t\t\t\n\t\t\t\n<article  class=\"tribe-events-calendar-month-mobile-events__mobile-event post-10000607 tribe_events type-tribe_events status-publish has-post-thumbnail hentry tribe_events_cat-matriculacion-2 cat_matriculacion-2 tribe-recurring-event tribe-recurring-event-parent\" >\n\n\t\n\t<div class=\"tribe-events-calendar-month-mobile-events__mobile-event-details\">\n\n\t\t<div class=\"tribe-events-calendar-month-mobile-events__mobile-event-datetime tribe-common-b2\">\n\t\t\t\t<time datetime=\"2026-09-14\">\n\t\t\tTodo el d\u00eda\t\t<\/time>\n\t\t\n<span class=\"tribe-events-calendar-series-archive__container\">\n\t<a\n\t\thref=\"https:\/\/formakunde.eus\/es\/series\/matriculacion-igualdad-de-mujeres-y-hombres-conceptos-basicos\/\"\n\t\taria-label=\"Event series: Matriculaci\u00f3n: Igualdad de mujeres y hombres. Conceptos b\u00e1sicos.\"\n\t\tclass=\"tribe-events-calendar-series-archive__link\"\n\t>\n\t\t\n<svg  class=\"tribe-common-c-svgicon tribe-common-c-svgicon--series tribe-events-series-archive__icon\"  width=\"14\" height=\"12\" viewBox=\"0 0 14 12\" fill=\"none\" xmlns=\"http:\/\/www.w3.org\/2000\/svg\" aria-hidden=\"true\">\n\t<rect x=\"0.5\" y=\"4.5\" width=\"9\" height=\"7\" \/>\n\t<path d=\"M2 2.5H11.5V10\" \/>\n\t<path d=\"M4 0.5H13.5V8\" \/>\n<\/svg>\n\t<\/a>\n<\/span>\n<\/div>\n\t\t<h3  class=\"tribe-events-calendar-month-mobile-events__mobile-event-title tribe-common-h7\" >\n\t<a\n\t\thref=\"https:\/\/formakunde.eus\/es\/event\/matriculacion-igualdad-de-mujeres-y-hombres-conceptos-basicos\/2026-09-14\/\"\n\t\ttitle=\"Matriculaci\u00f3n: Igualdad de mujeres y hombres. Conceptos b\u00e1sicos.\"\n\t\trel=\"bookmark\"\n\t\tclass=\"tribe-events-calendar-month-mobile-events__mobile-event-title-link tribe-common-anchor\"\n\t>\n\t\tMatriculaci\u00f3n: Igualdad de mujeres y hombres. Conceptos b\u00e1sicos.\t<\/a>\n<\/h3>\n\t\t\n\t<\/div>\n<\/article>\n\n\t\t\n\t\t\n\t<\/div>\n\n\t\n\t\t\n<div  class=\"tribe-events-calendar-month-mobile-events__mobile-day\"  id=\"tribe-events-calendar-mobile-day-2026-09-15\">\n\n\t\n\t\t\t\t\t\n\t\t\t<div class=\"tribe-events-c-day-marker tribe-events-calendar-month-mobile-events__day-marker\">\n\t<time\n\t\tclass=\"tribe-events-c-day-marker__date tribe-common-h7 tribe-common-h--alt\"\n\t\tdatetime=\"2026-09-15\"\n\t>\n\t\tSeptiembre 15\t<\/time>\n<\/div>\n\n\t\t\t\n\t\t\t\n<article  class=\"tribe-events-calendar-month-mobile-events__mobile-event post-10000217 tribe_events type-tribe_events status-publish has-post-thumbnail hentry tribe_events_cat-matriculacion cat_matriculacion tribe-recurring-event tribe-recurring-event-parent\" >\n\n\t\n\t<div class=\"tribe-events-calendar-month-mobile-events__mobile-event-details\">\n\n\t\t<div class=\"tribe-events-calendar-month-mobile-events__mobile-event-datetime tribe-common-b2\">\n\t\t\t\t<time datetime=\"2026-09-15\">\n\t\t\tTodo el d\u00eda\t\t<\/time>\n\t\t\n<span class=\"tribe-events-calendar-series-archive__container\">\n\t<a\n\t\thref=\"https:\/\/formakunde.eus\/es\/series\/matriculacion-masculinidades-hombres-e-igualdad-retos-y-resistencias\/\"\n\t\taria-label=\"Event series: Matriculaci\u00f3n: Masculinidades. Hombres e igualdad: retos y resistencias\"\n\t\tclass=\"tribe-events-calendar-series-archive__link\"\n\t>\n\t\t\n<svg  class=\"tribe-common-c-svgicon tribe-common-c-svgicon--series tribe-events-series-archive__icon\"  width=\"14\" height=\"12\" viewBox=\"0 0 14 12\" fill=\"none\" xmlns=\"http:\/\/www.w3.org\/2000\/svg\" aria-hidden=\"true\">\n\t<rect x=\"0.5\" y=\"4.5\" width=\"9\" height=\"7\" \/>\n\t<path d=\"M2 2.5H11.5V10\" \/>\n\t<path d=\"M4 0.5H13.5V8\" \/>\n<\/svg>\n\t<\/a>\n<\/span>\n<\/div>\n\t\t<h3  class=\"tribe-events-calendar-month-mobile-events__mobile-event-title tribe-common-h7\" >\n\t<a\n\t\thref=\"https:\/\/formakunde.eus\/es\/event\/matriculacion-masculinidades-hombres-e-igualdad-retos-y-resistencias\/2026-09-15\/\"\n\t\ttitle=\"Matriculaci\u00f3n: Masculinidades. Hombres e igualdad: retos y resistencias\"\n\t\trel=\"bookmark\"\n\t\tclass=\"tribe-events-calendar-month-mobile-events__mobile-event-title-link tribe-common-anchor\"\n\t>\n\t\tMatriculaci\u00f3n: Masculinidades. Hombres e igualdad: retos y resistencias\t<\/a>\n<\/h3>\n\t\t\n\t<\/div>\n<\/article>\n\n\t\t\t\t\t\n\t\t\t\n\t\t\t\n\t\t\t\n<article  class=\"tribe-events-calendar-month-mobile-events__mobile-event post-10000608 tribe_events type-tribe_events status-publish has-post-thumbnail hentry tribe_events_cat-matriculacion-2 cat_matriculacion-2 tribe-recurring-event tribe-recurring-event-parent\" >\n\n\t\n\t<div class=\"tribe-events-calendar-month-mobile-events__mobile-event-details\">\n\n\t\t<div class=\"tribe-events-calendar-month-mobile-events__mobile-event-datetime tribe-common-b2\">\n\t\t\t\t<time datetime=\"2026-09-15\">\n\t\t\tTodo el d\u00eda\t\t<\/time>\n\t\t\n<span class=\"tribe-events-calendar-series-archive__container\">\n\t<a\n\t\thref=\"https:\/\/formakunde.eus\/es\/series\/matriculacion-igualdad-de-mujeres-y-hombres-conceptos-basicos\/\"\n\t\taria-label=\"Event series: Matriculaci\u00f3n: Igualdad de mujeres y hombres. Conceptos b\u00e1sicos.\"\n\t\tclass=\"tribe-events-calendar-series-archive__link\"\n\t>\n\t\t\n<svg  class=\"tribe-common-c-svgicon tribe-common-c-svgicon--series tribe-events-series-archive__icon\"  width=\"14\" height=\"12\" viewBox=\"0 0 14 12\" fill=\"none\" xmlns=\"http:\/\/www.w3.org\/2000\/svg\" aria-hidden=\"true\">\n\t<rect x=\"0.5\" y=\"4.5\" width=\"9\" height=\"7\" \/>\n\t<path d=\"M2 2.5H11.5V10\" \/>\n\t<path d=\"M4 0.5H13.5V8\" \/>\n<\/svg>\n\t<\/a>\n<\/span>\n<\/div>\n\t\t<h3  class=\"tribe-events-calendar-month-mobile-events__mobile-event-title tribe-common-h7\" >\n\t<a\n\t\thref=\"https:\/\/formakunde.eus\/es\/event\/matriculacion-igualdad-de-mujeres-y-hombres-conceptos-basicos\/2026-09-15\/\"\n\t\ttitle=\"Matriculaci\u00f3n: Igualdad de mujeres y hombres. Conceptos b\u00e1sicos.\"\n\t\trel=\"bookmark\"\n\t\tclass=\"tribe-events-calendar-month-mobile-events__mobile-event-title-link tribe-common-anchor\"\n\t>\n\t\tMatriculaci\u00f3n: Igualdad de mujeres y hombres. Conceptos b\u00e1sicos.\t<\/a>\n<\/h3>\n\t\t\n\t<\/div>\n<\/article>\n\n\t\t\n\t\t\n\t<\/div>\n\n\t\n\t\t\n<div  class=\"tribe-events-calendar-month-mobile-events__mobile-day\"  id=\"tribe-events-calendar-mobile-day-2026-09-16\">\n\n\t\n\t\t\t\t\t\n\t\t\t<div class=\"tribe-events-c-day-marker tribe-events-calendar-month-mobile-events__day-marker\">\n\t<time\n\t\tclass=\"tribe-events-c-day-marker__date tribe-common-h7 tribe-common-h--alt\"\n\t\tdatetime=\"2026-09-16\"\n\t>\n\t\tSeptiembre 16\t<\/time>\n<\/div>\n\n\t\t\t\n\t\t\t\n<article  class=\"tribe-events-calendar-month-mobile-events__mobile-event post-10000218 tribe_events type-tribe_events status-publish has-post-thumbnail hentry tribe_events_cat-matriculacion cat_matriculacion tribe-recurring-event tribe-recurring-event-parent\" >\n\n\t\n\t<div class=\"tribe-events-calendar-month-mobile-events__mobile-event-details\">\n\n\t\t<div class=\"tribe-events-calendar-month-mobile-events__mobile-event-datetime tribe-common-b2\">\n\t\t\t\t<time datetime=\"2026-09-16\">\n\t\t\tTodo el d\u00eda\t\t<\/time>\n\t\t\n<span class=\"tribe-events-calendar-series-archive__container\">\n\t<a\n\t\thref=\"https:\/\/formakunde.eus\/es\/series\/matriculacion-masculinidades-hombres-e-igualdad-retos-y-resistencias\/\"\n\t\taria-label=\"Event series: Matriculaci\u00f3n: Masculinidades. Hombres e igualdad: retos y resistencias\"\n\t\tclass=\"tribe-events-calendar-series-archive__link\"\n\t>\n\t\t\n<svg  class=\"tribe-common-c-svgicon tribe-common-c-svgicon--series tribe-events-series-archive__icon\"  width=\"14\" height=\"12\" viewBox=\"0 0 14 12\" fill=\"none\" xmlns=\"http:\/\/www.w3.org\/2000\/svg\" aria-hidden=\"true\">\n\t<rect x=\"0.5\" y=\"4.5\" width=\"9\" height=\"7\" \/>\n\t<path d=\"M2 2.5H11.5V10\" \/>\n\t<path d=\"M4 0.5H13.5V8\" \/>\n<\/svg>\n\t<\/a>\n<\/span>\n<\/div>\n\t\t<h3  class=\"tribe-events-calendar-month-mobile-events__mobile-event-title tribe-common-h7\" >\n\t<a\n\t\thref=\"https:\/\/formakunde.eus\/es\/event\/matriculacion-masculinidades-hombres-e-igualdad-retos-y-resistencias\/2026-09-16\/\"\n\t\ttitle=\"Matriculaci\u00f3n: Masculinidades. Hombres e igualdad: retos y resistencias\"\n\t\trel=\"bookmark\"\n\t\tclass=\"tribe-events-calendar-month-mobile-events__mobile-event-title-link tribe-common-anchor\"\n\t>\n\t\tMatriculaci\u00f3n: Masculinidades. Hombres e igualdad: retos y resistencias\t<\/a>\n<\/h3>\n\t\t\n\t<\/div>\n<\/article>\n\n\t\t\t\t\t\n\t\t\t\n\t\t\t\n\t\t\t\n<article  class=\"tribe-events-calendar-month-mobile-events__mobile-event post-10000609 tribe_events type-tribe_events status-publish has-post-thumbnail hentry tribe_events_cat-matriculacion-2 cat_matriculacion-2 tribe-recurring-event tribe-recurring-event-parent\" >\n\n\t\n\t<div class=\"tribe-events-calendar-month-mobile-events__mobile-event-details\">\n\n\t\t<div class=\"tribe-events-calendar-month-mobile-events__mobile-event-datetime tribe-common-b2\">\n\t\t\t\t<time datetime=\"2026-09-16\">\n\t\t\tTodo el d\u00eda\t\t<\/time>\n\t\t\n<span class=\"tribe-events-calendar-series-archive__container\">\n\t<a\n\t\thref=\"https:\/\/formakunde.eus\/es\/series\/matriculacion-igualdad-de-mujeres-y-hombres-conceptos-basicos\/\"\n\t\taria-label=\"Event series: Matriculaci\u00f3n: Igualdad de mujeres y hombres. Conceptos b\u00e1sicos.\"\n\t\tclass=\"tribe-events-calendar-series-archive__link\"\n\t>\n\t\t\n<svg  class=\"tribe-common-c-svgicon tribe-common-c-svgicon--series tribe-events-series-archive__icon\"  width=\"14\" height=\"12\" viewBox=\"0 0 14 12\" fill=\"none\" xmlns=\"http:\/\/www.w3.org\/2000\/svg\" aria-hidden=\"true\">\n\t<rect x=\"0.5\" y=\"4.5\" width=\"9\" height=\"7\" \/>\n\t<path d=\"M2 2.5H11.5V10\" \/>\n\t<path d=\"M4 0.5H13.5V8\" \/>\n<\/svg>\n\t<\/a>\n<\/span>\n<\/div>\n\t\t<h3  class=\"tribe-events-calendar-month-mobile-events__mobile-event-title tribe-common-h7\" >\n\t<a\n\t\thref=\"https:\/\/formakunde.eus\/es\/event\/matriculacion-igualdad-de-mujeres-y-hombres-conceptos-basicos\/2026-09-16\/\"\n\t\ttitle=\"Matriculaci\u00f3n: Igualdad de mujeres y hombres. Conceptos b\u00e1sicos.\"\n\t\trel=\"bookmark\"\n\t\tclass=\"tribe-events-calendar-month-mobile-events__mobile-event-title-link tribe-common-anchor\"\n\t>\n\t\tMatriculaci\u00f3n: Igualdad de mujeres y hombres. Conceptos b\u00e1sicos.\t<\/a>\n<\/h3>\n\t\t\n\t<\/div>\n<\/article>\n\n\t\t\n\t\t\n\t<\/div>\n\n\t\n\t\t\n<div  class=\"tribe-events-calendar-month-mobile-events__mobile-day\"  id=\"tribe-events-calendar-mobile-day-2026-09-17\">\n\n\t\n\t\t\t\t\t\n\t\t\t<div class=\"tribe-events-c-day-marker tribe-events-calendar-month-mobile-events__day-marker\">\n\t<time\n\t\tclass=\"tribe-events-c-day-marker__date tribe-common-h7 tribe-common-h--alt\"\n\t\tdatetime=\"2026-09-17\"\n\t>\n\t\tSeptiembre 17\t<\/time>\n<\/div>\n\n\t\t\t\n\t\t\t\n<article  class=\"tribe-events-calendar-month-mobile-events__mobile-event post-10000219 tribe_events type-tribe_events status-publish has-post-thumbnail hentry tribe_events_cat-matriculacion cat_matriculacion tribe-recurring-event tribe-recurring-event-parent\" >\n\n\t\n\t<div class=\"tribe-events-calendar-month-mobile-events__mobile-event-details\">\n\n\t\t<div class=\"tribe-events-calendar-month-mobile-events__mobile-event-datetime tribe-common-b2\">\n\t\t\t\t<time datetime=\"2026-09-17\">\n\t\t\tTodo el d\u00eda\t\t<\/time>\n\t\t\n<span class=\"tribe-events-calendar-series-archive__container\">\n\t<a\n\t\thref=\"https:\/\/formakunde.eus\/es\/series\/matriculacion-masculinidades-hombres-e-igualdad-retos-y-resistencias\/\"\n\t\taria-label=\"Event series: Matriculaci\u00f3n: Masculinidades. Hombres e igualdad: retos y resistencias\"\n\t\tclass=\"tribe-events-calendar-series-archive__link\"\n\t>\n\t\t\n<svg  class=\"tribe-common-c-svgicon tribe-common-c-svgicon--series tribe-events-series-archive__icon\"  width=\"14\" height=\"12\" viewBox=\"0 0 14 12\" fill=\"none\" xmlns=\"http:\/\/www.w3.org\/2000\/svg\" aria-hidden=\"true\">\n\t<rect x=\"0.5\" y=\"4.5\" width=\"9\" height=\"7\" \/>\n\t<path d=\"M2 2.5H11.5V10\" \/>\n\t<path d=\"M4 0.5H13.5V8\" \/>\n<\/svg>\n\t<\/a>\n<\/span>\n<\/div>\n\t\t<h3  class=\"tribe-events-calendar-month-mobile-events__mobile-event-title tribe-common-h7\" >\n\t<a\n\t\thref=\"https:\/\/formakunde.eus\/es\/event\/matriculacion-masculinidades-hombres-e-igualdad-retos-y-resistencias\/2026-09-17\/\"\n\t\ttitle=\"Matriculaci\u00f3n: Masculinidades. Hombres e igualdad: retos y resistencias\"\n\t\trel=\"bookmark\"\n\t\tclass=\"tribe-events-calendar-month-mobile-events__mobile-event-title-link tribe-common-anchor\"\n\t>\n\t\tMatriculaci\u00f3n: Masculinidades. Hombres e igualdad: retos y resistencias\t<\/a>\n<\/h3>\n\t\t\n\t<\/div>\n<\/article>\n\n\t\t\t\t\t\n\t\t\t\n\t\t\t\n\t\t\t\n<article  class=\"tribe-events-calendar-month-mobile-events__mobile-event post-10000610 tribe_events type-tribe_events status-publish has-post-thumbnail hentry tribe_events_cat-matriculacion-2 cat_matriculacion-2 tribe-recurring-event tribe-recurring-event-parent\" >\n\n\t\n\t<div class=\"tribe-events-calendar-month-mobile-events__mobile-event-details\">\n\n\t\t<div class=\"tribe-events-calendar-month-mobile-events__mobile-event-datetime tribe-common-b2\">\n\t\t\t\t<time datetime=\"2026-09-17\">\n\t\t\tTodo el d\u00eda\t\t<\/time>\n\t\t\n<span class=\"tribe-events-calendar-series-archive__container\">\n\t<a\n\t\thref=\"https:\/\/formakunde.eus\/es\/series\/matriculacion-igualdad-de-mujeres-y-hombres-conceptos-basicos\/\"\n\t\taria-label=\"Event series: Matriculaci\u00f3n: Igualdad de mujeres y hombres. Conceptos b\u00e1sicos.\"\n\t\tclass=\"tribe-events-calendar-series-archive__link\"\n\t>\n\t\t\n<svg  class=\"tribe-common-c-svgicon tribe-common-c-svgicon--series tribe-events-series-archive__icon\"  width=\"14\" height=\"12\" viewBox=\"0 0 14 12\" fill=\"none\" xmlns=\"http:\/\/www.w3.org\/2000\/svg\" aria-hidden=\"true\">\n\t<rect x=\"0.5\" y=\"4.5\" width=\"9\" height=\"7\" \/>\n\t<path d=\"M2 2.5H11.5V10\" \/>\n\t<path d=\"M4 0.5H13.5V8\" \/>\n<\/svg>\n\t<\/a>\n<\/span>\n<\/div>\n\t\t<h3  class=\"tribe-events-calendar-month-mobile-events__mobile-event-title tribe-common-h7\" >\n\t<a\n\t\thref=\"https:\/\/formakunde.eus\/es\/event\/matriculacion-igualdad-de-mujeres-y-hombres-conceptos-basicos\/2026-09-17\/\"\n\t\ttitle=\"Matriculaci\u00f3n: Igualdad de mujeres y hombres. Conceptos b\u00e1sicos.\"\n\t\trel=\"bookmark\"\n\t\tclass=\"tribe-events-calendar-month-mobile-events__mobile-event-title-link tribe-common-anchor\"\n\t>\n\t\tMatriculaci\u00f3n: Igualdad de mujeres y hombres. Conceptos b\u00e1sicos.\t<\/a>\n<\/h3>\n\t\t\n\t<\/div>\n<\/article>\n\n\t\t\n\t\t\n\t<\/div>\n\n\t\n\t\t\n<div  class=\"tribe-events-calendar-month-mobile-events__mobile-day\"  id=\"tribe-events-calendar-mobile-day-2026-09-18\">\n\n\t\n\t\t\t\t\t\n\t\t\t<div class=\"tribe-events-c-day-marker tribe-events-calendar-month-mobile-events__day-marker\">\n\t<time\n\t\tclass=\"tribe-events-c-day-marker__date tribe-common-h7 tribe-common-h--alt\"\n\t\tdatetime=\"2026-09-18\"\n\t>\n\t\tSeptiembre 18\t<\/time>\n<\/div>\n\n\t\t\t\n\t\t\t\n<article  class=\"tribe-events-calendar-month-mobile-events__mobile-event post-10000220 tribe_events type-tribe_events status-publish has-post-thumbnail hentry tribe_events_cat-matriculacion cat_matriculacion tribe-recurring-event tribe-recurring-event-parent\" >\n\n\t\n\t<div class=\"tribe-events-calendar-month-mobile-events__mobile-event-details\">\n\n\t\t<div class=\"tribe-events-calendar-month-mobile-events__mobile-event-datetime tribe-common-b2\">\n\t\t\t\t<time datetime=\"2026-09-18\">\n\t\t\tTodo el d\u00eda\t\t<\/time>\n\t\t\n<span class=\"tribe-events-calendar-series-archive__container\">\n\t<a\n\t\thref=\"https:\/\/formakunde.eus\/es\/series\/matriculacion-masculinidades-hombres-e-igualdad-retos-y-resistencias\/\"\n\t\taria-label=\"Event series: Matriculaci\u00f3n: Masculinidades. Hombres e igualdad: retos y resistencias\"\n\t\tclass=\"tribe-events-calendar-series-archive__link\"\n\t>\n\t\t\n<svg  class=\"tribe-common-c-svgicon tribe-common-c-svgicon--series tribe-events-series-archive__icon\"  width=\"14\" height=\"12\" viewBox=\"0 0 14 12\" fill=\"none\" xmlns=\"http:\/\/www.w3.org\/2000\/svg\" aria-hidden=\"true\">\n\t<rect x=\"0.5\" y=\"4.5\" width=\"9\" height=\"7\" \/>\n\t<path d=\"M2 2.5H11.5V10\" \/>\n\t<path d=\"M4 0.5H13.5V8\" \/>\n<\/svg>\n\t<\/a>\n<\/span>\n<\/div>\n\t\t<h3  class=\"tribe-events-calendar-month-mobile-events__mobile-event-title tribe-common-h7\" >\n\t<a\n\t\thref=\"https:\/\/formakunde.eus\/es\/event\/matriculacion-masculinidades-hombres-e-igualdad-retos-y-resistencias\/2026-09-18\/\"\n\t\ttitle=\"Matriculaci\u00f3n: Masculinidades. Hombres e igualdad: retos y resistencias\"\n\t\trel=\"bookmark\"\n\t\tclass=\"tribe-events-calendar-month-mobile-events__mobile-event-title-link tribe-common-anchor\"\n\t>\n\t\tMatriculaci\u00f3n: Masculinidades. Hombres e igualdad: retos y resistencias\t<\/a>\n<\/h3>\n\t\t\n\t<\/div>\n<\/article>\n\n\t\t\t\t\t\n\t\t\t\n\t\t\t\n\t\t\t\n<article  class=\"tribe-events-calendar-month-mobile-events__mobile-event post-10000611 tribe_events type-tribe_events status-publish has-post-thumbnail hentry tribe_events_cat-matriculacion-2 cat_matriculacion-2 tribe-recurring-event tribe-recurring-event-parent\" >\n\n\t\n\t<div class=\"tribe-events-calendar-month-mobile-events__mobile-event-details\">\n\n\t\t<div class=\"tribe-events-calendar-month-mobile-events__mobile-event-datetime tribe-common-b2\">\n\t\t\t\t<time datetime=\"2026-09-18\">\n\t\t\tTodo el d\u00eda\t\t<\/time>\n\t\t\n<span class=\"tribe-events-calendar-series-archive__container\">\n\t<a\n\t\thref=\"https:\/\/formakunde.eus\/es\/series\/matriculacion-igualdad-de-mujeres-y-hombres-conceptos-basicos\/\"\n\t\taria-label=\"Event series: Matriculaci\u00f3n: Igualdad de mujeres y hombres. Conceptos b\u00e1sicos.\"\n\t\tclass=\"tribe-events-calendar-series-archive__link\"\n\t>\n\t\t\n<svg  class=\"tribe-common-c-svgicon tribe-common-c-svgicon--series tribe-events-series-archive__icon\"  width=\"14\" height=\"12\" viewBox=\"0 0 14 12\" fill=\"none\" xmlns=\"http:\/\/www.w3.org\/2000\/svg\" aria-hidden=\"true\">\n\t<rect x=\"0.5\" y=\"4.5\" width=\"9\" height=\"7\" \/>\n\t<path d=\"M2 2.5H11.5V10\" \/>\n\t<path d=\"M4 0.5H13.5V8\" \/>\n<\/svg>\n\t<\/a>\n<\/span>\n<\/div>\n\t\t<h3  class=\"tribe-events-calendar-month-mobile-events__mobile-event-title tribe-common-h7\" >\n\t<a\n\t\thref=\"https:\/\/formakunde.eus\/es\/event\/matriculacion-igualdad-de-mujeres-y-hombres-conceptos-basicos\/2026-09-18\/\"\n\t\ttitle=\"Matriculaci\u00f3n: Igualdad de mujeres y hombres. Conceptos b\u00e1sicos.\"\n\t\trel=\"bookmark\"\n\t\tclass=\"tribe-events-calendar-month-mobile-events__mobile-event-title-link tribe-common-anchor\"\n\t>\n\t\tMatriculaci\u00f3n: Igualdad de mujeres y hombres. Conceptos b\u00e1sicos.\t<\/a>\n<\/h3>\n\t\t\n\t<\/div>\n<\/article>\n\n\t\t\n\t\t\n\t<\/div>\n\n\t\n\t\t\n<div  class=\"tribe-events-calendar-month-mobile-events__mobile-day\"  id=\"tribe-events-calendar-mobile-day-2026-09-19\">\n\n\t\n\t\t\t\t\t\n\t\t\t<div class=\"tribe-events-c-day-marker tribe-events-calendar-month-mobile-events__day-marker\">\n\t<time\n\t\tclass=\"tribe-events-c-day-marker__date tribe-common-h7 tribe-common-h--alt\"\n\t\tdatetime=\"2026-09-19\"\n\t>\n\t\tSeptiembre 19\t<\/time>\n<\/div>\n\n\t\t\t\n\t\t\t\n<article  class=\"tribe-events-calendar-month-mobile-events__mobile-event post-10000221 tribe_events type-tribe_events status-publish has-post-thumbnail hentry tribe_events_cat-matriculacion cat_matriculacion tribe-recurring-event tribe-recurring-event-parent\" >\n\n\t\n\t<div class=\"tribe-events-calendar-month-mobile-events__mobile-event-details\">\n\n\t\t<div class=\"tribe-events-calendar-month-mobile-events__mobile-event-datetime tribe-common-b2\">\n\t\t\t\t<time datetime=\"2026-09-19\">\n\t\t\tTodo el d\u00eda\t\t<\/time>\n\t\t\n<span class=\"tribe-events-calendar-series-archive__container\">\n\t<a\n\t\thref=\"https:\/\/formakunde.eus\/es\/series\/matriculacion-masculinidades-hombres-e-igualdad-retos-y-resistencias\/\"\n\t\taria-label=\"Event series: Matriculaci\u00f3n: Masculinidades. Hombres e igualdad: retos y resistencias\"\n\t\tclass=\"tribe-events-calendar-series-archive__link\"\n\t>\n\t\t\n<svg  class=\"tribe-common-c-svgicon tribe-common-c-svgicon--series tribe-events-series-archive__icon\"  width=\"14\" height=\"12\" viewBox=\"0 0 14 12\" fill=\"none\" xmlns=\"http:\/\/www.w3.org\/2000\/svg\" aria-hidden=\"true\">\n\t<rect x=\"0.5\" y=\"4.5\" width=\"9\" height=\"7\" \/>\n\t<path d=\"M2 2.5H11.5V10\" \/>\n\t<path d=\"M4 0.5H13.5V8\" \/>\n<\/svg>\n\t<\/a>\n<\/span>\n<\/div>\n\t\t<h3  class=\"tribe-events-calendar-month-mobile-events__mobile-event-title tribe-common-h7\" >\n\t<a\n\t\thref=\"https:\/\/formakunde.eus\/es\/event\/matriculacion-masculinidades-hombres-e-igualdad-retos-y-resistencias\/2026-09-19\/\"\n\t\ttitle=\"Matriculaci\u00f3n: Masculinidades. Hombres e igualdad: retos y resistencias\"\n\t\trel=\"bookmark\"\n\t\tclass=\"tribe-events-calendar-month-mobile-events__mobile-event-title-link tribe-common-anchor\"\n\t>\n\t\tMatriculaci\u00f3n: Masculinidades. Hombres e igualdad: retos y resistencias\t<\/a>\n<\/h3>\n\t\t\n\t<\/div>\n<\/article>\n\n\t\t\t\t\t\n\t\t\t\n\t\t\t\n\t\t\t\n<article  class=\"tribe-events-calendar-month-mobile-events__mobile-event post-10000612 tribe_events type-tribe_events status-publish has-post-thumbnail hentry tribe_events_cat-matriculacion-2 cat_matriculacion-2 tribe-recurring-event tribe-recurring-event-parent\" >\n\n\t\n\t<div class=\"tribe-events-calendar-month-mobile-events__mobile-event-details\">\n\n\t\t<div class=\"tribe-events-calendar-month-mobile-events__mobile-event-datetime tribe-common-b2\">\n\t\t\t\t<time datetime=\"2026-09-19\">\n\t\t\tTodo el d\u00eda\t\t<\/time>\n\t\t\n<span class=\"tribe-events-calendar-series-archive__container\">\n\t<a\n\t\thref=\"https:\/\/formakunde.eus\/es\/series\/matriculacion-igualdad-de-mujeres-y-hombres-conceptos-basicos\/\"\n\t\taria-label=\"Event series: Matriculaci\u00f3n: Igualdad de mujeres y hombres. Conceptos b\u00e1sicos.\"\n\t\tclass=\"tribe-events-calendar-series-archive__link\"\n\t>\n\t\t\n<svg  class=\"tribe-common-c-svgicon tribe-common-c-svgicon--series tribe-events-series-archive__icon\"  width=\"14\" height=\"12\" viewBox=\"0 0 14 12\" fill=\"none\" xmlns=\"http:\/\/www.w3.org\/2000\/svg\" aria-hidden=\"true\">\n\t<rect x=\"0.5\" y=\"4.5\" width=\"9\" height=\"7\" \/>\n\t<path d=\"M2 2.5H11.5V10\" \/>\n\t<path d=\"M4 0.5H13.5V8\" \/>\n<\/svg>\n\t<\/a>\n<\/span>\n<\/div>\n\t\t<h3  class=\"tribe-events-calendar-month-mobile-events__mobile-event-title tribe-common-h7\" >\n\t<a\n\t\thref=\"https:\/\/formakunde.eus\/es\/event\/matriculacion-igualdad-de-mujeres-y-hombres-conceptos-basicos\/2026-09-19\/\"\n\t\ttitle=\"Matriculaci\u00f3n: Igualdad de mujeres y hombres. Conceptos b\u00e1sicos.\"\n\t\trel=\"bookmark\"\n\t\tclass=\"tribe-events-calendar-month-mobile-events__mobile-event-title-link tribe-common-anchor\"\n\t>\n\t\tMatriculaci\u00f3n: Igualdad de mujeres y hombres. Conceptos b\u00e1sicos.\t<\/a>\n<\/h3>\n\t\t\n\t<\/div>\n<\/article>\n\n\t\t\n\t\t\n\t<\/div>\n\n\t\n\t\t\n<div  class=\"tribe-events-calendar-month-mobile-events__mobile-day\"  id=\"tribe-events-calendar-mobile-day-2026-09-20\">\n\n\t\n\t\t\t\t\t\n\t\t\t<div class=\"tribe-events-c-day-marker tribe-events-calendar-month-mobile-events__day-marker\">\n\t<time\n\t\tclass=\"tribe-events-c-day-marker__date tribe-common-h7 tribe-common-h--alt\"\n\t\tdatetime=\"2026-09-20\"\n\t>\n\t\tSeptiembre 20\t<\/time>\n<\/div>\n\n\t\t\t\n\t\t\t\n<article  class=\"tribe-events-calendar-month-mobile-events__mobile-event post-10000222 tribe_events type-tribe_events status-publish has-post-thumbnail hentry tribe_events_cat-matriculacion cat_matriculacion tribe-recurring-event tribe-recurring-event-parent\" >\n\n\t\n\t<div class=\"tribe-events-calendar-month-mobile-events__mobile-event-details\">\n\n\t\t<div class=\"tribe-events-calendar-month-mobile-events__mobile-event-datetime tribe-common-b2\">\n\t\t\t\t<time datetime=\"2026-09-20\">\n\t\t\tTodo el d\u00eda\t\t<\/time>\n\t\t\n<span class=\"tribe-events-calendar-series-archive__container\">\n\t<a\n\t\thref=\"https:\/\/formakunde.eus\/es\/series\/matriculacion-masculinidades-hombres-e-igualdad-retos-y-resistencias\/\"\n\t\taria-label=\"Event series: Matriculaci\u00f3n: Masculinidades. Hombres e igualdad: retos y resistencias\"\n\t\tclass=\"tribe-events-calendar-series-archive__link\"\n\t>\n\t\t\n<svg  class=\"tribe-common-c-svgicon tribe-common-c-svgicon--series tribe-events-series-archive__icon\"  width=\"14\" height=\"12\" viewBox=\"0 0 14 12\" fill=\"none\" xmlns=\"http:\/\/www.w3.org\/2000\/svg\" aria-hidden=\"true\">\n\t<rect x=\"0.5\" y=\"4.5\" width=\"9\" height=\"7\" \/>\n\t<path d=\"M2 2.5H11.5V10\" \/>\n\t<path d=\"M4 0.5H13.5V8\" \/>\n<\/svg>\n\t<\/a>\n<\/span>\n<\/div>\n\t\t<h3  class=\"tribe-events-calendar-month-mobile-events__mobile-event-title tribe-common-h7\" >\n\t<a\n\t\thref=\"https:\/\/formakunde.eus\/es\/event\/matriculacion-masculinidades-hombres-e-igualdad-retos-y-resistencias\/2026-09-20\/\"\n\t\ttitle=\"Matriculaci\u00f3n: Masculinidades. Hombres e igualdad: retos y resistencias\"\n\t\trel=\"bookmark\"\n\t\tclass=\"tribe-events-calendar-month-mobile-events__mobile-event-title-link tribe-common-anchor\"\n\t>\n\t\tMatriculaci\u00f3n: Masculinidades. Hombres e igualdad: retos y resistencias\t<\/a>\n<\/h3>\n\t\t\n\t<\/div>\n<\/article>\n\n\t\t\t\t\t\n\t\t\t\n\t\t\t\n\t\t\t\n<article  class=\"tribe-events-calendar-month-mobile-events__mobile-event post-10000613 tribe_events type-tribe_events status-publish has-post-thumbnail hentry tribe_events_cat-matriculacion-2 cat_matriculacion-2 tribe-recurring-event tribe-recurring-event-parent\" >\n\n\t\n\t<div class=\"tribe-events-calendar-month-mobile-events__mobile-event-details\">\n\n\t\t<div class=\"tribe-events-calendar-month-mobile-events__mobile-event-datetime tribe-common-b2\">\n\t\t\t\t<time datetime=\"2026-09-20\">\n\t\t\tTodo el d\u00eda\t\t<\/time>\n\t\t\n<span class=\"tribe-events-calendar-series-archive__container\">\n\t<a\n\t\thref=\"https:\/\/formakunde.eus\/es\/series\/matriculacion-igualdad-de-mujeres-y-hombres-conceptos-basicos\/\"\n\t\taria-label=\"Event series: Matriculaci\u00f3n: Igualdad de mujeres y hombres. Conceptos b\u00e1sicos.\"\n\t\tclass=\"tribe-events-calendar-series-archive__link\"\n\t>\n\t\t\n<svg  class=\"tribe-common-c-svgicon tribe-common-c-svgicon--series tribe-events-series-archive__icon\"  width=\"14\" height=\"12\" viewBox=\"0 0 14 12\" fill=\"none\" xmlns=\"http:\/\/www.w3.org\/2000\/svg\" aria-hidden=\"true\">\n\t<rect x=\"0.5\" y=\"4.5\" width=\"9\" height=\"7\" \/>\n\t<path d=\"M2 2.5H11.5V10\" \/>\n\t<path d=\"M4 0.5H13.5V8\" \/>\n<\/svg>\n\t<\/a>\n<\/span>\n<\/div>\n\t\t<h3  class=\"tribe-events-calendar-month-mobile-events__mobile-event-title tribe-common-h7\" >\n\t<a\n\t\thref=\"https:\/\/formakunde.eus\/es\/event\/matriculacion-igualdad-de-mujeres-y-hombres-conceptos-basicos\/2026-09-20\/\"\n\t\ttitle=\"Matriculaci\u00f3n: Igualdad de mujeres y hombres. Conceptos b\u00e1sicos.\"\n\t\trel=\"bookmark\"\n\t\tclass=\"tribe-events-calendar-month-mobile-events__mobile-event-title-link tribe-common-anchor\"\n\t>\n\t\tMatriculaci\u00f3n: Igualdad de mujeres y hombres. Conceptos b\u00e1sicos.\t<\/a>\n<\/h3>\n\t\t\n\t<\/div>\n<\/article>\n\n\t\t\n\t\t\n\t<\/div>\n\n\t\n\t\t\n<div  class=\"tribe-events-calendar-month-mobile-events__mobile-day\"  id=\"tribe-events-calendar-mobile-day-2026-09-21\">\n\n\t\n\t\t\t\t\t\n\t\t\t<div class=\"tribe-events-c-day-marker tribe-events-calendar-month-mobile-events__day-marker\">\n\t<time\n\t\tclass=\"tribe-events-c-day-marker__date tribe-common-h7 tribe-common-h--alt\"\n\t\tdatetime=\"2026-09-21\"\n\t>\n\t\tSeptiembre 21\t<\/time>\n<\/div>\n\n\t\t\t\n\t\t\t\n<article  class=\"tribe-events-calendar-month-mobile-events__mobile-event post-10000223 tribe_events type-tribe_events status-publish has-post-thumbnail hentry tribe_events_cat-matriculacion cat_matriculacion tribe-recurring-event tribe-recurring-event-parent\" >\n\n\t\n\t<div class=\"tribe-events-calendar-month-mobile-events__mobile-event-details\">\n\n\t\t<div class=\"tribe-events-calendar-month-mobile-events__mobile-event-datetime tribe-common-b2\">\n\t\t\t\t<time datetime=\"2026-09-21\">\n\t\t\tTodo el d\u00eda\t\t<\/time>\n\t\t\n<span class=\"tribe-events-calendar-series-archive__container\">\n\t<a\n\t\thref=\"https:\/\/formakunde.eus\/es\/series\/matriculacion-masculinidades-hombres-e-igualdad-retos-y-resistencias\/\"\n\t\taria-label=\"Event series: Matriculaci\u00f3n: Masculinidades. Hombres e igualdad: retos y resistencias\"\n\t\tclass=\"tribe-events-calendar-series-archive__link\"\n\t>\n\t\t\n<svg  class=\"tribe-common-c-svgicon tribe-common-c-svgicon--series tribe-events-series-archive__icon\"  width=\"14\" height=\"12\" viewBox=\"0 0 14 12\" fill=\"none\" xmlns=\"http:\/\/www.w3.org\/2000\/svg\" aria-hidden=\"true\">\n\t<rect x=\"0.5\" y=\"4.5\" width=\"9\" height=\"7\" \/>\n\t<path d=\"M2 2.5H11.5V10\" \/>\n\t<path d=\"M4 0.5H13.5V8\" \/>\n<\/svg>\n\t<\/a>\n<\/span>\n<\/div>\n\t\t<h3  class=\"tribe-events-calendar-month-mobile-events__mobile-event-title tribe-common-h7\" >\n\t<a\n\t\thref=\"https:\/\/formakunde.eus\/es\/event\/matriculacion-masculinidades-hombres-e-igualdad-retos-y-resistencias\/2026-09-21\/\"\n\t\ttitle=\"Matriculaci\u00f3n: Masculinidades. Hombres e igualdad: retos y resistencias\"\n\t\trel=\"bookmark\"\n\t\tclass=\"tribe-events-calendar-month-mobile-events__mobile-event-title-link tribe-common-anchor\"\n\t>\n\t\tMatriculaci\u00f3n: Masculinidades. Hombres e igualdad: retos y resistencias\t<\/a>\n<\/h3>\n\t\t\n\t<\/div>\n<\/article>\n\n\t\t\t\t\t\n\t\t\t\n\t\t\t\n\t\t\t\n<article  class=\"tribe-events-calendar-month-mobile-events__mobile-event post-10000614 tribe_events type-tribe_events status-publish has-post-thumbnail hentry tribe_events_cat-matriculacion-2 cat_matriculacion-2 tribe-recurring-event tribe-recurring-event-parent\" >\n\n\t\n\t<div class=\"tribe-events-calendar-month-mobile-events__mobile-event-details\">\n\n\t\t<div class=\"tribe-events-calendar-month-mobile-events__mobile-event-datetime tribe-common-b2\">\n\t\t\t\t<time datetime=\"2026-09-21\">\n\t\t\tTodo el d\u00eda\t\t<\/time>\n\t\t\n<span class=\"tribe-events-calendar-series-archive__container\">\n\t<a\n\t\thref=\"https:\/\/formakunde.eus\/es\/series\/matriculacion-igualdad-de-mujeres-y-hombres-conceptos-basicos\/\"\n\t\taria-label=\"Event series: Matriculaci\u00f3n: Igualdad de mujeres y hombres. Conceptos b\u00e1sicos.\"\n\t\tclass=\"tribe-events-calendar-series-archive__link\"\n\t>\n\t\t\n<svg  class=\"tribe-common-c-svgicon tribe-common-c-svgicon--series tribe-events-series-archive__icon\"  width=\"14\" height=\"12\" viewBox=\"0 0 14 12\" fill=\"none\" xmlns=\"http:\/\/www.w3.org\/2000\/svg\" aria-hidden=\"true\">\n\t<rect x=\"0.5\" y=\"4.5\" width=\"9\" height=\"7\" \/>\n\t<path d=\"M2 2.5H11.5V10\" \/>\n\t<path d=\"M4 0.5H13.5V8\" \/>\n<\/svg>\n\t<\/a>\n<\/span>\n<\/div>\n\t\t<h3  class=\"tribe-events-calendar-month-mobile-events__mobile-event-title tribe-common-h7\" >\n\t<a\n\t\thref=\"https:\/\/formakunde.eus\/es\/event\/matriculacion-igualdad-de-mujeres-y-hombres-conceptos-basicos\/2026-09-21\/\"\n\t\ttitle=\"Matriculaci\u00f3n: Igualdad de mujeres y hombres. Conceptos b\u00e1sicos.\"\n\t\trel=\"bookmark\"\n\t\tclass=\"tribe-events-calendar-month-mobile-events__mobile-event-title-link tribe-common-anchor\"\n\t>\n\t\tMatriculaci\u00f3n: Igualdad de mujeres y hombres. Conceptos b\u00e1sicos.\t<\/a>\n<\/h3>\n\t\t\n\t<\/div>\n<\/article>\n\n\t\t\n\t\t\n\t<\/div>\n\n\t\n\t\t\n<div  class=\"tribe-events-calendar-month-mobile-events__mobile-day\"  id=\"tribe-events-calendar-mobile-day-2026-09-22\">\n\n\t\n\t\t\t\t\t\n\t\t\t<div class=\"tribe-events-c-day-marker tribe-events-calendar-month-mobile-events__day-marker\">\n\t<time\n\t\tclass=\"tribe-events-c-day-marker__date tribe-common-h7 tribe-common-h--alt\"\n\t\tdatetime=\"2026-09-22\"\n\t>\n\t\tSeptiembre 22\t<\/time>\n<\/div>\n\n\t\t\t\n\t\t\t\n<article  class=\"tribe-events-calendar-month-mobile-events__mobile-event post-10000224 tribe_events type-tribe_events status-publish has-post-thumbnail hentry tribe_events_cat-matriculacion cat_matriculacion tribe-recurring-event tribe-recurring-event-parent\" >\n\n\t\n\t<div class=\"tribe-events-calendar-month-mobile-events__mobile-event-details\">\n\n\t\t<div class=\"tribe-events-calendar-month-mobile-events__mobile-event-datetime tribe-common-b2\">\n\t\t\t\t<time datetime=\"2026-09-22\">\n\t\t\tTodo el d\u00eda\t\t<\/time>\n\t\t\n<span class=\"tribe-events-calendar-series-archive__container\">\n\t<a\n\t\thref=\"https:\/\/formakunde.eus\/es\/series\/matriculacion-masculinidades-hombres-e-igualdad-retos-y-resistencias\/\"\n\t\taria-label=\"Event series: Matriculaci\u00f3n: Masculinidades. Hombres e igualdad: retos y resistencias\"\n\t\tclass=\"tribe-events-calendar-series-archive__link\"\n\t>\n\t\t\n<svg  class=\"tribe-common-c-svgicon tribe-common-c-svgicon--series tribe-events-series-archive__icon\"  width=\"14\" height=\"12\" viewBox=\"0 0 14 12\" fill=\"none\" xmlns=\"http:\/\/www.w3.org\/2000\/svg\" aria-hidden=\"true\">\n\t<rect x=\"0.5\" y=\"4.5\" width=\"9\" height=\"7\" \/>\n\t<path d=\"M2 2.5H11.5V10\" \/>\n\t<path d=\"M4 0.5H13.5V8\" \/>\n<\/svg>\n\t<\/a>\n<\/span>\n<\/div>\n\t\t<h3  class=\"tribe-events-calendar-month-mobile-events__mobile-event-title tribe-common-h7\" >\n\t<a\n\t\thref=\"https:\/\/formakunde.eus\/es\/event\/matriculacion-masculinidades-hombres-e-igualdad-retos-y-resistencias\/2026-09-22\/\"\n\t\ttitle=\"Matriculaci\u00f3n: Masculinidades. Hombres e igualdad: retos y resistencias\"\n\t\trel=\"bookmark\"\n\t\tclass=\"tribe-events-calendar-month-mobile-events__mobile-event-title-link tribe-common-anchor\"\n\t>\n\t\tMatriculaci\u00f3n: Masculinidades. Hombres e igualdad: retos y resistencias\t<\/a>\n<\/h3>\n\t\t\n\t<\/div>\n<\/article>\n\n\t\t\t\t\t\n\t\t\t\n\t\t\t\n\t\t\t\n<article  class=\"tribe-events-calendar-month-mobile-events__mobile-event post-10000615 tribe_events type-tribe_events status-publish has-post-thumbnail hentry tribe_events_cat-matriculacion-2 cat_matriculacion-2 tribe-recurring-event tribe-recurring-event-parent\" >\n\n\t\n\t<div class=\"tribe-events-calendar-month-mobile-events__mobile-event-details\">\n\n\t\t<div class=\"tribe-events-calendar-month-mobile-events__mobile-event-datetime tribe-common-b2\">\n\t\t\t\t<time datetime=\"2026-09-22\">\n\t\t\tTodo el d\u00eda\t\t<\/time>\n\t\t\n<span class=\"tribe-events-calendar-series-archive__container\">\n\t<a\n\t\thref=\"https:\/\/formakunde.eus\/es\/series\/matriculacion-igualdad-de-mujeres-y-hombres-conceptos-basicos\/\"\n\t\taria-label=\"Event series: Matriculaci\u00f3n: Igualdad de mujeres y hombres. Conceptos b\u00e1sicos.\"\n\t\tclass=\"tribe-events-calendar-series-archive__link\"\n\t>\n\t\t\n<svg  class=\"tribe-common-c-svgicon tribe-common-c-svgicon--series tribe-events-series-archive__icon\"  width=\"14\" height=\"12\" viewBox=\"0 0 14 12\" fill=\"none\" xmlns=\"http:\/\/www.w3.org\/2000\/svg\" aria-hidden=\"true\">\n\t<rect x=\"0.5\" y=\"4.5\" width=\"9\" height=\"7\" \/>\n\t<path d=\"M2 2.5H11.5V10\" \/>\n\t<path d=\"M4 0.5H13.5V8\" \/>\n<\/svg>\n\t<\/a>\n<\/span>\n<\/div>\n\t\t<h3  class=\"tribe-events-calendar-month-mobile-events__mobile-event-title tribe-common-h7\" >\n\t<a\n\t\thref=\"https:\/\/formakunde.eus\/es\/event\/matriculacion-igualdad-de-mujeres-y-hombres-conceptos-basicos\/2026-09-22\/\"\n\t\ttitle=\"Matriculaci\u00f3n: Igualdad de mujeres y hombres. Conceptos b\u00e1sicos.\"\n\t\trel=\"bookmark\"\n\t\tclass=\"tribe-events-calendar-month-mobile-events__mobile-event-title-link tribe-common-anchor\"\n\t>\n\t\tMatriculaci\u00f3n: Igualdad de mujeres y hombres. Conceptos b\u00e1sicos.\t<\/a>\n<\/h3>\n\t\t\n\t<\/div>\n<\/article>\n\n\t\t\n\t\t\n\t<\/div>\n\n\t\n\t\t\n<div  class=\"tribe-events-calendar-month-mobile-events__mobile-day\"  id=\"tribe-events-calendar-mobile-day-2026-09-23\">\n\n\t\n\t\t\t\t\t\n\t\t\t<div class=\"tribe-events-c-day-marker tribe-events-calendar-month-mobile-events__day-marker\">\n\t<time\n\t\tclass=\"tribe-events-c-day-marker__date tribe-common-h7 tribe-common-h--alt\"\n\t\tdatetime=\"2026-09-23\"\n\t>\n\t\tSeptiembre 23\t<\/time>\n<\/div>\n\n\t\t\t\n\t\t\t\n<article  class=\"tribe-events-calendar-month-mobile-events__mobile-event post-10000225 tribe_events type-tribe_events status-publish has-post-thumbnail hentry tribe_events_cat-matriculacion cat_matriculacion tribe-recurring-event tribe-recurring-event-parent\" >\n\n\t\n\t<div class=\"tribe-events-calendar-month-mobile-events__mobile-event-details\">\n\n\t\t<div class=\"tribe-events-calendar-month-mobile-events__mobile-event-datetime tribe-common-b2\">\n\t\t\t\t<time datetime=\"2026-09-23\">\n\t\t\tTodo el d\u00eda\t\t<\/time>\n\t\t\n<span class=\"tribe-events-calendar-series-archive__container\">\n\t<a\n\t\thref=\"https:\/\/formakunde.eus\/es\/series\/matriculacion-masculinidades-hombres-e-igualdad-retos-y-resistencias\/\"\n\t\taria-label=\"Event series: Matriculaci\u00f3n: Masculinidades. Hombres e igualdad: retos y resistencias\"\n\t\tclass=\"tribe-events-calendar-series-archive__link\"\n\t>\n\t\t\n<svg  class=\"tribe-common-c-svgicon tribe-common-c-svgicon--series tribe-events-series-archive__icon\"  width=\"14\" height=\"12\" viewBox=\"0 0 14 12\" fill=\"none\" xmlns=\"http:\/\/www.w3.org\/2000\/svg\" aria-hidden=\"true\">\n\t<rect x=\"0.5\" y=\"4.5\" width=\"9\" height=\"7\" \/>\n\t<path d=\"M2 2.5H11.5V10\" \/>\n\t<path d=\"M4 0.5H13.5V8\" \/>\n<\/svg>\n\t<\/a>\n<\/span>\n<\/div>\n\t\t<h3  class=\"tribe-events-calendar-month-mobile-events__mobile-event-title tribe-common-h7\" >\n\t<a\n\t\thref=\"https:\/\/formakunde.eus\/es\/event\/matriculacion-masculinidades-hombres-e-igualdad-retos-y-resistencias\/2026-09-23\/\"\n\t\ttitle=\"Matriculaci\u00f3n: Masculinidades. Hombres e igualdad: retos y resistencias\"\n\t\trel=\"bookmark\"\n\t\tclass=\"tribe-events-calendar-month-mobile-events__mobile-event-title-link tribe-common-anchor\"\n\t>\n\t\tMatriculaci\u00f3n: Masculinidades. Hombres e igualdad: retos y resistencias\t<\/a>\n<\/h3>\n\t\t\n\t<\/div>\n<\/article>\n\n\t\t\t\t\t\n\t\t\t\n\t\t\t\n\t\t\t\n<article  class=\"tribe-events-calendar-month-mobile-events__mobile-event post-10000616 tribe_events type-tribe_events status-publish has-post-thumbnail hentry tribe_events_cat-matriculacion-2 cat_matriculacion-2 tribe-recurring-event tribe-recurring-event-parent\" >\n\n\t\n\t<div class=\"tribe-events-calendar-month-mobile-events__mobile-event-details\">\n\n\t\t<div class=\"tribe-events-calendar-month-mobile-events__mobile-event-datetime tribe-common-b2\">\n\t\t\t\t<time datetime=\"2026-09-23\">\n\t\t\tTodo el d\u00eda\t\t<\/time>\n\t\t\n<span class=\"tribe-events-calendar-series-archive__container\">\n\t<a\n\t\thref=\"https:\/\/formakunde.eus\/es\/series\/matriculacion-igualdad-de-mujeres-y-hombres-conceptos-basicos\/\"\n\t\taria-label=\"Event series: Matriculaci\u00f3n: Igualdad de mujeres y hombres. Conceptos b\u00e1sicos.\"\n\t\tclass=\"tribe-events-calendar-series-archive__link\"\n\t>\n\t\t\n<svg  class=\"tribe-common-c-svgicon tribe-common-c-svgicon--series tribe-events-series-archive__icon\"  width=\"14\" height=\"12\" viewBox=\"0 0 14 12\" fill=\"none\" xmlns=\"http:\/\/www.w3.org\/2000\/svg\" aria-hidden=\"true\">\n\t<rect x=\"0.5\" y=\"4.5\" width=\"9\" height=\"7\" \/>\n\t<path d=\"M2 2.5H11.5V10\" \/>\n\t<path d=\"M4 0.5H13.5V8\" \/>\n<\/svg>\n\t<\/a>\n<\/span>\n<\/div>\n\t\t<h3  class=\"tribe-events-calendar-month-mobile-events__mobile-event-title tribe-common-h7\" >\n\t<a\n\t\thref=\"https:\/\/formakunde.eus\/es\/event\/matriculacion-igualdad-de-mujeres-y-hombres-conceptos-basicos\/2026-09-23\/\"\n\t\ttitle=\"Matriculaci\u00f3n: Igualdad de mujeres y hombres. Conceptos b\u00e1sicos.\"\n\t\trel=\"bookmark\"\n\t\tclass=\"tribe-events-calendar-month-mobile-events__mobile-event-title-link tribe-common-anchor\"\n\t>\n\t\tMatriculaci\u00f3n: Igualdad de mujeres y hombres. Conceptos b\u00e1sicos.\t<\/a>\n<\/h3>\n\t\t\n\t<\/div>\n<\/article>\n\n\t\t\n\t\t\n\t<\/div>\n\n\t\n\t\t\n<div  class=\"tribe-events-calendar-month-mobile-events__mobile-day\"  id=\"tribe-events-calendar-mobile-day-2026-09-24\">\n\n\t\n\t\t\t\t\t\n\t\t\t<div class=\"tribe-events-c-day-marker tribe-events-calendar-month-mobile-events__day-marker\">\n\t<time\n\t\tclass=\"tribe-events-c-day-marker__date tribe-common-h7 tribe-common-h--alt\"\n\t\tdatetime=\"2026-09-24\"\n\t>\n\t\tSeptiembre 24\t<\/time>\n<\/div>\n\n\t\t\t\n\t\t\t\n<article  class=\"tribe-events-calendar-month-mobile-events__mobile-event post-10000226 tribe_events type-tribe_events status-publish has-post-thumbnail hentry tribe_events_cat-matriculacion cat_matriculacion tribe-recurring-event tribe-recurring-event-parent\" >\n\n\t\n\t<div class=\"tribe-events-calendar-month-mobile-events__mobile-event-details\">\n\n\t\t<div class=\"tribe-events-calendar-month-mobile-events__mobile-event-datetime tribe-common-b2\">\n\t\t\t\t<time datetime=\"2026-09-24\">\n\t\t\tTodo el d\u00eda\t\t<\/time>\n\t\t\n<span class=\"tribe-events-calendar-series-archive__container\">\n\t<a\n\t\thref=\"https:\/\/formakunde.eus\/es\/series\/matriculacion-masculinidades-hombres-e-igualdad-retos-y-resistencias\/\"\n\t\taria-label=\"Event series: Matriculaci\u00f3n: Masculinidades. Hombres e igualdad: retos y resistencias\"\n\t\tclass=\"tribe-events-calendar-series-archive__link\"\n\t>\n\t\t\n<svg  class=\"tribe-common-c-svgicon tribe-common-c-svgicon--series tribe-events-series-archive__icon\"  width=\"14\" height=\"12\" viewBox=\"0 0 14 12\" fill=\"none\" xmlns=\"http:\/\/www.w3.org\/2000\/svg\" aria-hidden=\"true\">\n\t<rect x=\"0.5\" y=\"4.5\" width=\"9\" height=\"7\" \/>\n\t<path d=\"M2 2.5H11.5V10\" \/>\n\t<path d=\"M4 0.5H13.5V8\" \/>\n<\/svg>\n\t<\/a>\n<\/span>\n<\/div>\n\t\t<h3  class=\"tribe-events-calendar-month-mobile-events__mobile-event-title tribe-common-h7\" >\n\t<a\n\t\thref=\"https:\/\/formakunde.eus\/es\/event\/matriculacion-masculinidades-hombres-e-igualdad-retos-y-resistencias\/2026-09-24\/\"\n\t\ttitle=\"Matriculaci\u00f3n: Masculinidades. Hombres e igualdad: retos y resistencias\"\n\t\trel=\"bookmark\"\n\t\tclass=\"tribe-events-calendar-month-mobile-events__mobile-event-title-link tribe-common-anchor\"\n\t>\n\t\tMatriculaci\u00f3n: Masculinidades. Hombres e igualdad: retos y resistencias\t<\/a>\n<\/h3>\n\t\t\n\t<\/div>\n<\/article>\n\n\t\t\t\t\t\n\t\t\t\n\t\t\t\n\t\t\t\n<article  class=\"tribe-events-calendar-month-mobile-events__mobile-event post-10000617 tribe_events type-tribe_events status-publish has-post-thumbnail hentry tribe_events_cat-matriculacion-2 cat_matriculacion-2 tribe-recurring-event tribe-recurring-event-parent\" >\n\n\t\n\t<div class=\"tribe-events-calendar-month-mobile-events__mobile-event-details\">\n\n\t\t<div class=\"tribe-events-calendar-month-mobile-events__mobile-event-datetime tribe-common-b2\">\n\t\t\t\t<time datetime=\"2026-09-24\">\n\t\t\tTodo el d\u00eda\t\t<\/time>\n\t\t\n<span class=\"tribe-events-calendar-series-archive__container\">\n\t<a\n\t\thref=\"https:\/\/formakunde.eus\/es\/series\/matriculacion-igualdad-de-mujeres-y-hombres-conceptos-basicos\/\"\n\t\taria-label=\"Event series: Matriculaci\u00f3n: Igualdad de mujeres y hombres. Conceptos b\u00e1sicos.\"\n\t\tclass=\"tribe-events-calendar-series-archive__link\"\n\t>\n\t\t\n<svg  class=\"tribe-common-c-svgicon tribe-common-c-svgicon--series tribe-events-series-archive__icon\"  width=\"14\" height=\"12\" viewBox=\"0 0 14 12\" fill=\"none\" xmlns=\"http:\/\/www.w3.org\/2000\/svg\" aria-hidden=\"true\">\n\t<rect x=\"0.5\" y=\"4.5\" width=\"9\" height=\"7\" \/>\n\t<path d=\"M2 2.5H11.5V10\" \/>\n\t<path d=\"M4 0.5H13.5V8\" \/>\n<\/svg>\n\t<\/a>\n<\/span>\n<\/div>\n\t\t<h3  class=\"tribe-events-calendar-month-mobile-events__mobile-event-title tribe-common-h7\" >\n\t<a\n\t\thref=\"https:\/\/formakunde.eus\/es\/event\/matriculacion-igualdad-de-mujeres-y-hombres-conceptos-basicos\/2026-09-24\/\"\n\t\ttitle=\"Matriculaci\u00f3n: Igualdad de mujeres y hombres. Conceptos b\u00e1sicos.\"\n\t\trel=\"bookmark\"\n\t\tclass=\"tribe-events-calendar-month-mobile-events__mobile-event-title-link tribe-common-anchor\"\n\t>\n\t\tMatriculaci\u00f3n: Igualdad de mujeres y hombres. Conceptos b\u00e1sicos.\t<\/a>\n<\/h3>\n\t\t\n\t<\/div>\n<\/article>\n\n\t\t\n\t\t\n\t<\/div>\n\n\t\n\t\t\n<div  class=\"tribe-events-calendar-month-mobile-events__mobile-day\"  id=\"tribe-events-calendar-mobile-day-2026-09-25\">\n\n\t\n\t\t\t\t\t\n\t\t\t<div class=\"tribe-events-c-day-marker tribe-events-calendar-month-mobile-events__day-marker\">\n\t<time\n\t\tclass=\"tribe-events-c-day-marker__date tribe-common-h7 tribe-common-h--alt\"\n\t\tdatetime=\"2026-09-25\"\n\t>\n\t\tSeptiembre 25\t<\/time>\n<\/div>\n\n\t\t\t\n\t\t\t\n<article  class=\"tribe-events-calendar-month-mobile-events__mobile-event post-10000227 tribe_events type-tribe_events status-publish has-post-thumbnail hentry tribe_events_cat-matriculacion cat_matriculacion tribe-recurring-event tribe-recurring-event-parent\" >\n\n\t\n\t<div class=\"tribe-events-calendar-month-mobile-events__mobile-event-details\">\n\n\t\t<div class=\"tribe-events-calendar-month-mobile-events__mobile-event-datetime tribe-common-b2\">\n\t\t\t\t<time datetime=\"2026-09-25\">\n\t\t\tTodo el d\u00eda\t\t<\/time>\n\t\t\n<span class=\"tribe-events-calendar-series-archive__container\">\n\t<a\n\t\thref=\"https:\/\/formakunde.eus\/es\/series\/matriculacion-masculinidades-hombres-e-igualdad-retos-y-resistencias\/\"\n\t\taria-label=\"Event series: Matriculaci\u00f3n: Masculinidades. Hombres e igualdad: retos y resistencias\"\n\t\tclass=\"tribe-events-calendar-series-archive__link\"\n\t>\n\t\t\n<svg  class=\"tribe-common-c-svgicon tribe-common-c-svgicon--series tribe-events-series-archive__icon\"  width=\"14\" height=\"12\" viewBox=\"0 0 14 12\" fill=\"none\" xmlns=\"http:\/\/www.w3.org\/2000\/svg\" aria-hidden=\"true\">\n\t<rect x=\"0.5\" y=\"4.5\" width=\"9\" height=\"7\" \/>\n\t<path d=\"M2 2.5H11.5V10\" \/>\n\t<path d=\"M4 0.5H13.5V8\" \/>\n<\/svg>\n\t<\/a>\n<\/span>\n<\/div>\n\t\t<h3  class=\"tribe-events-calendar-month-mobile-events__mobile-event-title tribe-common-h7\" >\n\t<a\n\t\thref=\"https:\/\/formakunde.eus\/es\/event\/matriculacion-masculinidades-hombres-e-igualdad-retos-y-resistencias\/2026-09-25\/\"\n\t\ttitle=\"Matriculaci\u00f3n: Masculinidades. Hombres e igualdad: retos y resistencias\"\n\t\trel=\"bookmark\"\n\t\tclass=\"tribe-events-calendar-month-mobile-events__mobile-event-title-link tribe-common-anchor\"\n\t>\n\t\tMatriculaci\u00f3n: Masculinidades. Hombres e igualdad: retos y resistencias\t<\/a>\n<\/h3>\n\t\t\n\t<\/div>\n<\/article>\n\n\t\t\t\t\t\n\t\t\t\n\t\t\t\n\t\t\t\n<article  class=\"tribe-events-calendar-month-mobile-events__mobile-event post-10000618 tribe_events type-tribe_events status-publish has-post-thumbnail hentry tribe_events_cat-matriculacion-2 cat_matriculacion-2 tribe-recurring-event tribe-recurring-event-parent\" >\n\n\t\n\t<div class=\"tribe-events-calendar-month-mobile-events__mobile-event-details\">\n\n\t\t<div class=\"tribe-events-calendar-month-mobile-events__mobile-event-datetime tribe-common-b2\">\n\t\t\t\t<time datetime=\"2026-09-25\">\n\t\t\tTodo el d\u00eda\t\t<\/time>\n\t\t\n<span class=\"tribe-events-calendar-series-archive__container\">\n\t<a\n\t\thref=\"https:\/\/formakunde.eus\/es\/series\/matriculacion-igualdad-de-mujeres-y-hombres-conceptos-basicos\/\"\n\t\taria-label=\"Event series: Matriculaci\u00f3n: Igualdad de mujeres y hombres. Conceptos b\u00e1sicos.\"\n\t\tclass=\"tribe-events-calendar-series-archive__link\"\n\t>\n\t\t\n<svg  class=\"tribe-common-c-svgicon tribe-common-c-svgicon--series tribe-events-series-archive__icon\"  width=\"14\" height=\"12\" viewBox=\"0 0 14 12\" fill=\"none\" xmlns=\"http:\/\/www.w3.org\/2000\/svg\" aria-hidden=\"true\">\n\t<rect x=\"0.5\" y=\"4.5\" width=\"9\" height=\"7\" \/>\n\t<path d=\"M2 2.5H11.5V10\" \/>\n\t<path d=\"M4 0.5H13.5V8\" \/>\n<\/svg>\n\t<\/a>\n<\/span>\n<\/div>\n\t\t<h3  class=\"tribe-events-calendar-month-mobile-events__mobile-event-title tribe-common-h7\" >\n\t<a\n\t\thref=\"https:\/\/formakunde.eus\/es\/event\/matriculacion-igualdad-de-mujeres-y-hombres-conceptos-basicos\/2026-09-25\/\"\n\t\ttitle=\"Matriculaci\u00f3n: Igualdad de mujeres y hombres. Conceptos b\u00e1sicos.\"\n\t\trel=\"bookmark\"\n\t\tclass=\"tribe-events-calendar-month-mobile-events__mobile-event-title-link tribe-common-anchor\"\n\t>\n\t\tMatriculaci\u00f3n: Igualdad de mujeres y hombres. Conceptos b\u00e1sicos.\t<\/a>\n<\/h3>\n\t\t\n\t<\/div>\n<\/article>\n\n\t\t\n\t\t\n\t<\/div>\n\n\t\n\t\t\n<div  class=\"tribe-events-calendar-month-mobile-events__mobile-day\"  id=\"tribe-events-calendar-mobile-day-2026-09-26\">\n\n\t\n\t\t\t\t\t\n\t\t\t<div class=\"tribe-events-c-day-marker tribe-events-calendar-month-mobile-events__day-marker\">\n\t<time\n\t\tclass=\"tribe-events-c-day-marker__date tribe-common-h7 tribe-common-h--alt\"\n\t\tdatetime=\"2026-09-26\"\n\t>\n\t\tSeptiembre 26\t<\/time>\n<\/div>\n\n\t\t\t\n\t\t\t\n<article  class=\"tribe-events-calendar-month-mobile-events__mobile-event post-10000228 tribe_events type-tribe_events status-publish has-post-thumbnail hentry tribe_events_cat-matriculacion cat_matriculacion tribe-recurring-event tribe-recurring-event-parent\" >\n\n\t\n\t<div class=\"tribe-events-calendar-month-mobile-events__mobile-event-details\">\n\n\t\t<div class=\"tribe-events-calendar-month-mobile-events__mobile-event-datetime tribe-common-b2\">\n\t\t\t\t<time datetime=\"2026-09-26\">\n\t\t\tTodo el d\u00eda\t\t<\/time>\n\t\t\n<span class=\"tribe-events-calendar-series-archive__container\">\n\t<a\n\t\thref=\"https:\/\/formakunde.eus\/es\/series\/matriculacion-masculinidades-hombres-e-igualdad-retos-y-resistencias\/\"\n\t\taria-label=\"Event series: Matriculaci\u00f3n: Masculinidades. Hombres e igualdad: retos y resistencias\"\n\t\tclass=\"tribe-events-calendar-series-archive__link\"\n\t>\n\t\t\n<svg  class=\"tribe-common-c-svgicon tribe-common-c-svgicon--series tribe-events-series-archive__icon\"  width=\"14\" height=\"12\" viewBox=\"0 0 14 12\" fill=\"none\" xmlns=\"http:\/\/www.w3.org\/2000\/svg\" aria-hidden=\"true\">\n\t<rect x=\"0.5\" y=\"4.5\" width=\"9\" height=\"7\" \/>\n\t<path d=\"M2 2.5H11.5V10\" \/>\n\t<path d=\"M4 0.5H13.5V8\" \/>\n<\/svg>\n\t<\/a>\n<\/span>\n<\/div>\n\t\t<h3  class=\"tribe-events-calendar-month-mobile-events__mobile-event-title tribe-common-h7\" >\n\t<a\n\t\thref=\"https:\/\/formakunde.eus\/es\/event\/matriculacion-masculinidades-hombres-e-igualdad-retos-y-resistencias\/2026-09-26\/\"\n\t\ttitle=\"Matriculaci\u00f3n: Masculinidades. Hombres e igualdad: retos y resistencias\"\n\t\trel=\"bookmark\"\n\t\tclass=\"tribe-events-calendar-month-mobile-events__mobile-event-title-link tribe-common-anchor\"\n\t>\n\t\tMatriculaci\u00f3n: Masculinidades. Hombres e igualdad: retos y resistencias\t<\/a>\n<\/h3>\n\t\t\n\t<\/div>\n<\/article>\n\n\t\t\t\t\t\n\t\t\t\n\t\t\t\n\t\t\t\n<article  class=\"tribe-events-calendar-month-mobile-events__mobile-event post-10000619 tribe_events type-tribe_events status-publish has-post-thumbnail hentry tribe_events_cat-matriculacion-2 cat_matriculacion-2 tribe-recurring-event tribe-recurring-event-parent\" >\n\n\t\n\t<div class=\"tribe-events-calendar-month-mobile-events__mobile-event-details\">\n\n\t\t<div class=\"tribe-events-calendar-month-mobile-events__mobile-event-datetime tribe-common-b2\">\n\t\t\t\t<time datetime=\"2026-09-26\">\n\t\t\tTodo el d\u00eda\t\t<\/time>\n\t\t\n<span class=\"tribe-events-calendar-series-archive__container\">\n\t<a\n\t\thref=\"https:\/\/formakunde.eus\/es\/series\/matriculacion-igualdad-de-mujeres-y-hombres-conceptos-basicos\/\"\n\t\taria-label=\"Event series: Matriculaci\u00f3n: Igualdad de mujeres y hombres. Conceptos b\u00e1sicos.\"\n\t\tclass=\"tribe-events-calendar-series-archive__link\"\n\t>\n\t\t\n<svg  class=\"tribe-common-c-svgicon tribe-common-c-svgicon--series tribe-events-series-archive__icon\"  width=\"14\" height=\"12\" viewBox=\"0 0 14 12\" fill=\"none\" xmlns=\"http:\/\/www.w3.org\/2000\/svg\" aria-hidden=\"true\">\n\t<rect x=\"0.5\" y=\"4.5\" width=\"9\" height=\"7\" \/>\n\t<path d=\"M2 2.5H11.5V10\" \/>\n\t<path d=\"M4 0.5H13.5V8\" \/>\n<\/svg>\n\t<\/a>\n<\/span>\n<\/div>\n\t\t<h3  class=\"tribe-events-calendar-month-mobile-events__mobile-event-title tribe-common-h7\" >\n\t<a\n\t\thref=\"https:\/\/formakunde.eus\/es\/event\/matriculacion-igualdad-de-mujeres-y-hombres-conceptos-basicos\/2026-09-26\/\"\n\t\ttitle=\"Matriculaci\u00f3n: Igualdad de mujeres y hombres. Conceptos b\u00e1sicos.\"\n\t\trel=\"bookmark\"\n\t\tclass=\"tribe-events-calendar-month-mobile-events__mobile-event-title-link tribe-common-anchor\"\n\t>\n\t\tMatriculaci\u00f3n: Igualdad de mujeres y hombres. Conceptos b\u00e1sicos.\t<\/a>\n<\/h3>\n\t\t\n\t<\/div>\n<\/article>\n\n\t\t\n\t\t\n\t<\/div>\n\n\t\n\t\t\n<div  class=\"tribe-events-calendar-month-mobile-events__mobile-day\"  id=\"tribe-events-calendar-mobile-day-2026-09-27\">\n\n\t\n\t\t\t\t\t\n\t\t\t<div class=\"tribe-events-c-day-marker tribe-events-calendar-month-mobile-events__day-marker\">\n\t<time\n\t\tclass=\"tribe-events-c-day-marker__date tribe-common-h7 tribe-common-h--alt\"\n\t\tdatetime=\"2026-09-27\"\n\t>\n\t\tSeptiembre 27\t<\/time>\n<\/div>\n\n\t\t\t\n\t\t\t\n<article  class=\"tribe-events-calendar-month-mobile-events__mobile-event post-10000229 tribe_events type-tribe_events status-publish has-post-thumbnail hentry tribe_events_cat-matriculacion cat_matriculacion tribe-recurring-event tribe-recurring-event-parent\" >\n\n\t\n\t<div class=\"tribe-events-calendar-month-mobile-events__mobile-event-details\">\n\n\t\t<div class=\"tribe-events-calendar-month-mobile-events__mobile-event-datetime tribe-common-b2\">\n\t\t\t\t<time datetime=\"2026-09-27\">\n\t\t\tTodo el d\u00eda\t\t<\/time>\n\t\t\n<span class=\"tribe-events-calendar-series-archive__container\">\n\t<a\n\t\thref=\"https:\/\/formakunde.eus\/es\/series\/matriculacion-masculinidades-hombres-e-igualdad-retos-y-resistencias\/\"\n\t\taria-label=\"Event series: Matriculaci\u00f3n: Masculinidades. Hombres e igualdad: retos y resistencias\"\n\t\tclass=\"tribe-events-calendar-series-archive__link\"\n\t>\n\t\t\n<svg  class=\"tribe-common-c-svgicon tribe-common-c-svgicon--series tribe-events-series-archive__icon\"  width=\"14\" height=\"12\" viewBox=\"0 0 14 12\" fill=\"none\" xmlns=\"http:\/\/www.w3.org\/2000\/svg\" aria-hidden=\"true\">\n\t<rect x=\"0.5\" y=\"4.5\" width=\"9\" height=\"7\" \/>\n\t<path d=\"M2 2.5H11.5V10\" \/>\n\t<path d=\"M4 0.5H13.5V8\" \/>\n<\/svg>\n\t<\/a>\n<\/span>\n<\/div>\n\t\t<h3  class=\"tribe-events-calendar-month-mobile-events__mobile-event-title tribe-common-h7\" >\n\t<a\n\t\thref=\"https:\/\/formakunde.eus\/es\/event\/matriculacion-masculinidades-hombres-e-igualdad-retos-y-resistencias\/2026-09-27\/\"\n\t\ttitle=\"Matriculaci\u00f3n: Masculinidades. Hombres e igualdad: retos y resistencias\"\n\t\trel=\"bookmark\"\n\t\tclass=\"tribe-events-calendar-month-mobile-events__mobile-event-title-link tribe-common-anchor\"\n\t>\n\t\tMatriculaci\u00f3n: Masculinidades. Hombres e igualdad: retos y resistencias\t<\/a>\n<\/h3>\n\t\t\n\t<\/div>\n<\/article>\n\n\t\t\t\t\t\n\t\t\t\n\t\t\t\n\t\t\t\n<article  class=\"tribe-events-calendar-month-mobile-events__mobile-event post-10000620 tribe_events type-tribe_events status-publish has-post-thumbnail hentry tribe_events_cat-matriculacion-2 cat_matriculacion-2 tribe-recurring-event tribe-recurring-event-parent\" >\n\n\t\n\t<div class=\"tribe-events-calendar-month-mobile-events__mobile-event-details\">\n\n\t\t<div class=\"tribe-events-calendar-month-mobile-events__mobile-event-datetime tribe-common-b2\">\n\t\t\t\t<time datetime=\"2026-09-27\">\n\t\t\tTodo el d\u00eda\t\t<\/time>\n\t\t\n<span class=\"tribe-events-calendar-series-archive__container\">\n\t<a\n\t\thref=\"https:\/\/formakunde.eus\/es\/series\/matriculacion-igualdad-de-mujeres-y-hombres-conceptos-basicos\/\"\n\t\taria-label=\"Event series: Matriculaci\u00f3n: Igualdad de mujeres y hombres. Conceptos b\u00e1sicos.\"\n\t\tclass=\"tribe-events-calendar-series-archive__link\"\n\t>\n\t\t\n<svg  class=\"tribe-common-c-svgicon tribe-common-c-svgicon--series tribe-events-series-archive__icon\"  width=\"14\" height=\"12\" viewBox=\"0 0 14 12\" fill=\"none\" xmlns=\"http:\/\/www.w3.org\/2000\/svg\" aria-hidden=\"true\">\n\t<rect x=\"0.5\" y=\"4.5\" width=\"9\" height=\"7\" \/>\n\t<path d=\"M2 2.5H11.5V10\" \/>\n\t<path d=\"M4 0.5H13.5V8\" \/>\n<\/svg>\n\t<\/a>\n<\/span>\n<\/div>\n\t\t<h3  class=\"tribe-events-calendar-month-mobile-events__mobile-event-title tribe-common-h7\" >\n\t<a\n\t\thref=\"https:\/\/formakunde.eus\/es\/event\/matriculacion-igualdad-de-mujeres-y-hombres-conceptos-basicos\/2026-09-27\/\"\n\t\ttitle=\"Matriculaci\u00f3n: Igualdad de mujeres y hombres. Conceptos b\u00e1sicos.\"\n\t\trel=\"bookmark\"\n\t\tclass=\"tribe-events-calendar-month-mobile-events__mobile-event-title-link tribe-common-anchor\"\n\t>\n\t\tMatriculaci\u00f3n: Igualdad de mujeres y hombres. Conceptos b\u00e1sicos.\t<\/a>\n<\/h3>\n\t\t\n\t<\/div>\n<\/article>\n\n\t\t\n\t\t\n\t<\/div>\n\n\t\n\t\t\n<div  class=\"tribe-events-calendar-month-mobile-events__mobile-day\"  id=\"tribe-events-calendar-mobile-day-2026-09-28\">\n\n\t\n\t\t\t\t\t\n\t\t\t<div class=\"tribe-events-c-day-marker tribe-events-calendar-month-mobile-events__day-marker\">\n\t<time\n\t\tclass=\"tribe-events-c-day-marker__date tribe-common-h7 tribe-common-h--alt\"\n\t\tdatetime=\"2026-09-28\"\n\t>\n\t\tSeptiembre 28\t<\/time>\n<\/div>\n\n\t\t\t\n\t\t\t\n<article  class=\"tribe-events-calendar-month-mobile-events__mobile-event post-10000230 tribe_events type-tribe_events status-publish has-post-thumbnail hentry tribe_events_cat-matriculacion cat_matriculacion tribe-recurring-event tribe-recurring-event-parent\" >\n\n\t\n\t<div class=\"tribe-events-calendar-month-mobile-events__mobile-event-details\">\n\n\t\t<div class=\"tribe-events-calendar-month-mobile-events__mobile-event-datetime tribe-common-b2\">\n\t\t\t\t<time datetime=\"2026-09-28\">\n\t\t\tTodo el d\u00eda\t\t<\/time>\n\t\t\n<span class=\"tribe-events-calendar-series-archive__container\">\n\t<a\n\t\thref=\"https:\/\/formakunde.eus\/es\/series\/matriculacion-masculinidades-hombres-e-igualdad-retos-y-resistencias\/\"\n\t\taria-label=\"Event series: Matriculaci\u00f3n: Masculinidades. Hombres e igualdad: retos y resistencias\"\n\t\tclass=\"tribe-events-calendar-series-archive__link\"\n\t>\n\t\t\n<svg  class=\"tribe-common-c-svgicon tribe-common-c-svgicon--series tribe-events-series-archive__icon\"  width=\"14\" height=\"12\" viewBox=\"0 0 14 12\" fill=\"none\" xmlns=\"http:\/\/www.w3.org\/2000\/svg\" aria-hidden=\"true\">\n\t<rect x=\"0.5\" y=\"4.5\" width=\"9\" height=\"7\" \/>\n\t<path d=\"M2 2.5H11.5V10\" \/>\n\t<path d=\"M4 0.5H13.5V8\" \/>\n<\/svg>\n\t<\/a>\n<\/span>\n<\/div>\n\t\t<h3  class=\"tribe-events-calendar-month-mobile-events__mobile-event-title tribe-common-h7\" >\n\t<a\n\t\thref=\"https:\/\/formakunde.eus\/es\/event\/matriculacion-masculinidades-hombres-e-igualdad-retos-y-resistencias\/2026-09-28\/\"\n\t\ttitle=\"Matriculaci\u00f3n: Masculinidades. Hombres e igualdad: retos y resistencias\"\n\t\trel=\"bookmark\"\n\t\tclass=\"tribe-events-calendar-month-mobile-events__mobile-event-title-link tribe-common-anchor\"\n\t>\n\t\tMatriculaci\u00f3n: Masculinidades. Hombres e igualdad: retos y resistencias\t<\/a>\n<\/h3>\n\t\t\n\t<\/div>\n<\/article>\n\n\t\t\t\t\t\n\t\t\t\n\t\t\t\n\t\t\t\n<article  class=\"tribe-events-calendar-month-mobile-events__mobile-event post-10000621 tribe_events type-tribe_events status-publish has-post-thumbnail hentry tribe_events_cat-matriculacion-2 cat_matriculacion-2 tribe-recurring-event tribe-recurring-event-parent\" >\n\n\t\n\t<div class=\"tribe-events-calendar-month-mobile-events__mobile-event-details\">\n\n\t\t<div class=\"tribe-events-calendar-month-mobile-events__mobile-event-datetime tribe-common-b2\">\n\t\t\t\t<time datetime=\"2026-09-28\">\n\t\t\tTodo el d\u00eda\t\t<\/time>\n\t\t\n<span class=\"tribe-events-calendar-series-archive__container\">\n\t<a\n\t\thref=\"https:\/\/formakunde.eus\/es\/series\/matriculacion-igualdad-de-mujeres-y-hombres-conceptos-basicos\/\"\n\t\taria-label=\"Event series: Matriculaci\u00f3n: Igualdad de mujeres y hombres. Conceptos b\u00e1sicos.\"\n\t\tclass=\"tribe-events-calendar-series-archive__link\"\n\t>\n\t\t\n<svg  class=\"tribe-common-c-svgicon tribe-common-c-svgicon--series tribe-events-series-archive__icon\"  width=\"14\" height=\"12\" viewBox=\"0 0 14 12\" fill=\"none\" xmlns=\"http:\/\/www.w3.org\/2000\/svg\" aria-hidden=\"true\">\n\t<rect x=\"0.5\" y=\"4.5\" width=\"9\" height=\"7\" \/>\n\t<path d=\"M2 2.5H11.5V10\" \/>\n\t<path d=\"M4 0.5H13.5V8\" \/>\n<\/svg>\n\t<\/a>\n<\/span>\n<\/div>\n\t\t<h3  class=\"tribe-events-calendar-month-mobile-events__mobile-event-title tribe-common-h7\" >\n\t<a\n\t\thref=\"https:\/\/formakunde.eus\/es\/event\/matriculacion-igualdad-de-mujeres-y-hombres-conceptos-basicos\/2026-09-28\/\"\n\t\ttitle=\"Matriculaci\u00f3n: Igualdad de mujeres y hombres. Conceptos b\u00e1sicos.\"\n\t\trel=\"bookmark\"\n\t\tclass=\"tribe-events-calendar-month-mobile-events__mobile-event-title-link tribe-common-anchor\"\n\t>\n\t\tMatriculaci\u00f3n: Igualdad de mujeres y hombres. Conceptos b\u00e1sicos.\t<\/a>\n<\/h3>\n\t\t\n\t<\/div>\n<\/article>\n\n\t\t\n\t\t\n\t<\/div>\n\n\t\n\t\t\n<div  class=\"tribe-events-calendar-month-mobile-events__mobile-day\"  id=\"tribe-events-calendar-mobile-day-2026-09-29\">\n\n\t\n\t\t\t\t\t\n\t\t\t<div class=\"tribe-events-c-day-marker tribe-events-calendar-month-mobile-events__day-marker\">\n\t<time\n\t\tclass=\"tribe-events-c-day-marker__date tribe-common-h7 tribe-common-h--alt\"\n\t\tdatetime=\"2026-09-29\"\n\t>\n\t\tSeptiembre 29\t<\/time>\n<\/div>\n\n\t\t\t\n\t\t\t\n<article  class=\"tribe-events-calendar-month-mobile-events__mobile-event post-10000231 tribe_events type-tribe_events status-publish has-post-thumbnail hentry tribe_events_cat-matriculacion cat_matriculacion tribe-recurring-event tribe-recurring-event-parent\" >\n\n\t\n\t<div class=\"tribe-events-calendar-month-mobile-events__mobile-event-details\">\n\n\t\t<div class=\"tribe-events-calendar-month-mobile-events__mobile-event-datetime tribe-common-b2\">\n\t\t\t\t<time datetime=\"2026-09-29\">\n\t\t\tTodo el d\u00eda\t\t<\/time>\n\t\t\n<span class=\"tribe-events-calendar-series-archive__container\">\n\t<a\n\t\thref=\"https:\/\/formakunde.eus\/es\/series\/matriculacion-masculinidades-hombres-e-igualdad-retos-y-resistencias\/\"\n\t\taria-label=\"Event series: Matriculaci\u00f3n: Masculinidades. Hombres e igualdad: retos y resistencias\"\n\t\tclass=\"tribe-events-calendar-series-archive__link\"\n\t>\n\t\t\n<svg  class=\"tribe-common-c-svgicon tribe-common-c-svgicon--series tribe-events-series-archive__icon\"  width=\"14\" height=\"12\" viewBox=\"0 0 14 12\" fill=\"none\" xmlns=\"http:\/\/www.w3.org\/2000\/svg\" aria-hidden=\"true\">\n\t<rect x=\"0.5\" y=\"4.5\" width=\"9\" height=\"7\" \/>\n\t<path d=\"M2 2.5H11.5V10\" \/>\n\t<path d=\"M4 0.5H13.5V8\" \/>\n<\/svg>\n\t<\/a>\n<\/span>\n<\/div>\n\t\t<h3  class=\"tribe-events-calendar-month-mobile-events__mobile-event-title tribe-common-h7\" >\n\t<a\n\t\thref=\"https:\/\/formakunde.eus\/es\/event\/matriculacion-masculinidades-hombres-e-igualdad-retos-y-resistencias\/2026-09-29\/\"\n\t\ttitle=\"Matriculaci\u00f3n: Masculinidades. Hombres e igualdad: retos y resistencias\"\n\t\trel=\"bookmark\"\n\t\tclass=\"tribe-events-calendar-month-mobile-events__mobile-event-title-link tribe-common-anchor\"\n\t>\n\t\tMatriculaci\u00f3n: Masculinidades. Hombres e igualdad: retos y resistencias\t<\/a>\n<\/h3>\n\t\t\n\t<\/div>\n<\/article>\n\n\t\t\t\t\t\n\t\t\t\n\t\t\t\n\t\t\t\n<article  class=\"tribe-events-calendar-month-mobile-events__mobile-event post-10000622 tribe_events type-tribe_events status-publish has-post-thumbnail hentry tribe_events_cat-matriculacion-2 cat_matriculacion-2 tribe-recurring-event tribe-recurring-event-parent\" >\n\n\t\n\t<div class=\"tribe-events-calendar-month-mobile-events__mobile-event-details\">\n\n\t\t<div class=\"tribe-events-calendar-month-mobile-events__mobile-event-datetime tribe-common-b2\">\n\t\t\t\t<time datetime=\"2026-09-29\">\n\t\t\tTodo el d\u00eda\t\t<\/time>\n\t\t\n<span class=\"tribe-events-calendar-series-archive__container\">\n\t<a\n\t\thref=\"https:\/\/formakunde.eus\/es\/series\/matriculacion-igualdad-de-mujeres-y-hombres-conceptos-basicos\/\"\n\t\taria-label=\"Event series: Matriculaci\u00f3n: Igualdad de mujeres y hombres. Conceptos b\u00e1sicos.\"\n\t\tclass=\"tribe-events-calendar-series-archive__link\"\n\t>\n\t\t\n<svg  class=\"tribe-common-c-svgicon tribe-common-c-svgicon--series tribe-events-series-archive__icon\"  width=\"14\" height=\"12\" viewBox=\"0 0 14 12\" fill=\"none\" xmlns=\"http:\/\/www.w3.org\/2000\/svg\" aria-hidden=\"true\">\n\t<rect x=\"0.5\" y=\"4.5\" width=\"9\" height=\"7\" \/>\n\t<path d=\"M2 2.5H11.5V10\" \/>\n\t<path d=\"M4 0.5H13.5V8\" \/>\n<\/svg>\n\t<\/a>\n<\/span>\n<\/div>\n\t\t<h3  class=\"tribe-events-calendar-month-mobile-events__mobile-event-title tribe-common-h7\" >\n\t<a\n\t\thref=\"https:\/\/formakunde.eus\/es\/event\/matriculacion-igualdad-de-mujeres-y-hombres-conceptos-basicos\/2026-09-29\/\"\n\t\ttitle=\"Matriculaci\u00f3n: Igualdad de mujeres y hombres. Conceptos b\u00e1sicos.\"\n\t\trel=\"bookmark\"\n\t\tclass=\"tribe-events-calendar-month-mobile-events__mobile-event-title-link tribe-common-anchor\"\n\t>\n\t\tMatriculaci\u00f3n: Igualdad de mujeres y hombres. Conceptos b\u00e1sicos.\t<\/a>\n<\/h3>\n\t\t\n\t<\/div>\n<\/article>\n\n\t\t\n\t\t\n\t<\/div>\n\n\t\n\t\t\n<div  class=\"tribe-events-calendar-month-mobile-events__mobile-day\"  id=\"tribe-events-calendar-mobile-day-2026-09-30\">\n\n\t\n\t\t\t\t\t\n\t\t\t<div class=\"tribe-events-c-day-marker tribe-events-calendar-month-mobile-events__day-marker\">\n\t<time\n\t\tclass=\"tribe-events-c-day-marker__date tribe-common-h7 tribe-common-h--alt\"\n\t\tdatetime=\"2026-09-30\"\n\t>\n\t\tSeptiembre 30\t<\/time>\n<\/div>\n\n\t\t\t\n\t\t\t\n<article  class=\"tribe-events-calendar-month-mobile-events__mobile-event post-10000232 tribe_events type-tribe_events status-publish has-post-thumbnail hentry tribe_events_cat-matriculacion cat_matriculacion tribe-recurring-event tribe-recurring-event-parent\" >\n\n\t\n\t<div class=\"tribe-events-calendar-month-mobile-events__mobile-event-details\">\n\n\t\t<div class=\"tribe-events-calendar-month-mobile-events__mobile-event-datetime tribe-common-b2\">\n\t\t\t\t<time datetime=\"2026-09-30\">\n\t\t\tTodo el d\u00eda\t\t<\/time>\n\t\t\n<span class=\"tribe-events-calendar-series-archive__container\">\n\t<a\n\t\thref=\"https:\/\/formakunde.eus\/es\/series\/matriculacion-masculinidades-hombres-e-igualdad-retos-y-resistencias\/\"\n\t\taria-label=\"Event series: Matriculaci\u00f3n: Masculinidades. Hombres e igualdad: retos y resistencias\"\n\t\tclass=\"tribe-events-calendar-series-archive__link\"\n\t>\n\t\t\n<svg  class=\"tribe-common-c-svgicon tribe-common-c-svgicon--series tribe-events-series-archive__icon\"  width=\"14\" height=\"12\" viewBox=\"0 0 14 12\" fill=\"none\" xmlns=\"http:\/\/www.w3.org\/2000\/svg\" aria-hidden=\"true\">\n\t<rect x=\"0.5\" y=\"4.5\" width=\"9\" height=\"7\" \/>\n\t<path d=\"M2 2.5H11.5V10\" \/>\n\t<path d=\"M4 0.5H13.5V8\" \/>\n<\/svg>\n\t<\/a>\n<\/span>\n<\/div>\n\t\t<h3  class=\"tribe-events-calendar-month-mobile-events__mobile-event-title tribe-common-h7\" >\n\t<a\n\t\thref=\"https:\/\/formakunde.eus\/es\/event\/matriculacion-masculinidades-hombres-e-igualdad-retos-y-resistencias\/2026-09-30\/\"\n\t\ttitle=\"Matriculaci\u00f3n: Masculinidades. Hombres e igualdad: retos y resistencias\"\n\t\trel=\"bookmark\"\n\t\tclass=\"tribe-events-calendar-month-mobile-events__mobile-event-title-link tribe-common-anchor\"\n\t>\n\t\tMatriculaci\u00f3n: Masculinidades. Hombres e igualdad: retos y resistencias\t<\/a>\n<\/h3>\n\t\t\n\t<\/div>\n<\/article>\n\n\t\t\t\t\t\n\t\t\t\n\t\t\t\n\t\t\t\n<article  class=\"tribe-events-calendar-month-mobile-events__mobile-event post-10000623 tribe_events type-tribe_events status-publish has-post-thumbnail hentry tribe_events_cat-matriculacion-2 cat_matriculacion-2 tribe-recurring-event tribe-recurring-event-parent\" >\n\n\t\n\t<div class=\"tribe-events-calendar-month-mobile-events__mobile-event-details\">\n\n\t\t<div class=\"tribe-events-calendar-month-mobile-events__mobile-event-datetime tribe-common-b2\">\n\t\t\t\t<time datetime=\"2026-09-30\">\n\t\t\tTodo el d\u00eda\t\t<\/time>\n\t\t\n<span class=\"tribe-events-calendar-series-archive__container\">\n\t<a\n\t\thref=\"https:\/\/formakunde.eus\/es\/series\/matriculacion-igualdad-de-mujeres-y-hombres-conceptos-basicos\/\"\n\t\taria-label=\"Event series: Matriculaci\u00f3n: Igualdad de mujeres y hombres. Conceptos b\u00e1sicos.\"\n\t\tclass=\"tribe-events-calendar-series-archive__link\"\n\t>\n\t\t\n<svg  class=\"tribe-common-c-svgicon tribe-common-c-svgicon--series tribe-events-series-archive__icon\"  width=\"14\" height=\"12\" viewBox=\"0 0 14 12\" fill=\"none\" xmlns=\"http:\/\/www.w3.org\/2000\/svg\" aria-hidden=\"true\">\n\t<rect x=\"0.5\" y=\"4.5\" width=\"9\" height=\"7\" \/>\n\t<path d=\"M2 2.5H11.5V10\" \/>\n\t<path d=\"M4 0.5H13.5V8\" \/>\n<\/svg>\n\t<\/a>\n<\/span>\n<\/div>\n\t\t<h3  class=\"tribe-events-calendar-month-mobile-events__mobile-event-title tribe-common-h7\" >\n\t<a\n\t\thref=\"https:\/\/formakunde.eus\/es\/event\/matriculacion-igualdad-de-mujeres-y-hombres-conceptos-basicos\/2026-09-30\/\"\n\t\ttitle=\"Matriculaci\u00f3n: Igualdad de mujeres y hombres. Conceptos b\u00e1sicos.\"\n\t\trel=\"bookmark\"\n\t\tclass=\"tribe-events-calendar-month-mobile-events__mobile-event-title-link tribe-common-anchor\"\n\t>\n\t\tMatriculaci\u00f3n: Igualdad de mujeres y hombres. Conceptos b\u00e1sicos.\t<\/a>\n<\/h3>\n\t\t\n\t<\/div>\n<\/article>\n\n\t\t\n\t\t\n\t<\/div>\n\n\t\n\t\t\n<div  class=\"tribe-events-calendar-month-mobile-events__mobile-day\"  id=\"tribe-events-calendar-mobile-day-2026-10-1\">\n\n\t\n\t\t\t\t\t\n\t\t\t<div class=\"tribe-events-c-day-marker tribe-events-calendar-month-mobile-events__day-marker\">\n\t<time\n\t\tclass=\"tribe-events-c-day-marker__date tribe-common-h7 tribe-common-h--alt\"\n\t\tdatetime=\"2026-10-01\"\n\t>\n\t\tOctubre 1\t<\/time>\n<\/div>\n\n\t\t\t\n\t\t\t\n<article  class=\"tribe-events-calendar-month-mobile-events__mobile-event post-10000233 tribe_events type-tribe_events status-publish has-post-thumbnail hentry tribe_events_cat-matriculacion cat_matriculacion tribe-recurring-event tribe-recurring-event-parent\" >\n\n\t\n\t<div class=\"tribe-events-calendar-month-mobile-events__mobile-event-details\">\n\n\t\t<div class=\"tribe-events-calendar-month-mobile-events__mobile-event-datetime tribe-common-b2\">\n\t\t\t\t<time datetime=\"2026-10-01\">\n\t\t\tTodo el d\u00eda\t\t<\/time>\n\t\t\n<span class=\"tribe-events-calendar-series-archive__container\">\n\t<a\n\t\thref=\"https:\/\/formakunde.eus\/es\/series\/matriculacion-masculinidades-hombres-e-igualdad-retos-y-resistencias\/\"\n\t\taria-label=\"Event series: Matriculaci\u00f3n: Masculinidades. Hombres e igualdad: retos y resistencias\"\n\t\tclass=\"tribe-events-calendar-series-archive__link\"\n\t>\n\t\t\n<svg  class=\"tribe-common-c-svgicon tribe-common-c-svgicon--series tribe-events-series-archive__icon\"  width=\"14\" height=\"12\" viewBox=\"0 0 14 12\" fill=\"none\" xmlns=\"http:\/\/www.w3.org\/2000\/svg\" aria-hidden=\"true\">\n\t<rect x=\"0.5\" y=\"4.5\" width=\"9\" height=\"7\" \/>\n\t<path d=\"M2 2.5H11.5V10\" \/>\n\t<path d=\"M4 0.5H13.5V8\" \/>\n<\/svg>\n\t<\/a>\n<\/span>\n<\/div>\n\t\t<h3  class=\"tribe-events-calendar-month-mobile-events__mobile-event-title tribe-common-h7\" >\n\t<a\n\t\thref=\"https:\/\/formakunde.eus\/es\/event\/matriculacion-masculinidades-hombres-e-igualdad-retos-y-resistencias\/2026-10-01\/\"\n\t\ttitle=\"Matriculaci\u00f3n: Masculinidades. Hombres e igualdad: retos y resistencias\"\n\t\trel=\"bookmark\"\n\t\tclass=\"tribe-events-calendar-month-mobile-events__mobile-event-title-link tribe-common-anchor\"\n\t>\n\t\tMatriculaci\u00f3n: Masculinidades. Hombres e igualdad: retos y resistencias\t<\/a>\n<\/h3>\n\t\t\n\t<\/div>\n<\/article>\n\n\t\t\t\t\t\n\t\t\t\n\t\t\t\n\t\t\t\n<article  class=\"tribe-events-calendar-month-mobile-events__mobile-event post-10000624 tribe_events type-tribe_events status-publish has-post-thumbnail hentry tribe_events_cat-matriculacion-2 cat_matriculacion-2 tribe-recurring-event tribe-recurring-event-parent\" >\n\n\t\n\t<div class=\"tribe-events-calendar-month-mobile-events__mobile-event-details\">\n\n\t\t<div class=\"tribe-events-calendar-month-mobile-events__mobile-event-datetime tribe-common-b2\">\n\t\t\t\t<time datetime=\"2026-10-01\">\n\t\t\tTodo el d\u00eda\t\t<\/time>\n\t\t\n<span class=\"tribe-events-calendar-series-archive__container\">\n\t<a\n\t\thref=\"https:\/\/formakunde.eus\/es\/series\/matriculacion-igualdad-de-mujeres-y-hombres-conceptos-basicos\/\"\n\t\taria-label=\"Event series: Matriculaci\u00f3n: Igualdad de mujeres y hombres. Conceptos b\u00e1sicos.\"\n\t\tclass=\"tribe-events-calendar-series-archive__link\"\n\t>\n\t\t\n<svg  class=\"tribe-common-c-svgicon tribe-common-c-svgicon--series tribe-events-series-archive__icon\"  width=\"14\" height=\"12\" viewBox=\"0 0 14 12\" fill=\"none\" xmlns=\"http:\/\/www.w3.org\/2000\/svg\" aria-hidden=\"true\">\n\t<rect x=\"0.5\" y=\"4.5\" width=\"9\" height=\"7\" \/>\n\t<path d=\"M2 2.5H11.5V10\" \/>\n\t<path d=\"M4 0.5H13.5V8\" \/>\n<\/svg>\n\t<\/a>\n<\/span>\n<\/div>\n\t\t<h3  class=\"tribe-events-calendar-month-mobile-events__mobile-event-title tribe-common-h7\" >\n\t<a\n\t\thref=\"https:\/\/formakunde.eus\/es\/event\/matriculacion-igualdad-de-mujeres-y-hombres-conceptos-basicos\/2026-10-01\/\"\n\t\ttitle=\"Matriculaci\u00f3n: Igualdad de mujeres y hombres. Conceptos b\u00e1sicos.\"\n\t\trel=\"bookmark\"\n\t\tclass=\"tribe-events-calendar-month-mobile-events__mobile-event-title-link tribe-common-anchor\"\n\t>\n\t\tMatriculaci\u00f3n: Igualdad de mujeres y hombres. Conceptos b\u00e1sicos.\t<\/a>\n<\/h3>\n\t\t\n\t<\/div>\n<\/article>\n\n\t\t\n\t\t\n\t<\/div>\n\n\t\n\t\t\n<div  class=\"tribe-events-calendar-month-mobile-events__mobile-day\"  id=\"tribe-events-calendar-mobile-day-2026-10-2\">\n\n\t\n\t\t\t\t\t\n\t\t\t<div class=\"tribe-events-c-day-marker tribe-events-calendar-month-mobile-events__day-marker\">\n\t<time\n\t\tclass=\"tribe-events-c-day-marker__date tribe-common-h7 tribe-common-h--alt\"\n\t\tdatetime=\"2026-10-02\"\n\t>\n\t\tOctubre 2\t<\/time>\n<\/div>\n\n\t\t\t\n\t\t\t\n<article  class=\"tribe-events-calendar-month-mobile-events__mobile-event post-10000234 tribe_events type-tribe_events status-publish has-post-thumbnail hentry tribe_events_cat-matriculacion cat_matriculacion tribe-recurring-event tribe-recurring-event-parent\" >\n\n\t\n\t<div class=\"tribe-events-calendar-month-mobile-events__mobile-event-details\">\n\n\t\t<div class=\"tribe-events-calendar-month-mobile-events__mobile-event-datetime tribe-common-b2\">\n\t\t\t\t<time datetime=\"2026-10-02\">\n\t\t\tTodo el d\u00eda\t\t<\/time>\n\t\t\n<span class=\"tribe-events-calendar-series-archive__container\">\n\t<a\n\t\thref=\"https:\/\/formakunde.eus\/es\/series\/matriculacion-masculinidades-hombres-e-igualdad-retos-y-resistencias\/\"\n\t\taria-label=\"Event series: Matriculaci\u00f3n: Masculinidades. Hombres e igualdad: retos y resistencias\"\n\t\tclass=\"tribe-events-calendar-series-archive__link\"\n\t>\n\t\t\n<svg  class=\"tribe-common-c-svgicon tribe-common-c-svgicon--series tribe-events-series-archive__icon\"  width=\"14\" height=\"12\" viewBox=\"0 0 14 12\" fill=\"none\" xmlns=\"http:\/\/www.w3.org\/2000\/svg\" aria-hidden=\"true\">\n\t<rect x=\"0.5\" y=\"4.5\" width=\"9\" height=\"7\" \/>\n\t<path d=\"M2 2.5H11.5V10\" \/>\n\t<path d=\"M4 0.5H13.5V8\" \/>\n<\/svg>\n\t<\/a>\n<\/span>\n<\/div>\n\t\t<h3  class=\"tribe-events-calendar-month-mobile-events__mobile-event-title tribe-common-h7\" >\n\t<a\n\t\thref=\"https:\/\/formakunde.eus\/es\/event\/matriculacion-masculinidades-hombres-e-igualdad-retos-y-resistencias\/2026-10-02\/\"\n\t\ttitle=\"Matriculaci\u00f3n: Masculinidades. Hombres e igualdad: retos y resistencias\"\n\t\trel=\"bookmark\"\n\t\tclass=\"tribe-events-calendar-month-mobile-events__mobile-event-title-link tribe-common-anchor\"\n\t>\n\t\tMatriculaci\u00f3n: Masculinidades. Hombres e igualdad: retos y resistencias\t<\/a>\n<\/h3>\n\t\t\n\t<\/div>\n<\/article>\n\n\t\t\t\t\t\n\t\t\t\n\t\t\t\n\t\t\t\n<article  class=\"tribe-events-calendar-month-mobile-events__mobile-event post-10000625 tribe_events type-tribe_events status-publish has-post-thumbnail hentry tribe_events_cat-matriculacion-2 cat_matriculacion-2 tribe-recurring-event tribe-recurring-event-parent\" >\n\n\t\n\t<div class=\"tribe-events-calendar-month-mobile-events__mobile-event-details\">\n\n\t\t<div class=\"tribe-events-calendar-month-mobile-events__mobile-event-datetime tribe-common-b2\">\n\t\t\t\t<time datetime=\"2026-10-02\">\n\t\t\tTodo el d\u00eda\t\t<\/time>\n\t\t\n<span class=\"tribe-events-calendar-series-archive__container\">\n\t<a\n\t\thref=\"https:\/\/formakunde.eus\/es\/series\/matriculacion-igualdad-de-mujeres-y-hombres-conceptos-basicos\/\"\n\t\taria-label=\"Event series: Matriculaci\u00f3n: Igualdad de mujeres y hombres. Conceptos b\u00e1sicos.\"\n\t\tclass=\"tribe-events-calendar-series-archive__link\"\n\t>\n\t\t\n<svg  class=\"tribe-common-c-svgicon tribe-common-c-svgicon--series tribe-events-series-archive__icon\"  width=\"14\" height=\"12\" viewBox=\"0 0 14 12\" fill=\"none\" xmlns=\"http:\/\/www.w3.org\/2000\/svg\" aria-hidden=\"true\">\n\t<rect x=\"0.5\" y=\"4.5\" width=\"9\" height=\"7\" \/>\n\t<path d=\"M2 2.5H11.5V10\" \/>\n\t<path d=\"M4 0.5H13.5V8\" \/>\n<\/svg>\n\t<\/a>\n<\/span>\n<\/div>\n\t\t<h3  class=\"tribe-events-calendar-month-mobile-events__mobile-event-title tribe-common-h7\" >\n\t<a\n\t\thref=\"https:\/\/formakunde.eus\/es\/event\/matriculacion-igualdad-de-mujeres-y-hombres-conceptos-basicos\/2026-10-02\/\"\n\t\ttitle=\"Matriculaci\u00f3n: Igualdad de mujeres y hombres. Conceptos b\u00e1sicos.\"\n\t\trel=\"bookmark\"\n\t\tclass=\"tribe-events-calendar-month-mobile-events__mobile-event-title-link tribe-common-anchor\"\n\t>\n\t\tMatriculaci\u00f3n: Igualdad de mujeres y hombres. Conceptos b\u00e1sicos.\t<\/a>\n<\/h3>\n\t\t\n\t<\/div>\n<\/article>\n\n\t\t\n\t\t\n\t<\/div>\n\n\t\n\t\t\n<div  class=\"tribe-events-calendar-month-mobile-events__mobile-day\"  id=\"tribe-events-calendar-mobile-day-2026-10-3\">\n\n\t\n\t\t\t\t\t\n\t\t\t<div class=\"tribe-events-c-day-marker tribe-events-calendar-month-mobile-events__day-marker\">\n\t<time\n\t\tclass=\"tribe-events-c-day-marker__date tribe-common-h7 tribe-common-h--alt\"\n\t\tdatetime=\"2026-10-03\"\n\t>\n\t\tOctubre 3\t<\/time>\n<\/div>\n\n\t\t\t\n\t\t\t\n<article  class=\"tribe-events-calendar-month-mobile-events__mobile-event post-10000235 tribe_events type-tribe_events status-publish has-post-thumbnail hentry tribe_events_cat-matriculacion cat_matriculacion tribe-recurring-event tribe-recurring-event-parent\" >\n\n\t\n\t<div class=\"tribe-events-calendar-month-mobile-events__mobile-event-details\">\n\n\t\t<div class=\"tribe-events-calendar-month-mobile-events__mobile-event-datetime tribe-common-b2\">\n\t\t\t\t<time datetime=\"2026-10-03\">\n\t\t\tTodo el d\u00eda\t\t<\/time>\n\t\t\n<span class=\"tribe-events-calendar-series-archive__container\">\n\t<a\n\t\thref=\"https:\/\/formakunde.eus\/es\/series\/matriculacion-masculinidades-hombres-e-igualdad-retos-y-resistencias\/\"\n\t\taria-label=\"Event series: Matriculaci\u00f3n: Masculinidades. Hombres e igualdad: retos y resistencias\"\n\t\tclass=\"tribe-events-calendar-series-archive__link\"\n\t>\n\t\t\n<svg  class=\"tribe-common-c-svgicon tribe-common-c-svgicon--series tribe-events-series-archive__icon\"  width=\"14\" height=\"12\" viewBox=\"0 0 14 12\" fill=\"none\" xmlns=\"http:\/\/www.w3.org\/2000\/svg\" aria-hidden=\"true\">\n\t<rect x=\"0.5\" y=\"4.5\" width=\"9\" height=\"7\" \/>\n\t<path d=\"M2 2.5H11.5V10\" \/>\n\t<path d=\"M4 0.5H13.5V8\" \/>\n<\/svg>\n\t<\/a>\n<\/span>\n<\/div>\n\t\t<h3  class=\"tribe-events-calendar-month-mobile-events__mobile-event-title tribe-common-h7\" >\n\t<a\n\t\thref=\"https:\/\/formakunde.eus\/es\/event\/matriculacion-masculinidades-hombres-e-igualdad-retos-y-resistencias\/2026-10-03\/\"\n\t\ttitle=\"Matriculaci\u00f3n: Masculinidades. Hombres e igualdad: retos y resistencias\"\n\t\trel=\"bookmark\"\n\t\tclass=\"tribe-events-calendar-month-mobile-events__mobile-event-title-link tribe-common-anchor\"\n\t>\n\t\tMatriculaci\u00f3n: Masculinidades. Hombres e igualdad: retos y resistencias\t<\/a>\n<\/h3>\n\t\t\n\t<\/div>\n<\/article>\n\n\t\t\t\t\t\n\t\t\t\n\t\t\t\n\t\t\t\n<article  class=\"tribe-events-calendar-month-mobile-events__mobile-event post-10000626 tribe_events type-tribe_events status-publish has-post-thumbnail hentry tribe_events_cat-matriculacion-2 cat_matriculacion-2 tribe-recurring-event tribe-recurring-event-parent\" >\n\n\t\n\t<div class=\"tribe-events-calendar-month-mobile-events__mobile-event-details\">\n\n\t\t<div class=\"tribe-events-calendar-month-mobile-events__mobile-event-datetime tribe-common-b2\">\n\t\t\t\t<time datetime=\"2026-10-03\">\n\t\t\tTodo el d\u00eda\t\t<\/time>\n\t\t\n<span class=\"tribe-events-calendar-series-archive__container\">\n\t<a\n\t\thref=\"https:\/\/formakunde.eus\/es\/series\/matriculacion-igualdad-de-mujeres-y-hombres-conceptos-basicos\/\"\n\t\taria-label=\"Event series: Matriculaci\u00f3n: Igualdad de mujeres y hombres. Conceptos b\u00e1sicos.\"\n\t\tclass=\"tribe-events-calendar-series-archive__link\"\n\t>\n\t\t\n<svg  class=\"tribe-common-c-svgicon tribe-common-c-svgicon--series tribe-events-series-archive__icon\"  width=\"14\" height=\"12\" viewBox=\"0 0 14 12\" fill=\"none\" xmlns=\"http:\/\/www.w3.org\/2000\/svg\" aria-hidden=\"true\">\n\t<rect x=\"0.5\" y=\"4.5\" width=\"9\" height=\"7\" \/>\n\t<path d=\"M2 2.5H11.5V10\" \/>\n\t<path d=\"M4 0.5H13.5V8\" \/>\n<\/svg>\n\t<\/a>\n<\/span>\n<\/div>\n\t\t<h3  class=\"tribe-events-calendar-month-mobile-events__mobile-event-title tribe-common-h7\" >\n\t<a\n\t\thref=\"https:\/\/formakunde.eus\/es\/event\/matriculacion-igualdad-de-mujeres-y-hombres-conceptos-basicos\/2026-10-03\/\"\n\t\ttitle=\"Matriculaci\u00f3n: Igualdad de mujeres y hombres. Conceptos b\u00e1sicos.\"\n\t\trel=\"bookmark\"\n\t\tclass=\"tribe-events-calendar-month-mobile-events__mobile-event-title-link tribe-common-anchor\"\n\t>\n\t\tMatriculaci\u00f3n: Igualdad de mujeres y hombres. Conceptos b\u00e1sicos.\t<\/a>\n<\/h3>\n\t\t\n\t<\/div>\n<\/article>\n\n\t\t\n\t\t\n\t<\/div>\n\n\t\n\t\t\n<div  class=\"tribe-events-calendar-month-mobile-events__mobile-day\"  id=\"tribe-events-calendar-mobile-day-2026-10-4\">\n\n\t\n\t\t\t\t\t\n\t\t\t<div class=\"tribe-events-c-day-marker tribe-events-calendar-month-mobile-events__day-marker\">\n\t<time\n\t\tclass=\"tribe-events-c-day-marker__date tribe-common-h7 tribe-common-h--alt\"\n\t\tdatetime=\"2026-10-04\"\n\t>\n\t\tOctubre 4\t<\/time>\n<\/div>\n\n\t\t\t\n\t\t\t\n<article  class=\"tribe-events-calendar-month-mobile-events__mobile-event post-10000236 tribe_events type-tribe_events status-publish has-post-thumbnail hentry tribe_events_cat-matriculacion cat_matriculacion tribe-recurring-event tribe-recurring-event-parent\" >\n\n\t\n\t<div class=\"tribe-events-calendar-month-mobile-events__mobile-event-details\">\n\n\t\t<div class=\"tribe-events-calendar-month-mobile-events__mobile-event-datetime tribe-common-b2\">\n\t\t\t\t<time datetime=\"2026-10-04\">\n\t\t\tTodo el d\u00eda\t\t<\/time>\n\t\t\n<span class=\"tribe-events-calendar-series-archive__container\">\n\t<a\n\t\thref=\"https:\/\/formakunde.eus\/es\/series\/matriculacion-masculinidades-hombres-e-igualdad-retos-y-resistencias\/\"\n\t\taria-label=\"Event series: Matriculaci\u00f3n: Masculinidades. Hombres e igualdad: retos y resistencias\"\n\t\tclass=\"tribe-events-calendar-series-archive__link\"\n\t>\n\t\t\n<svg  class=\"tribe-common-c-svgicon tribe-common-c-svgicon--series tribe-events-series-archive__icon\"  width=\"14\" height=\"12\" viewBox=\"0 0 14 12\" fill=\"none\" xmlns=\"http:\/\/www.w3.org\/2000\/svg\" aria-hidden=\"true\">\n\t<rect x=\"0.5\" y=\"4.5\" width=\"9\" height=\"7\" \/>\n\t<path d=\"M2 2.5H11.5V10\" \/>\n\t<path d=\"M4 0.5H13.5V8\" \/>\n<\/svg>\n\t<\/a>\n<\/span>\n<\/div>\n\t\t<h3  class=\"tribe-events-calendar-month-mobile-events__mobile-event-title tribe-common-h7\" >\n\t<a\n\t\thref=\"https:\/\/formakunde.eus\/es\/event\/matriculacion-masculinidades-hombres-e-igualdad-retos-y-resistencias\/2026-10-04\/\"\n\t\ttitle=\"Matriculaci\u00f3n: Masculinidades. Hombres e igualdad: retos y resistencias\"\n\t\trel=\"bookmark\"\n\t\tclass=\"tribe-events-calendar-month-mobile-events__mobile-event-title-link tribe-common-anchor\"\n\t>\n\t\tMatriculaci\u00f3n: Masculinidades. Hombres e igualdad: retos y resistencias\t<\/a>\n<\/h3>\n\t\t\n\t<\/div>\n<\/article>\n\n\t\t\t\t\t\n\t\t\t\n\t\t\t\n\t\t\t\n<article  class=\"tribe-events-calendar-month-mobile-events__mobile-event post-10000627 tribe_events type-tribe_events status-publish has-post-thumbnail hentry tribe_events_cat-matriculacion-2 cat_matriculacion-2 tribe-recurring-event tribe-recurring-event-parent\" >\n\n\t\n\t<div class=\"tribe-events-calendar-month-mobile-events__mobile-event-details\">\n\n\t\t<div class=\"tribe-events-calendar-month-mobile-events__mobile-event-datetime tribe-common-b2\">\n\t\t\t\t<time datetime=\"2026-10-04\">\n\t\t\tTodo el d\u00eda\t\t<\/time>\n\t\t\n<span class=\"tribe-events-calendar-series-archive__container\">\n\t<a\n\t\thref=\"https:\/\/formakunde.eus\/es\/series\/matriculacion-igualdad-de-mujeres-y-hombres-conceptos-basicos\/\"\n\t\taria-label=\"Event series: Matriculaci\u00f3n: Igualdad de mujeres y hombres. Conceptos b\u00e1sicos.\"\n\t\tclass=\"tribe-events-calendar-series-archive__link\"\n\t>\n\t\t\n<svg  class=\"tribe-common-c-svgicon tribe-common-c-svgicon--series tribe-events-series-archive__icon\"  width=\"14\" height=\"12\" viewBox=\"0 0 14 12\" fill=\"none\" xmlns=\"http:\/\/www.w3.org\/2000\/svg\" aria-hidden=\"true\">\n\t<rect x=\"0.5\" y=\"4.5\" width=\"9\" height=\"7\" \/>\n\t<path d=\"M2 2.5H11.5V10\" \/>\n\t<path d=\"M4 0.5H13.5V8\" \/>\n<\/svg>\n\t<\/a>\n<\/span>\n<\/div>\n\t\t<h3  class=\"tribe-events-calendar-month-mobile-events__mobile-event-title tribe-common-h7\" >\n\t<a\n\t\thref=\"https:\/\/formakunde.eus\/es\/event\/matriculacion-igualdad-de-mujeres-y-hombres-conceptos-basicos\/2026-10-04\/\"\n\t\ttitle=\"Matriculaci\u00f3n: Igualdad de mujeres y hombres. Conceptos b\u00e1sicos.\"\n\t\trel=\"bookmark\"\n\t\tclass=\"tribe-events-calendar-month-mobile-events__mobile-event-title-link tribe-common-anchor\"\n\t>\n\t\tMatriculaci\u00f3n: Igualdad de mujeres y hombres. Conceptos b\u00e1sicos.\t<\/a>\n<\/h3>\n\t\t\n\t<\/div>\n<\/article>\n\n\t\t\n\t\t\n\t<\/div>\n\n\t\n\t\n<\/section>\n\n\t\t\n\t\t<div class=\"tribe-common-b1 tribe-common-b2--min-medium tribe-events-widget-events-month__view-more\">\n\t<a\n\t\thref=\"https:\/\/formakunde.eus\/es\/(\/?:events|eventos|ekitaldiak)\/\"\n\t\tclass=\"tribe-common-anchor-thin tribe-events-widget-events-month__view-more-link\"\n\t\ttitle=\"Ver m\u00e1s eventos.\"\n\t>\n\t\tVer calendario\t<\/a>\n<\/div>\n\n\t<\/section>\n\n<\/div>\n\n<script data-js='tribe-events-view-nonce-data' type='application\/json'>{\"tvn1\":\"17f62e134c\",\"tvn2\":\"\"}<\/script>\n<\/div>\n<\/div><\/p>\n\n\n<!-- wp:Array \/-->\n\n<div class=\"wp-block-buttons is-layout-flex wp-block-buttons-is-layout-flex\" data-block-type=\"core\"><div class=\"wp-block-button\" data-block-type=\"core\"><a class=\"wp-block-button__link\">Leer m\u00e1s<\/a><\/div><\/div>\n\n<!-- wp:Array \/-->\n\n<div class=\"wp-block-buttons is-layout-flex wp-block-buttons-is-layout-flex\" data-block-type=\"core\"><div class=\"wp-block-button\" data-block-type=\"core\"><a class=\"wp-block-button__link\">Suscr\u00edbete<\/a><\/div><\/div>\n\n\n\n<p class=\"wp-block-paragraph\" data-block-type=\"core\"><a href=\"https:\/\/formakunde.eus\/wp-content\/uploads\/2026\/01\/26_Catalogo_cursos_emakunde_CAS.pdf\" target=\"_blank\" rel=\"noopener\">Descargar folleto (PDF)<\/a><\/p>\n\n<h3 class=\"wp-block-heading\" data-block-type=\"core\"><\/h3>\n\n<h3 class=\"wp-block-heading\" data-block-type=\"core\"><\/h3>","protected":false},"excerpt":{"rendered":"<p>Emakunderen Berdintasun Eskola La Escuela de Igualdad de Emakunde es un espacio online que impulsa la sensibilizaci\u00f3n, formaci\u00f3n y capacitaci\u00f3n para integrar la perspectiva de g\u00e9nero de manera transversal en [&hellip;]<\/p>\n","protected":false},"author":1,"featured_media":0,"parent":0,"menu_order":0,"comment_status":"closed","ping_status":"closed","template":"","meta":{"_uag_custom_page_level_css":"","_kad_blocks_custom_css":"","_kad_blocks_head_custom_js":"","_kad_blocks_body_custom_js":"","_kad_blocks_footer_custom_js":"","editor_plus_copied_stylings":"{}","footnotes":""},"class_list":["post-2202","page","type-page","status-publish","hentry","cat_matriculacion-2"],"featured_image_src":null,"taxonomy_info":[],"featured_image_src_large":false,"author_info":{"display_name":"Emakunde","author_link":"https:\/\/formakunde.eus\/es\/author\/tarte1315ka2312\/"},"comment_info":0,"uagb_featured_image_src":{"full":false,"thumbnail":false,"medium":false,"medium_large":false,"large":false,"1536x1536":false,"2048x2048":false,"ultp_layout_landscape_large":false,"ultp_layout_landscape":false,"ultp_layout_portrait":false,"ultp_layout_square":false},"uagb_author_info":{"display_name":"Emakunde","author_link":"https:\/\/formakunde.eus\/es\/author\/tarte1315ka2312\/"},"uagb_comment_info":0,"uagb_excerpt":"Emakunderen Berdintasun Eskola La Escuela de Igualdad de Emakunde es un espacio online que impulsa la sensibilizaci\u00f3n, formaci\u00f3n y capacitaci\u00f3n para integrar la perspectiva de g\u00e9nero de manera transversal en [&hellip;]","_links":{"self":[{"href":"https:\/\/formakunde.eus\/es\/wp-json\/wp\/v2\/pages\/2202","targetHints":{"allow":["GET"]}}],"collection":[{"href":"https:\/\/formakunde.eus\/es\/wp-json\/wp\/v2\/pages"}],"about":[{"href":"https:\/\/formakunde.eus\/es\/wp-json\/wp\/v2\/types\/page"}],"author":[{"embeddable":true,"href":"https:\/\/formakunde.eus\/es\/wp-json\/wp\/v2\/users\/1"}],"replies":[{"embeddable":true,"href":"https:\/\/formakunde.eus\/es\/wp-json\/wp\/v2\/comments?post=2202"}],"version-history":[{"count":0,"href":"https:\/\/formakunde.eus\/es\/wp-json\/wp\/v2\/pages\/2202\/revisions"}],"wp:attachment":[{"href":"https:\/\/formakunde.eus\/es\/wp-json\/wp\/v2\/media?parent=2202"}],"curies":[{"name":"wp","href":"https:\/\/api.w.org\/{rel}","templated":true}]}}